{"id":449,"date":"2017-03-24T10:47:22","date_gmt":"2017-03-24T09:47:22","guid":{"rendered":"https:\/\/www.love4art.nl\/?page_id=449"},"modified":"2024-12-05T13:06:17","modified_gmt":"2024-12-05T12:06:17","slug":"noticias","status":"publish","type":"page","link":"https:\/\/love4art.nl\/es\/noticias\/","title":{"rendered":"noticias","raw":"noticias"},"content":{"rendered":"<h5>Visita guiada a la exposici\u00f3n &#8220;El encanto de los caballos&#8221; el 23 de noviembre<\/h5>\n<p>El 23 de noviembre en La Casa de Cultura de l&#8217;Alf\u00e0s del Pi, Monique Neyzen realiz\u00f3 un recorrido por su exposici\u00f3n\u00a0 &#8220;El encanto de los caballos&#8221;.<\/p>\n<p><iframe loading=\"lazy\" title=\"guided tour 2024 11 23\" width=\"620\" height=\"349\" src=\"https:\/\/www.youtube.com\/embed\/mBf2hpetTUo?feature=oembed\" frameborder=\"0\" allow=\"accelerometer; autoplay; clipboard-write; encrypted-media; gyroscope; picture-in-picture; web-share\" referrerpolicy=\"strict-origin-when-cross-origin\" allowfullscreen><\/iframe><\/p>\n<hr \/>\n<h5>Impresi\u00f3n de la inauguraci\u00f3n de la exposici\u00f3n &#8220;El encanto de los caballos&#8221;<\/h5>\n<p><a href=\"http:\/\/love4art.nl\/wp-content\/uploads\/2024\/11\/opening-expo2024-1.jpg\" data-rel=\"lightbox-gallery-MdZkbaUx\" data-rl_title=\"\" data-rl_caption=\"\" title=\"\"><img loading=\"lazy\" decoding=\"async\" class=\"alignleft wp-image-1003 size-medium\" src=\"http:\/\/love4art.nl\/wp-content\/uploads\/2024\/11\/opening-expo2024-1-300x204.jpg\" alt=\"\" width=\"300\" height=\"204\" srcset=\"https:\/\/love4art.nl\/wp-content\/uploads\/2024\/11\/opening-expo2024-1-300x204.jpg 300w, https:\/\/love4art.nl\/wp-content\/uploads\/2024\/11\/opening-expo2024-1-150x102.jpg 150w, https:\/\/love4art.nl\/wp-content\/uploads\/2024\/11\/opening-expo2024-1-1024x696.jpg 1024w, https:\/\/love4art.nl\/wp-content\/uploads\/2024\/11\/opening-expo2024-1-973x661.jpg 973w, https:\/\/love4art.nl\/wp-content\/uploads\/2024\/11\/opening-expo2024-1-508x345.jpg 508w, https:\/\/love4art.nl\/wp-content\/uploads\/2024\/11\/opening-expo2024-1.jpg 2048w\" sizes=\"auto, (max-width: 300px) 100vw, 300px\" \/><\/a><a href=\"http:\/\/love4art.nl\/wp-content\/uploads\/2024\/11\/opening-expo2024-2.jpg\" data-rel=\"lightbox-gallery-MdZkbaUx\" data-rl_title=\"\" data-rl_caption=\"\" title=\"\"><img loading=\"lazy\" decoding=\"async\" class=\"alignleft wp-image-1004 size-medium\" src=\"http:\/\/love4art.nl\/wp-content\/uploads\/2024\/11\/opening-expo2024-2-229x300.jpg\" alt=\"\" width=\"229\" height=\"300\" srcset=\"https:\/\/love4art.nl\/wp-content\/uploads\/2024\/11\/opening-expo2024-2-229x300.jpg 229w, https:\/\/love4art.nl\/wp-content\/uploads\/2024\/11\/opening-expo2024-2-115x150.jpg 115w, https:\/\/love4art.nl\/wp-content\/uploads\/2024\/11\/opening-expo2024-2-783x1024.jpg 783w, https:\/\/love4art.nl\/wp-content\/uploads\/2024\/11\/opening-expo2024-2-973x1272.jpg 973w, https:\/\/love4art.nl\/wp-content\/uploads\/2024\/11\/opening-expo2024-2-508x664.jpg 508w\" sizes=\"auto, (max-width: 229px) 100vw, 229px\" \/><\/a><a href=\"http:\/\/love4art.nl\/wp-content\/uploads\/2024\/11\/opening-expo2024-4.jpg\" data-rel=\"lightbox-gallery-MdZkbaUx\" data-rl_title=\"\" data-rl_caption=\"\" title=\"\"><img loading=\"lazy\" decoding=\"async\" class=\"alignleft size-medium wp-image-1006\" src=\"http:\/\/love4art.nl\/wp-content\/uploads\/2024\/11\/opening-expo2024-4-300x226.jpg\" alt=\"\" width=\"300\" height=\"226\" srcset=\"https:\/\/love4art.nl\/wp-content\/uploads\/2024\/11\/opening-expo2024-4-300x226.jpg 300w, https:\/\/love4art.nl\/wp-content\/uploads\/2024\/11\/opening-expo2024-4-150x113.jpg 150w, https:\/\/love4art.nl\/wp-content\/uploads\/2024\/11\/opening-expo2024-4-1024x770.jpg 1024w, https:\/\/love4art.nl\/wp-content\/uploads\/2024\/11\/opening-expo2024-4-973x732.jpg 973w, https:\/\/love4art.nl\/wp-content\/uploads\/2024\/11\/opening-expo2024-4-508x382.jpg 508w\" sizes=\"auto, (max-width: 300px) 100vw, 300px\" \/><\/a><a href=\"http:\/\/love4art.nl\/wp-content\/uploads\/2024\/11\/opening-expo2024-5.jpg\" data-rel=\"lightbox-gallery-MdZkbaUx\" data-rl_title=\"\" data-rl_caption=\"\" title=\"\"><img loading=\"lazy\" decoding=\"async\" class=\"alignleft size-medium wp-image-1007\" src=\"http:\/\/love4art.nl\/wp-content\/uploads\/2024\/11\/opening-expo2024-5-300x223.jpg\" alt=\"\" width=\"300\" height=\"223\" srcset=\"https:\/\/love4art.nl\/wp-content\/uploads\/2024\/11\/opening-expo2024-5-300x223.jpg 300w, https:\/\/love4art.nl\/wp-content\/uploads\/2024\/11\/opening-expo2024-5-150x112.jpg 150w, https:\/\/love4art.nl\/wp-content\/uploads\/2024\/11\/opening-expo2024-5-1024x763.jpg 1024w, https:\/\/love4art.nl\/wp-content\/uploads\/2024\/11\/opening-expo2024-5-973x725.jpg 973w, https:\/\/love4art.nl\/wp-content\/uploads\/2024\/11\/opening-expo2024-5-508x378.jpg 508w\" sizes=\"auto, (max-width: 300px) 100vw, 300px\" \/><\/a><\/p>\n<hr \/>\n<p>Una breve impresi\u00f3n de la inauguraci\u00f3n de la exposici\u00f3n de Monique Neyzen &#8220;El encanto de los caballos&#8221; en Alfaz del Pi a cargo del Concejal de Cultura Manuel Casado y la Concejala de Residentes Internacionales, Martine Mertens. Debido a las terribles inundaciones en Espa\u00f1a, fue un evento m\u00e1s austero de lo habitual, por supuesto.<\/p>\n<p><iframe loading=\"lazy\" title=\"opening exhibition enchanting horses alfas del pi 2024\" width=\"620\" height=\"349\" src=\"https:\/\/www.youtube.com\/embed\/67n9_ri-r-A?feature=oembed\" frameborder=\"0\" allow=\"accelerometer; autoplay; clipboard-write; encrypted-media; gyroscope; picture-in-picture; web-share\" referrerpolicy=\"strict-origin-when-cross-origin\" allowfullscreen><\/iframe><\/p>\n<hr \/>\n<h5>La exposici\u00f3n de Monique \u201cEl Encanto de los Caballos\u201d, inaugurada el 31 de octubre en l\u2019Alf\u00e0s del Pi<\/h5>\n<p><a href=\"http:\/\/love4art.nl\/wp-content\/uploads\/2024\/10\/flyer241015.jpg\" data-rel=\"lightbox-gallery-MdZkbaUx\" data-rl_title=\"\" data-rl_caption=\"\" title=\"\"><img loading=\"lazy\" decoding=\"async\" class=\"aligncenter size-large wp-image-993\" src=\"http:\/\/love4art.nl\/wp-content\/uploads\/2024\/10\/flyer241015-669x1024.jpg\" alt=\"\" width=\"620\" height=\"949\" srcset=\"https:\/\/love4art.nl\/wp-content\/uploads\/2024\/10\/flyer241015-669x1024.jpg 669w, https:\/\/love4art.nl\/wp-content\/uploads\/2024\/10\/flyer241015-98x150.jpg 98w, https:\/\/love4art.nl\/wp-content\/uploads\/2024\/10\/flyer241015-196x300.jpg 196w, https:\/\/love4art.nl\/wp-content\/uploads\/2024\/10\/flyer241015-508x778.jpg 508w, https:\/\/love4art.nl\/wp-content\/uploads\/2024\/10\/flyer241015.jpg 814w\" sizes=\"auto, (max-width: 620px) 100vw, 620px\" \/><\/a><\/p>\n<hr \/>\n<h5>Pr\u00f3xima exposici\u00f3n de Monique en l&#8217;Alfas del Pi: bronces &amp; dibujos de caballos<\/h5>\n<p><a href=\"http:\/\/love4art.nl\/wp-content\/uploads\/2024\/07\/exhibition2024.jpg\" data-rel=\"lightbox-gallery-MdZkbaUx\" data-rl_title=\"\" data-rl_caption=\"\" title=\"\"><img loading=\"lazy\" decoding=\"async\" class=\"aligncenter size-full wp-image-987\" src=\"http:\/\/love4art.nl\/wp-content\/uploads\/2024\/07\/exhibition2024.jpg\" alt=\"\" width=\"632\" height=\"956\" srcset=\"https:\/\/love4art.nl\/wp-content\/uploads\/2024\/07\/exhibition2024.jpg 632w, https:\/\/love4art.nl\/wp-content\/uploads\/2024\/07\/exhibition2024-99x150.jpg 99w, https:\/\/love4art.nl\/wp-content\/uploads\/2024\/07\/exhibition2024-198x300.jpg 198w, https:\/\/love4art.nl\/wp-content\/uploads\/2024\/07\/exhibition2024-508x768.jpg 508w\" sizes=\"auto, (max-width: 632px) 100vw, 632px\" \/><\/a><\/p>\n<hr \/>\n<h5>Visitas guiadas exposici\u00f3n del artista<\/h5>\n<p><a href=\"http:\/\/love4art.nl\/wp-content\/uploads\/2024\/01\/NL-rondleiding-door-artieste-16-nov-om-1-uur-in-Alfaz-del-Pi.png\" data-rel=\"lightbox-gallery-MdZkbaUx\" data-rl_title=\"\" data-rl_caption=\"\" title=\"\"><img loading=\"lazy\" decoding=\"async\" class=\"aligncenter size-full wp-image-982\" src=\"http:\/\/love4art.nl\/wp-content\/uploads\/2024\/01\/NL-rondleiding-door-artieste-16-nov-om-1-uur-in-Alfaz-del-Pi.png\" alt=\"\" width=\"896\" height=\"410\" srcset=\"https:\/\/love4art.nl\/wp-content\/uploads\/2024\/01\/NL-rondleiding-door-artieste-16-nov-om-1-uur-in-Alfaz-del-Pi.png 896w, https:\/\/love4art.nl\/wp-content\/uploads\/2024\/01\/NL-rondleiding-door-artieste-16-nov-om-1-uur-in-Alfaz-del-Pi-150x69.png 150w, https:\/\/love4art.nl\/wp-content\/uploads\/2024\/01\/NL-rondleiding-door-artieste-16-nov-om-1-uur-in-Alfaz-del-Pi-300x137.png 300w, https:\/\/love4art.nl\/wp-content\/uploads\/2024\/01\/NL-rondleiding-door-artieste-16-nov-om-1-uur-in-Alfaz-del-Pi-508x232.png 508w\" sizes=\"auto, (max-width: 896px) 100vw, 896px\" \/><\/a>Inscribase siempre con antelaci\u00f3n. Correo: monique@neyzen.nl<\/p>\n<p>Las visitas a \u2018Esculturas de piedra, hierro y bronce\u2019 son siempre a las 13h. El recorrido es gratis, s\u00f3lo 5 euros de entrada para el mantenimiento del jard\u00edn. Se pueden realizar visitas para grupos en diferentes idiomas bajo petici\u00f3n.<\/p>\n<ul>\n<li>4 Enero 2024 ingl\u00e9s<\/li>\n<li>28 Diciembre \u201923 holand\u00e9s<\/li>\n<li>21 Diciembre \u201923 ingl\u00e9s<\/li>\n<li>14 Diciembre \u201923 espa\u00f1ol<\/li>\n<li>23 Noviembre \u201923 holand\u00e9s<\/li>\n<li>16 Noviembre \u201923 holand\u00e9s<\/li>\n<li>8 Noviembre \u201923 alem\u00e1n<\/li>\n<li>21 Octubre 2023 es\/ing\/h<\/li>\n<\/ul>\n<hr \/>\n<h5>Visitas guiadas \u201cEsculturas en piedra, hierro y bronce\u201d<\/h5>\n<p>El 9 de noviembre tuvimos una agradable visita guiada en alem\u00e1n, con unos 30 visitantes. Alb\u00e8r me explic\u00f3 su trabajo y yo habl\u00e9 de las esculturas de Vicente y las m\u00edas.<\/p>\n<p>Pr\u00f3ximas visitas guiadas:<\/p>\n<ul>\n<li>16 de noviembre, 13:00 horas en holand\u00e9s, ver informaci\u00f3n en la primera foto.<\/li>\n<li>23 de noviembre, 13:00 horas en ingl\u00e9s<\/li>\n<\/ul>\n<p>Reg\u00edstrese previamente por correo electr\u00f3nico: <span style=\"text-decoration: underline;\">monique@neyzen.nl<\/span><\/p>\n<p><a href=\"http:\/\/love4art.nl\/wp-content\/uploads\/2023\/11\/dutch-tour-2023.png\" data-rel=\"lightbox-gallery-MdZkbaUx\" data-rl_title=\"\" data-rl_caption=\"\" title=\"\"><img loading=\"lazy\" decoding=\"async\" class=\"alignleft size-full wp-image-960\" src=\"http:\/\/love4art.nl\/wp-content\/uploads\/2023\/11\/dutch-tour-2023.png\" alt=\"\" width=\"760\" height=\"679\" srcset=\"https:\/\/love4art.nl\/wp-content\/uploads\/2023\/11\/dutch-tour-2023.png 760w, https:\/\/love4art.nl\/wp-content\/uploads\/2023\/11\/dutch-tour-2023-150x134.png 150w, https:\/\/love4art.nl\/wp-content\/uploads\/2023\/11\/dutch-tour-2023-300x268.png 300w, https:\/\/love4art.nl\/wp-content\/uploads\/2023\/11\/dutch-tour-2023-508x454.png 508w\" sizes=\"auto, (max-width: 760px) 100vw, 760px\" \/><\/a><a href=\"http:\/\/love4art.nl\/wp-content\/uploads\/2023\/11\/german-tour-2023-1.png\" data-rel=\"lightbox-gallery-MdZkbaUx\" data-rl_title=\"\" data-rl_caption=\"\" title=\"\"><img loading=\"lazy\" decoding=\"async\" class=\"alignleft size-large wp-image-961\" src=\"http:\/\/love4art.nl\/wp-content\/uploads\/2023\/11\/german-tour-2023-1-865x1024.png\" alt=\"\" width=\"620\" height=\"734\" srcset=\"https:\/\/love4art.nl\/wp-content\/uploads\/2023\/11\/german-tour-2023-1-865x1024.png 865w, https:\/\/love4art.nl\/wp-content\/uploads\/2023\/11\/german-tour-2023-1-127x150.png 127w, https:\/\/love4art.nl\/wp-content\/uploads\/2023\/11\/german-tour-2023-1-253x300.png 253w, https:\/\/love4art.nl\/wp-content\/uploads\/2023\/11\/german-tour-2023-1-508x602.png 508w, https:\/\/love4art.nl\/wp-content\/uploads\/2023\/11\/german-tour-2023-1.png 956w\" sizes=\"auto, (max-width: 620px) 100vw, 620px\" \/><\/a><\/p>\n<p><a href=\"http:\/\/love4art.nl\/wp-content\/uploads\/2023\/11\/german-tour-2023-2.png\" data-rel=\"lightbox-gallery-MdZkbaUx\" data-rl_title=\"\" data-rl_caption=\"\" title=\"\"><img loading=\"lazy\" decoding=\"async\" class=\"alignleft size-large wp-image-962\" src=\"http:\/\/love4art.nl\/wp-content\/uploads\/2023\/11\/german-tour-2023-2-1024x710.png\" alt=\"\" width=\"620\" height=\"430\" srcset=\"https:\/\/love4art.nl\/wp-content\/uploads\/2023\/11\/german-tour-2023-2-1024x710.png 1024w, https:\/\/love4art.nl\/wp-content\/uploads\/2023\/11\/german-tour-2023-2-150x104.png 150w, https:\/\/love4art.nl\/wp-content\/uploads\/2023\/11\/german-tour-2023-2-300x208.png 300w, https:\/\/love4art.nl\/wp-content\/uploads\/2023\/11\/german-tour-2023-2-973x674.png 973w, https:\/\/love4art.nl\/wp-content\/uploads\/2023\/11\/german-tour-2023-2-508x352.png 508w, https:\/\/love4art.nl\/wp-content\/uploads\/2023\/11\/german-tour-2023-2.png 1711w\" sizes=\"auto, (max-width: 620px) 100vw, 620px\" \/><\/a><br \/>\n<a href=\"http:\/\/love4art.nl\/wp-content\/uploads\/2023\/11\/german-tour-2023-3.png\" data-rel=\"lightbox-gallery-MdZkbaUx\" data-rl_title=\"\" data-rl_caption=\"\" title=\"\"><img loading=\"lazy\" decoding=\"async\" class=\"alignleft size-full wp-image-963\" src=\"http:\/\/love4art.nl\/wp-content\/uploads\/2023\/11\/german-tour-2023-3.png\" alt=\"\" width=\"759\" height=\"565\" srcset=\"https:\/\/love4art.nl\/wp-content\/uploads\/2023\/11\/german-tour-2023-3.png 759w, https:\/\/love4art.nl\/wp-content\/uploads\/2023\/11\/german-tour-2023-3-150x112.png 150w, https:\/\/love4art.nl\/wp-content\/uploads\/2023\/11\/german-tour-2023-3-300x223.png 300w, https:\/\/love4art.nl\/wp-content\/uploads\/2023\/11\/german-tour-2023-3-508x378.png 508w\" sizes=\"auto, (max-width: 759px) 100vw, 759px\" \/><\/a><a href=\"http:\/\/love4art.nl\/wp-content\/uploads\/2023\/11\/german-tour-2023-4.png\" data-rel=\"lightbox-gallery-MdZkbaUx\" data-rl_title=\"\" data-rl_caption=\"\" title=\"\"><img loading=\"lazy\" decoding=\"async\" class=\"alignleft size-full wp-image-964\" src=\"http:\/\/love4art.nl\/wp-content\/uploads\/2023\/11\/german-tour-2023-4.png\" alt=\"\" width=\"984\" height=\"724\" srcset=\"https:\/\/love4art.nl\/wp-content\/uploads\/2023\/11\/german-tour-2023-4.png 984w, https:\/\/love4art.nl\/wp-content\/uploads\/2023\/11\/german-tour-2023-4-150x110.png 150w, https:\/\/love4art.nl\/wp-content\/uploads\/2023\/11\/german-tour-2023-4-300x221.png 300w, https:\/\/love4art.nl\/wp-content\/uploads\/2023\/11\/german-tour-2023-4-973x716.png 973w, https:\/\/love4art.nl\/wp-content\/uploads\/2023\/11\/german-tour-2023-4-508x374.png 508w\" sizes=\"auto, (max-width: 984px) 100vw, 984px\" \/><\/a><\/p>\n<hr \/>\n<h5>Impresi\u00f3n en v\u00eddeo de la inauguraci\u00f3n de la exposici\u00f3n <em>Esculturas en piedra, hierro y bronce<\/em> en Alfaz del Pi 21-10-2023<\/h5>\n<p><iframe loading=\"lazy\" title=\"Opening Exhibition - Sculptures in Stone Iron and Bronze - Klein Schreuder sculpture garden\" width=\"620\" height=\"349\" src=\"https:\/\/www.youtube.com\/embed\/nsCovf3SoJo?feature=oembed\" frameborder=\"0\" allow=\"accelerometer; autoplay; clipboard-write; encrypted-media; gyroscope; picture-in-picture; web-share\" referrerpolicy=\"strict-origin-when-cross-origin\" allowfullscreen><\/iframe><\/p>\n<p>Un hermoso d\u00eda soleado en el museo al aire libre Klein-Schreuder en Alfaz del Pi. El concejal de Cultura Manuel Casado inaugur\u00f3 nuestra exposici\u00f3n. Alb\u00e8r te Brake habl\u00f3 de sus poderosas piezas de hierro, Vicente P\u00e9rez de sus piedras suaves y fluidas y yo de mis bronces en movimiento. Le expliqu\u00e9 por qu\u00e9 invit\u00e9 a 2 amigos artistas a exponer juntos. Alrededor de 100 personas visitaron el jard\u00edn de esculturas ese d\u00eda, disfrutamos de bebidas y tapas mientras tocaba el tr\u00edo de clarinete de Marcus Ivorra Schuler.<br \/>\nM\u00e1s informaci\u00f3n sobre visitas guiadas, etc. en esta p\u00e1gina.<\/p>\n<hr \/>\n<h5>Esculturas en piedra, hierro y bronce<\/h5>\n<p>Exposici\u00f3n en <strong>el jard\u00edn de esculturas Klein-Schreuder<\/strong> de <strong>Vicente P\u00e9rez<\/strong>, <strong>Alb\u00e8r te Brake<\/strong> y <strong>Monique Neyzen<\/strong>, tres amigos artistas que trabajan en diferentes estilos y materiales. La inauguraci\u00f3n tendr\u00e1 lugar el s\u00e1bado 21 de octubre\u201923 a las 11 horas a cargo de Manuel Casado Puche, concejal de cultura del municipio de l&#8217;Alfas. Los artistas explicar\u00e1n su trabajo, habr\u00e1 una copa y la inauguraci\u00f3n correr\u00e1 a cargo del tr\u00edo de clarinetes de <a href=\"https:\/\/clarinetmarcosivorra.blogspot.com\/p\/me-begans-his-musical-studies-at-altea.html\">Marcos Ivorra Schuler<\/a> junto a su esposa Catharina y su hijo.<\/p>\n<p><strong><a href=\"http:\/\/love4art.nl\/wp-content\/uploads\/2023\/10\/marmeren-beeld-van-Vicente-Perez.jpg\" data-rel=\"lightbox-gallery-MdZkbaUx\" data-rl_title=\"\" data-rl_caption=\"\" title=\"\"><img loading=\"lazy\" decoding=\"async\" class=\"alignright size-medium wp-image-916\" src=\"http:\/\/love4art.nl\/wp-content\/uploads\/2023\/10\/marmeren-beeld-van-Vicente-Perez-221x300.jpg\" alt=\"\" width=\"221\" height=\"300\" srcset=\"https:\/\/love4art.nl\/wp-content\/uploads\/2023\/10\/marmeren-beeld-van-Vicente-Perez-221x300.jpg 221w, https:\/\/love4art.nl\/wp-content\/uploads\/2023\/10\/marmeren-beeld-van-Vicente-Perez-111x150.jpg 111w, https:\/\/love4art.nl\/wp-content\/uploads\/2023\/10\/marmeren-beeld-van-Vicente-Perez-755x1024.jpg 755w, https:\/\/love4art.nl\/wp-content\/uploads\/2023\/10\/marmeren-beeld-van-Vicente-Perez-973x1321.jpg 973w, https:\/\/love4art.nl\/wp-content\/uploads\/2023\/10\/marmeren-beeld-van-Vicente-Perez-508x689.jpg 508w, https:\/\/love4art.nl\/wp-content\/uploads\/2023\/10\/marmeren-beeld-van-Vicente-Perez.jpg 1078w\" sizes=\"auto, (max-width: 221px) 100vw, 221px\" \/><\/a><\/strong>La obra de <strong>Vicente P\u00e9rez<\/strong>\u2019 (ES) de Monforte del Cid, expone una nueva serie de <strong>estatuas de alabastro<\/strong> sobre pedestales de m\u00e1rmol. Sus esculturas muestran reflejos de estructuras vegetales e interpretaciones de la forma humana. El valor simb\u00f3lico va m\u00e1s all\u00e1 del significado literal. Su obra est\u00e1 moldeada por experiencias que surgen de una fuente com\u00fan como es la naturaleza. La forma org\u00e1nica de <em>\u2018Ornis\u2019<\/em> (ver foto, alabastro oscuro de 30 cm de altura) es t\u00edpica de su obra. .<\/p>\n<p><strong><a href=\"http:\/\/love4art.nl\/wp-content\/uploads\/2023\/10\/Going-Round-in-circles-ijzeren-beeld-van-Alber-te-Brake.-Drie-in-elkaar-grijpende-cirkels-draaien-op-een-as-een-in-rood-marmeren-voetstuk.jpeg\" data-rel=\"lightbox-gallery-MdZkbaUx\" data-rl_title=\"\" data-rl_caption=\"\" title=\"\"><img loading=\"lazy\" decoding=\"async\" class=\"size-medium wp-image-914 alignleft\" src=\"http:\/\/love4art.nl\/wp-content\/uploads\/2023\/10\/Going-Round-in-circles-ijzeren-beeld-van-Alber-te-Brake.-Drie-in-elkaar-grijpende-cirkels-draaien-op-een-as-een-in-rood-marmeren-voetstuk-154x300.jpeg\" alt=\"\" width=\"154\" height=\"300\" srcset=\"https:\/\/love4art.nl\/wp-content\/uploads\/2023\/10\/Going-Round-in-circles-ijzeren-beeld-van-Alber-te-Brake.-Drie-in-elkaar-grijpende-cirkels-draaien-op-een-as-een-in-rood-marmeren-voetstuk-154x300.jpeg 154w, https:\/\/love4art.nl\/wp-content\/uploads\/2023\/10\/Going-Round-in-circles-ijzeren-beeld-van-Alber-te-Brake.-Drie-in-elkaar-grijpende-cirkels-draaien-op-een-as-een-in-rood-marmeren-voetstuk-77x150.jpeg 77w, https:\/\/love4art.nl\/wp-content\/uploads\/2023\/10\/Going-Round-in-circles-ijzeren-beeld-van-Alber-te-Brake.-Drie-in-elkaar-grijpende-cirkels-draaien-op-een-as-een-in-rood-marmeren-voetstuk-526x1024.jpeg 526w, https:\/\/love4art.nl\/wp-content\/uploads\/2023\/10\/Going-Round-in-circles-ijzeren-beeld-van-Alber-te-Brake.-Drie-in-elkaar-grijpende-cirkels-draaien-op-een-as-een-in-rood-marmeren-voetstuk-508x990.jpeg 508w, https:\/\/love4art.nl\/wp-content\/uploads\/2023\/10\/Going-Round-in-circles-ijzeren-beeld-van-Alber-te-Brake.-Drie-in-elkaar-grijpende-cirkels-draaien-op-een-as-een-in-rood-marmeren-voetstuk.jpeg 657w\" sizes=\"auto, (max-width: 154px) 100vw, 154px\" \/><\/a>Alb\u00e8r te Brake<\/strong> (NL) de A\u00efgues realiza impresionantes <strong>esculturas de hierro<\/strong> con l\u00edneas claras. Sol\u00eda trabajar mucho con bronce y vidrio. Pero el metal siempre le ha inspirado, en eso es su enfoque desde vive en Espa\u00f1a. Sus esculturas de gran tama\u00f1o son aptas para su uso en exteriores, como &#8216;<em>Caos estructurado&#8217; <\/em>(ver foto). En <em>&#8216;Dando vueltas en c\u00edrculos&#8217;<\/em>, tres c\u00edrculos entrelazados de aproximadamente un metro de altura giran en torno a un eje sobre un gran pedestal de m\u00e1rmol &#8216;Rojo de Alicante&#8217;<\/p>\n<p><strong><a href=\"http:\/\/love4art.nl\/wp-content\/uploads\/2023\/10\/Icarus-bronzen-beeld-van-Monique-Neyzen-lijkt-van-het-ijzeren-voetstuk-af-te-springen.jpeg\" data-rel=\"lightbox-gallery-MdZkbaUx\" data-rl_title=\"\" data-rl_caption=\"\" title=\"\"><img loading=\"lazy\" decoding=\"async\" class=\"alignright size-medium wp-image-915\" src=\"http:\/\/love4art.nl\/wp-content\/uploads\/2023\/10\/Icarus-bronzen-beeld-van-Monique-Neyzen-lijkt-van-het-ijzeren-voetstuk-af-te-springen-225x300.jpeg\" alt=\"\" width=\"225\" height=\"300\" srcset=\"https:\/\/love4art.nl\/wp-content\/uploads\/2023\/10\/Icarus-bronzen-beeld-van-Monique-Neyzen-lijkt-van-het-ijzeren-voetstuk-af-te-springen-225x300.jpeg 225w, https:\/\/love4art.nl\/wp-content\/uploads\/2023\/10\/Icarus-bronzen-beeld-van-Monique-Neyzen-lijkt-van-het-ijzeren-voetstuk-af-te-springen-113x150.jpeg 113w, https:\/\/love4art.nl\/wp-content\/uploads\/2023\/10\/Icarus-bronzen-beeld-van-Monique-Neyzen-lijkt-van-het-ijzeren-voetstuk-af-te-springen-768x1024.jpeg 768w, https:\/\/love4art.nl\/wp-content\/uploads\/2023\/10\/Icarus-bronzen-beeld-van-Monique-Neyzen-lijkt-van-het-ijzeren-voetstuk-af-te-springen-508x677.jpeg 508w, https:\/\/love4art.nl\/wp-content\/uploads\/2023\/10\/Icarus-bronzen-beeld-van-Monique-Neyzen-lijkt-van-het-ijzeren-voetstuk-af-te-springen.jpeg 960w\" sizes=\"auto, (max-width: 225px) 100vw, 225px\" \/><\/a>Monique Neyzen<\/strong> (NL) de Finestrat realiza peque\u00f1as y din\u00e1micas <strong>esculturas de bronce<\/strong> de bailarines y caballos, figurativas o algo abstractas. Los soportes de hierro especialmente dise\u00f1ados refuerzan el movimiento y forman una parte integral de su arte. Las estatuas parecen saltar de su pedestal, como ocurre con\u00a0<em>&#8216;Salto&#8217;<\/em> (ver foto, bronce de unos 30 cm, la escultura mide casi 2 metros incluyendo el soporte). La artista ofrecer\u00e1 regularmente <strong>visitas guiadas<\/strong> en diferentes idiomas. Si est\u00e1 interesado: env\u00ede\u00a0un correo a info@neyzen.nl o consulte su sitio web <a href=\"http:\/\/love4art.nl\/es\/noticias\/\"><u>www.love4art.nl\/blog\/es\/noticias<\/u><\/a> o FB <a href=\"https:\/\/www.facebook.com\/friendsmonique\">@FriendsMonique<\/a>.<\/p>\n<p><strong>Inauguraci\u00f3n de la exposici\u00f3n<\/strong>: el 21 de octubre a las 11 horas Manuel Casado Ponche, concejala de cultura del municipio de Alfaz del Pi inaugurar\u00e1 la exposici\u00f3n. La apertura est\u00e1 a cargo del tr\u00edo de clarinetes de Marcos Ivorra Schuler con su esposa Catharina y su hijo. Posteriormente los artistas explicar\u00e1n su trabajo y habr\u00e1 una copa.<\/p>\n<p>El precioso <strong>jard\u00edn de esculturas de la Fundaci\u00f3n Klein-Schreuder<\/strong> en el Cam\u00ed del Pinar 23 de Alfaz del Pi tiene 20.000 m2 con 2.500 plantas y una colecci\u00f3n permanente de esculturas. El jard\u00edn est\u00e1 abierto los domingos de 10 a 14h o llame a Johanna al 966860230 para hacer una cita.<\/p>\n<p>La<strong> entrada cuesta 5 euro<\/strong> por el mantenimiento del jardin o 18 euro para una suscripci\u00f3n anual ilimitada. La <strong>exposici\u00f3n estar\u00e1 abierta hasta el 6 de enero \u201924.<\/strong> M\u00e1s informaci\u00f3n: <a href=\"http:\/\/www.klein-schreuder.com\">www.klein-schreuder.com<\/a><\/p>\n<hr \/>\n<h5>\u00a1Todo lo mejor para el A\u00f1o Nuevo!<\/h5>\n<p>Queridos amantes del arte,<br \/>\n\u00a1Les deseo a todos felicidad, paz, salud y tiempo para disfrutar de la vida y el arte!<\/p>\n<p>En 2022 miro hacia atr\u00e1s a la triste y repentina p\u00e9rdida de un amigo muy querido y a una exposici\u00f3n encantadora y exitosa.<\/p>\n<p>La Casa museu La Barbera de Villajoyosa es un gran espacio expositivo. Las antiguas caballerizas de la mansi\u00f3n del siglo XVII de la familia Aragon\u00e9s encajaban muy bien con mis esculturas de bronce y dibujos de bailarinas. &#8216;<a href=\"https:\/\/www.youtube.com\/watch?v=tRkX4X3We1E&amp;t=3s\" rel=\"noopener\">Baila en la Barbera<\/a>&#8216; atrajo a cientos de visitantes y me encant\u00f3 hacer tours en diferentes idiomas. Entonces puedo explicar c\u00f3mo trabajo y qu\u00e9 me inspira, y tener la oportunidad de hablar con los visitantes. Tan inspirador para conocer a los amantes del arte y otros artistas. A menudo obtuve reacciones encantadoras en mi arte y vend\u00ed muchas estatuas y dibujos. Esto significa hacer nuevos moldes y vaciados y entregar todo despu\u00e9s de la exposici\u00f3n.<\/p>\n<p>Decid\u00ed hacer una sola exposici\u00f3n al a\u00f1o.<br \/>\nPorque tambi\u00e9n necesito tiempo para trabajar en comisiones especiales y quiero hacer nuevos trabajos, por supuesto. Y junto con mi amigo escultor Alb\u00e8rt, queremos hacer nosotros mismos la fundici\u00f3n de bronce, que es un proceso bastante complejo.<\/p>\n<p>Los mantendr\u00e9 informados en este sitio.<br \/>\n\u00a1Todo lo mejor para el nuevo a\u00f1o!<\/p>\n<p><a href=\"http:\/\/love4art.nl\/wp-content\/uploads\/2022\/12\/ny-wens-2023.jpeg\" data-rel=\"lightbox-gallery-MdZkbaUx\" data-rl_title=\"\" data-rl_caption=\"\" title=\"\"><img loading=\"lazy\" decoding=\"async\" width=\"1024\" height=\"1024\" class=\"aligncenter size-large wp-image-907\" src=\"http:\/\/love4art.nl\/wp-content\/uploads\/2022\/12\/ny-wens-2023-1024x1024.jpeg\" alt=\"\" srcset=\"https:\/\/love4art.nl\/wp-content\/uploads\/2022\/12\/ny-wens-2023-1024x1024.jpeg 1024w, https:\/\/love4art.nl\/wp-content\/uploads\/2022\/12\/ny-wens-2023-150x150.jpeg 150w, https:\/\/love4art.nl\/wp-content\/uploads\/2022\/12\/ny-wens-2023-300x300.jpeg 300w, https:\/\/love4art.nl\/wp-content\/uploads\/2022\/12\/ny-wens-2023-88x88.jpeg 88w, https:\/\/love4art.nl\/wp-content\/uploads\/2022\/12\/ny-wens-2023-973x973.jpeg 973w, https:\/\/love4art.nl\/wp-content\/uploads\/2022\/12\/ny-wens-2023-508x508.jpeg 508w, https:\/\/love4art.nl\/wp-content\/uploads\/2022\/12\/ny-wens-2023.jpeg 2048w\" sizes=\"auto, (max-width: 1024px) 100vw, 1024px\" \/>&lt;\/ un&gt;<\/a><\/p>\n<hr \/>\n<h5>Entre los visitantes de hoy se encontraban tres concejales de la vecina ciudad de Alfas del Pi<\/h5>\n<p><a href=\"http:\/\/love4art.nl\/wp-content\/uploads\/2022\/01\/aldermen-of-alfas-del-pi.jpg\" data-rel=\"lightbox-gallery-MdZkbaUx\" data-rl_title=\"\" data-rl_caption=\"\" title=\"\"><img loading=\"lazy\" decoding=\"async\" class=\"alignleft size-medium wp-image-899\" src=\"http:\/\/love4art.nl\/wp-content\/uploads\/2022\/01\/aldermen-of-alfas-del-pi-300x263.jpg\" alt=\"\" width=\"300\" height=\"263\" srcset=\"https:\/\/love4art.nl\/wp-content\/uploads\/2022\/01\/aldermen-of-alfas-del-pi-300x263.jpg 300w, https:\/\/love4art.nl\/wp-content\/uploads\/2022\/01\/aldermen-of-alfas-del-pi-150x132.jpg 150w, https:\/\/love4art.nl\/wp-content\/uploads\/2022\/01\/aldermen-of-alfas-del-pi-1024x898.jpg 1024w, https:\/\/love4art.nl\/wp-content\/uploads\/2022\/01\/aldermen-of-alfas-del-pi-973x853.jpg 973w, https:\/\/love4art.nl\/wp-content\/uploads\/2022\/01\/aldermen-of-alfas-del-pi-508x445.jpg 508w\" sizes=\"auto, (max-width: 300px) 100vw, 300px\" \/><\/a><a href=\"http:\/\/love4art.nl\/wp-content\/uploads\/2022\/01\/comments-aldermen-of-alfas-del-pi.jpg\" data-rel=\"lightbox-gallery-MdZkbaUx\" data-rl_title=\"\" data-rl_caption=\"\" title=\"\"><img loading=\"lazy\" decoding=\"async\" class=\"alignright size-medium wp-image-898\" src=\"http:\/\/love4art.nl\/wp-content\/uploads\/2022\/01\/comments-aldermen-of-alfas-del-pi-300x217.jpg\" alt=\"\" width=\"300\" height=\"217\" srcset=\"https:\/\/love4art.nl\/wp-content\/uploads\/2022\/01\/comments-aldermen-of-alfas-del-pi-300x217.jpg 300w, https:\/\/love4art.nl\/wp-content\/uploads\/2022\/01\/comments-aldermen-of-alfas-del-pi-150x109.jpg 150w, https:\/\/love4art.nl\/wp-content\/uploads\/2022\/01\/comments-aldermen-of-alfas-del-pi-1024x741.jpg 1024w, https:\/\/love4art.nl\/wp-content\/uploads\/2022\/01\/comments-aldermen-of-alfas-del-pi-973x704.jpg 973w, https:\/\/love4art.nl\/wp-content\/uploads\/2022\/01\/comments-aldermen-of-alfas-del-pi-508x368.jpg 508w\" sizes=\"auto, (max-width: 300px) 100vw, 300px\" \/><\/a><\/p>\n<p>\u00a1Gracias por venir a mi exposici\u00f3n y por sus encantadores comentarios!<\/p>\n<p>Feliz de hacer otra exhibici\u00f3n en Alfas.<\/p>\n<hr \/>\n<h5>Impresi\u00f3n de la inauguraci\u00f3n de la exposici\u00f3 <em>Baila en la Barbera<\/em> en la Villajoyosa 13-1-2022<\/h5>\n<p><iframe loading=\"lazy\" title=\"Opening Exhibition  &quot;Baila en la Barbera&quot; Villajoyosa 13th January 2022\" width=\"620\" height=\"349\" src=\"https:\/\/www.youtube.com\/embed\/0XiyGcGO0UQ?feature=oembed\" frameborder=\"0\" allow=\"accelerometer; autoplay; clipboard-write; encrypted-media; gyroscope; picture-in-picture; web-share\" referrerpolicy=\"strict-origin-when-cross-origin\" allowfullscreen><\/iframe><\/p>\n<hr \/>\n<h5>Vista previa de la exposici\u00f3n <em>Baila en la Barbera<\/em> en la Villajoyosa<\/h5>\n<p><iframe loading=\"lazy\" title=\"Monique Neyzen - Exhibition  \u2018Baila en La Barbera\u2019  in Villajoyosa.\" width=\"620\" height=\"349\" src=\"https:\/\/www.youtube.com\/embed\/tRkX4X3We1E?feature=oembed\" frameborder=\"0\" allow=\"accelerometer; autoplay; clipboard-write; encrypted-media; gyroscope; picture-in-picture; web-share\" referrerpolicy=\"strict-origin-when-cross-origin\" allowfullscreen><\/iframe><\/p>\n<hr \/>\n<h5>Inauguraci\u00f3n de la exposici\u00f3n Baila en la Barbera<\/h5>\n<p><a href=\"http:\/\/love4art.nl\/wp-content\/uploads\/2022\/01\/barbera2.png\" data-rel=\"lightbox-gallery-MdZkbaUx\" data-rl_title=\"\" data-rl_caption=\"\" title=\"\"><img loading=\"lazy\" decoding=\"async\" class=\"alignleft size-medium wp-image-853\" src=\"http:\/\/love4art.nl\/wp-content\/uploads\/2022\/01\/barbera2-225x300.png\" alt=\"\" width=\"225\" height=\"300\" srcset=\"https:\/\/love4art.nl\/wp-content\/uploads\/2022\/01\/barbera2-225x300.png 225w, https:\/\/love4art.nl\/wp-content\/uploads\/2022\/01\/barbera2-113x150.png 113w, https:\/\/love4art.nl\/wp-content\/uploads\/2022\/01\/barbera2-768x1024.png 768w, https:\/\/love4art.nl\/wp-content\/uploads\/2022\/01\/barbera2-973x1297.png 973w, https:\/\/love4art.nl\/wp-content\/uploads\/2022\/01\/barbera2-508x677.png 508w, https:\/\/love4art.nl\/wp-content\/uploads\/2022\/01\/barbera2.png 1512w\" sizes=\"auto, (max-width: 225px) 100vw, 225px\" \/><\/a>El 13 de enero de 2022 arranca mi exposici\u00f3n \u201cBaila en La Barbera\u201d en el \u201cEspai d&#8217;Art Contemporani de la Barbera dels Aragon\u00e9s\u201d en Villajoyosa. La inauguraci\u00f3n es a las 13:00 horas y estar\u00e1 acompa\u00f1ada por la m\u00fasica de guitarra de <a href=\"http:\/\/www.cristinarico.art\/about-me\/\">Cristina Rico<\/a>.<\/p>\n<p>2 consejos si vienes al estreno &#8216;Baila en la Barbera&#8217; el 13 de enero a las 13.00 horas.<\/p>\n<p>1. H\u00e1zmelo saber a trav\u00e9s de info@neyzen.nl para que pueda realizar un seguimiento de la cantidad de visitantes debido a Covid.<\/p>\n<p>2. El jueves es d\u00eda de mercado en Villajoyosa. En ese caso, no se puede aparcar en el recinto del mercado. El m\u00e1s f\u00e1cil es el parking Creueta cerca de Mercidillo central a 5\u2033 andando de La Barbera. La entrada al espacio expositivo se encuentra entre el museo casa La Barbera y la cafeter\u00eda.<\/p>\n<p><a href=\"http:\/\/love4art.nl\/wp-content\/uploads\/2022\/01\/barbera1.png\" data-rel=\"lightbox-gallery-MdZkbaUx\" data-rl_title=\"\" data-rl_caption=\"\" title=\"\"><img loading=\"lazy\" decoding=\"async\" class=\"size-medium wp-image-852 aligncenter\" src=\"http:\/\/love4art.nl\/wp-content\/uploads\/2022\/01\/barbera1-225x300.png\" alt=\"\" width=\"225\" height=\"300\" srcset=\"https:\/\/love4art.nl\/wp-content\/uploads\/2022\/01\/barbera1-225x300.png 225w, https:\/\/love4art.nl\/wp-content\/uploads\/2022\/01\/barbera1-113x150.png 113w, https:\/\/love4art.nl\/wp-content\/uploads\/2022\/01\/barbera1-768x1024.png 768w, https:\/\/love4art.nl\/wp-content\/uploads\/2022\/01\/barbera1-973x1297.png 973w, https:\/\/love4art.nl\/wp-content\/uploads\/2022\/01\/barbera1-508x677.png 508w, https:\/\/love4art.nl\/wp-content\/uploads\/2022\/01\/barbera1.png 1512w\" sizes=\"auto, (max-width: 225px) 100vw, 225px\" \/><\/a> <a href=\"http:\/\/love4art.nl\/wp-content\/uploads\/2022\/01\/barbera3.png\" data-rel=\"lightbox-gallery-MdZkbaUx\" data-rl_title=\"\" data-rl_caption=\"\" title=\"\"><img loading=\"lazy\" decoding=\"async\" class=\"size-medium wp-image-850 aligncenter\" src=\"http:\/\/love4art.nl\/wp-content\/uploads\/2022\/01\/barbera3-300x225.png\" alt=\"\" width=\"300\" height=\"225\" srcset=\"https:\/\/love4art.nl\/wp-content\/uploads\/2022\/01\/barbera3-300x225.png 300w, https:\/\/love4art.nl\/wp-content\/uploads\/2022\/01\/barbera3-150x113.png 150w, https:\/\/love4art.nl\/wp-content\/uploads\/2022\/01\/barbera3-1024x768.png 1024w, https:\/\/love4art.nl\/wp-content\/uploads\/2022\/01\/barbera3-973x730.png 973w, https:\/\/love4art.nl\/wp-content\/uploads\/2022\/01\/barbera3-508x381.png 508w, https:\/\/love4art.nl\/wp-content\/uploads\/2022\/01\/barbera3.png 2016w\" sizes=\"auto, (max-width: 300px) 100vw, 300px\" \/><\/a><\/p>\n<p>La direcci\u00f3n del museo es C. Huit de Maig, 16, 03570 La Vila Joiosa. El parking Creueta est\u00e1 en la Av. Joan Carles I, 25, 03570 La Vila Joiosa.<\/p>\n<p><a href=\"http:\/\/love4art.nl\/wp-content\/uploads\/2022\/01\/map.png\" data-rel=\"lightbox-gallery-MdZkbaUx\" data-rl_title=\"\" data-rl_caption=\"\" title=\"\"><img loading=\"lazy\" decoding=\"async\" class=\"size-medium wp-image-851 aligncenter\" src=\"http:\/\/love4art.nl\/wp-content\/uploads\/2022\/01\/map-300x244.png\" alt=\"\" width=\"300\" height=\"244\" srcset=\"https:\/\/love4art.nl\/wp-content\/uploads\/2022\/01\/map-300x244.png 300w, https:\/\/love4art.nl\/wp-content\/uploads\/2022\/01\/map-150x122.png 150w, https:\/\/love4art.nl\/wp-content\/uploads\/2022\/01\/map-1024x832.png 1024w, https:\/\/love4art.nl\/wp-content\/uploads\/2022\/01\/map-973x791.png 973w, https:\/\/love4art.nl\/wp-content\/uploads\/2022\/01\/map-508x413.png 508w, https:\/\/love4art.nl\/wp-content\/uploads\/2022\/01\/map.png 1078w\" sizes=\"auto, (max-width: 300px) 100vw, 300px\" \/><\/a><\/p>\n<hr \/>\n<h5>\u00a1Finalmente!<\/h5>\n<p>Mi pr\u00f3xima exposici\u00f3n &#8220;Baila en La Barbera&#8221; comenzar\u00e1 a 13 de enero de 2022. Esculturas de bronce de danza se exhibir\u00e1n en el museo &#8220;Espai d&#8217;Art Contemporani de la Barbera dels Aragon\u00e9s&#8221; en Villajoyosa, la antigua villa de la familia m\u00e1s importante de Villajoyosa.<\/p>\n<p><a href=\"http:\/\/love4art.nl\/wp-content\/uploads\/2021\/12\/cartel-La-Barbera-Vilajoyosa-expo-Monique-Neyzen-20211227-logos.png\" data-rel=\"lightbox-gallery-MdZkbaUx\" data-rl_title=\"\" data-rl_caption=\"\" title=\"\"><img loading=\"lazy\" decoding=\"async\" class=\"alignleft size-medium wp-image-847\" src=\"http:\/\/love4art.nl\/wp-content\/uploads\/2021\/12\/cartel-La-Barbera-Vilajoyosa-expo-Monique-Neyzen-20211227-logos-216x300.png\" alt=\"\" width=\"216\" height=\"300\" srcset=\"https:\/\/love4art.nl\/wp-content\/uploads\/2021\/12\/cartel-La-Barbera-Vilajoyosa-expo-Monique-Neyzen-20211227-logos-216x300.png 216w, https:\/\/love4art.nl\/wp-content\/uploads\/2021\/12\/cartel-La-Barbera-Vilajoyosa-expo-Monique-Neyzen-20211227-logos-108x150.png 108w, https:\/\/love4art.nl\/wp-content\/uploads\/2021\/12\/cartel-La-Barbera-Vilajoyosa-expo-Monique-Neyzen-20211227-logos-737x1024.png 737w, https:\/\/love4art.nl\/wp-content\/uploads\/2021\/12\/cartel-La-Barbera-Vilajoyosa-expo-Monique-Neyzen-20211227-logos-508x706.png 508w, https:\/\/love4art.nl\/wp-content\/uploads\/2021\/12\/cartel-La-Barbera-Vilajoyosa-expo-Monique-Neyzen-20211227-logos.png 926w\" sizes=\"auto, (max-width: 216px) 100vw, 216px\" \/><\/a><a href=\"http:\/\/love4art.nl\/wp-content\/uploads\/2021\/11\/Grand-Jeter.jpg\" data-rel=\"lightbox-gallery-MdZkbaUx\" data-rl_title=\"\" data-rl_caption=\"\" title=\"\"><img loading=\"lazy\" decoding=\"async\" class=\"alignleft size-medium wp-image-802\" src=\"http:\/\/love4art.nl\/wp-content\/uploads\/2021\/11\/Grand-Jeter-300x223.jpg\" alt=\"\" width=\"300\" height=\"223\" srcset=\"https:\/\/love4art.nl\/wp-content\/uploads\/2021\/11\/Grand-Jeter-300x223.jpg 300w, https:\/\/love4art.nl\/wp-content\/uploads\/2021\/11\/Grand-Jeter-150x111.jpg 150w, https:\/\/love4art.nl\/wp-content\/uploads\/2021\/11\/Grand-Jeter-508x377.jpg 508w, https:\/\/love4art.nl\/wp-content\/uploads\/2021\/11\/Grand-Jeter.jpg 960w\" sizes=\"auto, (max-width: 300px) 100vw, 300px\" \/><\/a><a href=\"http:\/\/love4art.nl\/wp-content\/uploads\/2021\/11\/Museo-Espai-dArt-Contemporani-de-la-Barbera-dels-Aragon\u00e9s.jpg\" data-rel=\"lightbox-gallery-MdZkbaUx\" data-rl_title=\"\" data-rl_caption=\"\" title=\"\"><img loading=\"lazy\" decoding=\"async\" class=\"alignleft size-medium wp-image-801\" src=\"http:\/\/love4art.nl\/wp-content\/uploads\/2021\/11\/Museo-Espai-dArt-Contemporani-de-la-Barbera-dels-Aragon\u00e9s-300x201.jpg\" alt=\"\" width=\"300\" height=\"201\" srcset=\"https:\/\/love4art.nl\/wp-content\/uploads\/2021\/11\/Museo-Espai-dArt-Contemporani-de-la-Barbera-dels-Aragon\u00e9s-300x201.jpg 300w, https:\/\/love4art.nl\/wp-content\/uploads\/2021\/11\/Museo-Espai-dArt-Contemporani-de-la-Barbera-dels-Aragon\u00e9s-150x100.jpg 150w, https:\/\/love4art.nl\/wp-content\/uploads\/2021\/11\/Museo-Espai-dArt-Contemporani-de-la-Barbera-dels-Aragon\u00e9s-1024x685.jpg 1024w, https:\/\/love4art.nl\/wp-content\/uploads\/2021\/11\/Museo-Espai-dArt-Contemporani-de-la-Barbera-dels-Aragon\u00e9s-973x651.jpg 973w, https:\/\/love4art.nl\/wp-content\/uploads\/2021\/11\/Museo-Espai-dArt-Contemporani-de-la-Barbera-dels-Aragon\u00e9s-508x340.jpg 508w, https:\/\/love4art.nl\/wp-content\/uploads\/2021\/11\/Museo-Espai-dArt-Contemporani-de-la-Barbera-dels-Aragon\u00e9s.jpg 1600w\" sizes=\"auto, (max-width: 300px) 100vw, 300px\" \/><\/a><a href=\"http:\/\/love4art.nl\/wp-content\/uploads\/2021\/11\/Map-Museo-Espai-dArt-Contemporani-de-la-Barbera.png\" data-rel=\"lightbox-gallery-MdZkbaUx\" data-rl_title=\"\" data-rl_caption=\"\" title=\"\"><img loading=\"lazy\" decoding=\"async\" class=\"alignleft size-medium wp-image-803\" src=\"http:\/\/love4art.nl\/wp-content\/uploads\/2021\/11\/Map-Museo-Espai-dArt-Contemporani-de-la-Barbera-300x281.png\" alt=\"\" width=\"300\" height=\"281\" srcset=\"https:\/\/love4art.nl\/wp-content\/uploads\/2021\/11\/Map-Museo-Espai-dArt-Contemporani-de-la-Barbera-300x281.png 300w, https:\/\/love4art.nl\/wp-content\/uploads\/2021\/11\/Map-Museo-Espai-dArt-Contemporani-de-la-Barbera-150x141.png 150w, https:\/\/love4art.nl\/wp-content\/uploads\/2021\/11\/Map-Museo-Espai-dArt-Contemporani-de-la-Barbera-508x476.png 508w, https:\/\/love4art.nl\/wp-content\/uploads\/2021\/11\/Map-Museo-Espai-dArt-Contemporani-de-la-Barbera.png 792w\" sizes=\"auto, (max-width: 300px) 100vw, 300px\" \/><\/a><\/p>\n<hr \/>\n<h5>Feliz a\u00f1o nuevo!<\/h5>\n<p style=\"text-align: center;\"><a href=\"http:\/\/love4art.nl\/wp-content\/uploads\/2021\/01\/newyear2021.jpg\" data-rel=\"lightbox-gallery-MdZkbaUx\" data-rl_title=\"\" data-rl_caption=\"\" title=\"\"><img loading=\"lazy\" decoding=\"async\" class=\"size-medium wp-image-795 aligncenter\" src=\"http:\/\/love4art.nl\/wp-content\/uploads\/2021\/01\/newyear2021-300x225.jpg\" alt=\"\" width=\"300\" height=\"225\" srcset=\"https:\/\/love4art.nl\/wp-content\/uploads\/2021\/01\/newyear2021-300x225.jpg 300w, https:\/\/love4art.nl\/wp-content\/uploads\/2021\/01\/newyear2021-150x113.jpg 150w, https:\/\/love4art.nl\/wp-content\/uploads\/2021\/01\/newyear2021-1024x768.jpg 1024w, https:\/\/love4art.nl\/wp-content\/uploads\/2021\/01\/newyear2021-973x730.jpg 973w, https:\/\/love4art.nl\/wp-content\/uploads\/2021\/01\/newyear2021-508x381.jpg 508w\" sizes=\"auto, (max-width: 300px) 100vw, 300px\" \/><\/a><\/p>\n<hr \/>\n<h5>Last day of the exhibition &#8216;Jan y sus amigos&#8217;<\/h5>\n<p>Jan 5th 2020 is the last day of the exhibition &#8216;Jan y sus amigos: entre es-culturas&#8217;. Jan Keysers big marble &#8216;Toro Viejo&#8217; is always one of the favorite sculptures. Some visitors of last week&#8217;s guided tour next to their personal favorites, and a steel sculpture of Alber and above my bronze doggie.<\/p>\n<p><a href=\"http:\/\/love4art.nl\/wp-content\/uploads\/2020\/01\/jan-keijsers-toro-viejo.jpg\" data-rel=\"lightbox-gallery-MdZkbaUx\" data-rl_title=\"\" data-rl_caption=\"\" title=\"\"><img loading=\"lazy\" decoding=\"async\" class=\"alignleft size-medium wp-image-786\" src=\"http:\/\/love4art.nl\/wp-content\/uploads\/2020\/01\/jan-keijsers-toro-viejo-173x300.jpg\" alt=\"\" width=\"173\" height=\"300\" srcset=\"https:\/\/love4art.nl\/wp-content\/uploads\/2020\/01\/jan-keijsers-toro-viejo-173x300.jpg 173w, https:\/\/love4art.nl\/wp-content\/uploads\/2020\/01\/jan-keijsers-toro-viejo-86x150.jpg 86w, https:\/\/love4art.nl\/wp-content\/uploads\/2020\/01\/jan-keijsers-toro-viejo-508x883.jpg 508w, https:\/\/love4art.nl\/wp-content\/uploads\/2020\/01\/jan-keijsers-toro-viejo.jpg 552w\" sizes=\"auto, (max-width: 173px) 100vw, 173px\" \/><\/a><a href=\"http:\/\/love4art.nl\/wp-content\/uploads\/2020\/01\/monique-neyzen-dog.jpg\" data-rel=\"lightbox-gallery-MdZkbaUx\" data-rl_title=\"\" data-rl_caption=\"\" title=\"\"><img loading=\"lazy\" decoding=\"async\" class=\"alignleft size-medium wp-image-784\" src=\"http:\/\/love4art.nl\/wp-content\/uploads\/2020\/01\/monique-neyzen-dog-300x225.jpg\" alt=\"\" width=\"300\" height=\"225\" srcset=\"https:\/\/love4art.nl\/wp-content\/uploads\/2020\/01\/monique-neyzen-dog-300x225.jpg 300w, https:\/\/love4art.nl\/wp-content\/uploads\/2020\/01\/monique-neyzen-dog-150x113.jpg 150w, https:\/\/love4art.nl\/wp-content\/uploads\/2020\/01\/monique-neyzen-dog-508x382.jpg 508w, https:\/\/love4art.nl\/wp-content\/uploads\/2020\/01\/monique-neyzen-dog.jpg 960w\" sizes=\"auto, (max-width: 300px) 100vw, 300px\" \/><\/a><a href=\"http:\/\/love4art.nl\/wp-content\/uploads\/2020\/01\/alber-te-brake.jpg\" data-rel=\"lightbox-gallery-MdZkbaUx\" data-rl_title=\"\" data-rl_caption=\"\" title=\"\"><img loading=\"lazy\" decoding=\"async\" class=\"alignleft size-medium wp-image-785\" src=\"http:\/\/love4art.nl\/wp-content\/uploads\/2020\/01\/alber-te-brake-300x225.jpg\" alt=\"\" width=\"300\" height=\"225\" srcset=\"https:\/\/love4art.nl\/wp-content\/uploads\/2020\/01\/alber-te-brake-300x225.jpg 300w, https:\/\/love4art.nl\/wp-content\/uploads\/2020\/01\/alber-te-brake-150x112.jpg 150w, https:\/\/love4art.nl\/wp-content\/uploads\/2020\/01\/alber-te-brake-508x380.jpg 508w, https:\/\/love4art.nl\/wp-content\/uploads\/2020\/01\/alber-te-brake.jpg 960w\" sizes=\"auto, (max-width: 300px) 100vw, 300px\" \/><\/a><\/p>\n<p>Today is a guided tour at 12 am, both locations are open till late. Tomorrow Jan 6th you can still visit El Corazon from 11 am but Tentaciones is as always closed on Monday.<\/p>\n<hr \/>\n<h5>Feliz a\u00f1o nuevo!<\/h5>\n<p style=\"text-align: center;\"><a href=\"http:\/\/love4art.nl\/wp-content\/uploads\/2020\/01\/20191231_133352.jpg\" data-rel=\"lightbox-gallery-MdZkbaUx\" data-rl_title=\"\" data-rl_caption=\"\" title=\"\"><img loading=\"lazy\" decoding=\"async\" class=\"size-medium wp-image-781 aligncenter\" src=\"http:\/\/love4art.nl\/wp-content\/uploads\/2020\/01\/20191231_133352-207x300.jpg\" alt=\"\" width=\"207\" height=\"300\" srcset=\"https:\/\/love4art.nl\/wp-content\/uploads\/2020\/01\/20191231_133352-207x300.jpg 207w, https:\/\/love4art.nl\/wp-content\/uploads\/2020\/01\/20191231_133352-104x150.jpg 104w, https:\/\/love4art.nl\/wp-content\/uploads\/2020\/01\/20191231_133352-707x1024.jpg 707w, https:\/\/love4art.nl\/wp-content\/uploads\/2020\/01\/20191231_133352-973x1409.jpg 973w, https:\/\/love4art.nl\/wp-content\/uploads\/2020\/01\/20191231_133352-508x736.jpg 508w\" sizes=\"auto, (max-width: 207px) 100vw, 207px\" \/><\/a><\/p>\n<hr \/>\n<h5>Feliz Navidad<\/h5>\n<p><a href=\"http:\/\/love4art.nl\/wp-content\/uploads\/2019\/12\/christmas-wishes-2019.jpg\" data-rel=\"lightbox-gallery-MdZkbaUx\" data-rl_title=\"\" data-rl_caption=\"\" title=\"\"><img loading=\"lazy\" decoding=\"async\" class=\"size-medium wp-image-777 aligncenter\" src=\"http:\/\/love4art.nl\/wp-content\/uploads\/2019\/12\/christmas-wishes-2019-225x300.jpg\" alt=\"\" width=\"225\" height=\"300\" srcset=\"https:\/\/love4art.nl\/wp-content\/uploads\/2019\/12\/christmas-wishes-2019-225x300.jpg 225w, https:\/\/love4art.nl\/wp-content\/uploads\/2019\/12\/christmas-wishes-2019-113x150.jpg 113w, https:\/\/love4art.nl\/wp-content\/uploads\/2019\/12\/christmas-wishes-2019-768x1024.jpg 768w, https:\/\/love4art.nl\/wp-content\/uploads\/2019\/12\/christmas-wishes-2019-973x1297.jpg 973w, https:\/\/love4art.nl\/wp-content\/uploads\/2019\/12\/christmas-wishes-2019-508x677.jpg 508w, https:\/\/love4art.nl\/wp-content\/uploads\/2019\/12\/christmas-wishes-2019.jpg 1200w\" sizes=\"auto, (max-width: 225px) 100vw, 225px\" \/><\/a><\/p>\n<hr \/>\n<h5>Impresi\u00f3n de la inauguraci\u00f3n de la exposici\u00f3n <em>Jan y sus amigos: Entre Es-culturas<\/em> in Aig\u00fces<\/h5>\n<p><iframe loading=\"lazy\" title=\"Jan en zijn beeldhouwvrienden\" width=\"620\" height=\"349\" src=\"https:\/\/www.youtube.com\/embed\/0Lky4jOXvzA?feature=oembed\" frameborder=\"0\" allow=\"accelerometer; autoplay; clipboard-write; encrypted-media; gyroscope; picture-in-picture; web-share\" referrerpolicy=\"strict-origin-when-cross-origin\" allowfullscreen><\/iframe><\/p>\n<p>Gracias a Dani\u00eblle van Leeuwen,\u00a0<a href=\"https:\/\/www.sunandgrapes.com\/post\/expostie-jan-en-zijn-beeldhouw-vrienden\"><strong>Sun and Grapes<\/strong><\/a><\/p>\n<hr \/>\n<h5>Exposici\u00f3n <em>Jan y sus amigos, entre esculturas<\/em> en Aig\u00fces<\/h5>\n<p><a href=\"http:\/\/love4art.nl\/wp-content\/uploads\/2019\/12\/poster-expo.jpg\" data-rel=\"lightbox-gallery-MdZkbaUx\" data-rl_title=\"\" data-rl_caption=\"\" title=\"\"><img loading=\"lazy\" decoding=\"async\" class=\"alignleft size-medium wp-image-740\" src=\"http:\/\/love4art.nl\/wp-content\/uploads\/2019\/12\/poster-expo-212x300.jpg\" alt=\"\" width=\"212\" height=\"300\" srcset=\"https:\/\/love4art.nl\/wp-content\/uploads\/2019\/12\/poster-expo-212x300.jpg 212w, https:\/\/love4art.nl\/wp-content\/uploads\/2019\/12\/poster-expo-106x150.jpg 106w, https:\/\/love4art.nl\/wp-content\/uploads\/2019\/12\/poster-expo-722x1024.jpg 722w, https:\/\/love4art.nl\/wp-content\/uploads\/2019\/12\/poster-expo-508x720.jpg 508w, https:\/\/love4art.nl\/wp-content\/uploads\/2019\/12\/poster-expo.jpg 918w\" sizes=\"auto, (max-width: 212px) 100vw, 212px\" \/><\/a>El escultor holand\u00e9s Jan Keijsers (1953-2019) ten\u00eda una pasi\u00f3n por el m\u00e1rmol. &#8220;Si te agarra, no lo dejes ir.&#8221; Esta exposici\u00f3n, del 6 de diciembre \u201819 hasta el 6 de enero \u201820, en Aig\u00fces rinde homenaje a su obra en m\u00e1rmol, y muestra esculturas de Jan y diez artistas en torno a Jan. El resultado es una interesante expocisi\u00f3n con esculturas de todo tipo de estilos y materiales como m\u00e1rmol, madera, cer\u00e1mica, bronce, t\u00e9cnicas mixtas, piedra jabonosa y acero.<\/p>\n<p><strong>Jan fascinado por el m\u00e1rmol<\/strong><br \/>\nTrabaj\u00f3 principalmente en m\u00e1rmol local como Rojo de Alicante y crema Marfil. &#8220;Voy a hacer un proceso de trabajo personal con el m\u00e1rmol&#8221;. En Talleres ense\u00f1\u00f3 a otros a esculpir mejor el m\u00e1rmol. Y Jan organiz\u00f3 excursiones a una cantera de m\u00e1rmol.<\/p>\n<p><strong>10 Amigos en torno a Jan<\/strong><br \/>\nJan era querido por mucha genta, entra ellos muchas artistas. Una prueba de ello es esto exposici\u00f3n con 10 amigos escultores.<\/p>\n<ol>\n<li>Alb\u00e8r te Brake: acero<\/li>\n<li>Cockie Donkers: piedra<\/li>\n<li>Dorine den Boer: cer\u00e1mica<\/li>\n<li>Joan Erbueko: t\u00e9cnicas mixtas<\/li>\n<li>Lee Wolters: Soapstone<\/li>\n<li>Margu\u00e9rite Lameriks: m\u00e1rmol<\/li>\n<li>Monique Neyzen: bronce<\/li>\n<li>Lambertus Puck: cer\u00e1mica<\/li>\n<li>Reiner Izquierdo: madera<\/li>\n<li>Wim van Nuenen: cer\u00e1mica.<\/li>\n<\/ol>\n<p><strong>D\u00f3nde &amp; cuando en<\/strong> <a href=\"https:\/\/goo.gl\/maps\/CDhBdq15BCPiFnxq7\">Aig\u00fces<\/a>:<\/p>\n<p>Inauguraci\u00f3n 6 diciembre \u201919 mediodia<\/p>\n<ul>\n<li>Intervenci\u00f3n de: Juan Ribes ceramista y ex alcalde Aig\u00fces<\/li>\n<li>Acto de inauguraci\u00f3n: Juan David Santiago concejal de cultura Aig\u00fces<\/li>\n<li>Actuaci\u00f3n: m\u00fasica de guitarra y bebidas.<\/li>\n<\/ul>\n<p><strong>Del 6 de diciembre \u201819 hasta el 6 de enero \u201820<\/strong>:<\/p>\n<ul>\n<li>Restaurant Tentaciones, exposici\u00f3n en el jardin Pla\u00e7a de L\u2019Esglesia 23, 03569 Aig\u00fces de 12:00 hasta el muy tarde, cerrado el lunes<\/li>\n<li>Restaurant El Coraz\u00f3n, exposici\u00f3n al interior Calle Mayor, 03569 Aig\u00fces de 11:00 hasta muy tarde, cerrado el miercoles.<\/li>\n<\/ul>\n<p><strong>Visita guiada &amp; m\u00e1s informaci\u00f3n<\/strong>:<\/p>\n<ul>\n<li>Un artista est\u00e1ra presente los domingos 12:00<\/li>\n<li>M\u00e1s informaci\u00f3n del expocisi\u00f3n o visitas guiadas previa solicitud en espa\u00f1ol, holand\u00e9s o ingl\u00e9s. Env\u00ede Monique un correo\u00a0info@neyzen.nl<\/li>\n<li>Sobre Jan y su arte: <a href=\"https:\/\/keijsers.exto.nl\/\/#.XeOSIej0mHs\">www.keijsers.exto.nl<\/a> y FB <a href=\"https:\/\/www.facebook.com\/jan.keijsers\">www.facebook.com\/jan.keijsers<\/a><\/li>\n<\/ul>\n<p><a href=\"http:\/\/love4art.nl\/wp-content\/uploads\/2019\/12\/folleto-es.jpg\" data-rel=\"lightbox-gallery-MdZkbaUx\" data-rl_title=\"\" data-rl_caption=\"\" title=\"\"><img loading=\"lazy\" decoding=\"async\" class=\"alignleft size-medium wp-image-738\" src=\"http:\/\/love4art.nl\/wp-content\/uploads\/2019\/12\/folleto-es-212x300.jpg\" alt=\"\" width=\"212\" height=\"300\" srcset=\"https:\/\/love4art.nl\/wp-content\/uploads\/2019\/12\/folleto-es-212x300.jpg 212w, https:\/\/love4art.nl\/wp-content\/uploads\/2019\/12\/folleto-es-106x150.jpg 106w, https:\/\/love4art.nl\/wp-content\/uploads\/2019\/12\/folleto-es-723x1024.jpg 723w, https:\/\/love4art.nl\/wp-content\/uploads\/2019\/12\/folleto-es-508x720.jpg 508w, https:\/\/love4art.nl\/wp-content\/uploads\/2019\/12\/folleto-es.jpg 921w\" sizes=\"auto, (max-width: 212px) 100vw, 212px\" \/><\/a><a href=\"http:\/\/love4art.nl\/wp-content\/uploads\/2019\/12\/folleto-nl.jpg\" data-rel=\"lightbox-gallery-MdZkbaUx\" data-rl_title=\"\" data-rl_caption=\"\" title=\"\"><img loading=\"lazy\" decoding=\"async\" class=\"alignright size-medium wp-image-739\" src=\"http:\/\/love4art.nl\/wp-content\/uploads\/2019\/12\/folleto-nl-211x300.jpg\" alt=\"\" width=\"211\" height=\"300\" srcset=\"https:\/\/love4art.nl\/wp-content\/uploads\/2019\/12\/folleto-nl-211x300.jpg 211w, https:\/\/love4art.nl\/wp-content\/uploads\/2019\/12\/folleto-nl-106x150.jpg 106w, https:\/\/love4art.nl\/wp-content\/uploads\/2019\/12\/folleto-nl-720x1024.jpg 720w, https:\/\/love4art.nl\/wp-content\/uploads\/2019\/12\/folleto-nl-508x722.jpg 508w, https:\/\/love4art.nl\/wp-content\/uploads\/2019\/12\/folleto-nl.jpg 920w\" sizes=\"auto, (max-width: 211px) 100vw, 211px\" \/><\/a><\/p>\n<hr \/>\n<h5>Exposici\u00f3n <em>Veinte A\u00f1os del Jard\u00edn de Esculturas<\/em> Klein-Schreuder en l&#8217;Alfas del Pi<\/h5>\n<p><a href=\"http:\/\/love4art.nl\/wp-content\/uploads\/2019\/06\/horse-Spirit-by-Monique-Neyzen.jpg\" data-rel=\"lightbox-gallery-MdZkbaUx\" data-rl_title=\"\" data-rl_caption=\"\" title=\"\"><img loading=\"lazy\" decoding=\"async\" class=\"alignleft size-medium wp-image-729\" src=\"http:\/\/love4art.nl\/wp-content\/uploads\/2019\/06\/horse-Spirit-by-Monique-Neyzen-300x225.jpg\" alt=\"\" width=\"300\" height=\"225\" srcset=\"https:\/\/love4art.nl\/wp-content\/uploads\/2019\/06\/horse-Spirit-by-Monique-Neyzen-300x225.jpg 300w, https:\/\/love4art.nl\/wp-content\/uploads\/2019\/06\/horse-Spirit-by-Monique-Neyzen-150x113.jpg 150w, https:\/\/love4art.nl\/wp-content\/uploads\/2019\/06\/horse-Spirit-by-Monique-Neyzen-508x381.jpg 508w, https:\/\/love4art.nl\/wp-content\/uploads\/2019\/06\/horse-Spirit-by-Monique-Neyzen.jpg 960w\" sizes=\"auto, (max-width: 300px) 100vw, 300px\" \/><\/a>\u00daltimas visitas guiadas: \u00fanase a m\u00ed el 29 de junio a las 12:00 (ingl\u00e9s) o a las 11:00 (holand\u00e9s).<br \/>\nRecorreremos 20 esculturas de la exposici\u00f3n (diferentes en estilo y materiales) y algunas de las colecciones permanentes. \u00a1Solo trae tus gafas de sol o sombrero, algo para beber y disfrutar!<\/p>\n<hr \/>\n<h5>&gt;Impresi\u00f3n de la inauguraci\u00f3n de la exposici\u00f3n <em>Veinte A\u00f1os del Jard\u00edn de Esculturas<\/em> Klein-Schreuder en l&#8217;Alfas del Pi 7 april 2019<\/h5>\n<p><iframe loading=\"lazy\" title=\"Impression opening exhibition 20 years Klein Schreuder April 7 2019\" width=\"620\" height=\"349\" src=\"https:\/\/www.youtube.com\/embed\/Lvt9_KTUseI?feature=oembed\" frameborder=\"0\" allow=\"accelerometer; autoplay; clipboard-write; encrypted-media; gyroscope; picture-in-picture; web-share\" referrerpolicy=\"strict-origin-when-cross-origin\" allowfullscreen><\/iframe><\/p>\n<hr \/>\n<h5>Exposici\u00f3n <em>Veinte A\u00f1os del Jard\u00edn de Esculturas<\/em> Klein-Schreuder en l&#8217;Alfas del Pi<\/h5>\n<p><a href=\"http:\/\/love4art.nl\/wp-content\/uploads\/2019\/03\/poster-20-jaar-beeldentuin-klein-schreuder.jpg\" data-rel=\"lightbox-gallery-MdZkbaUx\" data-rl_title=\"\" data-rl_caption=\"\" title=\"\"><img loading=\"lazy\" decoding=\"async\" class=\"alignleft size-medium wp-image-692\" src=\"http:\/\/love4art.nl\/wp-content\/uploads\/2019\/03\/poster-20-jaar-beeldentuin-klein-schreuder-218x300.jpg\" alt=\"\" width=\"218\" height=\"300\" srcset=\"https:\/\/love4art.nl\/wp-content\/uploads\/2019\/03\/poster-20-jaar-beeldentuin-klein-schreuder-218x300.jpg 218w, https:\/\/love4art.nl\/wp-content\/uploads\/2019\/03\/poster-20-jaar-beeldentuin-klein-schreuder-109x150.jpg 109w, https:\/\/love4art.nl\/wp-content\/uploads\/2019\/03\/poster-20-jaar-beeldentuin-klein-schreuder-508x699.jpg 508w, https:\/\/love4art.nl\/wp-content\/uploads\/2019\/03\/poster-20-jaar-beeldentuin-klein-schreuder.jpg 698w\" sizes=\"auto, (max-width: 218px) 100vw, 218px\" \/><\/a>Es una exposici\u00f3n colectiva, compuesta principalmente por artistas que han expuesto en solitario en el jard\u00edn de esculturas: Alejandro Cremades, Hanna Gerlind Glauner, Antonio Imbern\u00f3n, Jan Keijsers, Antonio Mar\u00ed, Salvador Molla, Monique Neyzen, Vicente P\u00e9rez Gonz\u00e1lvez, Georgi Pouleriani and Quico Torres. Para la agenda: la inauguraci\u00f3n festiva de \u00e9sta exposici\u00f3n con las presentaciones de los artistas participantes y con m\u00fasica, comida y vino es el domingo 7 de abril a las 11.00, todos sois bienvenidos. El precio de la entrada es de 5 \u20ac por persona.<\/p>\n<p><a href=\"http:\/\/love4art.nl\/wp-content\/uploads\/2019\/03\/hangin-on-3.jpg\" data-rel=\"lightbox-gallery-MdZkbaUx\" data-rl_title=\"\" data-rl_caption=\"\" title=\"\"><img loading=\"lazy\" decoding=\"async\" class=\"alignleft size-medium wp-image-686\" src=\"http:\/\/love4art.nl\/wp-content\/uploads\/2019\/03\/hangin-on-3-225x300.jpg\" alt=\"\" width=\"225\" height=\"300\" srcset=\"https:\/\/love4art.nl\/wp-content\/uploads\/2019\/03\/hangin-on-3-225x300.jpg 225w, https:\/\/love4art.nl\/wp-content\/uploads\/2019\/03\/hangin-on-3-113x150.jpg 113w, https:\/\/love4art.nl\/wp-content\/uploads\/2019\/03\/hangin-on-3-768x1024.jpg 768w, https:\/\/love4art.nl\/wp-content\/uploads\/2019\/03\/hangin-on-3-973x1297.jpg 973w, https:\/\/love4art.nl\/wp-content\/uploads\/2019\/03\/hangin-on-3-508x677.jpg 508w, https:\/\/love4art.nl\/wp-content\/uploads\/2019\/03\/hangin-on-3.jpg 1080w\" sizes=\"auto, (max-width: 225px) 100vw, 225px\" \/><\/a><a href=\"http:\/\/love4art.nl\/wp-content\/uploads\/2019\/03\/Spirit-2.jpg\" data-rel=\"lightbox-gallery-MdZkbaUx\" data-rl_title=\"\" data-rl_caption=\"\" title=\"\"><img loading=\"lazy\" decoding=\"async\" class=\"alignright size-medium wp-image-693\" src=\"http:\/\/love4art.nl\/wp-content\/uploads\/2019\/03\/Spirit-2-210x300.jpg\" alt=\"\" width=\"210\" height=\"300\" srcset=\"https:\/\/love4art.nl\/wp-content\/uploads\/2019\/03\/Spirit-2-210x300.jpg 210w, https:\/\/love4art.nl\/wp-content\/uploads\/2019\/03\/Spirit-2-105x150.jpg 105w, https:\/\/love4art.nl\/wp-content\/uploads\/2019\/03\/Spirit-2-716x1024.jpg 716w, https:\/\/love4art.nl\/wp-content\/uploads\/2019\/03\/Spirit-2-973x1392.jpg 973w, https:\/\/love4art.nl\/wp-content\/uploads\/2019\/03\/Spirit-2-508x727.jpg 508w, https:\/\/love4art.nl\/wp-content\/uploads\/2019\/03\/Spirit-2.jpg 1118w\" sizes=\"auto, (max-width: 210px) 100vw, 210px\" \/><\/a><\/p>\n<p>Hangin&#8217; On<br \/>\n<iframe loading=\"lazy\" title=\"Hangin&#039; on\" width=\"620\" height=\"349\" src=\"https:\/\/www.youtube.com\/embed\/uaJRmUWd53g?feature=oembed\" frameborder=\"0\" allow=\"accelerometer; autoplay; clipboard-write; encrypted-media; gyroscope; picture-in-picture; web-share\" referrerpolicy=\"strict-origin-when-cross-origin\" allowfullscreen><\/iframe><\/p>\n<p>Spirit<br \/>\n<iframe loading=\"lazy\" title=\"Spirit\" width=\"620\" height=\"349\" src=\"https:\/\/www.youtube.com\/embed\/Ni4R67Ps3Uo?feature=oembed\" frameborder=\"0\" allow=\"accelerometer; autoplay; clipboard-write; encrypted-media; gyroscope; picture-in-picture; web-share\" referrerpolicy=\"strict-origin-when-cross-origin\" allowfullscreen><\/iframe><\/p>\n<hr \/>\n<h5>\u00daltimos d\u00edas de la exposici\u00f3n &#8220;Esp\u00edritu de la Danza&#8221; en l&#8217;Alfas del Pi<\/h5>\n<p><a href=\"http:\/\/love4art.nl\/wp-content\/uploads\/2019\/03\/last-days-word-flyer-Espanol-English-Alfas-del-Pi-expo-Monique-Neyzen-10032019.jpg\" data-rel=\"lightbox-gallery-MdZkbaUx\" data-rl_title=\"\" data-rl_caption=\"\" title=\"\"><img loading=\"lazy\" decoding=\"async\" class=\"size-medium wp-image-680 aligncenter\" src=\"http:\/\/love4art.nl\/wp-content\/uploads\/2019\/03\/last-days-word-flyer-Espanol-English-Alfas-del-Pi-expo-Monique-Neyzen-10032019-213x300.jpg\" alt=\"\" width=\"213\" height=\"300\" srcset=\"https:\/\/love4art.nl\/wp-content\/uploads\/2019\/03\/last-days-word-flyer-Espanol-English-Alfas-del-Pi-expo-Monique-Neyzen-10032019-213x300.jpg 213w, https:\/\/love4art.nl\/wp-content\/uploads\/2019\/03\/last-days-word-flyer-Espanol-English-Alfas-del-Pi-expo-Monique-Neyzen-10032019-106x150.jpg 106w, https:\/\/love4art.nl\/wp-content\/uploads\/2019\/03\/last-days-word-flyer-Espanol-English-Alfas-del-Pi-expo-Monique-Neyzen-10032019-727x1024.jpg 727w, https:\/\/love4art.nl\/wp-content\/uploads\/2019\/03\/last-days-word-flyer-Espanol-English-Alfas-del-Pi-expo-Monique-Neyzen-10032019-973x1371.jpg 973w, https:\/\/love4art.nl\/wp-content\/uploads\/2019\/03\/last-days-word-flyer-Espanol-English-Alfas-del-Pi-expo-Monique-Neyzen-10032019-508x716.jpg 508w, https:\/\/love4art.nl\/wp-content\/uploads\/2019\/03\/last-days-word-flyer-Espanol-English-Alfas-del-Pi-expo-Monique-Neyzen-10032019.jpg 1078w\" sizes=\"auto, (max-width: 213px) 100vw, 213px\" \/><\/a><\/p>\n<hr \/>\n<h5>Impresi\u00f3n de la inauguraci\u00f3n de la exposici\u00f3n \u201cEsp\u00edritu de la Danza\u201d en l&#8217;Alfas del Pi<\/h5>\n<p><iframe loading=\"lazy\" title=\"impression opening exhibition Spirit of Dance l&#039;Alfas del Pi 2019 02 23\" width=\"620\" height=\"349\" src=\"https:\/\/www.youtube.com\/embed\/ll4bzMmA1n0?feature=oembed\" frameborder=\"0\" allow=\"accelerometer; autoplay; clipboard-write; encrypted-media; gyroscope; picture-in-picture; web-share\" referrerpolicy=\"strict-origin-when-cross-origin\" allowfullscreen><\/iframe><\/p>\n<p>Aaron Colston, de la escuela de danza Hazel Hines, dio una breve pero hermosa presentaci\u00f3n.<\/p>\n<p><iframe loading=\"lazy\" title=\"Opening Exposition Monique Neyzen in Alfas del Pi 2019 02 23\" width=\"620\" height=\"349\" src=\"https:\/\/www.youtube.com\/embed\/-rA3hp9gGbs?feature=oembed\" frameborder=\"0\" allow=\"accelerometer; autoplay; clipboard-write; encrypted-media; gyroscope; picture-in-picture; web-share\" referrerpolicy=\"strict-origin-when-cross-origin\" allowfullscreen><\/iframe><\/p>\n<hr \/>\n<h5>Preparando una nueva exposici\u00f3n con el tema de la &#8216;danza&#8217; con esculturas de bronce y dibujos.<\/h5>\n<p><a href=\"http:\/\/love4art.nl\/wp-content\/uploads\/2019\/02\/cartel-Alfas-del-Pi.jpg\" data-rel=\"lightbox-gallery-MdZkbaUx\" data-rl_title=\"\" data-rl_caption=\"\" title=\"\"><img loading=\"lazy\" decoding=\"async\" class=\"size-medium wp-image-663 alignleft\" src=\"http:\/\/love4art.nl\/wp-content\/uploads\/2019\/02\/cartel-Alfas-del-Pi-213x300.jpg\" alt=\"\" width=\"213\" height=\"300\" srcset=\"https:\/\/love4art.nl\/wp-content\/uploads\/2019\/02\/cartel-Alfas-del-Pi-213x300.jpg 213w, https:\/\/love4art.nl\/wp-content\/uploads\/2019\/02\/cartel-Alfas-del-Pi-107x150.jpg 107w, https:\/\/love4art.nl\/wp-content\/uploads\/2019\/02\/cartel-Alfas-del-Pi-729x1024.jpg 729w, https:\/\/love4art.nl\/wp-content\/uploads\/2019\/02\/cartel-Alfas-del-Pi-973x1368.jpg 973w, https:\/\/love4art.nl\/wp-content\/uploads\/2019\/02\/cartel-Alfas-del-Pi-508x714.jpg 508w, https:\/\/love4art.nl\/wp-content\/uploads\/2019\/02\/cartel-Alfas-del-Pi.jpg 1080w\" sizes=\"auto, (max-width: 213px) 100vw, 213px\" \/><\/a><\/p>\n<p><a href=\"http:\/\/love4art.nl\/wp-content\/uploads\/2019\/02\/flyer-Espanol-English-Alfas-del-Pi-expo-Monique-Neyzen-130219.jpg\" data-rel=\"lightbox-gallery-MdZkbaUx\" data-rl_title=\"\" data-rl_caption=\"\" title=\"\"><img loading=\"lazy\" decoding=\"async\" class=\"alignright size-medium wp-image-667\" src=\"http:\/\/love4art.nl\/wp-content\/uploads\/2019\/02\/flyer-Espanol-English-Alfas-del-Pi-expo-Monique-Neyzen-130219-213x300.jpg\" alt=\"\" width=\"213\" height=\"300\" srcset=\"https:\/\/love4art.nl\/wp-content\/uploads\/2019\/02\/flyer-Espanol-English-Alfas-del-Pi-expo-Monique-Neyzen-130219-213x300.jpg 213w, https:\/\/love4art.nl\/wp-content\/uploads\/2019\/02\/flyer-Espanol-English-Alfas-del-Pi-expo-Monique-Neyzen-130219-106x150.jpg 106w, https:\/\/love4art.nl\/wp-content\/uploads\/2019\/02\/flyer-Espanol-English-Alfas-del-Pi-expo-Monique-Neyzen-130219-725x1024.jpg 725w, https:\/\/love4art.nl\/wp-content\/uploads\/2019\/02\/flyer-Espanol-English-Alfas-del-Pi-expo-Monique-Neyzen-130219-973x1374.jpg 973w, https:\/\/love4art.nl\/wp-content\/uploads\/2019\/02\/flyer-Espanol-English-Alfas-del-Pi-expo-Monique-Neyzen-130219-508x717.jpg 508w, https:\/\/love4art.nl\/wp-content\/uploads\/2019\/02\/flyer-Espanol-English-Alfas-del-Pi-expo-Monique-Neyzen-130219.jpg 1076w\" sizes=\"auto, (max-width: 213px) 100vw, 213px\" \/><\/a><\/p>\n<p><a href=\"http:\/\/love4art.nl\/wp-content\/uploads\/2019\/01\/alfas-del-pi-casa-de-cultura.jpg\" data-rel=\"lightbox-gallery-MdZkbaUx\" data-rl_title=\"\" data-rl_caption=\"\" title=\"\"><img loading=\"lazy\" decoding=\"async\" class=\"size-medium wp-image-655 alignleft\" src=\"http:\/\/love4art.nl\/wp-content\/uploads\/2019\/01\/alfas-del-pi-casa-de-cultura-300x200.jpg\" alt=\"\" width=\"300\" height=\"200\" srcset=\"https:\/\/love4art.nl\/wp-content\/uploads\/2019\/01\/alfas-del-pi-casa-de-cultura-300x200.jpg 300w, https:\/\/love4art.nl\/wp-content\/uploads\/2019\/01\/alfas-del-pi-casa-de-cultura-150x100.jpg 150w, https:\/\/love4art.nl\/wp-content\/uploads\/2019\/01\/alfas-del-pi-casa-de-cultura.jpg 1024w, https:\/\/love4art.nl\/wp-content\/uploads\/2019\/01\/alfas-del-pi-casa-de-cultura-973x649.jpg 973w, https:\/\/love4art.nl\/wp-content\/uploads\/2019\/01\/alfas-del-pi-casa-de-cultura-508x339.jpg 508w\" sizes=\"auto, (max-width: 300px) 100vw, 300px\" \/><\/a> <a href=\"http:\/\/love4art.nl\/wp-content\/uploads\/2019\/01\/map-alfas-del-pi-casa-de-cultura.jpg\" data-rel=\"lightbox-gallery-MdZkbaUx\" data-rl_title=\"\" data-rl_caption=\"\" title=\"\"><img loading=\"lazy\" decoding=\"async\" class=\"size-medium wp-image-654 alignright\" src=\"http:\/\/love4art.nl\/wp-content\/uploads\/2019\/01\/map-alfas-del-pi-casa-de-cultura-300x223.jpg\" alt=\"\" width=\"300\" height=\"223\" srcset=\"https:\/\/love4art.nl\/wp-content\/uploads\/2019\/01\/map-alfas-del-pi-casa-de-cultura-300x223.jpg 300w, https:\/\/love4art.nl\/wp-content\/uploads\/2019\/01\/map-alfas-del-pi-casa-de-cultura-150x112.jpg 150w, https:\/\/love4art.nl\/wp-content\/uploads\/2019\/01\/map-alfas-del-pi-casa-de-cultura-1024x762.jpg 1024w, https:\/\/love4art.nl\/wp-content\/uploads\/2019\/01\/map-alfas-del-pi-casa-de-cultura-973x724.jpg 973w, https:\/\/love4art.nl\/wp-content\/uploads\/2019\/01\/map-alfas-del-pi-casa-de-cultura-508x378.jpg 508w, https:\/\/love4art.nl\/wp-content\/uploads\/2019\/01\/map-alfas-del-pi-casa-de-cultura.jpg 1060w\" sizes=\"auto, (max-width: 300px) 100vw, 300px\" \/><\/a><\/p>\n<p>La inauguraci\u00f3n ser\u00e1 el 23 de febrero en la hermosa <a href=\"https:\/\/www.facebook.com\/pages\/Casa-de-cultura-Alfaz\/107601399317811\">Casa de Cultura<\/a> de <a href=\"https:\/\/goo.gl\/maps\/9V2eJTs95K52\">Alfas del Pi<\/a><\/p>\n<hr \/>\n<h5>Exposici\u00f3n PASI\u00d3N! ampliada<\/h5>\n<p>Gracias al \u00e9xito la exposici\u00f3n de Monique Neyzen con estatuas de bronce de caballos y dibujos de modelos desnudos permanecer\u00e1 abierta hasta el 11 de enero de 2019. Puede visitar la exposici\u00f3n en la semana de Navidad los d\u00edas 26, 27, 28 de diciembre y en 2019 a partir del 2 de enero.<\/p>\n<p><a href=\"http:\/\/love4art.nl\/wp-content\/uploads\/2018\/12\/Full-speed-bronze-Monique-Neyzen-frontview-.jpg\" data-rel=\"lightbox-gallery-MdZkbaUx\" data-rl_title=\"\" data-rl_caption=\"\" title=\"\"><img loading=\"lazy\" decoding=\"async\" class=\"size-medium wp-image-645 alignleft\" src=\"http:\/\/love4art.nl\/wp-content\/uploads\/2018\/12\/Full-speed-bronze-Monique-Neyzen-frontview--225x300.jpg\" alt=\"\" width=\"225\" height=\"300\" srcset=\"https:\/\/love4art.nl\/wp-content\/uploads\/2018\/12\/Full-speed-bronze-Monique-Neyzen-frontview--225x300.jpg 225w, https:\/\/love4art.nl\/wp-content\/uploads\/2018\/12\/Full-speed-bronze-Monique-Neyzen-frontview--113x150.jpg 113w, https:\/\/love4art.nl\/wp-content\/uploads\/2018\/12\/Full-speed-bronze-Monique-Neyzen-frontview--768x1024.jpg 768w, https:\/\/love4art.nl\/wp-content\/uploads\/2018\/12\/Full-speed-bronze-Monique-Neyzen-frontview--508x677.jpg 508w, https:\/\/love4art.nl\/wp-content\/uploads\/2018\/12\/Full-speed-bronze-Monique-Neyzen-frontview-.jpg 901w\" sizes=\"auto, (max-width: 225px) 100vw, 225px\" \/><\/a> <a href=\"http:\/\/love4art.nl\/wp-content\/uploads\/2018\/12\/Nude-drawing-back-lady-in-pastel-Monique-Neyzen-.jpg\" data-rel=\"lightbox-gallery-MdZkbaUx\" data-rl_title=\"\" data-rl_caption=\"\" title=\"\"><img loading=\"lazy\" decoding=\"async\" class=\"size-medium wp-image-644 alignright\" src=\"http:\/\/love4art.nl\/wp-content\/uploads\/2018\/12\/Nude-drawing-back-lady-in-pastel-Monique-Neyzen--225x300.jpg\" alt=\"\" width=\"225\" height=\"300\" srcset=\"https:\/\/love4art.nl\/wp-content\/uploads\/2018\/12\/Nude-drawing-back-lady-in-pastel-Monique-Neyzen--225x300.jpg 225w, https:\/\/love4art.nl\/wp-content\/uploads\/2018\/12\/Nude-drawing-back-lady-in-pastel-Monique-Neyzen--112x150.jpg 112w, https:\/\/love4art.nl\/wp-content\/uploads\/2018\/12\/Nude-drawing-back-lady-in-pastel-Monique-Neyzen--767x1024.jpg 767w, https:\/\/love4art.nl\/wp-content\/uploads\/2018\/12\/Nude-drawing-back-lady-in-pastel-Monique-Neyzen--508x678.jpg 508w, https:\/\/love4art.nl\/wp-content\/uploads\/2018\/12\/Nude-drawing-back-lady-in-pastel-Monique-Neyzen-.jpg 930w\" sizes=\"auto, (max-width: 225px) 100vw, 225px\" \/><\/a><a href=\"http:\/\/love4art.nl\/wp-content\/uploads\/2018\/12\/Spirit-bronze-Monique-Neyzen.jpg\" data-rel=\"lightbox-gallery-MdZkbaUx\" data-rl_title=\"\" data-rl_caption=\"\" title=\"\"><img loading=\"lazy\" decoding=\"async\" class=\"size-medium wp-image-643 alignleft\" src=\"http:\/\/love4art.nl\/wp-content\/uploads\/2018\/12\/Spirit-bronze-Monique-Neyzen-225x300.jpg\" alt=\"\" width=\"225\" height=\"300\" srcset=\"https:\/\/love4art.nl\/wp-content\/uploads\/2018\/12\/Spirit-bronze-Monique-Neyzen-225x300.jpg 225w, https:\/\/love4art.nl\/wp-content\/uploads\/2018\/12\/Spirit-bronze-Monique-Neyzen-112x150.jpg 112w, https:\/\/love4art.nl\/wp-content\/uploads\/2018\/12\/Spirit-bronze-Monique-Neyzen-768x1024.jpg 768w, https:\/\/love4art.nl\/wp-content\/uploads\/2018\/12\/Spirit-bronze-Monique-Neyzen-973x1298.jpg 973w, https:\/\/love4art.nl\/wp-content\/uploads\/2018\/12\/Spirit-bronze-Monique-Neyzen-508x677.jpg 508w, https:\/\/love4art.nl\/wp-content\/uploads\/2018\/12\/Spirit-bronze-Monique-Neyzen.jpg 1229w\" sizes=\"auto, (max-width: 225px) 100vw, 225px\" \/><\/a><a href=\"http:\/\/love4art.nl\/wp-content\/uploads\/2018\/12\/Stroke-me-softly-bronze-Monique-Neyzen.jpeg\" data-rel=\"lightbox-gallery-MdZkbaUx\" data-rl_title=\"\" data-rl_caption=\"\" title=\"\"><img loading=\"lazy\" decoding=\"async\" class=\"size-medium wp-image-642 alignright\" src=\"http:\/\/love4art.nl\/wp-content\/uploads\/2018\/12\/Stroke-me-softly-bronze-Monique-Neyzen-225x300.jpeg\" alt=\"\" width=\"225\" height=\"300\" srcset=\"https:\/\/love4art.nl\/wp-content\/uploads\/2018\/12\/Stroke-me-softly-bronze-Monique-Neyzen-225x300.jpeg 225w, https:\/\/love4art.nl\/wp-content\/uploads\/2018\/12\/Stroke-me-softly-bronze-Monique-Neyzen-113x150.jpeg 113w, https:\/\/love4art.nl\/wp-content\/uploads\/2018\/12\/Stroke-me-softly-bronze-Monique-Neyzen-768x1024.jpeg 768w, https:\/\/love4art.nl\/wp-content\/uploads\/2018\/12\/Stroke-me-softly-bronze-Monique-Neyzen-508x677.jpeg 508w, https:\/\/love4art.nl\/wp-content\/uploads\/2018\/12\/Stroke-me-softly-bronze-Monique-Neyzen.jpeg 960w\" sizes=\"auto, (max-width: 225px) 100vw, 225px\" \/><\/a><\/p>\n<p>Lugar: sala d&#8217;exposicions de la biblioteca &#8220;Els nostres mestres&#8221;, carrer Sant Josep 10-12, Finestrat (casco hist\u00f3rico). Abierto: lunes -viernes 9.30-13.30 &amp; 17.00-20.00. La artista estar\u00e1 presente el viernes a las 11 horas. Visitas guiadas en differente idiomas posible bajo petici\u00f3n (enviar un correo electr\u00f3nico a Monique@Neyzen.nl).<\/p>\n<hr \/>\n<h5>En <a href=\"https:\/\/www.costanachrichten.com\/category\/costa-blanca-nachrichten\/aktuelle-cbn-ausgabe\/\">Costa Blanca Nachrichten<\/a><\/h5>\n<p><a href=\"http:\/\/love4art.nl\/wp-content\/uploads\/2018\/12\/Costa-Blanca-News.jpg\" data-rel=\"lightbox-gallery-MdZkbaUx\" data-rl_title=\"\" data-rl_caption=\"\" title=\"\"><img loading=\"lazy\" decoding=\"async\" class=\"aligncenter size-medium wp-image-637\" src=\"http:\/\/love4art.nl\/wp-content\/uploads\/2018\/12\/Costa-Blanca-News-300x287.jpg\" alt=\"\" width=\"300\" height=\"287\" srcset=\"https:\/\/love4art.nl\/wp-content\/uploads\/2018\/12\/Costa-Blanca-News-300x287.jpg 300w, https:\/\/love4art.nl\/wp-content\/uploads\/2018\/12\/Costa-Blanca-News-150x144.jpg 150w, https:\/\/love4art.nl\/wp-content\/uploads\/2018\/12\/Costa-Blanca-News-1024x981.jpg 1024w, https:\/\/love4art.nl\/wp-content\/uploads\/2018\/12\/Costa-Blanca-News-973x932.jpg 973w, https:\/\/love4art.nl\/wp-content\/uploads\/2018\/12\/Costa-Blanca-News-508x487.jpg 508w, https:\/\/love4art.nl\/wp-content\/uploads\/2018\/12\/Costa-Blanca-News.jpg 1236w\" sizes=\"auto, (max-width: 300px) 100vw, 300px\" \/><\/a><\/p>\n<hr \/>\n<h5>Un nuevo poema de Herv\u00e9 Deleu<\/h5>\n<p><a href=\"http:\/\/love4art.nl\/wp-content\/uploads\/2018\/11\/horses-with-wings-herve-deleu.jpg\" data-rel=\"lightbox-gallery-MdZkbaUx\" data-rl_title=\"\" data-rl_caption=\"\" title=\"\"><img loading=\"lazy\" decoding=\"async\" class=\"aligncenter size-medium wp-image-631\" src=\"http:\/\/love4art.nl\/wp-content\/uploads\/2018\/11\/horses-with-wings-herve-deleu-300x156.jpg\" alt=\"\" width=\"300\" height=\"156\" srcset=\"https:\/\/love4art.nl\/wp-content\/uploads\/2018\/11\/horses-with-wings-herve-deleu-300x156.jpg 300w, https:\/\/love4art.nl\/wp-content\/uploads\/2018\/11\/horses-with-wings-herve-deleu-150x78.jpg 150w, https:\/\/love4art.nl\/wp-content\/uploads\/2018\/11\/horses-with-wings-herve-deleu-508x265.jpg 508w, https:\/\/love4art.nl\/wp-content\/uploads\/2018\/11\/horses-with-wings-herve-deleu.jpg 760w\" sizes=\"auto, (max-width: 300px) 100vw, 300px\" \/><\/a><\/p>\n<p>Esta vez Herv\u00e9 Deleu se inspir\u00f3 en <a href=\"http:\/\/love4art.nl\/spirit\/\">Spirit<\/a>.<\/p>\n<hr \/>\n<h5>collage de fotos de la inauguraci\u00f3n exposici\u00f2n PASI\u00d3N! en Finestrat<\/h5>\n<p><a href=\"http:\/\/love4art.nl\/wp-content\/uploads\/2018\/11\/photos-opening-expo-finestrat-1.jpg\" data-rel=\"lightbox-gallery-MdZkbaUx\" data-rl_title=\"\" data-rl_caption=\"\" title=\"\"><img loading=\"lazy\" decoding=\"async\" class=\"wp-image-619 size-thumbnail alignleft\" src=\"http:\/\/love4art.nl\/wp-content\/uploads\/2018\/11\/photos-opening-expo-finestrat-1-98x150.jpg\" alt=\"\" width=\"98\" height=\"150\" srcset=\"https:\/\/love4art.nl\/wp-content\/uploads\/2018\/11\/photos-opening-expo-finestrat-1-98x150.jpg 98w, https:\/\/love4art.nl\/wp-content\/uploads\/2018\/11\/photos-opening-expo-finestrat-1-197x300.jpg 197w, https:\/\/love4art.nl\/wp-content\/uploads\/2018\/11\/photos-opening-expo-finestrat-1-508x774.jpg 508w, https:\/\/love4art.nl\/wp-content\/uploads\/2018\/11\/photos-opening-expo-finestrat-1.jpg 638w\" sizes=\"auto, (max-width: 98px) 100vw, 98px\" \/><\/a><a href=\"http:\/\/love4art.nl\/wp-content\/uploads\/2018\/11\/photos-opening-expo-finestrat-2.jpg\" data-rel=\"lightbox-gallery-MdZkbaUx\" data-rl_title=\"\" data-rl_caption=\"\" title=\"\"><img loading=\"lazy\" decoding=\"async\" class=\"wp-image-620 size-thumbnail alignleft\" src=\"http:\/\/love4art.nl\/wp-content\/uploads\/2018\/11\/photos-opening-expo-finestrat-2-112x150.jpg\" alt=\"\" width=\"112\" height=\"150\" srcset=\"https:\/\/love4art.nl\/wp-content\/uploads\/2018\/11\/photos-opening-expo-finestrat-2-112x150.jpg 112w, https:\/\/love4art.nl\/wp-content\/uploads\/2018\/11\/photos-opening-expo-finestrat-2-223x300.jpg 223w, https:\/\/love4art.nl\/wp-content\/uploads\/2018\/11\/photos-opening-expo-finestrat-2-508x683.jpg 508w, https:\/\/love4art.nl\/wp-content\/uploads\/2018\/11\/photos-opening-expo-finestrat-2.jpg 649w\" sizes=\"auto, (max-width: 112px) 100vw, 112px\" \/><\/a><a href=\"http:\/\/love4art.nl\/wp-content\/uploads\/2018\/11\/photos-opening-expo-finestrat-3.jpg\" data-rel=\"lightbox-gallery-MdZkbaUx\" data-rl_title=\"\" data-rl_caption=\"\" title=\"\"><img loading=\"lazy\" decoding=\"async\" class=\"wp-image-621 size-thumbnail alignleft\" src=\"http:\/\/love4art.nl\/wp-content\/uploads\/2018\/11\/photos-opening-expo-finestrat-3-100x150.jpg\" alt=\"\" width=\"100\" height=\"150\" srcset=\"https:\/\/love4art.nl\/wp-content\/uploads\/2018\/11\/photos-opening-expo-finestrat-3-100x150.jpg 100w, https:\/\/love4art.nl\/wp-content\/uploads\/2018\/11\/photos-opening-expo-finestrat-3-199x300.jpg 199w, https:\/\/love4art.nl\/wp-content\/uploads\/2018\/11\/photos-opening-expo-finestrat-3-508x765.jpg 508w, https:\/\/love4art.nl\/wp-content\/uploads\/2018\/11\/photos-opening-expo-finestrat-3.jpg 630w\" sizes=\"auto, (max-width: 100px) 100vw, 100px\" \/><\/a><a href=\"http:\/\/love4art.nl\/wp-content\/uploads\/2018\/11\/photos-opening-expo-finestrat-4.jpg\" data-rel=\"lightbox-gallery-MdZkbaUx\" data-rl_title=\"\" data-rl_caption=\"\" title=\"\"><img loading=\"lazy\" decoding=\"async\" class=\"wp-image-622 size-thumbnail alignleft\" src=\"http:\/\/love4art.nl\/wp-content\/uploads\/2018\/11\/photos-opening-expo-finestrat-4-114x150.jpg\" alt=\"\" width=\"114\" height=\"150\" srcset=\"https:\/\/love4art.nl\/wp-content\/uploads\/2018\/11\/photos-opening-expo-finestrat-4-114x150.jpg 114w, https:\/\/love4art.nl\/wp-content\/uploads\/2018\/11\/photos-opening-expo-finestrat-4-228x300.jpg 228w, https:\/\/love4art.nl\/wp-content\/uploads\/2018\/11\/photos-opening-expo-finestrat-4-508x667.jpg 508w, https:\/\/love4art.nl\/wp-content\/uploads\/2018\/11\/photos-opening-expo-finestrat-4.jpg 639w\" sizes=\"auto, (max-width: 114px) 100vw, 114px\" \/><\/a><a href=\"http:\/\/love4art.nl\/wp-content\/uploads\/2018\/11\/photos-opening-expo-finestrat-5.jpg\" data-rel=\"lightbox-gallery-MdZkbaUx\" data-rl_title=\"\" data-rl_caption=\"\" title=\"\"><img loading=\"lazy\" decoding=\"async\" class=\"wp-image-623 size-thumbnail alignleft\" src=\"http:\/\/love4art.nl\/wp-content\/uploads\/2018\/11\/photos-opening-expo-finestrat-5-101x150.jpg\" alt=\"\" width=\"101\" height=\"150\" srcset=\"https:\/\/love4art.nl\/wp-content\/uploads\/2018\/11\/photos-opening-expo-finestrat-5-101x150.jpg 101w, https:\/\/love4art.nl\/wp-content\/uploads\/2018\/11\/photos-opening-expo-finestrat-5-202x300.jpg 202w, https:\/\/love4art.nl\/wp-content\/uploads\/2018\/11\/photos-opening-expo-finestrat-5-508x755.jpg 508w, https:\/\/love4art.nl\/wp-content\/uploads\/2018\/11\/photos-opening-expo-finestrat-5.jpg 619w\" sizes=\"auto, (max-width: 101px) 100vw, 101px\" \/><\/a><\/p>\n<hr \/>\n<h5>PASI\u00d3N!<\/h5>\n<p><a href=\"http:\/\/love4art.nl\/wp-content\/uploads\/2018\/11\/cartel-ESP-expo-Finestrat-Monique-Neyzen-dd8nov18.jpg\" data-rel=\"lightbox-gallery-MdZkbaUx\" data-rl_title=\"\" data-rl_caption=\"\" title=\"\"><img loading=\"lazy\" decoding=\"async\" class=\"alignleft size-medium wp-image-602\" src=\"http:\/\/love4art.nl\/wp-content\/uploads\/2018\/11\/cartel-ESP-expo-Finestrat-Monique-Neyzen-dd8nov18-212x300.jpg\" alt=\"\" width=\"212\" height=\"300\" \/><\/a><\/p>\n<h5>esculturas din\u00e1micas de bronce de caballos y dibujos de modelos desnudos<\/h5>\n<p>Esta exposici\u00f2n muestra 20 caballos en bronce, tanto figurativos como abstractos ligeros, y 30 dibujos a modelo desnudo en diferentes materiales. Soy una \u00e1vida amante de los caballos y he montado a caballo muchos a\u00f1os. Mi pasi\u00f3n por los caballos, por la din\u00e1mica de los caballos, quiero convertir a mis esculturas de bronce. &#8220;<em>Todo est\u00e1 vivo y en movimiento, tus caballos parecen saltar de sus pedestales<\/em>&#8220;, tengo ese tipo de reacci\u00f3n en mi bronce.<\/p>\n<p>Tambi\u00e9n he estado dibujando para modelos desnudos durante a\u00f1os, ambas posiciones cortas de 1, 2 o 5 minutos a posiciones de 20 minutos. Me puede <a href=\"http:\/\/love4art.nl\/wp-content\/uploads\/2018\/11\/flyer-SP-ENG-exhibition-Finestrat-Monique-Neyzen-nov-dec18.jpg\" data-rel=\"lightbox-gallery-MdZkbaUx\" data-rl_title=\"\" data-rl_caption=\"\" title=\"\"><img loading=\"lazy\" decoding=\"async\" class=\"alignright size-medium wp-image-604\" src=\"http:\/\/love4art.nl\/wp-content\/uploads\/2018\/11\/flyer-SP-ENG-exhibition-Finestrat-Monique-Neyzen-nov-dec18-209x300.jpg\" alt=\"\" width=\"209\" height=\"300\" srcset=\"https:\/\/love4art.nl\/wp-content\/uploads\/2018\/11\/flyer-SP-ENG-exhibition-Finestrat-Monique-Neyzen-nov-dec18-209x300.jpg 209w, https:\/\/love4art.nl\/wp-content\/uploads\/2018\/11\/flyer-SP-ENG-exhibition-Finestrat-Monique-Neyzen-nov-dec18-104x150.jpg 104w, https:\/\/love4art.nl\/wp-content\/uploads\/2018\/11\/flyer-SP-ENG-exhibition-Finestrat-Monique-Neyzen-nov-dec18-508x730.jpg 508w, https:\/\/love4art.nl\/wp-content\/uploads\/2018\/11\/flyer-SP-ENG-exhibition-Finestrat-Monique-Neyzen-nov-dec18.jpg 658w\" sizes=\"auto, (max-width: 209px) 100vw, 209px\" \/><\/a> fascinar una hermosa l\u00ednea que veo en un modelo: una actitud, la posici\u00f3n de la cabeza, una luz encendida. El cuerpo humano, que puede ser tan hermoso, quiero &#8216;capturarlo&#8217; en mis dibujos. Trabajo en diferentes materiales, como l\u00e1piz, tinta, pastel, cont\u00e9 o una combinaci\u00f3n de ellos. Hago bocetos r\u00e1pidos con unas pocas l\u00edneas y a veces hago dibujos m\u00e1s elaborados en pastel.<\/p>\n<p><span style=\"text-decoration: underline;\">La inauguraci\u00f3n<\/span> es el 22 de noviembre 2018 a las 17.00 horas en la sala d\u2019exposicions de la bibliotheca \u2018Els nostres mestres\u2019 carrer Sant Josep 10 &#8211; 12, Finestrat casco hist\u00f3rico. Visitas: lunes a viernes de 9.30 a 13.30. y de 17.00 a 20.00 hasta el 20 de diciembre 2018. El viernes estoy presente a las 11.00 y realizo recorridas en ingl\u00e9s, holand\u00e9s, alem\u00e1n, franc\u00e9s o espa\u00f1ol. Por ejemplo el 23 de noviembre hay un recorrido inglesa a las 11 en punto. Env\u00edame un correo electr\u00f3nico o ll\u00e1mame si quieres participar. Otros recorridos son posibles bajo petici\u00f3n.<\/p>\n<hr \/>\n<h5>Exhibition &#8216;Bronze in Motion&#8217; extended till June 10th<\/h5>\n<p><a href=\"http:\/\/love4art.nl\/wp-content\/uploads\/2018\/05\/extended100618.jpg\" data-rel=\"lightbox-gallery-MdZkbaUx\" data-rl_title=\"\" data-rl_caption=\"\" title=\"\"><img loading=\"lazy\" decoding=\"async\" class=\"aligncenter size-medium wp-image-521\" src=\"http:\/\/love4art.nl\/wp-content\/uploads\/2018\/05\/extended100618-300x235.jpg\" alt=\"\" width=\"300\" height=\"235\" srcset=\"https:\/\/love4art.nl\/wp-content\/uploads\/2018\/05\/extended100618-300x235.jpg 300w, https:\/\/love4art.nl\/wp-content\/uploads\/2018\/05\/extended100618-150x118.jpg 150w, https:\/\/love4art.nl\/wp-content\/uploads\/2018\/05\/extended100618-508x398.jpg 508w, https:\/\/love4art.nl\/wp-content\/uploads\/2018\/05\/extended100618.jpg 625w\" sizes=\"auto, (max-width: 300px) 100vw, 300px\" \/><\/a><\/p>\n<p><strong>Special tours<\/strong><\/p>\n<p>Monique Neyzen will tell you more about her inspiration and her art in a walk through the garden. She will explain some of her bronze statues, drawings, sculptured stones and the bronze casting process. Duration: \u00be &#8211; 1 hour depending on the number of visitors.<\/p>\n<p>Special tours for groups in English, Dutch, German, French or Spanish available on request.<\/p>\n<ul>\n<li>Dutch tour: Sunday April 29th at 12 am.<\/li>\n<li>German tour: Sunday May 13th at 12 am.<\/li>\n<li>English tour for Lions members: Sunday May 20th at 1 pm.<\/li>\n<li>English tour for Norwegians: Sunday May 27th at 12 am.<\/li>\n<li>Dutch &#8220;Bronze in Motion&#8221; tour: Sunday June 10th at 12 am.<\/li>\n<\/ul>\n<p>If you want to participate, just send an e-mail to monique@neyzen.nl<\/p>\n<ul>\n<li>Vea la p\u00e1gina de Facebook para ver fotos como la de la apertura el 8 de abril: <a href=\"https:\/\/www.facebook.com\/friendsmonique\">https:\/\/www.facebook.com\/friendsmonique<\/a><\/li>\n<\/ul>\n<hr \/>\n<h4>&#8220;Bronce en movimiento&#8221; esculturas din\u00e1micas de bailarines y caballos<\/h4>\n<p><a href=\"http:\/\/love4art.nl\/wp-content\/uploads\/2017\/03\/steigerend-paard.jpg\" data-rel=\"lightbox-gallery-MdZkbaUx\" data-rl_title=\"\" data-rl_caption=\"\" title=\"\"><img loading=\"lazy\" decoding=\"async\" class=\"alignleft size-medium wp-image-488\" src=\"http:\/\/love4art.nl\/wp-content\/uploads\/2017\/03\/steigerend-paard-225x300.jpg\" alt=\"steigerend-paard\" width=\"225\" height=\"300\" srcset=\"https:\/\/love4art.nl\/wp-content\/uploads\/2017\/03\/steigerend-paard-225x300.jpg 225w, https:\/\/love4art.nl\/wp-content\/uploads\/2017\/03\/steigerend-paard-112x150.jpg 112w, https:\/\/love4art.nl\/wp-content\/uploads\/2017\/03\/steigerend-paard.jpg 399w\" sizes=\"auto, (max-width: 225px) 100vw, 225px\" \/><\/a>Exposici\u00f3n de Monique Neyzen en el hermosa jardin de Fundaci\u00f3n Klein-Schreuder: 8\/4 &#8211; 20\/5 \u201918. Bailarines y caballos son sus themas favoritas. La artista holand\u00e9sa exposa 35 peque\u00f1as bronces que capturan el movimiento, diez esculturas de piedras y dibujos de bailarines.<\/p>\n<p>Hace m\u00e1s de 10 anos, Jan Klein y Joke Schreuder compraron un gran terreno abandonada en la Costa Blanca en Espana. Lo han transformada con gran amor y cuidado en un jardin bot\u00e1nico encantador de plantas y esculturas con exposici\u00f3nes cambiantes. Senderos para caminar conducen a trav\u00e9s de un palmeral, un huerto y jardin de rosas.<\/p>\n<ul>\n<li>Inauguraci\u00f3n: 8 abril a las 11.00, Cami del Pinar 23, Alfaz del Pi (<a href=\"https:\/\/goo.gl\/maps\/EP3Cu3ubDVQ2\">mapa<\/a>).<\/li>\n<li>Visitas: hasta el 20 de mayo todos los domingos de 10.00 \u00e0 14.00 y los d\u00edas laborables con cita previa (llame al 966860230 o env\u00ede un correo electr\u00f3nico \u00e0 info@klein-schreuder.com) &#8211; entrada: 5 euros para mantener el jard\u00edn.<\/li>\n<li>Information: jardin <a href=\"https:\/\/www.klein-schreuder.com\/index.php\/es\">www.klein-schreuder.com<\/a> y artista <a href=\"http:\/\/love4art.nl\">www.love4art.nl\/blog<\/a><\/li>\n<li><a href=\"https:\/\/www.lalfas.es\/concejalias\/cultura\/llega-al-jardin-klein-schreuder-la-exposicion-de-bronces-de-monique-neyzen\">Art\u00edculo<\/a> ayuntamiento Alfas del Pi<\/li>\n<\/ul>\n<p style=\"text-align: center;\">&#8220;Todo se mueve y tiene alma propia&#8221;<\/p>\n","protected":false,"raw":"<h5>Visita guiada a la exposici\u00f3n \"El encanto de los caballos\" el 23 de noviembre<\/h5>\nEl 23 de noviembre en La Casa de Cultura de l'Alf\u00e0s del Pi, Monique Neyzen realiz\u00f3 un recorrido por su exposici\u00f3n\u00a0 \"El encanto de los caballos\".\n\nhttps:\/\/youtu.be\/mBf2hpetTUo\n\n<hr \/>\n\n<h5>Impresi\u00f3n de la inauguraci\u00f3n de la exposici\u00f3n \"El encanto de los caballos\"<\/h5>\n<a href=\"http:\/\/love4art.nl\/wp-content\/uploads\/2024\/11\/opening-expo2024-1.jpg\"><img class=\"alignleft wp-image-1003 size-medium\" src=\"http:\/\/love4art.nl\/wp-content\/uploads\/2024\/11\/opening-expo2024-1-300x204.jpg\" alt=\"\" width=\"300\" height=\"204\" \/><\/a><a href=\"http:\/\/love4art.nl\/wp-content\/uploads\/2024\/11\/opening-expo2024-2.jpg\"><img class=\"alignleft wp-image-1004 size-medium\" src=\"http:\/\/love4art.nl\/wp-content\/uploads\/2024\/11\/opening-expo2024-2-229x300.jpg\" alt=\"\" width=\"229\" height=\"300\" \/><\/a><a href=\"http:\/\/love4art.nl\/wp-content\/uploads\/2024\/11\/opening-expo2024-4.jpg\"><img class=\"alignleft size-medium wp-image-1006\" src=\"http:\/\/love4art.nl\/wp-content\/uploads\/2024\/11\/opening-expo2024-4-300x226.jpg\" alt=\"\" width=\"300\" height=\"226\" \/><\/a><a href=\"http:\/\/love4art.nl\/wp-content\/uploads\/2024\/11\/opening-expo2024-5.jpg\"><img class=\"alignleft size-medium wp-image-1007\" src=\"http:\/\/love4art.nl\/wp-content\/uploads\/2024\/11\/opening-expo2024-5-300x223.jpg\" alt=\"\" width=\"300\" height=\"223\" \/><\/a>\n\n<hr \/>\n\nUna breve impresi\u00f3n de la inauguraci\u00f3n de la exposici\u00f3n de Monique Neyzen \"El encanto de los caballos\" en Alfaz del Pi a cargo del Concejal de Cultura Manuel Casado y la Concejala de Residentes Internacionales, Martine Mertens. Debido a las terribles inundaciones en Espa\u00f1a, fue un evento m\u00e1s austero de lo habitual, por supuesto.\n\nhttps:\/\/youtu.be\/67n9_ri-r-A\n\n<hr \/>\n\n<h5>La exposici\u00f3n de Monique \u201cEl Encanto de los Caballos\u201d, inaugurada el 31 de octubre en l\u2019Alf\u00e0s del Pi<\/h5>\n<a href=\"http:\/\/love4art.nl\/wp-content\/uploads\/2024\/10\/flyer241015.jpg\"><img class=\"aligncenter size-large wp-image-993\" src=\"http:\/\/love4art.nl\/wp-content\/uploads\/2024\/10\/flyer241015-669x1024.jpg\" alt=\"\" width=\"620\" height=\"949\" \/><\/a>\n\n<hr \/>\n\n<h5>Pr\u00f3xima exposici\u00f3n de Monique en l'Alfas del Pi: bronces &amp; dibujos de caballos<\/h5>\n<a href=\"http:\/\/love4art.nl\/wp-content\/uploads\/2024\/07\/exhibition2024.jpg\"><img class=\"aligncenter size-full wp-image-987\" src=\"http:\/\/love4art.nl\/wp-content\/uploads\/2024\/07\/exhibition2024.jpg\" alt=\"\" width=\"632\" height=\"956\" \/><\/a>\n\n<hr \/>\n\n<h5>Visitas guiadas exposici\u00f3n del artista<\/h5>\n<a href=\"http:\/\/love4art.nl\/wp-content\/uploads\/2024\/01\/NL-rondleiding-door-artieste-16-nov-om-1-uur-in-Alfaz-del-Pi.png\"><img class=\"aligncenter size-full wp-image-982\" src=\"http:\/\/love4art.nl\/wp-content\/uploads\/2024\/01\/NL-rondleiding-door-artieste-16-nov-om-1-uur-in-Alfaz-del-Pi.png\" alt=\"\" width=\"896\" height=\"410\" \/><\/a>Inscribase siempre con antelaci\u00f3n. Correo: monique@neyzen.nl\n\nLas visitas a \u2018Esculturas de piedra, hierro y bronce\u2019 son siempre a las 13h. El recorrido es gratis, s\u00f3lo 5 euros de entrada para el mantenimiento del jard\u00edn. Se pueden realizar visitas para grupos en diferentes idiomas bajo petici\u00f3n.\n<ul>\n \t<li>4 Enero 2024 ingl\u00e9s<\/li>\n \t<li>28 Diciembre \u201923 holand\u00e9s<\/li>\n \t<li>21 Diciembre \u201923 ingl\u00e9s<\/li>\n \t<li>14 Diciembre \u201923 espa\u00f1ol<\/li>\n \t<li>23 Noviembre \u201923 holand\u00e9s<\/li>\n \t<li>16 Noviembre \u201923 holand\u00e9s<\/li>\n \t<li>8 Noviembre \u201923 alem\u00e1n<\/li>\n \t<li>21 Octubre 2023 es\/ing\/h<\/li>\n<\/ul>\n\n<hr \/>\n\n<h5>Visitas guiadas \u201cEsculturas en piedra, hierro y bronce\u201d<\/h5>\nEl 9 de noviembre tuvimos una agradable visita guiada en alem\u00e1n, con unos 30 visitantes. Alb\u00e8r me explic\u00f3 su trabajo y yo habl\u00e9 de las esculturas de Vicente y las m\u00edas.\n\nPr\u00f3ximas visitas guiadas:\n<ul>\n \t<li>16 de noviembre, 13:00 horas en holand\u00e9s, ver informaci\u00f3n en la primera foto.<\/li>\n \t<li>23 de noviembre, 13:00 horas en ingl\u00e9s<\/li>\n<\/ul>\nReg\u00edstrese previamente por correo electr\u00f3nico: <span style=\"text-decoration: underline;\">monique@neyzen.nl<\/span>\n\n<a href=\"http:\/\/love4art.nl\/wp-content\/uploads\/2023\/11\/dutch-tour-2023.png\"><img class=\"alignleft size-full wp-image-960\" src=\"http:\/\/love4art.nl\/wp-content\/uploads\/2023\/11\/dutch-tour-2023.png\" alt=\"\" width=\"760\" height=\"679\" \/><\/a><a href=\"http:\/\/love4art.nl\/wp-content\/uploads\/2023\/11\/german-tour-2023-1.png\"><img class=\"alignleft size-large wp-image-961\" src=\"http:\/\/love4art.nl\/wp-content\/uploads\/2023\/11\/german-tour-2023-1-865x1024.png\" alt=\"\" width=\"620\" height=\"734\" \/><\/a>\n\n<a href=\"http:\/\/love4art.nl\/wp-content\/uploads\/2023\/11\/german-tour-2023-2.png\"><img class=\"alignleft size-large wp-image-962\" src=\"http:\/\/love4art.nl\/wp-content\/uploads\/2023\/11\/german-tour-2023-2-1024x710.png\" alt=\"\" width=\"620\" height=\"430\" \/><\/a>\n<a href=\"http:\/\/love4art.nl\/wp-content\/uploads\/2023\/11\/german-tour-2023-3.png\"><img class=\"alignleft size-full wp-image-963\" src=\"http:\/\/love4art.nl\/wp-content\/uploads\/2023\/11\/german-tour-2023-3.png\" alt=\"\" width=\"759\" height=\"565\" \/><\/a><a href=\"http:\/\/love4art.nl\/wp-content\/uploads\/2023\/11\/german-tour-2023-4.png\"><img class=\"alignleft size-full wp-image-964\" src=\"http:\/\/love4art.nl\/wp-content\/uploads\/2023\/11\/german-tour-2023-4.png\" alt=\"\" width=\"984\" height=\"724\" \/><\/a>\n\n<hr \/>\n\n<h5>Impresi\u00f3n en v\u00eddeo de la inauguraci\u00f3n de la exposici\u00f3n <em>Esculturas en piedra, hierro y bronce<\/em> en Alfaz del Pi 21-10-2023<\/h5>\nhttps:\/\/youtu.be\/nsCovf3SoJo?si=_fEHDdorN68MMvei\n\nUn hermoso d\u00eda soleado en el museo al aire libre Klein-Schreuder en Alfaz del Pi. El concejal de Cultura Manuel Casado inaugur\u00f3 nuestra exposici\u00f3n. Alb\u00e8r te Brake habl\u00f3 de sus poderosas piezas de hierro, Vicente P\u00e9rez de sus piedras suaves y fluidas y yo de mis bronces en movimiento. Le expliqu\u00e9 por qu\u00e9 invit\u00e9 a 2 amigos artistas a exponer juntos. Alrededor de 100 personas visitaron el jard\u00edn de esculturas ese d\u00eda, disfrutamos de bebidas y tapas mientras tocaba el tr\u00edo de clarinete de Marcus Ivorra Schuler.\nM\u00e1s informaci\u00f3n sobre visitas guiadas, etc. en esta p\u00e1gina.\n\n<hr \/>\n\n<h5>Esculturas en piedra, hierro y bronce<\/h5>\nExposici\u00f3n en <strong>el jard\u00edn de esculturas Klein-Schreuder<\/strong> de <strong>Vicente P\u00e9rez<\/strong>, <strong>Alb\u00e8r te Brake<\/strong> y <strong>Monique Neyzen<\/strong>, tres amigos artistas que trabajan en diferentes estilos y materiales. La inauguraci\u00f3n tendr\u00e1 lugar el s\u00e1bado 21 de octubre\u201923 a las 11 horas a cargo de Manuel Casado Puche, concejal de cultura del municipio de l'Alfas. Los artistas explicar\u00e1n su trabajo, habr\u00e1 una copa y la inauguraci\u00f3n correr\u00e1 a cargo del tr\u00edo de clarinetes de <a href=\"https:\/\/clarinetmarcosivorra.blogspot.com\/p\/me-begans-his-musical-studies-at-altea.html\">Marcos Ivorra Schuler<\/a> junto a su esposa Catharina y su hijo.\n\n<strong><a href=\"http:\/\/love4art.nl\/wp-content\/uploads\/2023\/10\/marmeren-beeld-van-Vicente-Perez.jpg\"><img class=\"alignright size-medium wp-image-916\" src=\"http:\/\/love4art.nl\/wp-content\/uploads\/2023\/10\/marmeren-beeld-van-Vicente-Perez-221x300.jpg\" alt=\"\" width=\"221\" height=\"300\" \/><\/a><\/strong>La obra de <strong>Vicente P\u00e9rez<\/strong>\u2019 (ES) de Monforte del Cid, expone una nueva serie de <strong>estatuas de alabastro<\/strong> sobre pedestales de m\u00e1rmol. Sus esculturas muestran reflejos de estructuras vegetales e interpretaciones de la forma humana. El valor simb\u00f3lico va m\u00e1s all\u00e1 del significado literal. Su obra est\u00e1 moldeada por experiencias que surgen de una fuente com\u00fan como es la naturaleza. La forma org\u00e1nica de <em>\u2018Ornis\u2019<\/em> (ver foto, alabastro oscuro de 30 cm de altura) es t\u00edpica de su obra. .\n\n<strong><a href=\"http:\/\/love4art.nl\/wp-content\/uploads\/2023\/10\/Going-Round-in-circles-ijzeren-beeld-van-Alber-te-Brake.-Drie-in-elkaar-grijpende-cirkels-draaien-op-een-as-een-in-rood-marmeren-voetstuk.jpeg\"><img class=\"size-medium wp-image-914 alignleft\" src=\"http:\/\/love4art.nl\/wp-content\/uploads\/2023\/10\/Going-Round-in-circles-ijzeren-beeld-van-Alber-te-Brake.-Drie-in-elkaar-grijpende-cirkels-draaien-op-een-as-een-in-rood-marmeren-voetstuk-154x300.jpeg\" alt=\"\" width=\"154\" height=\"300\" \/><\/a>Alb\u00e8r te Brake<\/strong> (NL) de A\u00efgues realiza impresionantes <strong>esculturas de hierro<\/strong> con l\u00edneas claras. Sol\u00eda trabajar mucho con bronce y vidrio. Pero el metal siempre le ha inspirado, en eso es su enfoque desde vive en Espa\u00f1a. Sus esculturas de gran tama\u00f1o son aptas para su uso en exteriores, como '<em>Caos estructurado' <\/em>(ver foto). En <em>'Dando vueltas en c\u00edrculos'<\/em>, tres c\u00edrculos entrelazados de aproximadamente un metro de altura giran en torno a un eje sobre un gran pedestal de m\u00e1rmol 'Rojo de Alicante'\n\n<strong><a href=\"http:\/\/love4art.nl\/wp-content\/uploads\/2023\/10\/Icarus-bronzen-beeld-van-Monique-Neyzen-lijkt-van-het-ijzeren-voetstuk-af-te-springen.jpeg\"><img class=\"alignright size-medium wp-image-915\" src=\"http:\/\/love4art.nl\/wp-content\/uploads\/2023\/10\/Icarus-bronzen-beeld-van-Monique-Neyzen-lijkt-van-het-ijzeren-voetstuk-af-te-springen-225x300.jpeg\" alt=\"\" width=\"225\" height=\"300\" \/><\/a>Monique Neyzen<\/strong> (NL) de Finestrat realiza peque\u00f1as y din\u00e1micas <strong>esculturas de bronce<\/strong> de bailarines y caballos, figurativas o algo abstractas. Los soportes de hierro especialmente dise\u00f1ados refuerzan el movimiento y forman una parte integral de su arte. Las estatuas parecen saltar de su pedestal, como ocurre con\u00a0<em>'Salto'<\/em> (ver foto, bronce de unos 30 cm, la escultura mide casi 2 metros incluyendo el soporte). La artista ofrecer\u00e1 regularmente <strong>visitas guiadas<\/strong> en diferentes idiomas. Si est\u00e1 interesado: env\u00ede\u00a0un correo a info@neyzen.nl o consulte su sitio web <a href=\"http:\/\/love4art.nl\/es\/noticias\/\"><u>www.love4art.nl\/blog\/es\/noticias<\/u><\/a> o FB <a href=\"https:\/\/www.facebook.com\/friendsmonique\">@FriendsMonique<\/a>.\n\n<strong>Inauguraci\u00f3n de la exposici\u00f3n<\/strong>: el 21 de octubre a las 11 horas Manuel Casado Ponche, concejala de cultura del municipio de Alfaz del Pi inaugurar\u00e1 la exposici\u00f3n. La apertura est\u00e1 a cargo del tr\u00edo de clarinetes de Marcos Ivorra Schuler con su esposa Catharina y su hijo. Posteriormente los artistas explicar\u00e1n su trabajo y habr\u00e1 una copa.\n\nEl precioso <strong>jard\u00edn de esculturas de la Fundaci\u00f3n Klein-Schreuder<\/strong> en el Cam\u00ed del Pinar 23 de Alfaz del Pi tiene 20.000 m2 con 2.500 plantas y una colecci\u00f3n permanente de esculturas. El jard\u00edn est\u00e1 abierto los domingos de 10 a 14h o llame a Johanna al 966860230 para hacer una cita.\n\nLa<strong> entrada cuesta 5 euro<\/strong> por el mantenimiento del jardin o 18 euro para una suscripci\u00f3n anual ilimitada. La <strong>exposici\u00f3n estar\u00e1 abierta hasta el 6 de enero \u201924.<\/strong> M\u00e1s informaci\u00f3n: <a href=\"http:\/\/www.klein-schreuder.com\">www.klein-schreuder.com<\/a>\n\n<hr \/>\n\n<h5>\u00a1Todo lo mejor para el A\u00f1o Nuevo!<\/h5>\nQueridos amantes del arte,\n\u00a1Les deseo a todos felicidad, paz, salud y tiempo para disfrutar de la vida y el arte!\n\nEn 2022 miro hacia atr\u00e1s a la triste y repentina p\u00e9rdida de un amigo muy querido y a una exposici\u00f3n encantadora y exitosa.\n\nLa Casa museu La Barbera de Villajoyosa es un gran espacio expositivo. Las antiguas caballerizas de la mansi\u00f3n del siglo XVII de la familia Aragon\u00e9s encajaban muy bien con mis esculturas de bronce y dibujos de bailarinas. '<a href=\"https:\/\/www.youtube.com\/watch?v=tRkX4X3We1E&amp;t=3s\" rel=\"noopener\">Baila en la Barbera<\/a>' atrajo a cientos de visitantes y me encant\u00f3 hacer tours en diferentes idiomas. Entonces puedo explicar c\u00f3mo trabajo y qu\u00e9 me inspira, y tener la oportunidad de hablar con los visitantes. Tan inspirador para conocer a los amantes del arte y otros artistas. A menudo obtuve reacciones encantadoras en mi arte y vend\u00ed muchas estatuas y dibujos. Esto significa hacer nuevos moldes y vaciados y entregar todo despu\u00e9s de la exposici\u00f3n.\n\nDecid\u00ed hacer una sola exposici\u00f3n al a\u00f1o.\nPorque tambi\u00e9n necesito tiempo para trabajar en comisiones especiales y quiero hacer nuevos trabajos, por supuesto. Y junto con mi amigo escultor Alb\u00e8rt, queremos hacer nosotros mismos la fundici\u00f3n de bronce, que es un proceso bastante complejo.\n\nLos mantendr\u00e9 informados en este sitio.\n\u00a1Todo lo mejor para el nuevo a\u00f1o!\n\n<a href=\"http:\/\/love4art.nl\/wp-content\/uploads\/2022\/12\/ny-wens-2023.jpeg\"><img class=\"aligncenter size-large wp-image-907\" src=\"http:\/\/love4art.nl\/wp-content\/uploads\/2022\/12\/ny-wens-2023-1024x1024.jpeg\" alt=\"\" \/>&lt;\/ un&gt;<\/a>\n\n<hr \/>\n\n<h5>Entre los visitantes de hoy se encontraban tres concejales de la vecina ciudad de Alfas del Pi<\/h5>\n<a href=\"http:\/\/love4art.nl\/wp-content\/uploads\/2022\/01\/aldermen-of-alfas-del-pi.jpg\"><img class=\"alignleft size-medium wp-image-899\" src=\"http:\/\/love4art.nl\/wp-content\/uploads\/2022\/01\/aldermen-of-alfas-del-pi-300x263.jpg\" alt=\"\" width=\"300\" height=\"263\" \/><\/a><a href=\"http:\/\/love4art.nl\/wp-content\/uploads\/2022\/01\/comments-aldermen-of-alfas-del-pi.jpg\"><img class=\"alignright size-medium wp-image-898\" src=\"http:\/\/love4art.nl\/wp-content\/uploads\/2022\/01\/comments-aldermen-of-alfas-del-pi-300x217.jpg\" alt=\"\" width=\"300\" height=\"217\" \/><\/a>\n\n\u00a1Gracias por venir a mi exposici\u00f3n y por sus encantadores comentarios!\n\nFeliz de hacer otra exhibici\u00f3n en Alfas.\n\n<hr \/>\n\n<h5>Impresi\u00f3n de la inauguraci\u00f3n de la exposici\u00f3 <em>Baila en la Barbera<\/em> en la Villajoyosa 13-1-2022<\/h5>\nhttps:\/\/youtu.be\/0XiyGcGO0UQ\n\n<hr \/>\n\n<h5>Vista previa de la exposici\u00f3n <em>Baila en la Barbera<\/em> en la Villajoyosa<\/h5>\nhttps:\/\/youtu.be\/tRkX4X3We1E\n\n<hr \/>\n\n<h5>Inauguraci\u00f3n de la exposici\u00f3n Baila en la Barbera<\/h5>\n<a href=\"http:\/\/love4art.nl\/wp-content\/uploads\/2022\/01\/barbera2.png\"><img class=\"alignleft size-medium wp-image-853\" src=\"http:\/\/love4art.nl\/wp-content\/uploads\/2022\/01\/barbera2-225x300.png\" alt=\"\" width=\"225\" height=\"300\" \/><\/a>El 13 de enero de 2022 arranca mi exposici\u00f3n \u201cBaila en La Barbera\u201d en el \u201cEspai d'Art Contemporani de la Barbera dels Aragon\u00e9s\u201d en Villajoyosa. La inauguraci\u00f3n es a las 13:00 horas y estar\u00e1 acompa\u00f1ada por la m\u00fasica de guitarra de <a href=\"http:\/\/www.cristinarico.art\/about-me\/\">Cristina Rico<\/a>.\n\n2 consejos si vienes al estreno 'Baila en la Barbera' el 13 de enero a las 13.00 horas.\n\n1. H\u00e1zmelo saber a trav\u00e9s de info@neyzen.nl para que pueda realizar un seguimiento de la cantidad de visitantes debido a Covid.\n\n2. El jueves es d\u00eda de mercado en Villajoyosa. En ese caso, no se puede aparcar en el recinto del mercado. El m\u00e1s f\u00e1cil es el parking Creueta cerca de Mercidillo central a 5\u2033 andando de La Barbera. La entrada al espacio expositivo se encuentra entre el museo casa La Barbera y la cafeter\u00eda.\n\n<a href=\"http:\/\/love4art.nl\/wp-content\/uploads\/2022\/01\/barbera1.png\"><img class=\"size-medium wp-image-852 aligncenter\" src=\"http:\/\/love4art.nl\/wp-content\/uploads\/2022\/01\/barbera1-225x300.png\" alt=\"\" width=\"225\" height=\"300\" \/><\/a> <a href=\"http:\/\/love4art.nl\/wp-content\/uploads\/2022\/01\/barbera3.png\"><img class=\"size-medium wp-image-850 aligncenter\" src=\"http:\/\/love4art.nl\/wp-content\/uploads\/2022\/01\/barbera3-300x225.png\" alt=\"\" width=\"300\" height=\"225\" \/><\/a>\n\nLa direcci\u00f3n del museo es C. Huit de Maig, 16, 03570 La Vila Joiosa. El parking Creueta est\u00e1 en la Av. Joan Carles I, 25, 03570 La Vila Joiosa.\n\n<a href=\"http:\/\/love4art.nl\/wp-content\/uploads\/2022\/01\/map.png\"><img class=\"size-medium wp-image-851 aligncenter\" src=\"http:\/\/love4art.nl\/wp-content\/uploads\/2022\/01\/map-300x244.png\" alt=\"\" width=\"300\" height=\"244\" \/><\/a>\n\n<hr \/>\n\n<h5>\u00a1Finalmente!<\/h5>\nMi pr\u00f3xima exposici\u00f3n \"Baila en La Barbera\" comenzar\u00e1 a 13 de enero de 2022. Esculturas de bronce de danza se exhibir\u00e1n en el museo \"Espai d'Art Contemporani de la Barbera dels Aragon\u00e9s\" en Villajoyosa, la antigua villa de la familia m\u00e1s importante de Villajoyosa.\n\n<a href=\"http:\/\/love4art.nl\/wp-content\/uploads\/2021\/12\/cartel-La-Barbera-Vilajoyosa-expo-Monique-Neyzen-20211227-logos.png\"><img class=\"alignleft size-medium wp-image-847\" src=\"http:\/\/love4art.nl\/wp-content\/uploads\/2021\/12\/cartel-La-Barbera-Vilajoyosa-expo-Monique-Neyzen-20211227-logos-216x300.png\" alt=\"\" width=\"216\" height=\"300\" \/><\/a><a href=\"http:\/\/love4art.nl\/wp-content\/uploads\/2021\/11\/Grand-Jeter.jpg\"><img class=\"alignleft size-medium wp-image-802\" src=\"http:\/\/love4art.nl\/wp-content\/uploads\/2021\/11\/Grand-Jeter-300x223.jpg\" alt=\"\" width=\"300\" height=\"223\" \/><\/a><a href=\"http:\/\/love4art.nl\/wp-content\/uploads\/2021\/11\/Museo-Espai-dArt-Contemporani-de-la-Barbera-dels-Aragon\u00e9s.jpg\"><img class=\"alignleft size-medium wp-image-801\" src=\"http:\/\/love4art.nl\/wp-content\/uploads\/2021\/11\/Museo-Espai-dArt-Contemporani-de-la-Barbera-dels-Aragon\u00e9s-300x201.jpg\" alt=\"\" width=\"300\" height=\"201\" \/><\/a><a href=\"http:\/\/love4art.nl\/wp-content\/uploads\/2021\/11\/Map-Museo-Espai-dArt-Contemporani-de-la-Barbera.png\"><img class=\"alignleft size-medium wp-image-803\" src=\"http:\/\/love4art.nl\/wp-content\/uploads\/2021\/11\/Map-Museo-Espai-dArt-Contemporani-de-la-Barbera-300x281.png\" alt=\"\" width=\"300\" height=\"281\" \/><\/a>\n\n<hr \/>\n\n<h5>Feliz a\u00f1o nuevo!<\/h5>\n<p style=\"text-align: center;\"><a href=\"http:\/\/love4art.nl\/wp-content\/uploads\/2021\/01\/newyear2021.jpg\"><img class=\"size-medium wp-image-795 aligncenter\" src=\"http:\/\/love4art.nl\/wp-content\/uploads\/2021\/01\/newyear2021-300x225.jpg\" alt=\"\" width=\"300\" height=\"225\" \/><\/a><\/p>\n\n\n<hr \/>\n\n<h5>Last day of the exhibition 'Jan y sus amigos'<\/h5>\nJan 5th 2020 is the last day of the exhibition 'Jan y sus amigos: entre es-culturas'. Jan Keysers big marble 'Toro Viejo' is always one of the favorite sculptures. Some visitors of last week's guided tour next to their personal favorites, and a steel sculpture of Alber and above my bronze doggie.\n\n<a href=\"http:\/\/love4art.nl\/wp-content\/uploads\/2020\/01\/jan-keijsers-toro-viejo.jpg\"><img class=\"alignleft size-medium wp-image-786\" src=\"http:\/\/love4art.nl\/wp-content\/uploads\/2020\/01\/jan-keijsers-toro-viejo-173x300.jpg\" alt=\"\" width=\"173\" height=\"300\" \/><\/a><a href=\"http:\/\/love4art.nl\/wp-content\/uploads\/2020\/01\/monique-neyzen-dog.jpg\"><img class=\"alignleft size-medium wp-image-784\" src=\"http:\/\/love4art.nl\/wp-content\/uploads\/2020\/01\/monique-neyzen-dog-300x225.jpg\" alt=\"\" width=\"300\" height=\"225\" \/><\/a><a href=\"http:\/\/love4art.nl\/wp-content\/uploads\/2020\/01\/alber-te-brake.jpg\"><img class=\"alignleft size-medium wp-image-785\" src=\"http:\/\/love4art.nl\/wp-content\/uploads\/2020\/01\/alber-te-brake-300x225.jpg\" alt=\"\" width=\"300\" height=\"225\" \/><\/a>\n\nToday is a guided tour at 12 am, both locations are open till late. Tomorrow Jan 6th you can still visit El Corazon from 11 am but Tentaciones is as always closed on Monday.\n\n<hr \/>\n\n<h5>Feliz a\u00f1o nuevo!<\/h5>\n<p style=\"text-align: center;\"><a href=\"http:\/\/love4art.nl\/wp-content\/uploads\/2020\/01\/20191231_133352.jpg\"><img class=\"size-medium wp-image-781 aligncenter\" src=\"http:\/\/love4art.nl\/wp-content\/uploads\/2020\/01\/20191231_133352-207x300.jpg\" alt=\"\" width=\"207\" height=\"300\" \/><\/a><\/p>\n\n\n<hr \/>\n\n<h5>Feliz Navidad<\/h5>\n<a href=\"http:\/\/love4art.nl\/wp-content\/uploads\/2019\/12\/christmas-wishes-2019.jpg\"><img class=\"size-medium wp-image-777 aligncenter\" src=\"http:\/\/love4art.nl\/wp-content\/uploads\/2019\/12\/christmas-wishes-2019-225x300.jpg\" alt=\"\" width=\"225\" height=\"300\" \/><\/a>\n\n<hr \/>\n\n<h5>Impresi\u00f3n de la inauguraci\u00f3n de la exposici\u00f3n <em>Jan y sus amigos: Entre Es-culturas<\/em> in Aig\u00fces<\/h5>\nhttps:\/\/youtu.be\/0Lky4jOXvzA\n\nGracias a Dani\u00eblle van Leeuwen,\u00a0<a href=\"https:\/\/www.sunandgrapes.com\/post\/expostie-jan-en-zijn-beeldhouw-vrienden\"><strong>Sun and Grapes<\/strong><\/a>\n\n<hr \/>\n\n<h5>Exposici\u00f3n <em>Jan y sus amigos, entre esculturas<\/em> en Aig\u00fces<\/h5>\n<a href=\"http:\/\/love4art.nl\/wp-content\/uploads\/2019\/12\/poster-expo.jpg\"><img class=\"alignleft size-medium wp-image-740\" src=\"http:\/\/love4art.nl\/wp-content\/uploads\/2019\/12\/poster-expo-212x300.jpg\" alt=\"\" width=\"212\" height=\"300\" \/><\/a>El escultor holand\u00e9s Jan Keijsers (1953-2019) ten\u00eda una pasi\u00f3n por el m\u00e1rmol. \"Si te agarra, no lo dejes ir.\" Esta exposici\u00f3n, del 6 de diciembre \u201819 hasta el 6 de enero \u201820, en Aig\u00fces rinde homenaje a su obra en m\u00e1rmol, y muestra esculturas de Jan y diez artistas en torno a Jan. El resultado es una interesante expocisi\u00f3n con esculturas de todo tipo de estilos y materiales como m\u00e1rmol, madera, cer\u00e1mica, bronce, t\u00e9cnicas mixtas, piedra jabonosa y acero.\n\n<strong>Jan fascinado por el m\u00e1rmol<\/strong>\nTrabaj\u00f3 principalmente en m\u00e1rmol local como Rojo de Alicante y crema Marfil. \"Voy a hacer un proceso de trabajo personal con el m\u00e1rmol\". En Talleres ense\u00f1\u00f3 a otros a esculpir mejor el m\u00e1rmol. Y Jan organiz\u00f3 excursiones a una cantera de m\u00e1rmol.\n\n<strong>10 Amigos en torno a Jan<\/strong>\nJan era querido por mucha genta, entra ellos muchas artistas. Una prueba de ello es esto exposici\u00f3n con 10 amigos escultores.\n<ol>\n \t<li>Alb\u00e8r te Brake: acero<\/li>\n \t<li>Cockie Donkers: piedra<\/li>\n \t<li>Dorine den Boer: cer\u00e1mica<\/li>\n \t<li>Joan Erbueko: t\u00e9cnicas mixtas<\/li>\n \t<li>Lee Wolters: Soapstone<\/li>\n \t<li>Margu\u00e9rite Lameriks: m\u00e1rmol<\/li>\n \t<li>Monique Neyzen: bronce<\/li>\n \t<li>Lambertus Puck: cer\u00e1mica<\/li>\n \t<li>Reiner Izquierdo: madera<\/li>\n \t<li>Wim van Nuenen: cer\u00e1mica.<\/li>\n<\/ol>\n<strong>D\u00f3nde &amp; cuando en<\/strong> <a href=\"https:\/\/goo.gl\/maps\/CDhBdq15BCPiFnxq7\">Aig\u00fces<\/a>:\n\nInauguraci\u00f3n 6 diciembre \u201919 mediodia\n<ul>\n \t<li>Intervenci\u00f3n de: Juan Ribes ceramista y ex alcalde Aig\u00fces<\/li>\n \t<li>Acto de inauguraci\u00f3n: Juan David Santiago concejal de cultura Aig\u00fces<\/li>\n \t<li>Actuaci\u00f3n: m\u00fasica de guitarra y bebidas.<\/li>\n<\/ul>\n<strong>Del 6 de diciembre \u201819 hasta el 6 de enero \u201820<\/strong>:\n<ul>\n \t<li>Restaurant Tentaciones, exposici\u00f3n en el jardin Pla\u00e7a de L\u2019Esglesia 23, 03569 Aig\u00fces de 12:00 hasta el muy tarde, cerrado el lunes<\/li>\n \t<li>Restaurant El Coraz\u00f3n, exposici\u00f3n al interior Calle Mayor, 03569 Aig\u00fces de 11:00 hasta muy tarde, cerrado el miercoles.<\/li>\n<\/ul>\n<strong>Visita guiada &amp; m\u00e1s informaci\u00f3n<\/strong>:\n<ul>\n \t<li>Un artista est\u00e1ra presente los domingos 12:00<\/li>\n \t<li>M\u00e1s informaci\u00f3n del expocisi\u00f3n o visitas guiadas previa solicitud en espa\u00f1ol, holand\u00e9s o ingl\u00e9s. Env\u00ede Monique un correo\u00a0info@neyzen.nl<\/li>\n \t<li>Sobre Jan y su arte: <a href=\"https:\/\/keijsers.exto.nl\/\/#.XeOSIej0mHs\">www.keijsers.exto.nl<\/a> y FB <a href=\"https:\/\/www.facebook.com\/jan.keijsers\">www.facebook.com\/jan.keijsers<\/a><\/li>\n<\/ul>\n<a href=\"http:\/\/love4art.nl\/wp-content\/uploads\/2019\/12\/folleto-es.jpg\"><img class=\"alignleft size-medium wp-image-738\" src=\"http:\/\/love4art.nl\/wp-content\/uploads\/2019\/12\/folleto-es-212x300.jpg\" alt=\"\" width=\"212\" height=\"300\" \/><\/a><a href=\"http:\/\/love4art.nl\/wp-content\/uploads\/2019\/12\/folleto-nl.jpg\"><img class=\"alignright size-medium wp-image-739\" src=\"http:\/\/love4art.nl\/wp-content\/uploads\/2019\/12\/folleto-nl-211x300.jpg\" alt=\"\" width=\"211\" height=\"300\" \/><\/a>\n\n<hr \/>\n\n<h5>Exposici\u00f3n <em>Veinte A\u00f1os del Jard\u00edn de Esculturas<\/em> Klein-Schreuder en l'Alfas del Pi<\/h5>\n<a href=\"http:\/\/love4art.nl\/wp-content\/uploads\/2019\/06\/horse-Spirit-by-Monique-Neyzen.jpg\"><img class=\"alignleft size-medium wp-image-729\" src=\"http:\/\/love4art.nl\/wp-content\/uploads\/2019\/06\/horse-Spirit-by-Monique-Neyzen-300x225.jpg\" alt=\"\" width=\"300\" height=\"225\" \/><\/a>\u00daltimas visitas guiadas: \u00fanase a m\u00ed el 29 de junio a las 12:00 (ingl\u00e9s) o a las 11:00 (holand\u00e9s).\nRecorreremos 20 esculturas de la exposici\u00f3n (diferentes en estilo y materiales) y algunas de las colecciones permanentes. \u00a1Solo trae tus gafas de sol o sombrero, algo para beber y disfrutar!\n\n<hr \/>\n\n<h5>&gt;Impresi\u00f3n de la inauguraci\u00f3n de la exposici\u00f3n <em>Veinte A\u00f1os del Jard\u00edn de Esculturas<\/em> Klein-Schreuder en l'Alfas del Pi 7 april 2019<\/h5>\nhttps:\/\/youtu.be\/Lvt9_KTUseI\n\n<hr \/>\n\n<h5>Exposici\u00f3n <em>Veinte A\u00f1os del Jard\u00edn de Esculturas<\/em> Klein-Schreuder en l'Alfas del Pi<\/h5>\n<a href=\"http:\/\/love4art.nl\/wp-content\/uploads\/2019\/03\/poster-20-jaar-beeldentuin-klein-schreuder.jpg\"><img class=\"alignleft size-medium wp-image-692\" src=\"http:\/\/love4art.nl\/wp-content\/uploads\/2019\/03\/poster-20-jaar-beeldentuin-klein-schreuder-218x300.jpg\" alt=\"\" width=\"218\" height=\"300\" \/><\/a>Es una exposici\u00f3n colectiva, compuesta principalmente por artistas que han expuesto en solitario en el jard\u00edn de esculturas: Alejandro Cremades, Hanna Gerlind Glauner, Antonio Imbern\u00f3n, Jan Keijsers, Antonio Mar\u00ed, Salvador Molla, Monique Neyzen, Vicente P\u00e9rez Gonz\u00e1lvez, Georgi Pouleriani and Quico Torres. Para la agenda: la inauguraci\u00f3n festiva de \u00e9sta exposici\u00f3n con las presentaciones de los artistas participantes y con m\u00fasica, comida y vino es el domingo 7 de abril a las 11.00, todos sois bienvenidos. El precio de la entrada es de 5 \u20ac por persona.\n\n<a href=\"http:\/\/love4art.nl\/wp-content\/uploads\/2019\/03\/hangin-on-3.jpg\"><img class=\"alignleft size-medium wp-image-686\" src=\"http:\/\/love4art.nl\/wp-content\/uploads\/2019\/03\/hangin-on-3-225x300.jpg\" alt=\"\" width=\"225\" height=\"300\" \/><\/a><a href=\"http:\/\/love4art.nl\/wp-content\/uploads\/2019\/03\/Spirit-2.jpg\"><img class=\"alignright size-medium wp-image-693\" src=\"http:\/\/love4art.nl\/wp-content\/uploads\/2019\/03\/Spirit-2-210x300.jpg\" alt=\"\" width=\"210\" height=\"300\" \/><\/a>\n\nHangin' On\nhttps:\/\/youtu.be\/uaJRmUWd53g\n\nSpirit\nhttps:\/\/youtu.be\/Ni4R67Ps3Uo\n\n<hr \/>\n\n<h5>\u00daltimos d\u00edas de la exposici\u00f3n \"Esp\u00edritu de la Danza\" en l'Alfas del Pi<\/h5>\n<a href=\"http:\/\/love4art.nl\/wp-content\/uploads\/2019\/03\/last-days-word-flyer-Espanol-English-Alfas-del-Pi-expo-Monique-Neyzen-10032019.jpg\"><img class=\"size-medium wp-image-680 aligncenter\" src=\"http:\/\/love4art.nl\/wp-content\/uploads\/2019\/03\/last-days-word-flyer-Espanol-English-Alfas-del-Pi-expo-Monique-Neyzen-10032019-213x300.jpg\" alt=\"\" width=\"213\" height=\"300\" \/><\/a>\n\n<hr \/>\n\n<h5>Impresi\u00f3n de la inauguraci\u00f3n de la exposici\u00f3n \u201cEsp\u00edritu de la Danza\u201d en l'Alfas del Pi<\/h5>\nhttps:\/\/www.youtube.com\/watch?v=ll4bzMmA1n0\n\nAaron Colston, de la escuela de danza Hazel Hines, dio una breve pero hermosa presentaci\u00f3n.\n\nhttps:\/\/www.youtube.com\/watch?v=-rA3hp9gGbs\n\n<hr \/>\n\n<h5>Preparando una nueva exposici\u00f3n con el tema de la 'danza' con esculturas de bronce y dibujos.<\/h5>\n<a href=\"http:\/\/love4art.nl\/wp-content\/uploads\/2019\/02\/cartel-Alfas-del-Pi.jpg\"><img class=\"size-medium wp-image-663 alignleft\" src=\"http:\/\/love4art.nl\/wp-content\/uploads\/2019\/02\/cartel-Alfas-del-Pi-213x300.jpg\" alt=\"\" width=\"213\" height=\"300\" \/><\/a>\n\n<a href=\"http:\/\/love4art.nl\/wp-content\/uploads\/2019\/02\/flyer-Espanol-English-Alfas-del-Pi-expo-Monique-Neyzen-130219.jpg\"><img class=\"alignright size-medium wp-image-667\" src=\"http:\/\/love4art.nl\/wp-content\/uploads\/2019\/02\/flyer-Espanol-English-Alfas-del-Pi-expo-Monique-Neyzen-130219-213x300.jpg\" alt=\"\" width=\"213\" height=\"300\" \/><\/a>\n\n<a href=\"http:\/\/love4art.nl\/wp-content\/uploads\/2019\/01\/alfas-del-pi-casa-de-cultura.jpg\"><img class=\"size-medium wp-image-655 alignleft\" src=\"http:\/\/love4art.nl\/wp-content\/uploads\/2019\/01\/alfas-del-pi-casa-de-cultura-300x200.jpg\" alt=\"\" width=\"300\" height=\"200\" \/><\/a> <a href=\"http:\/\/love4art.nl\/wp-content\/uploads\/2019\/01\/map-alfas-del-pi-casa-de-cultura.jpg\"><img class=\"size-medium wp-image-654 alignright\" src=\"http:\/\/love4art.nl\/wp-content\/uploads\/2019\/01\/map-alfas-del-pi-casa-de-cultura-300x223.jpg\" alt=\"\" width=\"300\" height=\"223\" \/><\/a>\n\nLa inauguraci\u00f3n ser\u00e1 el 23 de febrero en la hermosa <a href=\"https:\/\/www.facebook.com\/pages\/Casa-de-cultura-Alfaz\/107601399317811\">Casa de Cultura<\/a> de <a href=\"https:\/\/goo.gl\/maps\/9V2eJTs95K52\">Alfas del Pi<\/a>\n\n<hr \/>\n\n<h5>Exposici\u00f3n PASI\u00d3N! ampliada<\/h5>\nGracias al \u00e9xito la exposici\u00f3n de Monique Neyzen con estatuas de bronce de caballos y dibujos de modelos desnudos permanecer\u00e1 abierta hasta el 11 de enero de 2019. Puede visitar la exposici\u00f3n en la semana de Navidad los d\u00edas 26, 27, 28 de diciembre y en 2019 a partir del 2 de enero.\n\n<a href=\"http:\/\/love4art.nl\/wp-content\/uploads\/2018\/12\/Full-speed-bronze-Monique-Neyzen-frontview-.jpg\"><img class=\"size-medium wp-image-645 alignleft\" src=\"http:\/\/love4art.nl\/wp-content\/uploads\/2018\/12\/Full-speed-bronze-Monique-Neyzen-frontview--225x300.jpg\" alt=\"\" width=\"225\" height=\"300\" \/><\/a> <a href=\"http:\/\/love4art.nl\/wp-content\/uploads\/2018\/12\/Nude-drawing-back-lady-in-pastel-Monique-Neyzen-.jpg\"><img class=\"size-medium wp-image-644 alignright\" src=\"http:\/\/love4art.nl\/wp-content\/uploads\/2018\/12\/Nude-drawing-back-lady-in-pastel-Monique-Neyzen--225x300.jpg\" alt=\"\" width=\"225\" height=\"300\" \/><\/a><a href=\"http:\/\/love4art.nl\/wp-content\/uploads\/2018\/12\/Spirit-bronze-Monique-Neyzen.jpg\"><img class=\"size-medium wp-image-643 alignleft\" src=\"http:\/\/love4art.nl\/wp-content\/uploads\/2018\/12\/Spirit-bronze-Monique-Neyzen-225x300.jpg\" alt=\"\" width=\"225\" height=\"300\" \/><\/a><a href=\"http:\/\/love4art.nl\/wp-content\/uploads\/2018\/12\/Stroke-me-softly-bronze-Monique-Neyzen.jpeg\"><img class=\"size-medium wp-image-642 alignright\" src=\"http:\/\/love4art.nl\/wp-content\/uploads\/2018\/12\/Stroke-me-softly-bronze-Monique-Neyzen-225x300.jpeg\" alt=\"\" width=\"225\" height=\"300\" \/><\/a>\n\nLugar: sala d'exposicions de la biblioteca \"Els nostres mestres\", carrer Sant Josep 10-12, Finestrat (casco hist\u00f3rico). Abierto: lunes -viernes 9.30-13.30 &amp; 17.00-20.00. La artista estar\u00e1 presente el viernes a las 11 horas. Visitas guiadas en differente idiomas posible bajo petici\u00f3n (enviar un correo electr\u00f3nico a Monique@Neyzen.nl).\n\n<hr \/>\n\n<h5>En <a href=\"https:\/\/www.costanachrichten.com\/category\/costa-blanca-nachrichten\/aktuelle-cbn-ausgabe\/\">Costa Blanca Nachrichten<\/a><\/h5>\n<a href=\"http:\/\/love4art.nl\/wp-content\/uploads\/2018\/12\/Costa-Blanca-News.jpg\"><img class=\"aligncenter size-medium wp-image-637\" src=\"http:\/\/love4art.nl\/wp-content\/uploads\/2018\/12\/Costa-Blanca-News-300x287.jpg\" alt=\"\" width=\"300\" height=\"287\" \/><\/a>\n\n<hr \/>\n\n<h5>Un nuevo poema de Herv\u00e9 Deleu<\/h5>\n<a href=\"http:\/\/love4art.nl\/wp-content\/uploads\/2018\/11\/horses-with-wings-herve-deleu.jpg\"><img class=\"aligncenter size-medium wp-image-631\" src=\"http:\/\/love4art.nl\/wp-content\/uploads\/2018\/11\/horses-with-wings-herve-deleu-300x156.jpg\" alt=\"\" width=\"300\" height=\"156\" \/><\/a>\n\nEsta vez Herv\u00e9 Deleu se inspir\u00f3 en <a href=\"http:\/\/love4art.nl\/spirit\/\">Spirit<\/a>.\n\n<hr \/>\n\n<h5>collage de fotos de la inauguraci\u00f3n exposici\u00f2n PASI\u00d3N! en Finestrat<\/h5>\n<a href=\"http:\/\/love4art.nl\/wp-content\/uploads\/2018\/11\/photos-opening-expo-finestrat-1.jpg\"><img class=\"wp-image-619 size-thumbnail alignleft\" src=\"http:\/\/love4art.nl\/wp-content\/uploads\/2018\/11\/photos-opening-expo-finestrat-1-98x150.jpg\" alt=\"\" width=\"98\" height=\"150\" \/><\/a><a href=\"http:\/\/love4art.nl\/wp-content\/uploads\/2018\/11\/photos-opening-expo-finestrat-2.jpg\"><img class=\"wp-image-620 size-thumbnail alignleft\" src=\"http:\/\/love4art.nl\/wp-content\/uploads\/2018\/11\/photos-opening-expo-finestrat-2-112x150.jpg\" alt=\"\" width=\"112\" height=\"150\" \/><\/a><a href=\"http:\/\/love4art.nl\/wp-content\/uploads\/2018\/11\/photos-opening-expo-finestrat-3.jpg\"><img class=\"wp-image-621 size-thumbnail alignleft\" src=\"http:\/\/love4art.nl\/wp-content\/uploads\/2018\/11\/photos-opening-expo-finestrat-3-100x150.jpg\" alt=\"\" width=\"100\" height=\"150\" \/><\/a><a href=\"http:\/\/love4art.nl\/wp-content\/uploads\/2018\/11\/photos-opening-expo-finestrat-4.jpg\"><img class=\"wp-image-622 size-thumbnail alignleft\" src=\"http:\/\/love4art.nl\/wp-content\/uploads\/2018\/11\/photos-opening-expo-finestrat-4-114x150.jpg\" alt=\"\" width=\"114\" height=\"150\" \/><\/a><a href=\"http:\/\/love4art.nl\/wp-content\/uploads\/2018\/11\/photos-opening-expo-finestrat-5.jpg\"><img class=\"wp-image-623 size-thumbnail alignleft\" src=\"http:\/\/love4art.nl\/wp-content\/uploads\/2018\/11\/photos-opening-expo-finestrat-5-101x150.jpg\" alt=\"\" width=\"101\" height=\"150\" \/><\/a>\n\n<hr \/>\n\n<h5>PASI\u00d3N!<\/h5>\n<a href=\"http:\/\/love4art.nl\/wp-content\/uploads\/2018\/11\/cartel-ESP-expo-Finestrat-Monique-Neyzen-dd8nov18.jpg\"><img class=\"alignleft size-medium wp-image-602\" src=\"http:\/\/love4art.nl\/wp-content\/uploads\/2018\/11\/cartel-ESP-expo-Finestrat-Monique-Neyzen-dd8nov18-212x300.jpg\" alt=\"\" width=\"212\" height=\"300\" \/><\/a>\n<h5>esculturas din\u00e1micas de bronce de caballos y dibujos de modelos desnudos<\/h5>\nEsta exposici\u00f2n muestra 20 caballos en bronce, tanto figurativos como abstractos ligeros, y 30 dibujos a modelo desnudo en diferentes materiales. Soy una \u00e1vida amante de los caballos y he montado a caballo muchos a\u00f1os. Mi pasi\u00f3n por los caballos, por la din\u00e1mica de los caballos, quiero convertir a mis esculturas de bronce. \"<em>Todo est\u00e1 vivo y en movimiento, tus caballos parecen saltar de sus pedestales<\/em>\", tengo ese tipo de reacci\u00f3n en mi bronce.\n\nTambi\u00e9n he estado dibujando para modelos desnudos durante a\u00f1os, ambas posiciones cortas de 1, 2 o 5 minutos a posiciones de 20 minutos. Me puede <a href=\"http:\/\/love4art.nl\/wp-content\/uploads\/2018\/11\/flyer-SP-ENG-exhibition-Finestrat-Monique-Neyzen-nov-dec18.jpg\"><img class=\"alignright size-medium wp-image-604\" src=\"http:\/\/love4art.nl\/wp-content\/uploads\/2018\/11\/flyer-SP-ENG-exhibition-Finestrat-Monique-Neyzen-nov-dec18-209x300.jpg\" alt=\"\" width=\"209\" height=\"300\" \/><\/a> fascinar una hermosa l\u00ednea que veo en un modelo: una actitud, la posici\u00f3n de la cabeza, una luz encendida. El cuerpo humano, que puede ser tan hermoso, quiero 'capturarlo' en mis dibujos. Trabajo en diferentes materiales, como l\u00e1piz, tinta, pastel, cont\u00e9 o una combinaci\u00f3n de ellos. Hago bocetos r\u00e1pidos con unas pocas l\u00edneas y a veces hago dibujos m\u00e1s elaborados en pastel.\n\n<span style=\"text-decoration: underline;\">La inauguraci\u00f3n<\/span> es el 22 de noviembre 2018 a las 17.00 horas en la sala d\u2019exposicions de la bibliotheca \u2018Els nostres mestres\u2019 carrer Sant Josep 10 - 12, Finestrat casco hist\u00f3rico. Visitas: lunes a viernes de 9.30 a 13.30. y de 17.00 a 20.00 hasta el 20 de diciembre 2018. El viernes estoy presente a las 11.00 y realizo recorridas en ingl\u00e9s, holand\u00e9s, alem\u00e1n, franc\u00e9s o espa\u00f1ol. Por ejemplo el 23 de noviembre hay un recorrido inglesa a las 11 en punto. Env\u00edame un correo electr\u00f3nico o ll\u00e1mame si quieres participar. Otros recorridos son posibles bajo petici\u00f3n.\n\n<hr \/>\n\n<h5>Exhibition 'Bronze in Motion' extended till June 10th<\/h5>\n<a href=\"http:\/\/love4art.nl\/wp-content\/uploads\/2018\/05\/extended100618.jpg\"><img class=\"aligncenter size-medium wp-image-521\" src=\"http:\/\/love4art.nl\/wp-content\/uploads\/2018\/05\/extended100618-300x235.jpg\" alt=\"\" width=\"300\" height=\"235\" \/><\/a>\n\n<strong>Special tours<\/strong>\n\nMonique Neyzen will tell you more about her inspiration and her art in a walk through the garden. She will explain some of her bronze statues, drawings, sculptured stones and the bronze casting process. Duration: \u00be - 1 hour depending on the number of visitors.\n\nSpecial tours for groups in English, Dutch, German, French or Spanish available on request.\n<ul>\n \t<li>Dutch tour: Sunday April 29th at 12 am.<\/li>\n \t<li>German tour: Sunday May 13th at 12 am.<\/li>\n \t<li>English tour for Lions members: Sunday May 20th at 1 pm.<\/li>\n \t<li>English tour for Norwegians: Sunday May 27th at 12 am.<\/li>\n \t<li>Dutch \"Bronze in Motion\" tour: Sunday June 10th at 12 am.<\/li>\n<\/ul>\nIf you want to participate, just send an e-mail to monique@neyzen.nl\n<ul>\n \t<li>Vea la p\u00e1gina de Facebook para ver fotos como la de la apertura el 8 de abril: <a href=\"https:\/\/www.facebook.com\/friendsmonique\">https:\/\/www.facebook.com\/friendsmonique<\/a><\/li>\n<\/ul>\n\n<hr \/>\n\n<h4>\"Bronce en movimiento\" esculturas din\u00e1micas de bailarines y caballos<\/h4>\n<a href=\"http:\/\/love4art.nl\/wp-content\/uploads\/2017\/03\/steigerend-paard.jpg\"><img class=\"alignleft size-medium wp-image-488\" src=\"http:\/\/love4art.nl\/wp-content\/uploads\/2017\/03\/steigerend-paard-225x300.jpg\" alt=\"steigerend-paard\" width=\"225\" height=\"300\" \/><\/a>Exposici\u00f3n de Monique Neyzen en el hermosa jardin de Fundaci\u00f3n Klein-Schreuder: 8\/4 - 20\/5 \u201918. Bailarines y caballos son sus themas favoritas. La artista holand\u00e9sa exposa 35 peque\u00f1as bronces que capturan el movimiento, diez esculturas de piedras y dibujos de bailarines.\n\nHace m\u00e1s de 10 anos, Jan Klein y Joke Schreuder compraron un gran terreno abandonada en la Costa Blanca en Espana. Lo han transformada con gran amor y cuidado en un jardin bot\u00e1nico encantador de plantas y esculturas con exposici\u00f3nes cambiantes. Senderos para caminar conducen a trav\u00e9s de un palmeral, un huerto y jardin de rosas.\n<ul>\n \t<li>Inauguraci\u00f3n: 8 abril a las 11.00, Cami del Pinar 23, Alfaz del Pi (<a href=\"https:\/\/goo.gl\/maps\/EP3Cu3ubDVQ2\">mapa<\/a>).<\/li>\n \t<li>Visitas: hasta el 20 de mayo todos los domingos de 10.00 \u00e0 14.00 y los d\u00edas laborables con cita previa (llame al 966860230 o env\u00ede un correo electr\u00f3nico \u00e0 info@klein-schreuder.com) - entrada: 5 euros para mantener el jard\u00edn.<\/li>\n \t<li>Information: jardin <a href=\"https:\/\/www.klein-schreuder.com\/index.php\/es\">www.klein-schreuder.com<\/a> y artista <a href=\"http:\/\/love4art.nl\">www.love4art.nl\/blog<\/a><\/li>\n \t<li><a href=\"https:\/\/www.lalfas.es\/concejalias\/cultura\/llega-al-jardin-klein-schreuder-la-exposicion-de-bronces-de-monique-neyzen\">Art\u00edculo<\/a> ayuntamiento Alfas del Pi<\/li>\n<\/ul>\n<p style=\"text-align: center;\">\"Todo se mueve y tiene alma propia\"<\/p>"},"excerpt":{"rendered":"","protected":false,"raw":""},"author":1,"featured_media":0,"parent":0,"menu_order":0,"comment_status":"closed","ping_status":"closed","template":"","meta":{"_nl_post_content":"<h5>Rondleiding expositie \u201cEnchanting Horses\u201d 23 november<\/h5>\nOp 23 november in La Casa de Cultura de l'Alf\u00e0s del Pi gaf Monique Neyzen een rondleiding op haar expositie \u201cEnchanting Horses\u201d.\n\nhttps:\/\/youtu.be\/mBf2hpetTUo\n\n<hr \/>\n\n<h5>Impressie van de opening van de expositie \"Enchanting horses\"<\/h5>\n<a href=\"http:\/\/love4art.nl\/wp-content\/uploads\/2024\/11\/opening-expo2024-1.jpg\"><img class=\"alignleft wp-image-1003 size-medium\" src=\"http:\/\/love4art.nl\/wp-content\/uploads\/2024\/11\/opening-expo2024-1-300x204.jpg\" alt=\"\" width=\"300\" height=\"204\" \/><\/a><a href=\"http:\/\/love4art.nl\/wp-content\/uploads\/2024\/11\/opening-expo2024-2.jpg\"><img class=\"alignleft wp-image-1004 size-medium\" src=\"http:\/\/love4art.nl\/wp-content\/uploads\/2024\/11\/opening-expo2024-2-229x300.jpg\" alt=\"\" width=\"229\" height=\"300\" \/><\/a><a href=\"http:\/\/love4art.nl\/wp-content\/uploads\/2024\/11\/opening-expo2024-4.jpg\"><img class=\"alignleft size-medium wp-image-1006\" src=\"http:\/\/love4art.nl\/wp-content\/uploads\/2024\/11\/opening-expo2024-4-300x226.jpg\" alt=\"\" width=\"300\" height=\"226\" \/><\/a><a href=\"http:\/\/love4art.nl\/wp-content\/uploads\/2024\/11\/opening-expo2024-5.jpg\"><img class=\"alignleft size-medium wp-image-1007\" src=\"http:\/\/love4art.nl\/wp-content\/uploads\/2024\/11\/opening-expo2024-5-300x223.jpg\" alt=\"\" width=\"300\" height=\"223\" \/><\/a>\n\n<hr \/>\n\nEen korte impressie van de opening van Monique Neyzen's expositie \"Enchanting Horses\" in Alfas del Pi door de Concejal de Cultura Manuel Casado en de Concejala de Residentes Internacionales, Martine Mertens. Door de verschrikkelijke overstromingen in Spanje was het natuurlijk soberder dan gebruikelijk.\n\nhttps:\/\/youtu.be\/67n9_ri-r-A\n\n<hr \/>\n\n<h5>Monique\u2019s expositie \"Enchanting horses\", opent op 31 oktober\u00a0in l'Alfas del Pi<\/h5>\n<a href=\"http:\/\/love4art.nl\/wp-content\/uploads\/2024\/10\/flyer241015.jpg\"><img class=\"aligncenter size-large wp-image-993\" src=\"http:\/\/love4art.nl\/wp-content\/uploads\/2024\/10\/flyer241015-669x1024.jpg\" alt=\"\" width=\"620\" height=\"949\" \/><\/a>\n\n<hr \/>\n\n<h5>Monique\u2019s next exhibition in l'Alfas del Pi: bronzes &amp; drawings of horses<\/h5>\n<a href=\"http:\/\/love4art.nl\/wp-content\/uploads\/2024\/07\/exhibition2024.jpg\"><img class=\"aligncenter size-full wp-image-987\" src=\"http:\/\/love4art.nl\/wp-content\/uploads\/2024\/07\/exhibition2024.jpg\" alt=\"\" width=\"632\" height=\"956\" \/><\/a>\n\n<hr \/>\n\n<h5>Rondleidingen expositie door artieste<\/h5>\nAltijd van te voren aanmelden! E-mail: monique@neyzen.nl\n\nAanvang tours expositie \u2018Beelden in steen, ijzer en brons\u2019 13 uur. De tour is gratis, alleen 5 euro entree voor onderhoud van de tuin. Op aanvraag zijn speciale tours voor groepen mogelijk.\n<ul>\n \t<li>4 januari 2024 Engels<\/li>\n \t<li>28 december \u201923 Nederlands<\/li>\n \t<li>21 december\u201923 Engels<\/li>\n \t<li>14 december \u201923 Spaans<\/li>\n \t<li>23 november\u201923 Nederlands<\/li>\n \t<li>16 november\u201923 Nederlands<\/li>\n \t<li>8 november \u201923 Duits<\/li>\n \t<li>21 oktober 2023 Sp\/Eng\/Nl<\/li>\n<\/ul>\n\n<hr \/>\n\n<h5>Nederlandstalige rondleiding door artieste op 28 december om 13:00 uur in Alfaz del Pi<\/h5>\n<strong>De expositie van 3 bevriende beeldhouwers Monique Neyzen (brons), Vicente P\u00e9rez (steen) en Alb\u00e8r te Brake (ijzer) heet \u2018Beelden in steen, ijzer en brons\u2019. Wij werken in verschillende stijlen en materialen. \u201c<em>Fascinerende combinatie<\/em>\u201d was de reactie bij de succesvolle opening van de expositie in openlucht museum Klein-Schreuder in L\u2018 Alfaz del Pi.<\/strong>\n\n<em>\u2019n Bezoeker: \u201dPrachtige setting en contrast tussen de 3 benaderingen van de 3 artiesten. De spanning in de beweging en balans van de bronzen figuren <\/em>[Monique].<em> Het zachte en verstilde van de stenen sculpturen <\/em>[Vicente]<em>. De dramatische implosie die het onverwachte uitdrukt <\/em>[Alb\u00e8r].\u201d\n\n<a href=\"http:\/\/love4art.nl\/wp-content\/uploads\/2023\/11\/NL-rondleiding-door-artieste-16-nov-om-1-uur-in-Alfaz-del-Pi.png\"><img class=\"aligncenter size-full wp-image-958\" src=\"http:\/\/love4art.nl\/wp-content\/uploads\/2023\/11\/NL-rondleiding-door-artieste-16-nov-om-1-uur-in-Alfaz-del-Pi.png\" alt=\"\" width=\"896\" height=\"410\" \/><\/a>\nDonderdag 28 december leid ik u rond, vertel ik meer over onze werkwijze, de kunstenaars en enkele beelden. Aanmelding vooraf via <span style=\"text-decoration: underline;\">monique@neyzen.nl<\/span> is noodzakelijk! Voorproefje?\u00a0De 20.000m2 grote tuin vraagt 5 euro entree voor onderhoud.\n\n<strong>Video impressie van de expositie<\/strong>\n\nhttps:\/\/youtu.be\/tRprkaPuaPc?si=sZMS9NxLO-uBGy9C\n\n<hr \/>\n\n<h5>Impressie opening van de expositie <em>Beelden in steen, ijzer en brons<\/em> in Alfaz del Pi 21-10-2023<\/h5>\nhttps:\/\/youtu.be\/nsCovf3SoJo?si=_fEHDdorN68MMvei\n\nA lovely sunny day in open air museum Klein-Schreuder in Alfaz del Pi. Culture alderman Manuel Casado opened our exhibition. Alb\u00e8r te Brake talked about his powerful iron pieces, Vicente P\u00e9rez about his soft fluid stones and I about my bronzes in motion. I explained why I invited 2 artist friends to exhibit together. About 100 people visited the sculpture garden that day, we enjoyed drinks and tapas while a the clarinet trio of Marcus Ivorra Schuler played.\nMore info about guided tours etc. on this page\n\n<hr \/>\n\n<h5>Beelden in steen, ijzer en brons<\/h5>\nIk exposeer met 2 bevriende kunstenaars Vicente P\u00e9rez en Alb\u00e8r te Brake.\n\nDrie kunstenaars die werken in verschillende stijlen en materialen. Deze diverse expositie is te bezoeken van 21 oktober \u201923 tot en met 6 januari \u201924 in de Beeldentuin Klein-Schreuder in Alfaz del Pi.\n\n<strong><a href=\"http:\/\/love4art.nl\/wp-content\/uploads\/2023\/10\/marmeren-beeld-van-Vicente-Perez.jpg\"><img class=\"alignright size-medium wp-image-916\" src=\"http:\/\/love4art.nl\/wp-content\/uploads\/2023\/10\/marmeren-beeld-van-Vicente-Perez-221x300.jpg\" alt=\"\" width=\"221\" height=\"300\" \/><\/a>Vicente P\u00e9rez<\/strong> (SP) uit Monforte del Cid exposeert een nieuwe serie <strong>albasten beelden<\/strong> op marmeren voetstukken. Zijn sculpturen tonen reflecties van plantstructuren en interpretaties van de menselijke vorm. De symbolische waarde gaat verder dan de letterlijke betekenis. Zijn werk is gevormd door ervaringen die voortkomen uit een gemeenschappelijke bron zoals de natuur. De organische vorm van \u2018<em>Ornis<\/em>\u2019 (zie foto, 30 cm hoog donker albast) is typerend voor zijn werk.\n\n<strong><a href=\"http:\/\/love4art.nl\/wp-content\/uploads\/2023\/10\/Going-Round-in-circles-ijzeren-beeld-van-Alber-te-Brake.-Drie-in-elkaar-grijpende-cirkels-draaien-op-een-as-een-in-rood-marmeren-voetstuk.jpeg\"><img class=\"size-medium wp-image-914 alignleft\" src=\"http:\/\/love4art.nl\/wp-content\/uploads\/2023\/10\/Going-Round-in-circles-ijzeren-beeld-van-Alber-te-Brake.-Drie-in-elkaar-grijpende-cirkels-draaien-op-een-as-een-in-rood-marmeren-voetstuk-154x300.jpeg\" alt=\"\" width=\"154\" height=\"300\" \/><\/a>Alb\u00e8r te Brake<\/strong> (NL) uit A\u00efgues maakt indrukwekkende <strong>ijzeren sculpturen<\/strong> met een helder lijnenspel. Vroeger werkte hij veel met brons en glas. Maar metaal heeft hem altijd ge\u00efnspireerd, daarop ligt zijn focus sinds hij in Spanje woont. Zijn grote beelden zijn geschikt voor buiten, zoals \u2018<em>Going round in circles<\/em>\u2019 (91 cm hoog) drie in elkaar grijpende cirkels draaien om een as op een voetstuk van \u2018Rojo de Alicante\u2019 marmer.\n\n<strong><a href=\"http:\/\/love4art.nl\/wp-content\/uploads\/2023\/10\/Icarus-bronzen-beeld-van-Monique-Neyzen-lijkt-van-het-ijzeren-voetstuk-af-te-springen.jpeg\"><img class=\"alignright size-medium wp-image-915\" src=\"http:\/\/love4art.nl\/wp-content\/uploads\/2023\/10\/Icarus-bronzen-beeld-van-Monique-Neyzen-lijkt-van-het-ijzeren-voetstuk-af-te-springen-225x300.jpeg\" alt=\"\" width=\"225\" height=\"300\" \/><\/a>Monique Neyzen<\/strong> (NL) uit Finestrat maakt kleine, dynamische <strong>bronzen beelden<\/strong> van dansers en paarden, figuratief of wat geabstraheerd. Speciaal ontworpen ijzeren standaarden versterken de beweging en vormen een integraal onderdeel van haar werk. De beelden lijken van hun sokkel af te springen, zoals bij \u2018Jump\u2019 (brons 28 cm, 1.95 hoog inclusief de ijzeren standaard).\n\nDe kunstenaar zal geregeld<strong> rondleidingen<\/strong> in verschillende talen verzorgen, mail naar info@neyzen.nl bij interesse. Of kijk op haar website <a href=\"http:\/\/love4art.nl\/nieuws\"><u>www.love4art.nl\/blog\/nieuws<\/u><\/a> of Facebook <a href=\"https:\/\/www.facebook.com\/friendsmonique\/\">@FriendsMonique<\/a>.\n\n<strong>Opening expositie<\/strong>: op 21 oktober om 11 uur opent Manuel Casado Ponche, concejala de cultura van de gemeente Alfaz del Pi de expositie. De opening wordt opgeluisterd door het klarinettrio van <a href=\"https:\/\/clarinetmarcosivorra.blogspot.com\/p\/me-begans-his-musical-studies-at-altea.html\">Marcos Ivorra Schuler<\/a> met zijn vrouw Catharina en hun zoon. Daarna zullen de kunstenaars hun werk toelichten en is er een drankje.\n\nDe prachtige <strong>beeldentuin Fundaci\u00f3n Klein-Schreuder <\/strong>op\u00a0 Cami del Pinar 23 in Alfaz del Pi is 20.000 m2 groot met 2.500 planten en een vaste beelden collectie. De tuin is zondags open van 10 tot 14 uur of bel Johanna op 966860230 voor een afspraak.<strong> Entree<\/strong> <strong>kost 5 euro<\/strong> voor onderhoud van de tuin, een onbeperkt\u00a0 jaarabonnement is 18 euro. De <strong>expositie loopt t\/m 6 januari \u201924<\/strong>. Meer info:\u00a0<a href=\"http:\/\/www.klein-schreuder.com\">www.klein-schreuder.com<\/a>\n\n<hr \/>\n\n<h5>All the best for the New Year!<\/h5>\nDear art lovers,\nWish you all happiness, peace, health and time to enjoy life and art!\n\nIn 2022 I look back at the sad, sudden loss of a very dear friend and at a lovely succesfull exhibition.\n\nCasa museu La Barbera in Villajoyosa is a great exhibition space. The former stables of the 17th century mansion of the Aragones family really suited my bronze sculptures and drawings of dancers. '<a href=\"https:\/\/www.youtube.com\/watch?v=tRkX4X3We1E&amp;t=3s\" rel=\"noopener\">Baila en la Barbera<\/a>' attracted hundreds of visitors and I loved doing tours in different languages. Then I can explain how I work and what inspires me, and get a chance to talk with visitors. So inspirering to meet art lovers and other artists. Often got lovely reactions on my art, and sold many statues and drawings. This means making new molds and casts and delivering everything after the exhibition.\n\nI decided to do just one exhibition a year.\nBecause I also need time to work on special commissions and I want to make new work of course. And together with my sculpting friend Alb\u00e8rt we want to do the bronze casting ourselves, which is rather complex process.\n\nI'll keep you informed on this site.\nAll the best for the New Year!\n\n<a href=\"http:\/\/love4art.nl\/wp-content\/uploads\/2022\/12\/ny-wens-2023.jpeg\"><img class=\"aligncenter size-large wp-image-907\" src=\"http:\/\/love4art.nl\/wp-content\/uploads\/2022\/12\/ny-wens-2023-1024x1024.jpeg\" alt=\"\" width=\"620\" height=\"620\" \/><\/a>\n\n<hr \/>\n\n<h5>Laatste 2 weken tentoonstelling Baila en la Barbera<\/h5>\n<a href=\"http:\/\/love4art.nl\/wp-content\/uploads\/2022\/02\/flyer.png\"><img class=\"aligncenter size-large wp-image-904\" src=\"http:\/\/love4art.nl\/wp-content\/uploads\/2022\/02\/flyer-839x1024.png\" alt=\"\" width=\"620\" height=\"757\" \/><\/a>\n\n<hr \/>\n\n<h5>Onder de bezoekers van vandaag waren drie wethouders van de naburige stad Alfas del Pi<\/h5>\n<a href=\"http:\/\/love4art.nl\/wp-content\/uploads\/2022\/01\/aldermen-of-alfas-del-pi.jpg\"><img class=\"alignleft size-medium wp-image-899\" src=\"http:\/\/love4art.nl\/wp-content\/uploads\/2022\/01\/aldermen-of-alfas-del-pi-300x263.jpg\" alt=\"\" width=\"300\" height=\"263\" \/><\/a><a href=\"http:\/\/love4art.nl\/wp-content\/uploads\/2022\/01\/comments-aldermen-of-alfas-del-pi.jpg\"><img class=\"alignright size-medium wp-image-898\" src=\"http:\/\/love4art.nl\/wp-content\/uploads\/2022\/01\/comments-aldermen-of-alfas-del-pi-300x217.jpg\" alt=\"\" width=\"300\" height=\"217\" \/><\/a>\n\nBedankt voor je komst naar mijn tentoonstelling en de mooie reacties!\n\nKijk er naar uit om nog een tentoonstelling in Alfas te doen.\n\n<hr \/>\n\n<h5>Impressie opening van de expositie <em>Baila en la Barbera<\/em> in Villajoyosa 13-1-2022<\/h5>\nhttps:\/\/youtu.be\/0XiyGcGO0UQ\n\n<hr \/>\n\n<h5>Overzicht van de expositie <em>Baila en la Barbera<\/em> in Villajoyosa<\/h5>\nhttps:\/\/youtu.be\/tRkX4X3We1E\n\n<hr \/>\n\n<h5>Opening expositie Baila en la Barbera<\/h5>\n<a href=\"http:\/\/love4art.nl\/wp-content\/uploads\/2022\/01\/barbera2.png\"><img class=\"alignleft size-medium wp-image-853\" src=\"http:\/\/love4art.nl\/wp-content\/uploads\/2022\/01\/barbera2-225x300.png\" alt=\"\" width=\"225\" height=\"300\" \/><\/a>Op 13 januari 2022 start mijn expositie \"Baila en La Barbera\" in \"Espai d'Art Contemporani de la Barbera dels Aragon\u00e9s\" in Villajoyosa. De opening is om 13:00u en wordt opgeluisterd met gitaar muziek van <a href=\"http:\/\/www.cristinarico.art\/about-me\/\">Cristina Rico<\/a>.\n\n2 tips als je 13 januari om 13.00 naar de opening ' Baila en la Barbera' komt.\n\n1. Laat het me weten via info@neyzen.nl zodat ik in verband met Covid zicht houd op het aantal bezoekers.\n\n2. In Villajoyosa is het donderdag marktdag. Je kunt dan niet gatis parkeren op het marktterrein. Makkelijkste is de parking Creueta vlakbij Mercidillo central 5\" lopen van La Barbera. De entree van de expositieruimte zit tussen het museo casa La Barbera en het cafe.\n\n<a href=\"http:\/\/love4art.nl\/wp-content\/uploads\/2022\/01\/barbera1.png\"><img class=\"size-medium wp-image-852 aligncenter\" src=\"http:\/\/love4art.nl\/wp-content\/uploads\/2022\/01\/barbera1-225x300.png\" alt=\"\" width=\"225\" height=\"300\" \/><\/a> <a href=\"http:\/\/love4art.nl\/wp-content\/uploads\/2022\/01\/barbera3.png\"><img class=\"size-medium wp-image-850 aligncenter\" src=\"http:\/\/love4art.nl\/wp-content\/uploads\/2022\/01\/barbera3-300x225.png\" alt=\"\" width=\"300\" height=\"225\" \/><\/a>\n\nHet adres van het museum is C. Huit de Maig, 16, 03570 La Vila Joiosa. De parkeerplaats Creueta is op Av. Joan Carles I, 25, 03570 La Vila Joiosa.\n\n<a href=\"http:\/\/love4art.nl\/wp-content\/uploads\/2022\/01\/map.png\"><img class=\"size-medium wp-image-851 aligncenter\" src=\"http:\/\/love4art.nl\/wp-content\/uploads\/2022\/01\/map-300x244.png\" alt=\"\" width=\"300\" height=\"244\" \/><\/a>\n\n<hr \/>\n\n<h5>Artikel in Cornelis magazine van van Lanschot<\/h5>\nIn <a href=\"https:\/\/www.vanlanschot.nl\/inspiratie\/cornelis-magazine\/2021\/editie-2\/koploper-monique\">Cornelis<\/a> magazine (nr 2 2021) van van Lanschot staat een interview met Monique.\n\n<a href=\"http:\/\/love4art.nl\/wp-content\/uploads\/2021\/12\/koploper-van-Lanschot-Cornelis-nr-2-2021-1.png\"><img class=\"alignleft size-medium wp-image-837\" src=\"http:\/\/love4art.nl\/wp-content\/uploads\/2021\/12\/koploper-van-Lanschot-Cornelis-nr-2-2021-1-232x300.png\" alt=\"\" width=\"232\" height=\"300\" \/><\/a> <a href=\"http:\/\/love4art.nl\/wp-content\/uploads\/2021\/12\/koploper-van-Lanschot-Cornelis-nr-2-2021-2.png\"><img class=\"alignleft size-medium wp-image-834\" src=\"http:\/\/love4art.nl\/wp-content\/uploads\/2021\/12\/koploper-van-Lanschot-Cornelis-nr-2-2021-2-232x300.png\" alt=\"\" width=\"232\" height=\"300\" \/><\/a> <a href=\"http:\/\/love4art.nl\/wp-content\/uploads\/2021\/12\/koploper-van-Lanschot-Cornelis-nr-2-2021-3.png\"><img class=\"alignleft size-medium wp-image-835\" src=\"http:\/\/love4art.nl\/wp-content\/uploads\/2021\/12\/koploper-van-Lanschot-Cornelis-nr-2-2021-3-232x300.png\" alt=\"\" width=\"232\" height=\"300\" \/><\/a> <a href=\"http:\/\/love4art.nl\/wp-content\/uploads\/2021\/12\/koploper-van-Lanschot-Cornelis-nr-2-2021-4.png\"><img class=\"alignleft size-medium wp-image-836\" src=\"http:\/\/love4art.nl\/wp-content\/uploads\/2021\/12\/koploper-van-Lanschot-Cornelis-nr-2-2021-4-232x300.png\" alt=\"\" width=\"232\" height=\"300\" \/><\/a>\n\nDe mooie foto's zijn van Jan Willem Scholten (<a href=\"https:\/\/www.jwsphoto.com\/\">JWS photo<\/a>)\n\n<hr \/>\n\n<h5>Eindelijk!<\/h5>\n13 januari 2022 start mijn volgende expositie \"Dansen in La Barbera\". Er zullen bronzen dans beelden worden tentoongesteld in \"Espai d'Art Contemporani de la Barbera dels Aragon\u00e9s\" in Villajoyosa, het museum in de voormalige villa van Villajoyosa's belangrijkste familie.\n\n<a href=\"http:\/\/love4art.nl\/wp-content\/uploads\/2021\/12\/cartel-La-Barbera-Vilajoyosa-expo-Monique-Neyzen-20211227-logos.png\"><img class=\"alignleft size-medium wp-image-847\" src=\"http:\/\/love4art.nl\/wp-content\/uploads\/2021\/12\/cartel-La-Barbera-Vilajoyosa-expo-Monique-Neyzen-20211227-logos-216x300.png\" alt=\"\" width=\"216\" height=\"300\" \/><\/a><a href=\"http:\/\/love4art.nl\/wp-content\/uploads\/2021\/11\/Grand-Jeter.jpg\"><img class=\"alignleft size-medium wp-image-802\" src=\"http:\/\/love4art.nl\/wp-content\/uploads\/2021\/11\/Grand-Jeter-300x223.jpg\" alt=\"\" width=\"300\" height=\"223\" \/><\/a><a href=\"http:\/\/love4art.nl\/wp-content\/uploads\/2021\/11\/Museo-Espai-dArt-Contemporani-de-la-Barbera-dels-Aragon\u00e9s.jpg\"><img class=\"alignleft size-medium wp-image-801\" src=\"http:\/\/love4art.nl\/wp-content\/uploads\/2021\/11\/Museo-Espai-dArt-Contemporani-de-la-Barbera-dels-Aragon\u00e9s-300x201.jpg\" alt=\"\" width=\"300\" height=\"201\" \/><\/a><a href=\"http:\/\/love4art.nl\/wp-content\/uploads\/2021\/11\/Map-Museo-Espai-dArt-Contemporani-de-la-Barbera.png\"><img class=\"alignleft size-medium wp-image-803\" src=\"http:\/\/love4art.nl\/wp-content\/uploads\/2021\/11\/Map-Museo-Espai-dArt-Contemporani-de-la-Barbera-300x281.png\" alt=\"\" width=\"300\" height=\"281\" \/><\/a>\n\n<hr \/>\n\n<h5>Gelukkig nieuwjaar!<\/h5>\n<p style=\"text-align: center;\"><a href=\"http:\/\/love4art.nl\/wp-content\/uploads\/2021\/01\/newyear2021.jpg\"><img class=\"size-medium wp-image-795 aligncenter\" src=\"http:\/\/love4art.nl\/wp-content\/uploads\/2021\/01\/newyear2021-300x225.jpg\" alt=\"\" width=\"300\" height=\"225\" \/><\/a><\/p>\n\n\n<hr \/>\n\n<h5>Last day of the exhibition 'Jan y sus amigos'<\/h5>\nJan 5th 2020 is the last day of the exhibition 'Jan y sus amigos: entre es-culturas'. Jan Keysers big marble 'Toro Viejo' is always one of the favorite sculptures. Some visitors of last week's guided tour next to their personal favorites, and a steel sculpture of Alber and above my bronze doggie.\n\n<a href=\"http:\/\/love4art.nl\/wp-content\/uploads\/2020\/01\/jan-keijsers-toro-viejo.jpg\"><img class=\"alignleft size-medium wp-image-786\" src=\"http:\/\/love4art.nl\/wp-content\/uploads\/2020\/01\/jan-keijsers-toro-viejo-173x300.jpg\" alt=\"\" width=\"173\" height=\"300\" \/><\/a><a href=\"http:\/\/love4art.nl\/wp-content\/uploads\/2020\/01\/monique-neyzen-dog.jpg\"><img class=\"alignleft size-medium wp-image-784\" src=\"http:\/\/love4art.nl\/wp-content\/uploads\/2020\/01\/monique-neyzen-dog-300x225.jpg\" alt=\"\" width=\"300\" height=\"225\" \/><\/a><a href=\"http:\/\/love4art.nl\/wp-content\/uploads\/2020\/01\/alber-te-brake.jpg\"><img class=\"alignleft size-medium wp-image-785\" src=\"http:\/\/love4art.nl\/wp-content\/uploads\/2020\/01\/alber-te-brake-300x225.jpg\" alt=\"\" width=\"300\" height=\"225\" \/><\/a>\n\nToday is a guided tour at 12 am, both locations are open till late. Tomorrow Jan 6th you can still visit El Corazon from 11 am but Tentaciones is as always closed on Monday.\n\n<hr \/>\n\n<h5>Gelukkig nieuwjaar!<\/h5>\n<p style=\"text-align: center;\"><a href=\"http:\/\/love4art.nl\/wp-content\/uploads\/2020\/01\/20191231_133352.jpg\"><img class=\"size-medium wp-image-781 aligncenter\" src=\"http:\/\/love4art.nl\/wp-content\/uploads\/2020\/01\/20191231_133352-207x300.jpg\" alt=\"\" width=\"207\" height=\"300\" \/><\/a><\/p>\n\n\n<hr \/>\n\n<h5>Gezellige Kerst<\/h5>\n<a href=\"http:\/\/love4art.nl\/wp-content\/uploads\/2019\/12\/christmas-wishes-2019.jpg\"><img class=\"size-medium wp-image-777 aligncenter\" src=\"http:\/\/love4art.nl\/wp-content\/uploads\/2019\/12\/christmas-wishes-2019-225x300.jpg\" alt=\"\" width=\"225\" height=\"300\" \/><\/a>\n\n<hr \/>\n\n<h5>Extra rondleidingen Expositie <em>Jan y sus amigos: Entre Es-culturas<\/em> in Aig\u00fces<\/h5>\nWegens het grote succes van de rondleidingen worden er 2 extra rondleidingen georganiseerd op:\n<ul>\n \t<li>op zondag 22 dec om 12 uur \u2013 start bij rest. El Corazon (in het Engels)<\/li>\n \t<li>op zondag 29 dec om 12 uur \u2013 start bij rest. Tentaciones. (in het Nederlands)<\/li>\n<\/ul>\nDe rondleidingen zijn gratis, aanmelden via <a href=\"mailto:monique@neyzen.nl\">monique@neyzen.nl<\/a>\n<a href=\"http:\/\/love4art.nl\/wp-content\/uploads\/2019\/12\/viw-costablanca-20191216.jpg\"><img class=\"size-medium wp-image-769 aligncenter\" src=\"http:\/\/love4art.nl\/wp-content\/uploads\/2019\/12\/viw-costablanca-20191216-190x300.jpg\" alt=\"\" width=\"190\" height=\"300\" \/><\/a>\n\n<hr \/>\n\n<h5>Impressie opening Expositie <em>Jan y sus amigos: Entre Es-culturas<\/em> in Aig\u00fces<\/h5>\nhttps:\/\/youtu.be\/0Lky4jOXvzA\n\nMet dank aan Dani\u00eblle van Leeuwen,\u00a0<a href=\"https:\/\/www.sunandgrapes.com\/post\/expostie-jan-en-zijn-beeldhouw-vrienden\"><strong>Sun and Grapes<\/strong><\/a>\n\n<hr \/>\n\n<h5>Expositie <em>Jan y sus amigos: Entre Es-culturas<\/em> in Aig\u00fces<\/h5>\n<a href=\"http:\/\/love4art.nl\/wp-content\/uploads\/2019\/12\/poster-expo.jpg\"><img class=\"alignleft size-medium wp-image-740\" src=\"http:\/\/love4art.nl\/wp-content\/uploads\/2019\/12\/poster-expo-212x300.jpg\" alt=\"\" width=\"212\" height=\"300\" \/><\/a>Hommage aan de beeldhouwer Jan Keijsers. Expositie van 6 december 2019 tot 6 januari 2020 van zijn marmeren beelden en werken van 10 vrienden in verschillende stijlen en materialen: staal, hout, keramiek, mixed media, marmer, speksteen en brons (mijn beelden).\n\n<strong>Jan &amp; zijn beeldhouw vrienden<\/strong>\nDe Nederlandse beeldhouwer Jan Keijsers (1953 -2019) had een passie voor marmer. \u201cAls het je pakt, laat het je niet meer los\u201d. Deze expositie in Aig\u00fces is een hommage aan Jan. Naast zijn sculpturen is ook werk van tien bevriende kunstenaars te zien. Dit resulteert in een interessante expositie met beelden in allerlei stijlen en materialen: marmer, hout, keramiek, brons, gemengde technieken, speksteen en staal\n\n<strong>Gefascineerd door marmer<\/strong>\nHij werkte vooral in lokaal marmer als rojo de Alicante en crema marfil. \u201cIk ga een persoonlijk werkproces met het marmer aan\u201d. In workshops leerde hij anderen hoe je marmer het beste kan bewerken. En Jan organiseerde excursies naar een marmergroeve.\n\n<strong>10 vrienden variatie stijlen en materialen<\/strong>\nJan genoot van het leven en had veel vrienden, ook onder kunstenaars. De beelden van deze tien\u00a0goede vrienden verschillen sterk in stijl en materiaal.\n<ol>\n \t<li>Alb\u00e8r te Brake: staal<\/li>\n \t<li>Cockie Donkers: steen<\/li>\n \t<li>Dorine den Boer: keramiek<\/li>\n \t<li>Joan Erbueko: mixed media<\/li>\n \t<li>Lee Wolters: speksteen<\/li>\n \t<li>Margu\u00e9rite Lameriks: marmer<\/li>\n \t<li>Monique Neyzen: brons<\/li>\n \t<li>Lambertus Puck: keramiek<\/li>\n \t<li>Reiner Izquierdo: hout<\/li>\n \t<li>Wim van Nuenen: keramiek.<\/li>\n<\/ol>\n<strong>Waar &amp; wanneer in Aig\u00fces<\/strong> (<a href=\"https:\/\/goo.gl\/maps\/CDhBdq15BCPiFnxq7\">zie kaart<\/a>):\n\nVan 6 december \u201819 tot en met 6 januari \u201820:\n<ul>\n \t<li>Restaurant Tentaciones expositie achtertuin Pla\u00e7a de L\u2019Esglesia 23, 03569 Aig\u00fces van 12 uur tot laat, maandags gesloten<\/li>\n \t<li>Restaurant El Coraz\u00f3n expositie binnen Calle Mayor, 03569 Aig\u00fces van 11 uur tot laat, woensdags gesloten.<\/li>\n<\/ul>\n<strong>Opening 6 december \u201819<\/strong>\nOp 6 december om 12 uur Pla\u00e7a de L\u2019Esglesia\n<ul>\n \t<li>Toelichting: Juan Ribes, ceramist en oud-burgemeester Aig\u00fces<\/li>\n \t<li>Openingshandeling: Juan David Santiago, wethouder van cultuur Aig\u00fces<\/li>\n \t<li>Gitaarmuziek, hapje en drankje.<\/li>\n<\/ul>\n<strong>Guided tour &amp; more information<\/strong>\n<ul>\n \t<li>Zondags 12 uur is er een kunstenaar aanwezig<\/li>\n \t<li>Meer weten over de expositie of aanvragen rondleidingen in Spaans, Engels of Nederlands? e-mail Monique via info@neyzen.nl<\/li>\n \t<li>Over Jan &amp; zijn beelden: <a href=\"https:\/\/keijsers.exto.nl\/\/#.XeOSIej0mHs\">www.keijsers.exto.nl<\/a> and FB <a href=\"https:\/\/www.facebook.com\/jan.keijsers\">www.facebook.com\/jan.keijsers<\/a><\/li>\n<\/ul>\n<a href=\"http:\/\/love4art.nl\/wp-content\/uploads\/2019\/12\/folleto-es.jpg\"><img class=\"alignleft size-medium wp-image-738\" src=\"http:\/\/love4art.nl\/wp-content\/uploads\/2019\/12\/folleto-es-212x300.jpg\" alt=\"\" width=\"212\" height=\"300\" \/><\/a><a href=\"http:\/\/love4art.nl\/wp-content\/uploads\/2019\/12\/folleto-nl.jpg\"><img class=\"alignright size-medium wp-image-739\" src=\"http:\/\/love4art.nl\/wp-content\/uploads\/2019\/12\/folleto-nl-211x300.jpg\" alt=\"\" width=\"211\" height=\"300\" \/><\/a>\n\n<hr \/>\n\n<h5>Expositie <em>Twintig Jaar Beeldentuin<\/em> Klein-Schreuder in l'Alfas del Pi<\/h5>\n<a href=\"http:\/\/love4art.nl\/wp-content\/uploads\/2019\/06\/horse-Spirit-by-Monique-Neyzen.jpg\"><img class=\"alignleft size-medium wp-image-729\" src=\"http:\/\/love4art.nl\/wp-content\/uploads\/2019\/06\/horse-Spirit-by-Monique-Neyzen-300x225.jpg\" alt=\"\" width=\"300\" height=\"225\" \/><\/a>Laatste rondleidingen: kom op zaterdag 29 juni 12:00 (Engels) of 11:00 (Nederlands).\n\nWe lopen langs de 20 sculpturen (verschillend in stijl en materialen) van de tentoonstelling en een deel van de permanente collectie.\n\nBreng gewoon je zonnebril of hoed mee, iets te drinken en geniet!\n\n<hr \/>\n\n<h5>Impressie opening expositie <em>Twintig Jaar Beeldentuin<\/em> Klein-Schreuder in l'Alfas del Pi 7 april 2019<\/h5>\nhttps:\/\/youtu.be\/Lvt9_KTUseI\n\n<hr \/>\n\n<h5>Expositie <em>Twintig Jaar Beeldentuin<\/em> Klein-Schreuder in l'Alfas del Pi<\/h5>\n<a href=\"http:\/\/love4art.nl\/wp-content\/uploads\/2019\/03\/poster-20-jaar-beeldentuin-klein-schreuder.jpg\"><img class=\"alignleft size-medium wp-image-692\" src=\"http:\/\/love4art.nl\/wp-content\/uploads\/2019\/03\/poster-20-jaar-beeldentuin-klein-schreuder-218x300.jpg\" alt=\"\" width=\"218\" height=\"300\" \/><\/a>Een groepstentoonstelling voornamelijk door kunstenaars die vroeger solo in de beeldentuin hebben ge\u00ebxposeerd: Alejandro Cremades, Hanna Gerlind Glauner, Antonio Imbern\u00f3n, Jan Keijsers, Antonio Mar\u00ed, Salvador Molla, Monique Neyzen, Vicente P\u00e9rez Gonz\u00e1lvez, Georgi Pouleriani en Quico Torres. Voor de agenda: de feestelijke opening met introducties door de deelnemende kunstenaars en met muziek, spijs en wijn is op\u00a0<strong>zondag 7 april<\/strong>\u00a0om 11.00 u, iedereen is welkom. De entree is \u20ac 5 pp.\n\n<a href=\"http:\/\/love4art.nl\/wp-content\/uploads\/2019\/03\/hangin-on-3.jpg\"><img class=\"alignleft size-medium wp-image-686\" src=\"http:\/\/love4art.nl\/wp-content\/uploads\/2019\/03\/hangin-on-3-225x300.jpg\" alt=\"\" width=\"225\" height=\"300\" \/><\/a><a href=\"http:\/\/love4art.nl\/wp-content\/uploads\/2019\/03\/Spirit-2.jpg\"><img class=\"alignright size-medium wp-image-693\" src=\"http:\/\/love4art.nl\/wp-content\/uploads\/2019\/03\/Spirit-2-210x300.jpg\" alt=\"\" width=\"210\" height=\"300\" \/><\/a>\n\nHangin' On\nhttps:\/\/youtu.be\/uaJRmUWd53g\n\nSpirit\nhttps:\/\/youtu.be\/Ni4R67Ps3Uo\n\n<hr \/>\n\n<h5>Laatste dagen van expositie \"Esp\u00edritu de la Danza\" in l'Alfas del Pi<\/h5>\n<a href=\"http:\/\/love4art.nl\/wp-content\/uploads\/2019\/03\/last-days-word-flyer-Espanol-English-Alfas-del-Pi-expo-Monique-Neyzen-10032019.jpg\"><img class=\"size-medium wp-image-680 aligncenter\" src=\"http:\/\/love4art.nl\/wp-content\/uploads\/2019\/03\/last-days-word-flyer-Espanol-English-Alfas-del-Pi-expo-Monique-Neyzen-10032019-213x300.jpg\" alt=\"\" width=\"213\" height=\"300\" \/><\/a>\n\n<hr \/>\n\n<h5>Impressie van de opening op 23 februari van \"Esp\u00edritu de la Danza\" in l'Alfas del Pi<\/h5>\nhttps:\/\/www.youtube.com\/watch?v=ll4bzMmA1n0\n\nAaron Colston, van de dansschool van Hazel Hines, gaf een kort en mooi optreden.\n\nhttps:\/\/www.youtube.com\/watch?v=-rA3hp9gGbs\n\n<hr \/>\n\n<h5>Nieuwe expositie met dans thema aan het voorbereiden met bronzen beeldjes en tekeningen.<\/h5>\n<a href=\"http:\/\/love4art.nl\/wp-content\/uploads\/2019\/02\/cartel-Alfas-del-Pi.jpg\"><img class=\"size-medium wp-image-663 alignleft\" src=\"http:\/\/love4art.nl\/wp-content\/uploads\/2019\/02\/cartel-Alfas-del-Pi-213x300.jpg\" alt=\"\" width=\"213\" height=\"300\" \/><\/a>\n\n<a href=\"http:\/\/love4art.nl\/wp-content\/uploads\/2019\/02\/flyer-Espanol-English-Alfas-del-Pi-expo-Monique-Neyzen-130219.jpg\"><img class=\"alignright size-medium wp-image-667\" src=\"http:\/\/love4art.nl\/wp-content\/uploads\/2019\/02\/flyer-Espanol-English-Alfas-del-Pi-expo-Monique-Neyzen-130219-213x300.jpg\" alt=\"\" width=\"213\" height=\"300\" \/><\/a>\n\n<a href=\"http:\/\/love4art.nl\/wp-content\/uploads\/2019\/01\/alfas-del-pi-casa-de-cultura.jpg\"><img class=\"size-medium wp-image-655 alignleft\" src=\"http:\/\/love4art.nl\/wp-content\/uploads\/2019\/01\/alfas-del-pi-casa-de-cultura-300x200.jpg\" alt=\"\" width=\"300\" height=\"200\" \/><\/a> <a href=\"http:\/\/love4art.nl\/wp-content\/uploads\/2019\/01\/map-alfas-del-pi-casa-de-cultura.jpg\"><img class=\"size-medium wp-image-654 alignright\" src=\"http:\/\/love4art.nl\/wp-content\/uploads\/2019\/01\/map-alfas-del-pi-casa-de-cultura-300x223.jpg\" alt=\"\" width=\"300\" height=\"223\" \/><\/a>\n\nOp 23 februari is de opening in het mooie <a href=\"https:\/\/www.facebook.com\/pages\/Casa-de-cultura-Alfaz\/107601399317811\">Casa de Cultura<\/a> in <a href=\"https:\/\/goo.gl\/maps\/9V2eJTs95K52\">Alfas del Pi<\/a>\n\n<hr \/>\n\n<h5>Expositie PASSIE! verlengd<\/h5>\nVanwege de belangstelling blijft de tentoonstelling van Monique Neyzen met bronzen beeldjes van paarden en tekeningen naar naaktmodel tot en met 11 januari 2019 open. U kunt de expositie in de Kerstweek op 26, 27, 28 december bezoeken en in 2019 vanaf 2 januari.\n\n<a href=\"http:\/\/love4art.nl\/wp-content\/uploads\/2018\/12\/Full-speed-bronze-Monique-Neyzen-frontview-.jpg\"><img class=\"size-medium wp-image-645 alignleft\" src=\"http:\/\/love4art.nl\/wp-content\/uploads\/2018\/12\/Full-speed-bronze-Monique-Neyzen-frontview--225x300.jpg\" alt=\"\" width=\"225\" height=\"300\" \/><\/a> <a href=\"http:\/\/love4art.nl\/wp-content\/uploads\/2018\/12\/Nude-drawing-back-lady-in-pastel-Monique-Neyzen-.jpg\"><img class=\"size-medium wp-image-644 alignright\" src=\"http:\/\/love4art.nl\/wp-content\/uploads\/2018\/12\/Nude-drawing-back-lady-in-pastel-Monique-Neyzen--225x300.jpg\" alt=\"\" width=\"225\" height=\"300\" \/><\/a><a href=\"http:\/\/love4art.nl\/wp-content\/uploads\/2018\/12\/Spirit-bronze-Monique-Neyzen.jpg\"><img class=\"size-medium wp-image-643 alignleft\" src=\"http:\/\/love4art.nl\/wp-content\/uploads\/2018\/12\/Spirit-bronze-Monique-Neyzen-225x300.jpg\" alt=\"\" width=\"225\" height=\"300\" \/><\/a><a href=\"http:\/\/love4art.nl\/wp-content\/uploads\/2018\/12\/Stroke-me-softly-bronze-Monique-Neyzen.jpeg\"><img class=\"size-medium wp-image-642 alignright\" src=\"http:\/\/love4art.nl\/wp-content\/uploads\/2018\/12\/Stroke-me-softly-bronze-Monique-Neyzen-225x300.jpeg\" alt=\"\" width=\"225\" height=\"300\" \/><\/a>\n\nPlaats: sala d'exposicions de la biblioteca \"Els nostres mestres\", carrer Sant Josep 10-12, Finestrat (historische centrum). Open: maandag - vrijdag 9.30 - 13.30 &amp; 17.00 - 20.00. De kunstenaar is vrijdags om 11 uur aanwezig. Rondleidingen in Nl, Eng, Fr, Duits, Sp op verzoek mogelijk (stuur een mail naar Monique@Neyzen.nl).\n\n<hr \/>\n\n<h5>In <a href=\"https:\/\/costablancavoorjou.com\/\">CostaBlancavoorjou<\/a><\/h5>\n<a href=\"http:\/\/love4art.nl\/wp-content\/uploads\/2016\/02\/paard0601.jpg\"><img class=\"size-medium wp-image-63 alignleft\" src=\"http:\/\/love4art.nl\/wp-content\/uploads\/2016\/02\/paard0601-225x300.jpg\" alt=\"\" width=\"225\" height=\"300\" \/><\/a>NL rondleiding 14 december 11 uur\n\nLocatie Sala d\u2019 exposicions de la biblioteca \u201cEls nostres mestres\u201d Carrer Sant Josep 10 - 12, Finestrat historische centrum\nsvp. even per mail aanmelden bij monique@neyzen.nl (of bel 0031 6 1809 5287)\nTip: parkeer gratis in de parkeergarage onder het centrum op niveau -1.\nTip: er is een leuke goed gemarkeerde rondwandeling door het oude dorp, dan kom je ook langs de expositieruimte.\nDe PASSIE ! expositie is open tot en met 20 december 2018 van maandag t\/m vrijdag 9.30 - 13.30 &amp; 17.00 - 20.00 uur\nBlijf makkelijk op de hoogte, word vriend op <a href=\"https:\/\/facebook.com\/FriendsMonique\">Facebook<\/a>\n\n<hr \/>\n\n<h5>In <a href=\"https:\/\/www.costanachrichten.com\/category\/costa-blanca-nachrichten\/aktuelle-cbn-ausgabe\/\">Costa Blanca Nachrichten<\/a><\/h5>\n<a href=\"http:\/\/love4art.nl\/wp-content\/uploads\/2018\/12\/Costa-Blanca-News.jpg\"><img class=\"aligncenter size-medium wp-image-637\" src=\"http:\/\/love4art.nl\/wp-content\/uploads\/2018\/12\/Costa-Blanca-News-300x287.jpg\" alt=\"\" width=\"300\" height=\"287\" \/><\/a>\n\n<hr \/>\n\n<h5>Een nieuw juweeltje van Herv\u00e9 Deleu<\/h5>\n<a href=\"http:\/\/love4art.nl\/wp-content\/uploads\/2018\/11\/horses-with-wings-herve-deleu.jpg\"><img class=\"aligncenter size-medium wp-image-631\" src=\"http:\/\/love4art.nl\/wp-content\/uploads\/2018\/11\/horses-with-wings-herve-deleu-300x156.jpg\" alt=\"\" width=\"300\" height=\"156\" \/><\/a>\n\nHerv\u00e9 Deleu liet zich ditmaal inspireren door <a href=\"http:\/\/love4art.nl\/spirit\/\">Spirit<\/a>.\n\n<hr \/>\n\n<h5>Foto impressie van de opening van PASSIE! in Finestrat<\/h5>\n<a href=\"http:\/\/love4art.nl\/wp-content\/uploads\/2018\/11\/photos-opening-expo-finestrat-1.jpg\"><img class=\"wp-image-619 size-thumbnail alignleft\" src=\"http:\/\/love4art.nl\/wp-content\/uploads\/2018\/11\/photos-opening-expo-finestrat-1-98x150.jpg\" alt=\"\" width=\"98\" height=\"150\" \/><\/a><a href=\"http:\/\/love4art.nl\/wp-content\/uploads\/2018\/11\/photos-opening-expo-finestrat-2.jpg\"><img class=\"wp-image-620 size-thumbnail alignleft\" src=\"http:\/\/love4art.nl\/wp-content\/uploads\/2018\/11\/photos-opening-expo-finestrat-2-112x150.jpg\" alt=\"\" width=\"112\" height=\"150\" \/><\/a><a href=\"http:\/\/love4art.nl\/wp-content\/uploads\/2018\/11\/photos-opening-expo-finestrat-3.jpg\"><img class=\"wp-image-621 size-thumbnail alignleft\" src=\"http:\/\/love4art.nl\/wp-content\/uploads\/2018\/11\/photos-opening-expo-finestrat-3-100x150.jpg\" alt=\"\" width=\"100\" height=\"150\" \/><\/a><a href=\"http:\/\/love4art.nl\/wp-content\/uploads\/2018\/11\/photos-opening-expo-finestrat-4.jpg\"><img class=\"wp-image-622 size-thumbnail alignleft\" src=\"http:\/\/love4art.nl\/wp-content\/uploads\/2018\/11\/photos-opening-expo-finestrat-4-114x150.jpg\" alt=\"\" width=\"114\" height=\"150\" \/><\/a><a href=\"http:\/\/love4art.nl\/wp-content\/uploads\/2018\/11\/photos-opening-expo-finestrat-5.jpg\"><img class=\"wp-image-623 size-thumbnail alignleft\" src=\"http:\/\/love4art.nl\/wp-content\/uploads\/2018\/11\/photos-opening-expo-finestrat-5-101x150.jpg\" alt=\"\" width=\"101\" height=\"150\" \/><\/a>\n\n<hr \/>\n\n<h5>PASSIE ! expositie in Finestrat opent 22\/11<\/h5>\n<a href=\"http:\/\/love4art.nl\/wp-content\/uploads\/2018\/11\/cartel-ENG-exhib-Finestrat-Monique-Neyzen-dd7nov18.jpg\"><img class=\"alignleft size-medium wp-image-602\" src=\"http:\/\/love4art.nl\/wp-content\/uploads\/2018\/11\/cartel-ENG-exhib-Finestrat-Monique-Neyzen-dd7nov18-212x300.jpg\" alt=\"\" width=\"212\" height=\"300\" \/><\/a>dynamische bronzen van paarden en naakttekeningen\n\nDeze expositie toon ik z'n 20 paardjes in brons zowel figuratief als licht abstract, en tekeningen naar naaktmodel in verschillende materialen. Ik ben een fervent paardenliefhebber en rijd al jaren paard. Mijn passie voor paarden, voor de dynamiek van paarden, probeer ik in mijn bronzen beelden vast te leggen. \"<em>Alles leeft en beweegt, jouw paarden lijken van hun voetstuk af te springen<\/em>\", dat soort reacties krijg ik op mijn bronzen.\n\nOok teken ik al jaren naar naaktmodel, zowel korte standen van 1, 2 of 5 minuten tot 20 minuten standen. Ik kan <a href=\"http:\/\/love4art.nl\/wp-content\/uploads\/2018\/11\/flyer-SP-ENG-exhibition-Finestrat-Monique-Neyzen-nov-dec18.jpg\"><img class=\"alignright size-medium wp-image-604\" src=\"http:\/\/love4art.nl\/wp-content\/uploads\/2018\/11\/flyer-SP-ENG-exhibition-Finestrat-Monique-Neyzen-nov-dec18-209x300.jpg\" alt=\"\" width=\"209\" height=\"300\" \/><\/a>gefascineerd zijn door een prachtige lijn die ik bij een model zie. Een houding, de stand van het hoofd, een lichtval op het menselijk lichaam, d\u00e0t kan zo mooi zijn. Dat probeer ik in mijn tekeningen 'te pakken'. Daarbij werk ik in verschillende materialen, als potlood, inkt, pastelkrijt, cont\u00e9 of een combinatie ervan. Ik maak snelle schetsen met enkele lijnen en in pastel werk ik tekeningen vaak meer uit.\n\nDe opening is 22 november om 5 uur in sala d\u2019exposicions de la bibliotheca \u2018Els nostres mestres\u2019, carrer Sant Josep 10 - 12 in het historische centrum van Finestrat. Openingstijden: maandag - vrijdag 9.30- 13.30 en 17.00- 20.00 tot en met 20 december 2018. Op vrijdag ben ik zelf aanwezig om 11 uur en geef ik rondleidingen in het Engels, Nederlands, Duits, Frans of Spaans. Zo is er op 30 november is een Nederlandse rondleiding om 11 uur, meld je aan via e-mail of bel even als je wilt komen. Andere rondleidingen zijn op verzoek mogelijk.\n\n<hr \/>\n\n<h5>Leuk filmpje Leo over expositie 'Bronze in Motion'<\/h5>\n7 juni '18 was Leo met zijn vrouw bij mijn rondleiding en maakte deze\u00a0impressie\n\nhttps:\/\/youtu.be\/x1bb0OjTPCQ\n\nvan de expositie. Zijn voorkeur gaat uit naar de paarden, die van Ria naar de dansers. Bedankt Leo!\n\n<hr \/>\n\n<h5>250e bezoeker 'Bronze in Motion' onthult gedicht<\/h5>\n[caption id=\"attachment_542\" align=\"alignleft\" width=\"113\"]<a href=\"http:\/\/love4art.nl\/wp-content\/uploads\/2018\/06\/Monique-Neyzen-biedt-Fenny-een-verrassingspakket-aan-als-250e-bezoeker.jpg\"><img class=\"wp-image-542 size-thumbnail\" src=\"http:\/\/love4art.nl\/wp-content\/uploads\/2018\/06\/Monique-Neyzen-biedt-Fenny-een-verrassingspakket-aan-als-250e-bezoeker-113x150.jpg\" alt=\"\" width=\"113\" height=\"150\" \/><\/a> Monique Neyzen biedt Fenny een verrassingspakket aan als 250e bezoeker aan haar expositie \u2018Brons in Beweging\u2019[\/caption]\n\nOp haar 52e verjaardag krijgt Fenny als 250e bezoeker aan de tentoonstelling 'Brons in Beweging' in de Beeldentuin Klein-Schreuder in Alfas del Pi een verrassing: een fles wijn, zaden uit de tuin, de poster van de tentoonstelling \u00e8n ze mag het gedicht <a href=\"http:\/\/love4art.nl\/wp-content\/uploads\/2018\/06\/Gedicht-African-dancer-Herve-Deleu-op-beeld-van-Monique-Neyzen.pdf\" target=\"_blank\" rel=\"noopener\">'African Dancer' van Herv\u00e9 Deleu<\/a> onthullen. De dynamiek in de bronzen beeldjes van Monique Neyzen vormen <a href=\"http:\/\/love4art.nl\/wp-content\/uploads\/2018\/06\/Gedicht-African-dancer-Herve-Deleu-op-beeld-van-Monique-Neyzen.jpg\"><img class=\"alignright size-thumbnail wp-image-540\" src=\"http:\/\/love4art.nl\/wp-content\/uploads\/2018\/06\/Gedicht-African-dancer-Herve-Deleu-op-beeld-van-Monique-Neyzen-103x150.jpg\" alt=\"\" width=\"103\" height=\"150\" \/><\/a>een inspiratiebron voor deze meermalen bekroonde Belgische dichter sinds zijn bezoek aan de expositie. 'African dancer' is ge\u00efnspireerd op het bronzen beeldje wat op de poster staat.\n\n\"Zo verrassend\" vindt Fenny, \"mijn vriendinnen hebben dit uitje voor mijn verjaardag georganiseerd. Ik wist van niets, dan kom je na een rit van 1,5 uur bij een grote muur, de poort gaat open en dan... zie je \u00e0l die beelden. Allemaal even mooi! Ze staan ook zo goed in de tuin, die allemaal leuke hoekjes heeft\". \"De spieren van de dansers zijn zo levensecht\", zegt haar vriendin, \"dit was de reis meer dan waard\". Andere bezoekers vullen aan: \"Prachtige beelden en heel leuke rondleiding door Monique\". \"De voorkeur van\n\n[caption id=\"attachment_541\" align=\"alignleft\" width=\"150\"]<a href=\"http:\/\/love4art.nl\/wp-content\/uploads\/2018\/06\/fenny-onthult-het-gedicht-van-Herve-Deleu-African-Dancer.jpg\"><img class=\"size-thumbnail wp-image-541\" src=\"http:\/\/love4art.nl\/wp-content\/uploads\/2018\/06\/fenny-onthult-het-gedicht-van-Herve-Deleu-African-Dancer-150x113.jpg\" alt=\"\" width=\"150\" height=\"113\" \/><\/a> Fenny leest het gedicht African dancer voor na de onthulling[\/caption]\n\nmijn man gaat uit naar de paarden, en de mijne naar de dansers\". \"De gevangen beweging is subliem!\" En een Engelse bezoeker: \"Exquisite work\".\n\nZondag 10 juni is de laatste mogelijkheid om de expositie te bezoeken, er staan 35 kleine bronzen beelden van dansers en paarden, een tiental gebeeldhouwde stenen en een serie tekeningen van naakten en dansers. De beeldentuin is zondags tussen 10- 14 uur open en om 12 uur geeft de kunstenares een rondleiding in het Nederlands. Wil je mee? Stuur snel een mailtje naar <a href=\"mailto:monique@neyzen.nl\">monique@neyzen.nl<\/a> Zie <a href=\"http:\/\/love4art.nl\">www.love4art.nl\/blog<\/a> voor haar werk en reacties in de media en haar FB pagina <a href=\"https:\/\/facebook.com\/FriendsMonique\/\">https:\/\/facebook.com\/FriendsMonique\/<\/a> Kijk voor informatie over de beeldentuin en de route op <a href=\"http:\/\/www.klein-schreuder.com\">www.klein-schreuder.com<\/a> entree is 5 euro voor het onderhoud van de tuin.\n<p class=\"x_MsoNormal\" style=\"text-align: right;\"><span lang=\"EN-US\">Alfas del Pi, 7 juni 2018<\/span><\/p>\n\n\n<hr \/>\n\n<h5>Expositie inspireert dichter<\/h5>\nSpeciaal: tijdens mijn rondleiding in het Nederlands op de expositie 'Brons in Beweging' ontmoette ik een leuke, enthousiaste man die mijn werk inspirerend vond. Dit bleek <a href=\"http:\/\/geletterdemens.blogspot.com.es\/2012\/04\/gastdichter-herve-deleu.html\">Herv\u00e9 Deleu<\/a>, een dichter en schrijver uit Vlaanderen die meerdere po\u00ebzieprijzen heeft gewonnen. Zo 'n leuke verrassing om dan twee gedichten van hem te ontvangen. E\u00e9n (<a href=\"http:\/\/love4art.nl\/wp-content\/uploads\/2018\/05\/Het-vrije-paard.pdf\" target=\"_blank\" rel=\"noopener\">Het vrije paard - Herv\u00e9 Deleu<\/a>) heeft hij gemaakt bij het bronzen beeldje van het steigerende paard 'rearing' en de ander (<a href=\"http:\/\/love4art.nl\/wp-content\/uploads\/2018\/05\/Twee-vossen-met-zwarte-sokken.pdf\" target=\"_blank\" rel=\"noopener\">Twee vossen met zwarte sokken - Herv\u00e9 Deleu<\/a>) bij een tekening van twee trekpaarden. Dank Herv\u00e9!\n\n<a href=\"http:\/\/love4art.nl\/wp-content\/uploads\/2018\/05\/het-vrije-paard.jpg\"><img class=\"alignleft size-medium wp-image-530\" src=\"http:\/\/love4art.nl\/wp-content\/uploads\/2018\/05\/het-vrije-paard-300x194.jpg\" alt=\"\" width=\"300\" height=\"194\" \/><\/a><a href=\"http:\/\/love4art.nl\/wp-content\/uploads\/2018\/05\/twee-vossen-met-zwarte-sokken.jpg\"><img class=\"alignleft size-medium wp-image-529\" src=\"http:\/\/love4art.nl\/wp-content\/uploads\/2018\/05\/twee-vossen-met-zwarte-sokken-300x201.jpg\" alt=\"\" width=\"300\" height=\"201\" \/><\/a>\n<h5><\/h5>\n<h5><\/h5>\n<h5><\/h5>\n<h5><\/h5>\n\n<hr \/>\n\n<h5>Expositie 'Brons in Beweging' verlengd tot 10 juni<\/h5>\n<a href=\"http:\/\/love4art.nl\/wp-content\/uploads\/2018\/05\/extended100618.jpg\"><img class=\"aligncenter size-medium wp-image-521\" src=\"http:\/\/love4art.nl\/wp-content\/uploads\/2018\/05\/extended100618-300x235.jpg\" alt=\"\" width=\"300\" height=\"235\" \/><\/a>\n\n<strong>Special tours<\/strong>\n\nMonique Neyzen will tell you more about her inspiration and her art in a walk through the garden. She will explain some of her bronze statues, drawings, sculptured stones and the bronze casting process. Duration: \u00be - 1 hour depending on the number of visitors.\n\nSpecial tours for groups in English, Dutch, German, French or Spanish available on request.\n<ul>\n \t<li>\u00a0Dutch tour: Sunday April 29th at 12 am.<\/li>\n \t<li>German tour: Sunday May 13th at 12 am.<\/li>\n \t<li>English tour for Lions members: Sunday May 20th at 1 pm.<\/li>\n \t<li>English tour for Norwegians: Sunday May 27th at 12 am.<\/li>\n \t<li>Dutch \"Bronze in Motion\" tour: Sunday June 10th at 12 am.<\/li>\n<\/ul>\nIf you want to participate, just send an e-mail to monique@neyzen.nl\n\nZie facebook pagina voor foto's zoals van de opening op 8 april:\u00a0<a href=\"https:\/\/www.facebook.com\/friendsmonique\">https:\/\/www.facebook.com\/friendsmonique<\/a>\n\n<hr \/>\n\n<h5>8 April - 20 mei\u00a0 2018: expositie <a href=\"http:\/\/www.klein-schreuder.com\/index.php\/nl#\">beeldentuin Fundaci\u00f3n Klein-Schreuder<\/a> in Spanje<\/h5>\nTentoonstelling van Monique Neyzen in de prachtige tuin van Fundaci\u00f3n Klein-Schreuder: 8\/4 - 20\/5 \u201918. Dansers en paarden zijn haar favoriete onderwerpen. De Nederlandse artieste toont 35 kleine bronzen beelden vol beweging, 10 gebeeldhouwde stenen en tekeningen van dansers.\n\n<a href=\"http:\/\/love4art.nl\/wp-content\/uploads\/2018\/05\/poster-expo-Bronze-in-Motion-till-June10th2018.jpg\"><img class=\"aligncenter size-medium wp-image-523\" src=\"http:\/\/love4art.nl\/wp-content\/uploads\/2018\/05\/poster-expo-Bronze-in-Motion-till-June10th2018-212x300.jpg\" alt=\"\" width=\"212\" height=\"300\" \/><\/a>\n\n<a href=\"http:\/\/love4art.nl\/wp-content\/uploads\/2017\/03\/klein-schreuder-sculpture.jpg\"><img class=\"alignleft wp-image-455 size-thumbnail\" src=\"http:\/\/love4art.nl\/wp-content\/uploads\/2017\/03\/klein-schreuder-sculpture-150x105.jpg\" alt=\"klein-schreuder-sculpture\" width=\"150\" height=\"105\" \/><\/a>Jan Klein en Joke Schreuder kochten ruim 10 jaar geleden\u00a0een groot stuk verwaarloosde\u00a0grond in Alfaz del Pi aan de Costa Blanca in Spanje. Ze hebben\u00a0dit met grote liefde en\u00a0zorgvuldigheid omgevormd tot een prachtige planten en\u00a0beeldentuin, die toegankelijk is voor iedereen.\u00a0Een prachtige tuin met sculpturen van brons en staal,\u00a0een rozentuin en wisselende exposities. Wandelwegen\u00a0leiden door een palmenbos en een boomgaard.\n<ul>\n \t<li>Opening: 8 april om 11 uur, Cami del Pinar 23 in Alfaz del Pi (<a href=\"https:\/\/goo.gl\/maps\/EP3Cu3ubDVQ2\">kaart<\/a>).<\/li>\n \t<li>Bezoek: t\/m 20 mei elke zondag van 10 tot 14 uur, door de week alleen op afspraak. Bel +34 966860230 of mail info@klein-schreuder.com. Entree: 5 euro om de tuin te onderhouden.<\/li>\n \t<li style=\"text-align: left;\">Info: www.klein-schreuder.com kunstenaar www.love4art.nl\/blog\nArtikel in <a href=\"https:\/\/www.halloonline.es\/nieuw-gevestigde-kunstenares-monique-neyzen-exposeert-in-beeldentuin\/\">Hallo<\/a><\/li>\n<\/ul>\n<p style=\"text-align: center;\"><em>\u2018Beelden die van hun sokkel af dansen\u2019<\/em><\/p>\n\n\n<hr \/>\n\n<h5>Oktober 2017: Kopers van mijn werk hebben een gedicht laten maken bij hun twee beelden van dansers. Bijzonder!<\/h5>\n<p style=\"padding-left: 30px;\"><a href=\"http:\/\/love4art.nl\/wp-content\/uploads\/2017\/12\/gedicht.jpg\"><img class=\"aligncenter size-medium wp-image-471\" src=\"http:\/\/love4art.nl\/wp-content\/uploads\/2017\/12\/gedicht-300x205.jpg\" alt=\"gedicht\" width=\"300\" height=\"205\" \/><\/a><\/p>\n<p style=\"padding-left: 30px;\">De beelden 'Almost flying' (links) en 'Flying skirt' (rechts) inspireerden Cornelis van der Grift tot het gedicht \"Pas de deux\".<\/p>\n<p style=\"padding-left: 30px;\">Meer werk van hem lezen? Bekijk de bundel 'Univerzen' uitgegeven door de Stichting Cumuli te Zwolle, 2017 ISBN 978-90-808625-3-1.<\/p>\n\n\n<hr \/>\n\n<h5>20 en 21 mei 2017: Open Atelier dagen in Laren (NH).<\/h5>\n<p style=\"padding-left: 30px;\"><a href=\"http:\/\/love4art.nl\/wp-content\/uploads\/2017\/03\/atelierroutelaren_logo.gif\"><img class=\"size-full wp-image-454 alignleft\" src=\"http:\/\/love4art.nl\/wp-content\/uploads\/2017\/03\/atelierroutelaren_logo.gif\" alt=\"atelierroutelaren_logo\" width=\"90\" height=\"152\" \/><\/a>Benieuwd naar mijn werk? Kom langs! Op zaterdag en zondag kunt u tussen 11.00 - 17.00 uur mijn beelden (brons, was, steen, hout) en tekeningen (conte, pastel, inkt) in mijn atelier op Koloniepad 15 in Laren zien.\nVoor meer informatie over de atelierroute en de andere deelnemende kunstenaars, kijk op de <a href=\"http:\/\/www.atelierroutelaren.nl\/kunstenaars_monique_neyzen\/\">website<\/a> van de atelierroute Laren.<\/p>","_nl_post_name":"nieuws","_nl_post_excerpt":"","_nl_post_title":"nieuws","_en_post_content":"<h5>Guided tour of the exhibition \u201cEnchanting Horses\u201d on November 23<\/h5>\nOn November 23 at La Casa de Cultura de l'Alf\u00e0s del Pi, Monique Neyzen gave a tour of her exhibition \u201cEnchanting Horses\u201d.\n\nhttps:\/\/youtu.be\/mBf2hpetTUo\n\n<hr \/>\n\n<h5>Impression of opening exhibition \"Enchanting horses\"<\/h5>\n<a href=\"http:\/\/love4art.nl\/wp-content\/uploads\/2024\/11\/opening-expo2024-1.jpg\"><img class=\"alignleft wp-image-1003 size-medium\" src=\"http:\/\/love4art.nl\/wp-content\/uploads\/2024\/11\/opening-expo2024-1-300x204.jpg\" alt=\"\" width=\"300\" height=\"204\" \/><\/a><a href=\"http:\/\/love4art.nl\/wp-content\/uploads\/2024\/11\/opening-expo2024-2.jpg\"><img class=\"alignleft wp-image-1004 size-medium\" src=\"http:\/\/love4art.nl\/wp-content\/uploads\/2024\/11\/opening-expo2024-2-229x300.jpg\" alt=\"\" width=\"229\" height=\"300\" \/><\/a><a href=\"http:\/\/love4art.nl\/wp-content\/uploads\/2024\/11\/opening-expo2024-4.jpg\"><img class=\"alignleft size-medium wp-image-1006\" src=\"http:\/\/love4art.nl\/wp-content\/uploads\/2024\/11\/opening-expo2024-4-300x226.jpg\" alt=\"\" width=\"300\" height=\"226\" \/><\/a><a href=\"http:\/\/love4art.nl\/wp-content\/uploads\/2024\/11\/opening-expo2024-5.jpg\"><img class=\"alignleft size-medium wp-image-1007\" src=\"http:\/\/love4art.nl\/wp-content\/uploads\/2024\/11\/opening-expo2024-5-300x223.jpg\" alt=\"\" width=\"300\" height=\"223\" \/><\/a>\n\n<hr \/>\n\nA short impression of the opening of Monique Neyzen's exhibition \"Enchanting Horses\" in Alfas del Pi by the Concejal de Cultura Manuel Casado and the Concejala de Residentes Internacionales, Martine Mertens. Due to the terrible floodings in Spain it was a more austere event than usual of course.\n\nhttps:\/\/youtu.be\/67n9_ri-r-A\n\n<hr \/>\n\n<h5>Monique\u2019s exhibition \"Enchanting horses\", opens October 31st\u00a0in l'Alfas del Pi<\/h5>\n<a href=\"http:\/\/love4art.nl\/wp-content\/uploads\/2024\/10\/flyer241015.jpg\"><img class=\"aligncenter size-large wp-image-993\" src=\"http:\/\/love4art.nl\/wp-content\/uploads\/2024\/10\/flyer241015-669x1024.jpg\" alt=\"\" width=\"620\" height=\"949\" \/><\/a>\n\n<hr \/>\n\n<h5>Monique\u2019s next exhibition in l'Alfas del Pi: bronzes &amp; drawings of horses<\/h5>\n<a href=\"http:\/\/love4art.nl\/wp-content\/uploads\/2024\/07\/exhibition2024.jpg\"><img class=\"aligncenter size-full wp-image-987\" src=\"http:\/\/love4art.nl\/wp-content\/uploads\/2024\/07\/exhibition2024.jpg\" alt=\"\" width=\"632\" height=\"956\" \/><\/a>\n\n<hr \/>\n\n<h5>Guided tours exhibition by artist<\/h5>\nAlways sign on beforehand! E-mail: monique@neyzen.nl\n\nStart tours \u2018Sculptures in stone, iron and bronze\u2019 always 1 pm. The tour is free, only 5 euro entrance to maintain the garden. On demand are tours for groups in different languages possible.\n<ul>\n \t<li>4 January 2024 English<\/li>\n \t<li>28 December \u201923 Dutch<\/li>\n \t<li>21 December\u201923 English<\/li>\n \t<li>14 December \u201923 Spanish<\/li>\n \t<li>23 November\u201923 Dutch<\/li>\n \t<li>16 November\u201923 Dutch<\/li>\n \t<li>8 November \u201923 German<\/li>\n \t<li>21 October 2023 Sp\/Eng\/D<\/li>\n<\/ul>\n\n<hr \/>\n\n<h5>Extra: guided tours in English \"Sculptures in stone, iron and bronze\"<\/h5>\n<ul>\n \t<li>21st December, 1 pm<\/li>\n \t<li>4th January, 1pm<\/li>\n<\/ul>\n<a href=\"http:\/\/love4art.nl\/wp-content\/uploads\/2023\/12\/WhatsApp-Image-2023-12-31-at-02.08.02_dca784a6.jpg\"><img class=\"aligncenter size-large wp-image-977\" src=\"http:\/\/love4art.nl\/wp-content\/uploads\/2023\/12\/WhatsApp-Image-2023-12-31-at-02.08.02_dca784a6-1024x1024.jpg\" alt=\"\" width=\"620\" height=\"620\" \/><\/a>\n\nSign on beforehand by e-mail: <span style=\"text-decoration: underline;\">monique@neyzen.nl<\/span>\n\n<hr \/>\n\n<h5>Guided tours \"Sculptures in stone, iron and bronze\"<\/h5>\nWe had a nice guided tour in German on November 9th, about 30 visitors. Alb\u00e8r explained his work and I talked about Vicente's sculptures &amp; my own.\n\nNext guided tours:\n<ul>\n \t<li>16th November, 1 pm in Dutch<\/li>\n \t<li>23rd November, 1pm in English, see info in the 1st photo.<\/li>\n<\/ul>\nSign on beforehand by e-mail: <span style=\"text-decoration: underline;\">monique@neyzen.nl<\/span>\n\n<a href=\"http:\/\/love4art.nl\/wp-content\/uploads\/2023\/11\/Noname.jpg\"><img class=\"alignleft size-full wp-image-971\" src=\"http:\/\/love4art.nl\/wp-content\/uploads\/2023\/11\/Noname.jpg\" alt=\"\" width=\"951\" height=\"739\" \/><\/a><a href=\"http:\/\/love4art.nl\/wp-content\/uploads\/2023\/11\/german-tour-2023-1.png\"><img class=\"alignleft size-large wp-image-961\" src=\"http:\/\/love4art.nl\/wp-content\/uploads\/2023\/11\/german-tour-2023-1-865x1024.png\" alt=\"\" width=\"620\" height=\"734\" \/><\/a>\n\n<a href=\"http:\/\/love4art.nl\/wp-content\/uploads\/2023\/11\/german-tour-2023-2.png\"><img class=\"alignleft size-large wp-image-962\" src=\"http:\/\/love4art.nl\/wp-content\/uploads\/2023\/11\/german-tour-2023-2-1024x710.png\" alt=\"\" width=\"620\" height=\"430\" \/><\/a>\n<a href=\"http:\/\/love4art.nl\/wp-content\/uploads\/2023\/11\/german-tour-2023-3.png\"><img class=\"alignleft size-full wp-image-963\" src=\"http:\/\/love4art.nl\/wp-content\/uploads\/2023\/11\/german-tour-2023-3.png\" alt=\"\" width=\"759\" height=\"565\" \/><\/a><a href=\"http:\/\/love4art.nl\/wp-content\/uploads\/2023\/11\/german-tour-2023-4.png\"><img class=\"alignleft size-full wp-image-964\" src=\"http:\/\/love4art.nl\/wp-content\/uploads\/2023\/11\/german-tour-2023-4.png\" alt=\"\" width=\"984\" height=\"724\" \/><\/a>\n\n<hr \/>\n\n<h5>Video impression opening exhibition <em>Sculptures in stone, iron and bronze<\/em> in Alfaz del Pi 21-10-2023<\/h5>\nhttps:\/\/youtu.be\/nsCovf3SoJo?si=_fEHDdorN68MMvei\n\nA lovely sunny day in open air museum Klein-Schreuder in Alfaz del Pi. Culture alderman Manuel Casado opened our exhibition. Alb\u00e8r te Brake talked about his powerful iron pieces, Vicente P\u00e9rez about his soft fluid stones and I about my bronzes in motion. I explained why I invited 2 artist friends to exhibit together. About 100 people visited the sculpture garden that day, we enjoyed drinks and tapas while a the clarinet trio of Marcus Ivorra Schuler played.\nMore info about guided tours etc. on this page\n\n<hr \/>\n\n<h5>Sculptures in stone, iron and bronze<\/h5>\nExhibition in <strong>sculpture garden Klein-Schreuder<\/strong> by <strong>Vicente P\u00e9rez<\/strong>, <strong>Alb\u00e8r te Brake<\/strong> &amp; <strong>Monique Neyzen<\/strong>, three artist friends who work in different styles and materials. <em>Saturday 21 October \u201923 at 11 a.m. is the opening<\/em> by Manuel Casado Puche, the alderman for culture of the municipality of l'Alfas. The artists will explain their work, there will be drinks and the opening will be graced by the clarinet trio of <a href=\"https:\/\/clarinetmarcosivorra.blogspot.com\/p\/me-begans-his-musical-studies-at-altea.html\"><strong>Marcos Ivorra Schuler<\/strong><\/a> with his wife Catharina and their son.\n\n<strong><a href=\"http:\/\/love4art.nl\/wp-content\/uploads\/2023\/10\/marmeren-beeld-van-Vicente-Perez.jpg\"><img class=\"alignright size-medium wp-image-916\" src=\"http:\/\/love4art.nl\/wp-content\/uploads\/2023\/10\/marmeren-beeld-van-Vicente-Perez-221x300.jpg\" alt=\"\" width=\"221\" height=\"300\" \/><\/a>Vicente P\u00e9rez<\/strong> (SP) from Monforte del Cid exhibits a new series of alabaster statues on marble pedestals. His sculptures show reflections of plant structures and interpretations of the human form. The symbolic value goes beyond the literal meaning. His work is shaped by experiences that come from common sources as nature. The organic form of \u2018<em>Ornis\u2019<\/em> (see photo, 30 cm high, dark alabaster) is typical of his work.<strong>\n<\/strong>\n\n<strong><a href=\"http:\/\/love4art.nl\/wp-content\/uploads\/2023\/10\/Going-Round-in-circles-ijzeren-beeld-van-Alber-te-Brake.-Drie-in-elkaar-grijpende-cirkels-draaien-op-een-as-een-in-rood-marmeren-voetstuk.jpeg\"><img class=\"size-medium wp-image-914 alignleft\" src=\"http:\/\/love4art.nl\/wp-content\/uploads\/2023\/10\/Going-Round-in-circles-ijzeren-beeld-van-Alber-te-Brake.-Drie-in-elkaar-grijpende-cirkels-draaien-op-een-as-een-in-rood-marmeren-voetstuk-154x300.jpeg\" alt=\"\" width=\"154\" height=\"300\" \/><\/a>Alb\u00e8r te Brake<\/strong> (NL) ) from A\u00efgues makes impressive <strong>iron sculptures<\/strong> with a clear lines. He used to work a lot with bronze and glass. But metal has always inspired him, het focuses on metal since he lives in Spain. His large sculptures are suitable for outdoor use, such as '<em>Going round in circles' <\/em>three interlocking circles of about one meter high revolve around an axis on a large pedestal of 'Rojo de Alicante' marble.\n\n<strong><a href=\"http:\/\/love4art.nl\/wp-content\/uploads\/2023\/10\/Icarus-bronzen-beeld-van-Monique-Neyzen-lijkt-van-het-ijzeren-voetstuk-af-te-springen.jpeg\"><img class=\"alignright size-medium wp-image-915\" src=\"http:\/\/love4art.nl\/wp-content\/uploads\/2023\/10\/Icarus-bronzen-beeld-van-Monique-Neyzen-lijkt-van-het-ijzeren-voetstuk-af-te-springen-225x300.jpeg\" alt=\"\" width=\"225\" height=\"300\" \/><\/a>Monique Neyzen<\/strong> (NL) from Finestrat makes small, dynamic <strong>bronze sculptures<\/strong> of dancers and horses, figurative or somewhat abstracted. Specially designed iron pedestals reinforce the movement and form an integral part of her art. The sculptures seem to jump off their pedestal, as with '<em>Jump<\/em>' (see photo, bronze about 30 cm, the statue is almost 2 meters including the iron pedestal.\n\nThe artist will regularly provide <strong>guided tours<\/strong> in different languages. Mail to info@neyzen.nl if interested. Or check out her website <a href=\"http:\/\/love4art.nl\/en\/news\/\"><u>www.love4art.nl\/blog\/news<\/u><\/a> or Facebook <a href=\"https:\/\/www.facebook.com\/friendsmonique\">@FriendsMonique<\/a>.\n\nThe beautiful <strong>sculpture garden Fundaci\u00f3n Klein-Schreuder<\/strong> at Cami del Pinar 23 in Alfaz del Pi is 20,000 m2 with 2,500 plants and has a permanent sculpture collection. The garden is open on Sundays from 10 a.m. to 2 p.m. or call Johanna on 966860230 to make an appointment.\nThe <strong>entrance costs 5 euros<\/strong> for maintenance of the garden, an unlimited annual subscription is 18 euros.\u00a0The <strong>exhibition runs until 6<sup>th<\/sup> of January '24<\/strong>. More information: <a href=\"http:\/\/www.klein-schreuder.com\"><u>www.klein-schreuder.com<\/u><\/a>\n\n<hr \/>\n\n<h5>All the best for the New Year!<\/h5>\nDear art lovers,\nWish you all happiness, peace, health and time to enjoy life and art!\n\nIn 2022 I look back at the sad, sudden loss of a very dear friend and at a lovely succesfull exhibition.\n\nCasa museu La Barbera in Villajoyosa is a great exhibition space. The former stables of the 17th century mansion of the Aragones family really suited my bronze sculptures and drawings of dancers. '<a href=\"https:\/\/www.youtube.com\/watch?v=tRkX4X3We1E&amp;t=3s\" rel=\"noopener\">Baila en la Barbera<\/a>' attracted hundreds of visitors and I loved doing tours in different languages. Then I can explain how I work and what inspires me, and get a chance to talk with visitors. So inspirering to meet art lovers and other artists. Often got lovely reactions on my art, and sold many statues and drawings. This means making new molds and casts and delivering everything after the exhibition.\n\nI decided to do just one exhibition a year.\nBecause I also need time to work on special commissions and I want to make new work of course. And together with my sculpting friend Alb\u00e8rt we want to do the bronze casting ourselves, which is rather complex process.\n\nI'll keep you informed on this site.\nAll the best for the New Year!\n\n<a href=\"http:\/\/love4art.nl\/wp-content\/uploads\/2022\/12\/ny-wens-2023.jpeg\"><img class=\"aligncenter size-large wp-image-907\" src=\"http:\/\/love4art.nl\/wp-content\/uploads\/2022\/12\/ny-wens-2023-1024x1024.jpeg\" alt=\"\" width=\"620\" height=\"620\" \/><\/a>\n\n<hr \/>\n\n<h5>Last 2 weeks exhibition Baila en la Barbera<\/h5>\n<a href=\"http:\/\/love4art.nl\/wp-content\/uploads\/2022\/02\/flyer.png\"><img class=\"aligncenter size-large wp-image-904\" src=\"http:\/\/love4art.nl\/wp-content\/uploads\/2022\/02\/flyer-839x1024.png\" alt=\"\" width=\"620\" height=\"757\" \/><\/a>\n\n<hr \/>\n\n<h5>Among todays visitors were three aldermen of neighboring city Alfas del Pi<\/h5>\n<a href=\"http:\/\/love4art.nl\/wp-content\/uploads\/2022\/01\/aldermen-of-alfas-del-pi.jpg\"><img class=\"alignleft size-medium wp-image-899\" src=\"http:\/\/love4art.nl\/wp-content\/uploads\/2022\/01\/aldermen-of-alfas-del-pi-300x263.jpg\" alt=\"\" width=\"300\" height=\"263\" \/><\/a><a href=\"http:\/\/love4art.nl\/wp-content\/uploads\/2022\/01\/comments-aldermen-of-alfas-del-pi.jpg\"><img class=\"alignright size-medium wp-image-898\" src=\"http:\/\/love4art.nl\/wp-content\/uploads\/2022\/01\/comments-aldermen-of-alfas-del-pi-300x217.jpg\" alt=\"\" width=\"300\" height=\"217\" \/><\/a>\n\nThanks for coming to my exhibition and your lovely comments!\n\nHappy to do another exhibition in Alfas.\n\n<hr \/>\n\n<h5>Impression of the opening of the exhibition <em>Baila en la Barbera<\/em> in Villajoyosa 13-1-2022<\/h5>\nhttps:\/\/youtu.be\/0XiyGcGO0UQ\n\n<hr \/>\n\n<h5>Overview of the exhibition <em>Baila en la Barbera<\/em> in Villajoyosa<\/h5>\nhttps:\/\/youtu.be\/tRkX4X3We1E\n\n<hr \/>\n\n<h5>Opening exhibition Baila en la Barbera<\/h5>\n<a href=\"http:\/\/love4art.nl\/wp-content\/uploads\/2022\/01\/barbera2.png\"><img class=\"alignleft size-medium wp-image-853\" src=\"http:\/\/love4art.nl\/wp-content\/uploads\/2022\/01\/barbera2-225x300.png\" alt=\"\" width=\"225\" height=\"300\" \/><\/a>On January 13, 2022 my exhibition \u201cBaila en La Barbera\u201d starts in \u201cEspai d'Art Contemporani de la Barbera dels Aragon\u00e9s\u201d in Villajoyosa. The opening is at 1:00 PM and will be accompanied by guitar music by <a href=\"http:\/\/www.cristinarico.art\/about-me\/\">Cristina Rico<\/a>.\n\n2 tips if you come to the opening ' Baila en la Barbera ' on 13 January at 13.00.\n\n1. Let me know via info@neyzen.nl so that I can keep track of the number of visitors due to Covid.\n\n2. Thursday is market day in Villajoyosa. So you can't park on the market site. Easiest is the parking Creueta near Mercidillo central 5\u2033 walk from La Barbera. The entrance to the exhibition space is located between the museo casa La Barbera and the cafe.\n\n<a href=\"http:\/\/love4art.nl\/wp-content\/uploads\/2022\/01\/barbera1.png\"><img class=\"size-medium wp-image-852 aligncenter\" src=\"http:\/\/love4art.nl\/wp-content\/uploads\/2022\/01\/barbera1-225x300.png\" alt=\"\" width=\"225\" height=\"300\" \/><\/a> <a href=\"http:\/\/love4art.nl\/wp-content\/uploads\/2022\/01\/barbera3.png\"><img class=\"size-medium wp-image-850 aligncenter\" src=\"http:\/\/love4art.nl\/wp-content\/uploads\/2022\/01\/barbera3-300x225.png\" alt=\"\" width=\"300\" height=\"225\" \/><\/a>\n\nThe adress of the museum is C. Huit de Maig, 16, 03570 La Vila Joiosa. The parking Creueta is on Av. Joan Carles I, 25, 03570 La Vila Joiosa.\n\n<a href=\"http:\/\/love4art.nl\/wp-content\/uploads\/2022\/01\/map.png\"><img class=\"size-medium wp-image-851 aligncenter\" src=\"http:\/\/love4art.nl\/wp-content\/uploads\/2022\/01\/map-300x244.png\" alt=\"\" width=\"300\" height=\"244\" \/><\/a>\n\n<hr \/>\n\n<h5>Finally!<\/h5>\n13th of January '22 will open my next exhibition. 'Baila en La Barbera'. I 'll exhibit bronze dance sculptures in 'Espai d'Art Contemporani de la Barbera dels Aragon\u00e9s' in Villajoyosa. The former house of Villajoyosa 's most important family is now a museum with beautiful exhibition space.\n\n<a href=\"http:\/\/love4art.nl\/wp-content\/uploads\/2021\/12\/cartel-La-Barbera-Vilajoyosa-expo-Monique-Neyzen-20211227-logos.png\"><img class=\"alignleft size-medium wp-image-847\" src=\"http:\/\/love4art.nl\/wp-content\/uploads\/2021\/12\/cartel-La-Barbera-Vilajoyosa-expo-Monique-Neyzen-20211227-logos-216x300.png\" alt=\"\" width=\"216\" height=\"300\" \/><\/a><a href=\"http:\/\/love4art.nl\/wp-content\/uploads\/2021\/11\/Grand-Jeter.jpg\"><img class=\"alignleft size-medium wp-image-802\" src=\"http:\/\/love4art.nl\/wp-content\/uploads\/2021\/11\/Grand-Jeter-300x223.jpg\" alt=\"\" width=\"300\" height=\"223\" \/><\/a><a href=\"http:\/\/love4art.nl\/wp-content\/uploads\/2021\/11\/Museo-Espai-dArt-Contemporani-de-la-Barbera-dels-Aragon\u00e9s.jpg\"><img class=\"alignleft size-medium wp-image-801\" src=\"http:\/\/love4art.nl\/wp-content\/uploads\/2021\/11\/Museo-Espai-dArt-Contemporani-de-la-Barbera-dels-Aragon\u00e9s-300x201.jpg\" alt=\"\" width=\"300\" height=\"201\" \/><\/a><a href=\"http:\/\/love4art.nl\/wp-content\/uploads\/2021\/11\/Map-Museo-Espai-dArt-Contemporani-de-la-Barbera.png\"><img class=\"alignleft size-medium wp-image-803\" src=\"http:\/\/love4art.nl\/wp-content\/uploads\/2021\/11\/Map-Museo-Espai-dArt-Contemporani-de-la-Barbera-300x281.png\" alt=\"\" width=\"300\" height=\"281\" \/><\/a>\n\n<hr \/>\n\n<h5>Happy New Year!<\/h5>\n<p style=\"text-align: center;\"><a href=\"http:\/\/love4art.nl\/wp-content\/uploads\/2021\/01\/newyear2021.jpg\"><img class=\"size-medium wp-image-795 aligncenter\" src=\"http:\/\/love4art.nl\/wp-content\/uploads\/2021\/01\/newyear2021-300x225.jpg\" alt=\"\" width=\"300\" height=\"225\" \/><\/a><\/p>\n\n\n<hr \/>\n\n<h5>Last day of the exhibition 'Jan y sus amigos'<\/h5>\nJan 5th 2020 is the last day of the exhibition 'Jan y sus amigos: entre es-culturas'. Jan Keysers big marble 'Toro Viejo' is always one of the favorite sculptures. Some visitors of last week's guided tour next to their personal favorites, and a steel sculpture of Alber and above my bronze doggie.\n\n<a href=\"http:\/\/love4art.nl\/wp-content\/uploads\/2020\/01\/jan-keijsers-toro-viejo.jpg\"><img class=\"alignleft size-medium wp-image-786\" src=\"http:\/\/love4art.nl\/wp-content\/uploads\/2020\/01\/jan-keijsers-toro-viejo-173x300.jpg\" alt=\"\" width=\"173\" height=\"300\" \/><\/a><a href=\"http:\/\/love4art.nl\/wp-content\/uploads\/2020\/01\/monique-neyzen-dog.jpg\"><img class=\"alignleft size-medium wp-image-784\" src=\"http:\/\/love4art.nl\/wp-content\/uploads\/2020\/01\/monique-neyzen-dog-300x225.jpg\" alt=\"\" width=\"300\" height=\"225\" \/><\/a><a href=\"http:\/\/love4art.nl\/wp-content\/uploads\/2020\/01\/alber-te-brake.jpg\"><img class=\"alignleft size-medium wp-image-785\" src=\"http:\/\/love4art.nl\/wp-content\/uploads\/2020\/01\/alber-te-brake-300x225.jpg\" alt=\"\" width=\"300\" height=\"225\" \/><\/a>\n\nToday is a guided tour at 12 am, both locations are open till late. Tomorrow Jan 6th you can still visit El Corazon from 11 am but Tentaciones is as always closed on Monday.\n\n<hr \/>\n\n<h5>Happy New Year!<\/h5>\n<p style=\"text-align: center;\"><a href=\"http:\/\/love4art.nl\/wp-content\/uploads\/2020\/01\/20191231_133352.jpg\"><img class=\"size-medium wp-image-781 aligncenter\" src=\"http:\/\/love4art.nl\/wp-content\/uploads\/2020\/01\/20191231_133352-207x300.jpg\" alt=\"\" width=\"207\" height=\"300\" \/><\/a><\/p>\n\n\n<hr \/>\n\n<h5>Happy Christmas<\/h5>\n<a href=\"http:\/\/love4art.nl\/wp-content\/uploads\/2019\/12\/christmas-wishes-2019.jpg\"><img class=\"size-medium wp-image-777 aligncenter\" src=\"http:\/\/love4art.nl\/wp-content\/uploads\/2019\/12\/christmas-wishes-2019-225x300.jpg\" alt=\"\" width=\"225\" height=\"300\" \/><\/a>\n\n<hr \/>\n\n<h5>Impression opening Exhibition<em>Jan y sus amigos: Entre Es-culturas<\/em> in Aig\u00fces<\/h5>\nhttps:\/\/youtu.be\/0Lky4jOXvzA\n\nThanks to Dani\u00eblle van Leeuwen,\u00a0<a href=\"https:\/\/www.sunandgrapes.com\/post\/expostie-jan-en-zijn-beeldhouw-vrienden\"><strong>Sun and Grapes<\/strong><\/a>\n\n<hr \/>\n\n<h5>Exhibition <em>Jan y sus amigos, entre esculturas<\/em> in Aig\u00fces<\/h5>\n<a href=\"http:\/\/love4art.nl\/wp-content\/uploads\/2019\/12\/poster-expo.jpg\"><img class=\"alignleft size-medium wp-image-740\" src=\"http:\/\/love4art.nl\/wp-content\/uploads\/2019\/12\/poster-expo-212x300.jpg\" alt=\"\" width=\"212\" height=\"300\" \/><\/a>Tribute to sculptor Jan Keijsers. Exhibition Dec 6th 2019 till Jan 6th 2020 of his marble statues and sculptings of 10 friends in different styles and materials: steel, wood, ceramics, mixed media, marble, soapstone and bronce (my sculptures).\n\n<strong>JAN AND HIS SCULPTOR FRIENDS <\/strong>\n\nDutch sculptor Jan Keijsers (1953-2019) had a passion for marble. \"If it grabs you, it won't let go.\" This exhibition in Aig\u00fces pays homage to his work in marble, shows his sculptures and of ten artist friends. The result is an interesting exhibition with sculptures in all kinds of styles and materials such as marble, wood, ceramics, mixed media, bronze, soapstone and steel.\n\n<strong>Fascination for marble<\/strong>\nJan worked mainly on local marble such as \u2018Rojo de Alicante\u2019 and \u2018Crema Marfil\u2019. \"I have a very intimate workprocess with marble.\" In workshops he taught others how to sculpt marble better. And Jan organized excursions to a marble quarry.\n\n<strong>10 Friends around Jan<\/strong>\nJan enjoyed life and had a lot of friends, also among artists. The art of these 10 sculptor friends varies greatly in style and material.\n<ol>\n \t<li>Alb\u00e8r te Brake: steel<\/li>\n \t<li>Cockie Donkers: stone<\/li>\n \t<li>Dorine den Boer: ceramic<\/li>\n \t<li>Joan Erbueko: mixed media<\/li>\n \t<li>Lee Wolters: Soapstone<\/li>\n \t<li>Margu\u00e9rite Lameriks: marble<\/li>\n \t<li>Monique Neyzen: bronze<\/li>\n \t<li>Lambertus Puck: ceramic<\/li>\n \t<li>Reiner Izquierdo: wood<\/li>\n \t<li>Wim van Nuenen: ceramic.<\/li>\n<\/ol>\n<strong>Where &amp; when in Aig\u00fces<\/strong> (<a href=\"https:\/\/goo.gl\/maps\/CDhBdq15BCPiFnxq7\">see map<\/a>):\n\n<strong>Opening December 6th, at noon<\/strong>:\n<ul>\n \t<li>Introduction by: Juan Ribes, ceramist and former mayor of Aig\u00fces<\/li>\n \t<li>Opening ceremony: Juan David Santiago,\u00a0councilor of culture, municipality of Aig\u00fces<\/li>\n \t<li>Performance: guitar music and drinks.<\/li>\n<\/ul>\n<strong>From December 6th 2019 to January 6th 2020\u00a0exhibition in two locations<\/strong>:\n<ul>\n \t<li>Restaurant Temptations, exhibition in the garden. Pla\u00e7a de L\u2019Esglesia 23, 03569 Aig\u00fces\nfrom 12:00 until very late, closed on Monday<\/li>\n \t<li>Restaurant El Coraz\u00f3n Restaurant, indoor exhibition. Calle Mayor, 03569 Aig\u00fces\nfrom 11:00 until very late, closed on Wednesday.<\/li>\n<\/ul>\n<strong>Guided tour &amp; more information<\/strong>:\n<ul>\n \t<li>An artist will be present on Sundays 12:00<\/li>\n \t<li>More information about the exhibition or guided tours on request in Spanish, Dutch or English, e-mail Monique at info@neyzen.nl<\/li>\n \t<li>Site about Jan &amp; his art: <a href=\"https:\/\/keijsers.exto.nl\/\/#.XeOSIej0mHs\">www.keijsers.exto.nl<\/a> and FB <a href=\"https:\/\/www.facebook.com\/jan.keijsers\">www.facebook.com\/jan.keijsers<\/a><\/li>\n<\/ul>\n<a href=\"http:\/\/love4art.nl\/wp-content\/uploads\/2019\/12\/folleto-es.jpg\"><img class=\"alignleft size-medium wp-image-738\" src=\"http:\/\/love4art.nl\/wp-content\/uploads\/2019\/12\/folleto-es-212x300.jpg\" alt=\"\" width=\"212\" height=\"300\" \/><\/a><a href=\"http:\/\/love4art.nl\/wp-content\/uploads\/2019\/12\/folleto-nl.jpg\"><img class=\"alignright size-medium wp-image-739\" src=\"http:\/\/love4art.nl\/wp-content\/uploads\/2019\/12\/folleto-nl-211x300.jpg\" alt=\"\" width=\"211\" height=\"300\" \/><\/a>\n\n<hr \/>\n\n<h5>Exhibition <em>Twenty Year Sculpture Garden<\/em> Klein-Schreuder in l'Alfas del Pi<\/h5>\n<a href=\"http:\/\/love4art.nl\/wp-content\/uploads\/2019\/06\/horse-Spirit-by-Monique-Neyzen.jpg\"><img class=\"alignleft size-medium wp-image-729\" src=\"http:\/\/love4art.nl\/wp-content\/uploads\/2019\/06\/horse-Spirit-by-Monique-Neyzen-300x225.jpg\" alt=\"\" width=\"300\" height=\"225\" \/><\/a>Last guided tours: join me Sat 29th June 12:00 (English) or 11:00 (Dutch).\nWe ll walk a long the 20 exhibition sculptures (different in style &amp; materials) and some of the permanent collection.\n\nJust bring your sunglasses or hat, something to drink &amp; enjoy!\n\n<hr \/>\n\n<h5>Impression opening exhibition <em>Twenty Year Sculpture Garden<\/em> Klein-Schreuder in l'Alfas del Pi april 7, 2019<\/h5>\nhttps:\/\/youtu.be\/Lvt9_KTUseI\n\n<hr \/>\n\n<h5>Exhibition <em>Twenty Year Sculpture Garden<\/em> Klein-Schreuder in l'Alfas del Pi<\/h5>\n<a href=\"http:\/\/love4art.nl\/wp-content\/uploads\/2019\/03\/poster-20-jaar-beeldentuin-klein-schreuder.jpg\"><img class=\"alignleft size-medium wp-image-692\" src=\"http:\/\/love4art.nl\/wp-content\/uploads\/2019\/03\/poster-20-jaar-beeldentuin-klein-schreuder-218x300.jpg\" alt=\"\" width=\"218\" height=\"300\" \/><\/a> a group exhibition predominantly with artists who have shown solo exhibitions in the garden earlier: Alejandro Cremades, Hanna Gerlind Glauner, Antonio Imbern\u00f3n, Jan Keijsers, Antonio Mar\u00ed, Salvador Molla, Monique Neyzen, Vicente P\u00e9rez Gonz\u00e1lvez, Georgi Pouleriani and Quico Torres. For your diary: the festive inauguration with introductions by the contributing artists and with music, snacks and wine will take place on Sunday April 7 at 11 am. Everybody is welcome, the entry fee is the usual \u20ac5 p.p.\n\n<a href=\"http:\/\/love4art.nl\/wp-content\/uploads\/2019\/03\/hangin-on-3.jpg\"><img class=\"alignleft size-medium wp-image-686\" src=\"http:\/\/love4art.nl\/wp-content\/uploads\/2019\/03\/hangin-on-3-225x300.jpg\" alt=\"\" width=\"225\" height=\"300\" \/><\/a><a href=\"http:\/\/love4art.nl\/wp-content\/uploads\/2019\/03\/Spirit-2.jpg\"><img class=\"alignright size-medium wp-image-693\" src=\"http:\/\/love4art.nl\/wp-content\/uploads\/2019\/03\/Spirit-2-210x300.jpg\" alt=\"\" width=\"210\" height=\"300\" \/><\/a>\n\nHangin' On\nhttps:\/\/youtu.be\/uaJRmUWd53g\n\nSpirit\nhttps:\/\/youtu.be\/Ni4R67Ps3Uo\n\n<hr \/>\n\n<h5>Last days of exhibition \"Spirit of Dance\" at l'Alfas del Pi<\/h5>\n<a href=\"http:\/\/love4art.nl\/wp-content\/uploads\/2019\/03\/last-days-word-flyer-Espanol-English-Alfas-del-Pi-expo-Monique-Neyzen-10032019.jpg\"><img class=\"size-medium wp-image-680 aligncenter\" src=\"http:\/\/love4art.nl\/wp-content\/uploads\/2019\/03\/last-days-word-flyer-Espanol-English-Alfas-del-Pi-expo-Monique-Neyzen-10032019-213x300.jpg\" alt=\"\" width=\"213\" height=\"300\" \/><\/a>\n\n<hr \/>\n\n<h5>Impression of the opening of the exhibition \"Esp\u00edritu de la Danza\" in l'Alfas del Pi<\/h5>\nhttps:\/\/www.youtube.com\/watch?v=ll4bzMmA1n0\n\nAaron Colston, from Hazel Hines dance school, gave a short but beautiful performance.\n\nhttps:\/\/www.youtube.com\/watch?v=-rA3hp9gGbs\n\n<hr \/>\n\n<h5>Preparing a new 'dance' theme exhibition with bronze sculptures and drawings.<\/h5>\n<a href=\"http:\/\/love4art.nl\/wp-content\/uploads\/2019\/02\/cartel-Alfas-del-Pi.jpg\"><img class=\"size-medium wp-image-663 alignleft\" src=\"http:\/\/love4art.nl\/wp-content\/uploads\/2019\/02\/cartel-Alfas-del-Pi-213x300.jpg\" alt=\"\" width=\"213\" height=\"300\" \/><\/a>\n\n<a href=\"http:\/\/love4art.nl\/wp-content\/uploads\/2019\/02\/flyer-Espanol-English-Alfas-del-Pi-expo-Monique-Neyzen-130219.jpg\"><img class=\"alignright size-medium wp-image-667\" src=\"http:\/\/love4art.nl\/wp-content\/uploads\/2019\/02\/flyer-Espanol-English-Alfas-del-Pi-expo-Monique-Neyzen-130219-213x300.jpg\" alt=\"\" width=\"213\" height=\"300\" \/><\/a>\n\n<a href=\"http:\/\/love4art.nl\/wp-content\/uploads\/2019\/01\/alfas-del-pi-casa-de-cultura.jpg\"><img class=\"size-medium wp-image-655 alignleft\" src=\"http:\/\/love4art.nl\/wp-content\/uploads\/2019\/01\/alfas-del-pi-casa-de-cultura-300x200.jpg\" alt=\"\" width=\"300\" height=\"200\" \/><\/a> <a href=\"http:\/\/love4art.nl\/wp-content\/uploads\/2019\/01\/map-alfas-del-pi-casa-de-cultura.jpg\"><img class=\"size-medium wp-image-654 alignright\" src=\"http:\/\/love4art.nl\/wp-content\/uploads\/2019\/01\/map-alfas-del-pi-casa-de-cultura-300x223.jpg\" alt=\"\" width=\"300\" height=\"223\" \/><\/a>\n\nThe inauguration will be the 23nd of February at the beautiful <a href=\"https:\/\/www.facebook.com\/pages\/Casa-de-cultura-Alfaz\/107601399317811\">Casa de Cultura<\/a> in <a href=\"https:\/\/goo.gl\/maps\/9V2eJTs95K52\">Alfas del Pi<\/a>\n\n<hr \/>\n\n<h5>Exhibition PASSION! extended<\/h5>\nDue to the interest and demand, the exhibition of Monique Neyzen with statues of bronze horses and nude drawings will remain open until January 11th 2019. You can visit the exhibition during Christmas week on 26, 27 and 28 December and in 2019 from January 2nd.\n\n<a href=\"http:\/\/love4art.nl\/wp-content\/uploads\/2018\/12\/Full-speed-bronze-Monique-Neyzen-frontview-.jpg\"><img class=\"size-medium wp-image-645 alignleft\" src=\"http:\/\/love4art.nl\/wp-content\/uploads\/2018\/12\/Full-speed-bronze-Monique-Neyzen-frontview--225x300.jpg\" alt=\"\" width=\"225\" height=\"300\" \/><\/a> <a href=\"http:\/\/love4art.nl\/wp-content\/uploads\/2018\/12\/Nude-drawing-back-lady-in-pastel-Monique-Neyzen-.jpg\"><img class=\"size-medium wp-image-644 alignright\" src=\"http:\/\/love4art.nl\/wp-content\/uploads\/2018\/12\/Nude-drawing-back-lady-in-pastel-Monique-Neyzen--225x300.jpg\" alt=\"\" width=\"225\" height=\"300\" \/><\/a><a href=\"http:\/\/love4art.nl\/wp-content\/uploads\/2018\/12\/Spirit-bronze-Monique-Neyzen.jpg\"><img class=\"size-medium wp-image-643 alignleft\" src=\"http:\/\/love4art.nl\/wp-content\/uploads\/2018\/12\/Spirit-bronze-Monique-Neyzen-225x300.jpg\" alt=\"\" width=\"225\" height=\"300\" \/><\/a><a href=\"http:\/\/love4art.nl\/wp-content\/uploads\/2018\/12\/Stroke-me-softly-bronze-Monique-Neyzen.jpeg\"><img class=\"size-medium wp-image-642 alignright\" src=\"http:\/\/love4art.nl\/wp-content\/uploads\/2018\/12\/Stroke-me-softly-bronze-Monique-Neyzen-225x300.jpeg\" alt=\"\" width=\"225\" height=\"300\" \/><\/a>\n\nLocation: sala d'exposicions de la biblioteca \"Els nostres mestres\", carrer Sant Josep 10-12, Finestrat (old town). Open: Monday - Friday 9:30 - 13:30 &amp; 17:00 - 20:00. Artist will be present on Friday at 11 o'clock. Tour in English or other languages possible on request (send an e-mail to Monique@Neyzen.nl).\n\n<hr \/>\n\n<h5>In <a href=\"https:\/\/www.costanachrichten.com\/category\/costa-blanca-nachrichten\/aktuelle-cbn-ausgabe\/\">Costa Blanca Nachrichten<\/a><\/h5>\n<a href=\"http:\/\/love4art.nl\/wp-content\/uploads\/2018\/12\/Costa-Blanca-News.jpg\"><img class=\"aligncenter size-medium wp-image-637\" src=\"http:\/\/love4art.nl\/wp-content\/uploads\/2018\/12\/Costa-Blanca-News-300x287.jpg\" alt=\"\" width=\"300\" height=\"287\" \/><\/a>\n\n<hr \/>\n\n<h5>A new poem from Herv\u00e9 Deleu<\/h5>\n<a href=\"http:\/\/love4art.nl\/wp-content\/uploads\/2018\/11\/horses-with-wings-herve-deleu.jpg\"><img class=\"aligncenter size-medium wp-image-631\" src=\"http:\/\/love4art.nl\/wp-content\/uploads\/2018\/11\/horses-with-wings-herve-deleu-300x156.jpg\" alt=\"\" width=\"300\" height=\"156\" \/><\/a>\n\nThis time Herv\u00e9 Deleu was inspired by <a href=\"http:\/\/love4art.nl\/spirit\/\">Spirit<\/a>.\n\n<hr \/>\n\n<h5>Photo impression opening exposition PASSION! in Finestrat<\/h5>\n<a href=\"http:\/\/love4art.nl\/wp-content\/uploads\/2018\/11\/photos-opening-expo-finestrat-1.jpg\"><img class=\"wp-image-619 size-thumbnail alignleft\" src=\"http:\/\/love4art.nl\/wp-content\/uploads\/2018\/11\/photos-opening-expo-finestrat-1-98x150.jpg\" alt=\"\" width=\"98\" height=\"150\" \/><\/a><a href=\"http:\/\/love4art.nl\/wp-content\/uploads\/2018\/11\/photos-opening-expo-finestrat-2.jpg\"><img class=\"wp-image-620 size-thumbnail alignleft\" src=\"http:\/\/love4art.nl\/wp-content\/uploads\/2018\/11\/photos-opening-expo-finestrat-2-112x150.jpg\" alt=\"\" width=\"112\" height=\"150\" \/><\/a><a href=\"http:\/\/love4art.nl\/wp-content\/uploads\/2018\/11\/photos-opening-expo-finestrat-3.jpg\"><img class=\"wp-image-621 size-thumbnail alignleft\" src=\"http:\/\/love4art.nl\/wp-content\/uploads\/2018\/11\/photos-opening-expo-finestrat-3-100x150.jpg\" alt=\"\" width=\"100\" height=\"150\" \/><\/a><a href=\"http:\/\/love4art.nl\/wp-content\/uploads\/2018\/11\/photos-opening-expo-finestrat-4.jpg\"><img class=\"wp-image-622 size-thumbnail alignleft\" src=\"http:\/\/love4art.nl\/wp-content\/uploads\/2018\/11\/photos-opening-expo-finestrat-4-114x150.jpg\" alt=\"\" width=\"114\" height=\"150\" \/><\/a><a href=\"http:\/\/love4art.nl\/wp-content\/uploads\/2018\/11\/photos-opening-expo-finestrat-5.jpg\"><img class=\"wp-image-623 size-thumbnail alignleft\" src=\"http:\/\/love4art.nl\/wp-content\/uploads\/2018\/11\/photos-opening-expo-finestrat-5-101x150.jpg\" alt=\"\" width=\"101\" height=\"150\" \/><\/a>\n\n<hr \/>\n\n<h5>PASSION !<\/h5>\n<h5><a href=\"http:\/\/love4art.nl\/wp-content\/uploads\/2018\/11\/cartel-ENG-exhib-Finestrat-Monique-Neyzen-dd7nov18.jpg\"><img class=\"alignleft size-medium wp-image-602\" src=\"http:\/\/love4art.nl\/wp-content\/uploads\/2018\/11\/cartel-ENG-exhib-Finestrat-Monique-Neyzen-dd7nov18-212x300.jpg\" alt=\"\" width=\"212\" height=\"300\" \/><\/a>sculptures of dynamic bronzes of horses and nude drawings<\/h5>\nThis exhibition I'll show 20 horses in bronze both figurative and lightly abstract, and 30 drawings of nude models in different materials. I am an avid horse lover and have been riding horses for years. My passion for horses, especially the dynamics of horses, is what I try to capture in my bronze sculptures. \"<em>Everything is alive and moving, your horses seem to jump off their pedestals<\/em>\", such reactions I often get on my bronzes.\n\nI have also been drawing nude models for years, short poses of 1, 2 or 5 minutes as well as 20 minute poses. I can <a href=\"http:\/\/love4art.nl\/wp-content\/uploads\/2018\/11\/flyer-SP-ENG-exhibition-Finestrat-Monique-Neyzen-nov-dec18.jpg\"><img class=\"alignright size-medium wp-image-604\" src=\"http:\/\/love4art.nl\/wp-content\/uploads\/2018\/11\/flyer-SP-ENG-exhibition-Finestrat-Monique-Neyzen-nov-dec18-209x300.jpg\" alt=\"\" width=\"209\" height=\"300\" \/><\/a>be fascinated by a beautiful line that I see in a model: an attitude, the position of the head, a light on the human body, that can be s\u00f2 beautiful, I try to 'capture' that in my drawings. I work in different materials, like pencil, ink, pastel chalk, cont\u00e9 or a combination of them. I make quick sketches with a few lines and sometimes I make more elaborate drawings in pastel.\n\n<span style=\"text-decoration: underline;\">Opening<\/span>: 22nd of November at 5 pm at sala d\u2019exposicions de la bibliotheca \u2018Els nostres mestres\u2019, carrer Sant Josep 10 - 12, Finestrat old town. Opening hours: Monday - Friday 9:30 am - 1:30 pm and 5:00 pm - 8:00 pm until December 20th 2018. On Friday I am present at 11 am and give guided tours in English, Dutch, German, French or Spanish. For instance on November 23rd an English tour takes place at 11 o'clock and December 7th in German. Please send me an email or call me if you want to participate. Other tours are possible on request.\n\n<hr \/>\n\n<h5>Exhibition 'Bronze in Motion' extended till June 10th<\/h5>\n<a href=\"http:\/\/love4art.nl\/wp-content\/uploads\/2018\/05\/extended100618.jpg\"><img class=\"aligncenter size-medium wp-image-521\" src=\"http:\/\/love4art.nl\/wp-content\/uploads\/2018\/05\/extended100618-300x235.jpg\" alt=\"\" width=\"300\" height=\"235\" \/><\/a>\n\n<strong>Special tours<\/strong>\n\nMonique Neyzen will tell you more about her inspiration and her art in a walk through the garden. She will explain some of her bronze statues, drawings, sculptured stones and the bronze casting process. Duration: \u00be - 1 hour depending on the number of visitors.\n\nSpecial tours for groups in English, Dutch, German, French or Spanish available on request.\n<ul>\n \t<li>Dutch tour: Sunday April 29th at 12 am.<\/li>\n \t<li>German tour: Sunday May 13th at 12 am.<\/li>\n \t<li>English tour for Lions members: Sunday May 20th at 1 pm.<\/li>\n \t<li>English tour for Norwegians: Sunday May 27th at 12 am.<\/li>\n \t<li>Dutch \"Bronze in Motion\" tour: Sunday June 10th at 12 am.<\/li>\n<\/ul>\nIf you want to participate, just send an e-mail to monique@neyzen.nl\n<ul>\n \t<li>See facebook page for photos, for instance the opening on April 8th:\u00a0<a href=\"https:\/\/www.facebook.com\/friendsmonique\">https:\/\/www.facebook.com\/friendsmonique<\/a><\/li>\n<\/ul>\n\n<hr \/>\n\n<h5>\u2018Bronze in Motion\u2019 dynamic sculptures of dancers and horses<\/h5>\n<a href=\"http:\/\/love4art.nl\/wp-content\/uploads\/2017\/03\/Naamloos.jpg\"><img class=\"alignleft size-medium wp-image-474\" src=\"http:\/\/love4art.nl\/wp-content\/uploads\/2017\/03\/Naamloos-212x300.jpg\" alt=\"Naamloos\" width=\"212\" height=\"300\" \/><\/a>Exhibition of Monique Neyzen in the beautiful garden of Fundaci\u00f3n Klein-Schreuder: 8\/4 - 20\/5 \u201918. Dancers and horses are her favorite subjects. The Dutch artist shows 35 small bronzes that capture the movement, ten sculptured stones and drawings of dancers.\n\nMore than ten years ago Jan Klein and Joke Schreuder bought a large plot of neglected land on the Costa Blanca in Spain. They transformed it with great love and care into a lovelyl botanical plant and sculpture garden with changing exhibitons. Walking trails lead through a palm grove, an orchard and rose garden.\n<ul>\n \t<li>Opening: April 8th at 11am, Cami del Pinar 23 in Alfaz del Pi (<a href=\"https:\/\/goo.gl\/maps\/EP3Cu3ubDVQ2\">map<\/a>).<\/li>\n \t<li>Visits: until May 20th every Sunday 10 am - 2pm, weekdays by appointment only call (+34)966860230 or mail info@klein-schreuder.com - entrance: 5 euro to maintain the garden.<\/li>\n \t<li>Information: garden <a href=\"https:\/\/www.klein-schreuder.com\/index.php\/en\">www.klein-schreuder.com<\/a> - about the artist: <a href=\"http:\/\/love4art.nl\">www.love4art.nl\/blog<\/a><\/li>\n \t<li>Article Costa Levante news: <a href=\"https:\/\/www.pressreader.com\/spain\/costa-levante-news\/20180323\/281861529045488\">New bronze age<\/a><\/li>\n<\/ul>\n<p style=\"text-align: center;\">\u2018Everything moves and has a soul of its own\u2019<\/p>","_en_post_name":"news","_en_post_excerpt":"","_en_post_title":"news","_fr_post_content":"<h5>Visite guid\u00e9e de l'exposition \u00ab Enchanting Horses \u00bb le 23 novembre<\/h5>\nLe 23 novembre \u00e0 La Casa de Cultura de l'Alf\u00e0s del Pi, Monique Neyzen a fait visiter son exposition \u201cEnchanting Horses\u201d.\n\nhttps:\/\/youtu.be\/mBf2hpetTUo\n\n<hr \/>\n\n<h5>L'exposition de Monique \"Enchanting horses\", ouvre le 31 octobre \u00e0 l'Alfas del Pi<\/h5>\n<a href=\"http:\/\/love4art.nl\/wp-content\/uploads\/2024\/10\/flyer241015.jpg\"><img class=\"aligncenter size-large wp-image-993\" src=\"http:\/\/love4art.nl\/wp-content\/uploads\/2024\/10\/flyer241015-669x1024.jpg\" alt=\"\" width=\"620\" height=\"949\" \/><\/a>\nL'exposition de Monique \"Chevaux enchanteurs\" ouvre le 31 octobre \u00e0 l'Alfas del Pi\n\n<hr \/>\n\n<h5>Prochaine exposition de Monique \u00e0 l'Alfas del Pi: bronzes &amp; dessins de chevaux<\/h5>\n<a href=\"http:\/\/love4art.nl\/wp-content\/uploads\/2024\/07\/exhibition2024.jpg\"><img class=\"aligncenter size-full wp-image-987\" src=\"http:\/\/love4art.nl\/wp-content\/uploads\/2024\/07\/exhibition2024.jpg\" alt=\"\" width=\"632\" height=\"956\" \/><\/a>\n\n<hr \/>\n\n<h5>Visites guid\u00e9es exposition de l\u2019artiste<\/h5>\n<a href=\"http:\/\/love4art.nl\/wp-content\/uploads\/2024\/01\/NL-rondleiding-door-artieste-16-nov-om-1-uur-in-Alfaz-del-Pi.png\"><img class=\"aligncenter size-full wp-image-982\" src=\"http:\/\/love4art.nl\/wp-content\/uploads\/2024\/01\/NL-rondleiding-door-artieste-16-nov-om-1-uur-in-Alfaz-del-Pi.png\" alt=\"\" width=\"896\" height=\"410\" \/><\/a>Inscrivez-vous toujours \u00e0 l\u2019avance! E-mail: monique@neyzen.nl\n\nLes visites des \u2018Statues en pierre, fer et bronze\u2019 se font toujours \u00e0 13h.\nLa visite est gratuite, seulement 5 euro entr\u00e9e pour l\u2019entretien du jardin.\nSur demande sont pour groups des visites dans diff\u00e9rentes languages possible.\n<ul>\n \t<li>4 janvier 2024 anglais<\/li>\n \t<li>28 d\u00e9cembre \u201923 n\u00e9erlandais<\/li>\n \t<li>21 d\u00e9cembre\u201923 anglais<\/li>\n \t<li>14 d\u00e9cembre \u201923 espagnol<\/li>\n \t<li>23 novembre\u201923 n\u00e9erlandais<\/li>\n \t<li>16 novembre\u201923 n\u00e9erlandais<\/li>\n \t<li>8 novembre \u201923 allemand<\/li>\n \t<li>21 octobre 2023 es\/ang\/n<\/li>\n<\/ul>\n\n<hr \/>\n\n<h5>Visites guid\u00e9es \"Sculptures en pierre, fer et bronze\"<\/h5>\nNous avons eu une belle visite guid\u00e9e en allemand le 9 novembre, environ 30 visiteurs. Alb\u00e8r a expliqu\u00e9 son travail et j'ai parl\u00e9 des sculptures de Vicente et des miennes.\n\nProchaines visites guid\u00e9es:\n<ul>\n \t<li>16 novembre, 13h en n\u00e9erlandais, voir info sur la 1\u00e8re photo.<\/li>\n \t<li>23 novembre, 13h en anglais<\/li>\n<\/ul>\nConnectez-vous au pr\u00e9alable par email: <span style=\"text-decoration: underline;\">monique@neyzen.nl<\/span>\n\n<a href=\"http:\/\/love4art.nl\/wp-content\/uploads\/2023\/11\/dutch-tour-2023.png\"><img class=\"alignleft size-full wp-image-960\" src=\"http:\/\/love4art.nl\/wp-content\/uploads\/2023\/11\/dutch-tour-2023.png\" alt=\"\" width=\"760\" height=\"679\" \/><\/a><a href=\"http:\/\/love4art.nl\/wp-content\/uploads\/2023\/11\/german-tour-2023-1.png\"><img class=\"alignleft size-large wp-image-961\" src=\"http:\/\/love4art.nl\/wp-content\/uploads\/2023\/11\/german-tour-2023-1-865x1024.png\" alt=\"\" width=\"620\" height=\"734\" \/><\/a>\n\n<a href=\"http:\/\/love4art.nl\/wp-content\/uploads\/2023\/11\/german-tour-2023-2.png\"><img class=\"alignleft size-large wp-image-962\" src=\"http:\/\/love4art.nl\/wp-content\/uploads\/2023\/11\/german-tour-2023-2-1024x710.png\" alt=\"\" width=\"620\" height=\"430\" \/><\/a>\n<a href=\"http:\/\/love4art.nl\/wp-content\/uploads\/2023\/11\/german-tour-2023-3.png\"><img class=\"alignleft size-full wp-image-963\" src=\"http:\/\/love4art.nl\/wp-content\/uploads\/2023\/11\/german-tour-2023-3.png\" alt=\"\" width=\"759\" height=\"565\" \/><\/a><a href=\"http:\/\/love4art.nl\/wp-content\/uploads\/2023\/11\/german-tour-2023-4.png\"><img class=\"alignleft size-full wp-image-964\" src=\"http:\/\/love4art.nl\/wp-content\/uploads\/2023\/11\/german-tour-2023-4.png\" alt=\"\" width=\"984\" height=\"724\" \/><\/a>\n\n<hr \/>\n\n<h5>Sculptures en pierre, fer et bronze<\/h5>\nJ'expose avec 2 amis artistes Vicente P\u00e9rez et Alb\u00e8r te Brake.\n\nTrois artistes travaillant dans des styles et des mat\u00e9riaux diff\u00e9rents. Trois artistes travaillant dans des styles et des mat\u00e9riaux diff\u00e9rents. Vous pouvez visiter cette exposition diversifi\u00e9e du 21 octobre 23 au 6 janvier 24 au Jardin de Sculptures Klein-Schreuder \u00e0 Alfaz del Pi.\n\n<strong><a href=\"http:\/\/love4art.nl\/wp-content\/uploads\/2023\/10\/marmeren-beeld-van-Vicente-Perez.jpg\"><img class=\"alignright size-medium wp-image-916\" src=\"http:\/\/love4art.nl\/wp-content\/uploads\/2023\/10\/marmeren-beeld-van-Vicente-Perez-221x300.jpg\" alt=\"\" width=\"221\" height=\"300\" \/><\/a><\/strong>Le travail de <strong>Vicente P\u00e9rez<\/strong>\u2019 (ES) est fa\u00e7onn\u00e9 par des exp\u00e9riences qui naissent d'une source commune telle que la nature. Ses sculptures en <strong>alb\u00e2tre<\/strong> montrent des reflets de structures v\u00e9g\u00e9tales et des interpr\u00e9tations de la forme humaine. La valeur symbolique d\u00e9passe le sens litt\u00e9ral. Il expose une nouvelle s\u00e9rie de sculptures aux formes organiques.\n\n<strong><a href=\"http:\/\/love4art.nl\/wp-content\/uploads\/2023\/10\/Going-Round-in-circles-ijzeren-beeld-van-Alber-te-Brake.-Drie-in-elkaar-grijpende-cirkels-draaien-op-een-as-een-in-rood-marmeren-voetstuk.jpeg\"><img class=\"size-medium wp-image-914 alignleft\" src=\"http:\/\/love4art.nl\/wp-content\/uploads\/2023\/10\/Going-Round-in-circles-ijzeren-beeld-van-Alber-te-Brake.-Drie-in-elkaar-grijpende-cirkels-draaien-op-een-as-een-in-rood-marmeren-voetstuk-154x300.jpeg\" alt=\"\" width=\"154\" height=\"300\" \/><\/a>Alb\u00e8r te Brake<\/strong> (NL) r\u00e9alise d'impressionnantes sculptures en <strong>fer<\/strong> aux lignes claires. Il travaillait beaucoup le bronze et le verre. Mais le m\u00e9tal l'a toujours inspir\u00e9, c'est sa priorit\u00e9 depuis qu'il vit en Espagne. Ses grandes sculptures sont adapt\u00e9es \u00e0 un usage ext\u00e9rieur. Dans \"Tourner en rond\" (91 cm de haut), trois cercles imbriqu\u00e9s tournent autour d'un axe sur un socle en marbre \"Rojo de Alicante\".\n\n<strong><a href=\"http:\/\/love4art.nl\/wp-content\/uploads\/2023\/10\/Icarus-bronzen-beeld-van-Monique-Neyzen-lijkt-van-het-ijzeren-voetstuk-af-te-springen.jpeg\"><img class=\"alignright size-medium wp-image-915\" src=\"http:\/\/love4art.nl\/wp-content\/uploads\/2023\/10\/Icarus-bronzen-beeld-van-Monique-Neyzen-lijkt-van-het-ijzeren-voetstuk-af-te-springen-225x300.jpeg\" alt=\"\" width=\"225\" height=\"300\" \/><\/a>Monique Neyzen<\/strong> (NL) r\u00e9alise de petites sculptures en <strong>bronze<\/strong> dynamiques de danseurs et de chevaux, figuratives ou quelque peu abstraites. Des standards en fer sp\u00e9cialement con\u00e7us renforcent le mouvement et font partie int\u00e9grante de son travail. Les statues semblent sauter de leur pi\u00e9destal, comme pour \u00ab Icare \u00bb (bronze 28 cm, 1,95 de hauteur avec le support en fer).\n\n<strong>Vernissage de l'exposition<\/strong> : le 21 octobre \u00e0 11 heures, Manuel Casado Ponche, concejala de cultura de la municipalit\u00e9 d'Alfaz del Pi ouvrira l'exposition. L'ouverture est honor\u00e9e par le trio de clarinettes de Marcos Ivorra Schuler avec son \u00e9pouse Catharina et leur fils. Ensuite, les artistes expliqueront leur travail et il y aura un verre.\n\n<strong>Informations pratiques<\/strong> : adresse Sculpture Garden Fundaci\u00f3n Klein-Schreuder, Cami del Pinar 23, Alfaz del Pi. Consultez le site Web <em><a href=\"https:\/\/www.klein-schreuder.com\/index.php\/en\">www.klein-schreuder.com<\/a><\/em> pour conna\u00eetre les heures d'ouverture ou appelez le 966860230 pour un rendez-vous. L'entr\u00e9e au jardin et \u00e0 l'exposition est de 5 euros. Les artistes proposent r\u00e9guli\u00e8rement des visites guid\u00e9es dans diff\u00e9rentes langues, je l'annoncerai sur ce site.\n\n<hr \/>\n\n<h5>Tout le meilleur pour la nouvelle ann\u00e9e\u00a0!<\/h5>\nChers amateurs d'art,\nJe vous souhaite \u00e0 tous bonheur, paix, sant\u00e9 et temps pour profiter de la vie et de l'art !\n\nEn 2022, je repense \u00e0 la perte soudaine et triste d'un ami tr\u00e8s cher et \u00e0 une belle exposition r\u00e9ussie.\n\nCasa museu La Barbera \u00e0 Villajoyosa est un grand espace d'exposition. Les anciennes \u00e9curies du manoir du XVIIe si\u00e8cle de la famille Aragones convenaient parfaitement \u00e0 mes sculptures en bronze et dessins de danseurs. '<a href=\"https:\/\/www.youtube.com\/watch?v=tRkX4X3We1E&amp;t=3s\" rel=\"noopener\">Baila en la Barbera<\/a>' a attir\u00e9 des centaines de visiteurs et j'ai ador\u00e9 faire des visites dans diff\u00e9rentes langues. Ensuite, je peux expliquer comment je travaille et ce qui m'inspire, et avoir la chance d'\u00e9changer avec les visiteurs. Tellement inspirant de rencontrer des amateurs d'art et d'autres artistes. J'ai souvent eu de belles r\u00e9actions sur mon art et j'ai vendu de nombreuses statues et dessins. Cela signifie fabriquer de nouveaux moules et moulages et tout livrer apr\u00e8s l'exposition.\n\nJ'ai d\u00e9cid\u00e9 de ne faire qu'une exposition par an.\nParce que j'ai aussi besoin de temps pour travailler sur des commandes sp\u00e9ciales et je veux faire du nouveau travail bien s\u00fbr. Et avec mon ami sculpteur Alb\u00e8rt, nous voulons faire nous-m\u00eames la coul\u00e9e du bronze, ce qui est un processus assez complexe.\n\nJe vous tiendrai au courant sur ce site.\nMeilleurs voeux pour cette nouvelle ann\u00e9e!\n\n<a href=\"http:\/\/love4art.nl\/wp-content\/uploads\/2022\/12\/ny-wens-2023.jpeg\"><img class=\"aligncenter size-large wp-image-907\" src=\"http:\/\/love4art.nl\/wp-content\/uploads\/2022\/12\/ny-wens-2023-1024x1024.jpeg\" alt=\"\" \/>&lt;\/ un&gt;<\/a>\n\n<hr \/>\n\n<h5>Parmi les visiteurs d'aujourd'hui se trouvaient trois \u00e9chevins de la ville voisine d'Alfas del Pi<\/h5>\n<a href=\"http:\/\/love4art.nl\/wp-content\/uploads\/2022\/01\/aldermen-of-alfas-del-pi.jpg\"><img class=\"alignleft size-medium wp-image-899\" src=\"http:\/\/love4art.nl\/wp-content\/uploads\/2022\/01\/aldermen-of-alfas-del-pi-300x263.jpg\" alt=\"\" width=\"300\" height=\"263\" \/><\/a><a href=\"http:\/\/love4art.nl\/wp-content\/uploads\/2022\/01\/comments-aldermen-of-alfas-del-pi.jpg\"><img class=\"alignright size-medium wp-image-898\" src=\"http:\/\/love4art.nl\/wp-content\/uploads\/2022\/01\/comments-aldermen-of-alfas-del-pi-300x217.jpg\" alt=\"\" width=\"300\" height=\"217\" \/><\/a>\n\nMerci d'\u00eatre venu \u00e0 mon exposition et de vos commentaires adorables!\n\nHeureux de faire une autre exposition \u00e0 Alfas.\n\n<hr \/>\n\n<h5>Impression du vernissage de l'exposition <em>Baila en la Barbera<\/em> \u00e0 Villajoyosa 13-1-2022<\/h5>\nhttps:\/\/youtu.be\/0XiyGcGO0UQ\n\n<hr \/>\n\n<h5>Aper\u00e7u de l'exposition <em>Baila en la Barbera<\/em> \u00e0 Villajoyosa 13-1-2022<\/h5>\nhttps:\/\/youtu.be\/tRkX4X3We1E\n\n<hr \/>\n\n<h5>Ouverture de l'exposition Baila en la Barbera<\/h5>\n<a href=\"http:\/\/love4art.nl\/wp-content\/uploads\/2022\/01\/barbera2.png\"><img class=\"alignleft size-medium wp-image-853\" src=\"http:\/\/love4art.nl\/wp-content\/uploads\/2022\/01\/barbera2-225x300.png\" alt=\"\" width=\"225\" height=\"300\" \/><\/a>Le 13 janvier 2022 commence mon exposition \u00ab Baila en La Barbera \u00bb \u00e0 \u00ab Espai d'Art Contemporani de la Barbera dels Aragon\u00e9s \u00bb \u00e0 Villajoyosa. Le vernissage est \u00e0 13h00 et sera accompagn\u00e9 de la musique de guitare de <a href=\"http:\/\/www.cristinarico.art\/about-me\/\">Cristina Rico<\/a>.\n\n2 conseils si vous venez au vernissage \u00ab Baila en la Barbera \u00bb le 13 janvier \u00e0 13h00.\n\n1. Faites-le moi savoir via info@neyzen.nl afin que je puisse suivre le nombre de visiteurs dus \u00e0 Covid.\n\n2. Le jeudi est jour de march\u00e9 \u00e0 Villajoyosa. Dans ce cas, vous ne pouvez pas vous garer sur le site du march\u00e9. Le plus simple est le parking Creueta pr\u00e8s de Mercidillo central \u00e0 5\u2033 \u00e0 pied de La Barbera. L'entr\u00e9e de l'espace d'exposition est situ\u00e9e entre le museo casa La Barbera et le caf\u00e9.\n\n<a href=\"http:\/\/love4art.nl\/wp-content\/uploads\/2022\/01\/barbera1.png\"><img class=\"size-medium wp-image-852 aligncenter\" src=\"http:\/\/love4art.nl\/wp-content\/uploads\/2022\/01\/barbera1-225x300.png\" alt=\"\" width=\"225\" height=\"300\" \/><\/a> <a href=\"http:\/\/love4art.nl\/wp-content\/uploads\/2022\/01\/barbera3.png\"><img class=\"size-medium wp-image-850 aligncenter\" src=\"http:\/\/love4art.nl\/wp-content\/uploads\/2022\/01\/barbera3-300x225.png\" alt=\"\" width=\"300\" height=\"225\" \/><\/a>\n\nL'adresse du mus\u00e9e est C. Huit de Maig, 16, 03570 La Vila Joiosa. Le parking Creueta se trouve sur l'Av. Joan Carles I, 25, 03570 La Vila Joiosa.\n\n<a href=\"http:\/\/love4art.nl\/wp-content\/uploads\/2022\/01\/map.png\"><img class=\"size-medium wp-image-851 aligncenter\" src=\"http:\/\/love4art.nl\/wp-content\/uploads\/2022\/01\/map-300x244.png\" alt=\"\" width=\"300\" height=\"244\" \/><\/a>\n\n<hr \/>\n\n<h5>Finalement!<\/h5>\nMa prochaine exposition \"Baila en La Barbera\" d\u00e9butera \u00e0 la 13 janvier 2022. Des statues de danse en bronze seront expos\u00e9es \u00e0 le mus\u00e9e \"Espai d'Art Contemporani de la Barbera dels Aragon\u00e9s\" \u00e0 Villajoyosa, l'ancienne villa de la famille la plus importante de Villajoyosa.\n\n<a href=\"http:\/\/love4art.nl\/wp-content\/uploads\/2021\/12\/cartel-La-Barbera-Vilajoyosa-expo-Monique-Neyzen-20211227-logos.png\"><img class=\"alignleft size-medium wp-image-847\" src=\"http:\/\/love4art.nl\/wp-content\/uploads\/2021\/12\/cartel-La-Barbera-Vilajoyosa-expo-Monique-Neyzen-20211227-logos-216x300.png\" alt=\"\" width=\"216\" height=\"300\" \/><\/a><a href=\"http:\/\/love4art.nl\/wp-content\/uploads\/2021\/11\/Grand-Jeter.jpg\"><img class=\"alignleft size-medium wp-image-802\" src=\"http:\/\/love4art.nl\/wp-content\/uploads\/2021\/11\/Grand-Jeter-300x223.jpg\" alt=\"\" width=\"300\" height=\"223\" \/><\/a><a href=\"http:\/\/love4art.nl\/wp-content\/uploads\/2021\/11\/Museo-Espai-dArt-Contemporani-de-la-Barbera-dels-Aragon\u00e9s.jpg\"><img class=\"alignleft size-medium wp-image-801\" src=\"http:\/\/love4art.nl\/wp-content\/uploads\/2021\/11\/Museo-Espai-dArt-Contemporani-de-la-Barbera-dels-Aragon\u00e9s-300x201.jpg\" alt=\"\" width=\"300\" height=\"201\" \/><\/a><a href=\"http:\/\/love4art.nl\/wp-content\/uploads\/2021\/11\/Map-Museo-Espai-dArt-Contemporani-de-la-Barbera.png\"><img class=\"alignleft size-medium wp-image-803\" src=\"http:\/\/love4art.nl\/wp-content\/uploads\/2021\/11\/Map-Museo-Espai-dArt-Contemporani-de-la-Barbera-300x281.png\" alt=\"\" width=\"300\" height=\"281\" \/><\/a>\n\n<hr \/>\n\n<h5>Bonne Ann\u00e9e!<\/h5>\n<p style=\"text-align: center;\"><a href=\"http:\/\/love4art.nl\/wp-content\/uploads\/2021\/01\/newyear2021.jpg\"><img class=\"size-medium wp-image-795 aligncenter\" src=\"http:\/\/love4art.nl\/wp-content\/uploads\/2021\/01\/newyear2021-300x225.jpg\" alt=\"\" width=\"300\" height=\"225\" \/><\/a><\/p>\n\n\n<hr \/>\n\n<h5>Last day of the exhibition 'Jan y sus amigos'<\/h5>\nJan 5th 2020 is the last day of the exhibition 'Jan y sus amigos: entre es-culturas'. Jan Keysers big marble 'Toro Viejo' is always one of the favorite sculptures. Some visitors of last week's guided tour next to their personal favorites, and a steel sculpture of Alber and above my bronze doggie.\n\n<a href=\"http:\/\/love4art.nl\/wp-content\/uploads\/2020\/01\/jan-keijsers-toro-viejo.jpg\"><img class=\"alignleft size-medium wp-image-786\" src=\"http:\/\/love4art.nl\/wp-content\/uploads\/2020\/01\/jan-keijsers-toro-viejo-173x300.jpg\" alt=\"\" width=\"173\" height=\"300\" \/><\/a><a href=\"http:\/\/love4art.nl\/wp-content\/uploads\/2020\/01\/monique-neyzen-dog.jpg\"><img class=\"alignleft size-medium wp-image-784\" src=\"http:\/\/love4art.nl\/wp-content\/uploads\/2020\/01\/monique-neyzen-dog-300x225.jpg\" alt=\"\" width=\"300\" height=\"225\" \/><\/a><a href=\"http:\/\/love4art.nl\/wp-content\/uploads\/2020\/01\/alber-te-brake.jpg\"><img class=\"alignleft size-medium wp-image-785\" src=\"http:\/\/love4art.nl\/wp-content\/uploads\/2020\/01\/alber-te-brake-300x225.jpg\" alt=\"\" width=\"300\" height=\"225\" \/><\/a>\n\nToday is a guided tour at 12 am, both locations are open till late. Tomorrow Jan 6th you can still visit El Corazon from 11 am but Tentaciones is as always closed on Monday.\n\n<hr \/>\n\n<h5>Bonne Ann\u00e9e!<\/h5>\n<p style=\"text-align: center;\"><a href=\"http:\/\/love4art.nl\/wp-content\/uploads\/2020\/01\/20191231_133352.jpg\"><img class=\"size-medium wp-image-781 aligncenter\" src=\"http:\/\/love4art.nl\/wp-content\/uploads\/2020\/01\/20191231_133352-207x300.jpg\" alt=\"\" width=\"207\" height=\"300\" \/><\/a><\/p>\n\n\n<hr \/>\n\n<h5>Joyeux No\u00ebl<\/h5>\n<a href=\"http:\/\/love4art.nl\/wp-content\/uploads\/2019\/12\/christmas-wishes-2019.jpg\"><img class=\"size-medium wp-image-777 aligncenter\" src=\"http:\/\/love4art.nl\/wp-content\/uploads\/2019\/12\/christmas-wishes-2019-225x300.jpg\" alt=\"\" width=\"225\" height=\"300\" \/><\/a>\n\n<hr \/>\n\n<h5>Impression de l'ouverture de l'exposition <em>Jan y sus amigos: Entre Es-culturas<\/em> en Aig\u00fces<\/h5>\nhttps:\/\/youtu.be\/0Lky4jOXvzA\n\nMerci \u00e0 Dani\u00eblle van Leeuwen,\u00a0<a href=\"https:\/\/www.sunandgrapes.com\/post\/expostie-jan-en-zijn-beeldhouw-vrienden\"><strong>Sun and Grapes<\/strong><\/a>\n\n<hr \/>\n\n<h5>Exposition <em>Jan y sus amigos, entre esculturas<\/em> en Aig\u00fces<\/h5>\n<a href=\"http:\/\/love4art.nl\/wp-content\/uploads\/2019\/12\/poster-expo.jpg\"><img class=\"alignleft size-medium wp-image-740\" src=\"http:\/\/love4art.nl\/wp-content\/uploads\/2019\/12\/poster-expo-212x300.jpg\" alt=\"\" width=\"212\" height=\"300\" \/><\/a>Tribute to sculptor Jan Keijsers. Exhibition Dec 6th 2019 till Jan 6th 2020 of his marble statues and sculptings of 10 friends in different styles and materials: steel, wood, ceramics, mixed media, marble, soapstone and bronce (my sculptures).\n\n<strong>JAN AND HIS SCULPTOR FRIENDS <\/strong>\n\nDutch sculptor Jan Keijsers (1953-2019) had a passion for marble. \"If it grabs you, it won't let go.\" This exhibition in Aig\u00fces pays homage to his work in marble, shows his sculptures and of ten artist friends. The result is an interesting exhibition with sculptures in all kinds of styles and materials such as marble, wood, ceramics, mixed media, bronze, soapstone and steel.\n\n<strong>Fascination for marble<\/strong>\nJan worked mainly on local marble such as \u2018Rojo de Alicante\u2019 and \u2018Crema Marfil\u2019. \"I have a very intimate workprocess with marble.\" In workshops he taught others how to sculpt marble better. And Jan organized excursions to a marble quarry.\n\n<strong>10 Friends around Jan<\/strong>\nJan enjoyed life and had a lot of friends, also among artists. The art of these 10 sculptor friends varies greatly in style and material.\n<ol>\n \t<li>Alb\u00e8r te Brake: steel<\/li>\n \t<li>Cockie Donkers: stone<\/li>\n \t<li>Dorine den Boer: ceramic<\/li>\n \t<li>Joan Erbueko: mixed media<\/li>\n \t<li>Lee Wolters: Soapstone<\/li>\n \t<li>Margu\u00e9rite Lameriks: marble<\/li>\n \t<li>Monique Neyzen: bronze<\/li>\n \t<li>Lambertus Puck: ceramic<\/li>\n \t<li>Reiner Izquierdo: wood<\/li>\n \t<li>Wim van Nuenen: ceramic.<\/li>\n<\/ol>\nWhere &amp; when in Aig\u00fces (<a href=\"https:\/\/goo.gl\/maps\/CDhBdq15BCPiFnxq7\">see map<\/a>):\n\nFrom December 6th 2019 to January 6th 2020\u00a0exhibition in two locations:\n<ul>\n \t<li>Restaurant Temptations, exhibition in the garden. Pla\u00e7a de L\u2019Esglesia 23, 03569 Aig\u00fces\nfrom 12:00 until very late, closed on Monday<\/li>\n \t<li>Restaurant El Coraz\u00f3n Restaurant, indoor exhibition. Calle Mayor, 03569 Aig\u00fces\nfrom 11:00 until very late, closed on Wednesday.<\/li>\n<\/ul>\nGuided tour &amp; more information:\n<ul>\n \t<li>An artist will be present on Sundays 12:00<\/li>\n \t<li>More information about the exhibition or guided tours on request in Spanish, Dutch or English, e-mail Monique at info@neyzen.nl<\/li>\n \t<li>Site about Jan &amp; his art: <a href=\"https:\/\/keijsers.exto.nl\/\/#.XeOSIej0mHs\">www.keijsers.exto.nl<\/a> and FB <a href=\"https:\/\/www.facebook.com\/jan.keijsers\">www.facebook.com\/jan.keijsers<\/a><\/li>\n<\/ul>\n<a href=\"http:\/\/love4art.nl\/wp-content\/uploads\/2019\/12\/folleto-es.jpg\"><img class=\"alignleft size-medium wp-image-738\" src=\"http:\/\/love4art.nl\/wp-content\/uploads\/2019\/12\/folleto-es-212x300.jpg\" alt=\"\" width=\"212\" height=\"300\" \/><\/a><a href=\"http:\/\/love4art.nl\/wp-content\/uploads\/2019\/12\/folleto-nl.jpg\"><img class=\"alignright size-medium wp-image-739\" src=\"http:\/\/love4art.nl\/wp-content\/uploads\/2019\/12\/folleto-nl-211x300.jpg\" alt=\"\" width=\"211\" height=\"300\" \/><\/a>\n\n<hr \/>\n\n<h5>Exposition <em>Vingt Ans Jardin de sculptures<\/em> Klein-Schreuder en l'Alfas del Pi<\/h5>\n<a href=\"http:\/\/love4art.nl\/wp-content\/uploads\/2019\/06\/horse-Spirit-by-Monique-Neyzen.jpg\"><img class=\"alignleft size-medium wp-image-729\" src=\"http:\/\/love4art.nl\/wp-content\/uploads\/2019\/06\/horse-Spirit-by-Monique-Neyzen-300x225.jpg\" alt=\"\" width=\"300\" height=\"225\" \/><\/a>Derni\u00e8res visites guid\u00e9es: rejoignez-moi le samedi 29 juin \u00e0 12h00 (anglais) ou \u00e0 11h00 (n\u00e9erlandais).\nNous parcourrons les 20 sculptures de l'exposition (de styles et de mat\u00e9riaux diff\u00e9rents) et certaines de la collection permanente. Apportez simplement vos lunettes de soleil ou votre chapeau, quelque chose \u00e0 boire et \u00e0 appr\u00e9cier!\n\n<hr \/>\n\n<h5>Impression de l'ouverture de l'exposition <em>Vingt Ans Jardin de sculptures<\/em> Klein-Schreuder en l'Alfas del Pi 7 april 2019<\/h5>\nhttps:\/\/youtu.be\/Lvt9_KTUseI\n\n<hr \/>\n\n<h5>Exposition <em>Vingt Ans Jardin de sculptures<\/em> Klein-Schreuder en l'Alfas del Pi<\/h5>\n<a href=\"http:\/\/love4art.nl\/wp-content\/uploads\/2019\/03\/poster-20-jaar-beeldentuin-klein-schreuder.jpg\"><img class=\"alignleft size-medium wp-image-692\" src=\"http:\/\/love4art.nl\/wp-content\/uploads\/2019\/03\/poster-20-jaar-beeldentuin-klein-schreuder-218x300.jpg\" alt=\"\" width=\"218\" height=\"300\" \/><\/a>Une exposition de groupe principalement avec des artistes qui ont d\u00e9j\u00e0 montr\u00e9 des expositions personnelles dans le jardin: Alejandro Cremades, Hanna Gerlind Glauner, Antonio Imbern\u00f3n, Jan Keijsers, Antonio Mar\u00ed, Salvador Molla, Monique Neyzen, Vicente P\u00e9rez Gonz\u00e1lvez, Georgi Pouleriani et Quico Torres. Pour votre journal: l\u2019inauguration festive avec pr\u00e9sentation des artistes participants et musique, collations et vin aura lieu le dimanche 7 avril \u00e0 11 heures. Tout le monde est le bienvenu, le droit d'entr\u00e9e est comme d'habitude \u20ac5 p.p.\n\n<a href=\"http:\/\/love4art.nl\/wp-content\/uploads\/2019\/03\/hangin-on-3.jpg\"><img class=\"alignleft size-medium wp-image-686\" src=\"http:\/\/love4art.nl\/wp-content\/uploads\/2019\/03\/hangin-on-3-225x300.jpg\" alt=\"\" width=\"225\" height=\"300\" \/><\/a><a href=\"http:\/\/love4art.nl\/wp-content\/uploads\/2019\/03\/Spirit-2.jpg\"><img class=\"alignright size-medium wp-image-693\" src=\"http:\/\/love4art.nl\/wp-content\/uploads\/2019\/03\/Spirit-2-210x300.jpg\" alt=\"\" width=\"210\" height=\"300\" \/><\/a>\n\nHangin' On\nhttps:\/\/youtu.be\/uaJRmUWd53g\n\nSpirit\nhttps:\/\/youtu.be\/Ni4R67Ps3Uo\n\n<hr \/>\n\n<h5>Derniers jours de l'exposition \"Esp\u00edritu de la Danza\" \u00e0 l'Alfas del Pi<\/h5>\n<a href=\"http:\/\/love4art.nl\/wp-content\/uploads\/2019\/03\/last-days-word-flyer-Espanol-English-Alfas-del-Pi-expo-Monique-Neyzen-10032019.jpg\"><img class=\"size-medium wp-image-680 aligncenter\" src=\"http:\/\/love4art.nl\/wp-content\/uploads\/2019\/03\/last-days-word-flyer-Espanol-English-Alfas-del-Pi-expo-Monique-Neyzen-10032019-213x300.jpg\" alt=\"\" width=\"213\" height=\"300\" \/><\/a>\n\n<hr \/>\n\n<h5>Impression de l'ouverture de l'exposition \"Esp\u00edritu de la Danza\" \u00e0 l'Alfas del Pi<\/h5>\nhttps:\/\/www.youtube.com\/watch?v=ll4bzMmA1n0\n\nAaron Colston, de l'\u00e9cole de danse Hazel Hines, a donn\u00e9 une performance courte mais magnifique.\n\nhttps:\/\/www.youtube.com\/watch?v=-rA3hp9gGbs\n\n<hr \/>\n\n<h5>Pr\u00e9parer une nouvelle exposition th\u00e9matique de 'danse' avec des sculptures en bronze et des dessins.<\/h5>\n<a href=\"http:\/\/love4art.nl\/wp-content\/uploads\/2019\/02\/cartel-Alfas-del-Pi.jpg\"><img class=\"size-medium wp-image-663 alignleft\" src=\"http:\/\/love4art.nl\/wp-content\/uploads\/2019\/02\/cartel-Alfas-del-Pi-213x300.jpg\" alt=\"\" width=\"213\" height=\"300\" \/><\/a>\n\n<a href=\"http:\/\/love4art.nl\/wp-content\/uploads\/2019\/02\/flyer-Espanol-English-Alfas-del-Pi-expo-Monique-Neyzen-130219.jpg\"><img class=\"alignright size-medium wp-image-667\" src=\"http:\/\/love4art.nl\/wp-content\/uploads\/2019\/02\/flyer-Espanol-English-Alfas-del-Pi-expo-Monique-Neyzen-130219-213x300.jpg\" alt=\"\" width=\"213\" height=\"300\" \/><\/a>\n\n<a href=\"http:\/\/love4art.nl\/wp-content\/uploads\/2019\/01\/alfas-del-pi-casa-de-cultura.jpg\"><img class=\"size-medium wp-image-655 alignleft\" src=\"http:\/\/love4art.nl\/wp-content\/uploads\/2019\/01\/alfas-del-pi-casa-de-cultura-300x200.jpg\" alt=\"\" width=\"300\" height=\"200\" \/><\/a> <a href=\"http:\/\/love4art.nl\/wp-content\/uploads\/2019\/01\/map-alfas-del-pi-casa-de-cultura.jpg\"><img class=\"size-medium wp-image-654 alignright\" src=\"http:\/\/love4art.nl\/wp-content\/uploads\/2019\/01\/map-alfas-del-pi-casa-de-cultura-300x223.jpg\" alt=\"\" width=\"300\" height=\"223\" \/><\/a>\n\nL' inauguration aura lieu le 23 f\u00e9vrier dans la belle <a href=\"https:\/\/www.facebook.com\/pages\/Casa-de-cultura-Alfaz\/107601399317811\">Casa de Cultura<\/a> d'<a href=\"https:\/\/goo.gl\/maps\/9V2eJTs95K52\">Alfas del Pi<\/a>\n\n<hr \/>\n\n<h5>Exposition PASSION! prolong\u00e9e<\/h5>\nGr\u00e2ce \u00e0 succ\u00e8s que Monique Neyzen a remport\u00e9 avec ses statues de chevaux en bronze et des dessins de mod\u00e8les nus, l'exposition est prolong\u00e9e jusqu'au 11 janvier 2019. Vous pouvez encore en profiter pour visiter l'exposition pendant la semaine de No\u00ebl les 26, 27 et 28 d\u00e9cembre et en 2019 \u00e0 partir du 2 janvier.\n\n<a href=\"http:\/\/love4art.nl\/wp-content\/uploads\/2018\/12\/Full-speed-bronze-Monique-Neyzen-frontview-.jpg\"><img class=\"size-medium wp-image-645 alignleft\" src=\"http:\/\/love4art.nl\/wp-content\/uploads\/2018\/12\/Full-speed-bronze-Monique-Neyzen-frontview--225x300.jpg\" alt=\"\" width=\"225\" height=\"300\" \/><\/a> <a href=\"http:\/\/love4art.nl\/wp-content\/uploads\/2018\/12\/Nude-drawing-back-lady-in-pastel-Monique-Neyzen-.jpg\"><img class=\"size-medium wp-image-644 alignright\" src=\"http:\/\/love4art.nl\/wp-content\/uploads\/2018\/12\/Nude-drawing-back-lady-in-pastel-Monique-Neyzen--225x300.jpg\" alt=\"\" width=\"225\" height=\"300\" \/><\/a><a href=\"http:\/\/love4art.nl\/wp-content\/uploads\/2018\/12\/Spirit-bronze-Monique-Neyzen.jpg\"><img class=\"size-medium wp-image-643 alignleft\" src=\"http:\/\/love4art.nl\/wp-content\/uploads\/2018\/12\/Spirit-bronze-Monique-Neyzen-225x300.jpg\" alt=\"\" width=\"225\" height=\"300\" \/><\/a><a href=\"http:\/\/love4art.nl\/wp-content\/uploads\/2018\/12\/Stroke-me-softly-bronze-Monique-Neyzen.jpeg\"><img class=\"size-medium wp-image-642 alignright\" src=\"http:\/\/love4art.nl\/wp-content\/uploads\/2018\/12\/Stroke-me-softly-bronze-Monique-Neyzen-225x300.jpeg\" alt=\"\" width=\"225\" height=\"300\" \/><\/a>\n\nLieu: sala d'exposicions de la biblioteca \"Els nostres mestres\", carrer Sant Josep 10-12, Finestrat (centre historique). Ouvert: lundi - vendredi 9.30-13.30 &amp; 17.00-20.00. l'Artiste sera pr\u00e9sente vendredi \u00e0 11 heures. Visite guid\u00e9e en Fran\u00e7ais ou autres langues possible sur demande (envoyer un e-mail \u00e0 Monique@Neyzen.nl).\n\n<hr \/>\n\n<h5>En <a href=\"https:\/\/www.costanachrichten.com\/category\/costa-blanca-nachrichten\/aktuelle-cbn-ausgabe\/\">Costa Blanca Nachrichten<\/a><\/h5>\n<a href=\"http:\/\/love4art.nl\/wp-content\/uploads\/2018\/12\/Costa-Blanca-News.jpg\"><img class=\"aligncenter size-medium wp-image-637\" src=\"http:\/\/love4art.nl\/wp-content\/uploads\/2018\/12\/Costa-Blanca-News-300x287.jpg\" alt=\"\" width=\"300\" height=\"287\" \/><\/a>\n\n<hr \/>\n\n<h5>Un nouveau po\u00e8me d'Herv\u00e9 Deleu<\/h5>\n<a href=\"http:\/\/love4art.nl\/wp-content\/uploads\/2018\/11\/horses-with-wings-herve-deleu.jpg\"><img class=\"aligncenter size-medium wp-image-631\" src=\"http:\/\/love4art.nl\/wp-content\/uploads\/2018\/11\/horses-with-wings-herve-deleu-300x156.jpg\" alt=\"\" width=\"300\" height=\"156\" \/><\/a>\n\nCette fois Herv\u00e9 Deleu a \u00e9t\u00e9 inspir\u00e9 par <a href=\"http:\/\/love4art.nl\/spirit\/\">Spirit<\/a>.\n\n<hr \/>\n\n<h5>collage de photos d'inauguration de l'exposition PASSION! \u00e0 Finestrat<\/h5>\n<a href=\"http:\/\/love4art.nl\/wp-content\/uploads\/2018\/11\/photos-opening-expo-finestrat-1.jpg\"><img class=\"wp-image-619 size-thumbnail alignleft\" src=\"http:\/\/love4art.nl\/wp-content\/uploads\/2018\/11\/photos-opening-expo-finestrat-1-98x150.jpg\" alt=\"\" width=\"98\" height=\"150\" \/><\/a><a href=\"http:\/\/love4art.nl\/wp-content\/uploads\/2018\/11\/photos-opening-expo-finestrat-2.jpg\"><img class=\"wp-image-620 size-thumbnail alignleft\" src=\"http:\/\/love4art.nl\/wp-content\/uploads\/2018\/11\/photos-opening-expo-finestrat-2-112x150.jpg\" alt=\"\" width=\"112\" height=\"150\" \/><\/a><a href=\"http:\/\/love4art.nl\/wp-content\/uploads\/2018\/11\/photos-opening-expo-finestrat-3.jpg\"><img class=\"wp-image-621 size-thumbnail alignleft\" src=\"http:\/\/love4art.nl\/wp-content\/uploads\/2018\/11\/photos-opening-expo-finestrat-3-100x150.jpg\" alt=\"\" width=\"100\" height=\"150\" \/><\/a><a href=\"http:\/\/love4art.nl\/wp-content\/uploads\/2018\/11\/photos-opening-expo-finestrat-4.jpg\"><img class=\"wp-image-622 size-thumbnail alignleft\" src=\"http:\/\/love4art.nl\/wp-content\/uploads\/2018\/11\/photos-opening-expo-finestrat-4-114x150.jpg\" alt=\"\" width=\"114\" height=\"150\" \/><\/a><a href=\"http:\/\/love4art.nl\/wp-content\/uploads\/2018\/11\/photos-opening-expo-finestrat-5.jpg\"><img class=\"wp-image-623 size-thumbnail alignleft\" src=\"http:\/\/love4art.nl\/wp-content\/uploads\/2018\/11\/photos-opening-expo-finestrat-5-101x150.jpg\" alt=\"\" width=\"101\" height=\"150\" \/><\/a>\n\n<hr \/>\n\n<h5>LA PASSION!<\/h5>\n<a href=\"http:\/\/love4art.nl\/wp-content\/uploads\/2018\/11\/cartel-ENG-exhib-Finestrat-Monique-Neyzen-dd7nov18.jpg\"><img class=\"alignleft size-medium wp-image-602\" src=\"http:\/\/love4art.nl\/wp-content\/uploads\/2018\/11\/cartel-ENG-exhib-Finestrat-Monique-Neyzen-dd7nov18-212x300.jpg\" alt=\"\" width=\"212\" height=\"300\" \/><\/a>\n<h5>sculptures de bronzes dynamiques de chevaux et dessins de nus<\/h5>\nCette exposition pr\u00e9sentera 20 chevaux en bronze \u00e0 la fois figuratifs et l\u00e9g\u00e8rement abstraits, ainsi que 30 dessins de mod\u00e8les de nu, dans diff\u00e9rents mat\u00e9riaux. Je suis une passionn\u00e9e de chevaux et je monte \u00e0 cheval depuis des ann\u00e9es. Ma passion pour les chevaux, en particulier la dynamique des chevaux, est ce que je tente de capturer dans mes sculptures en bronze. \"<em>Tout est vivant et en mouvement, vos chevaux semblent sauter de leurs pi\u00e9destaux<\/em>\", telles sont les r\u00e9actions que j\u2019entend souvent sur mes bronzes.\n\nJe dessine aussi des mod\u00e8les de nus depuis des ann\u00e9es, des positions courtes captur\u00e9es en 1, 2 ou 5 minutes ainsi que des positions de 20 minutes. Je peux <a href=\"http:\/\/love4art.nl\/wp-content\/uploads\/2018\/11\/flyer-SP-ENG-exhibition-Finestrat-Monique-Neyzen-nov-dec18.jpg\"><img class=\"alignright size-medium wp-image-604\" src=\"http:\/\/love4art.nl\/wp-content\/uploads\/2018\/11\/flyer-SP-ENG-exhibition-Finestrat-Monique-Neyzen-nov-dec18-209x300.jpg\" alt=\"\" width=\"209\" height=\"300\" \/><\/a>\u00eatre fascin\u00e9e par une belle ligne que je vois dans un mod\u00e8le: une attitude, la position de la t\u00eate, une lumi\u00e8re sur le corps humain, cela peut \u00eatre tr\u00e8s beau, j'essaie de \"capturer\" \u00e7ela dans mes dessins. Je travaille dans diff\u00e9rents mat\u00e9riaux, comme un crayon, une encre, une craie pastel, un cont\u00e9 ou une combinaison de ceux-ci. Je fais des croquis en quelques lignes et au pastel je fais parfois des dessins plus \u00e9labor\u00e9s.\n\n<span style=\"text-decoration: underline;\">L\u2019ouverture<\/span> est le 22 de novembre a 5 heures \u00e0 la sala d\u2019exposicions de la bibliotheca \u2018Els nostres mestres\u2019, carrer Sant Josep 10 - 12, Finestrat village. Heures d'ouverture: du lundi au vendredi de 9h30 \u00e0 13h30 et de 17h00 \u00e0 20h00 jusqu\u2019 au 20 d\u00e9cembre 2018. Le vendredi, je suis pr\u00e9sente \u00e0 11h00 et je donne des visites guid\u00e9es en anglais, n\u00e9erlandais, allemand, fran\u00e7ais ou espagnol. Par example le 23 novembre, il y a une tourn\u00e9e en anglais \u00e0 11 heures. Envoyez-moi un email ou appelez-moi si vous voulez participer. D'autres visites sont possibles sur demande.\n\n<hr \/>\n\n<h5>Exhibition 'Bronze in Motion' extended till June 10th<\/h5>\n<a href=\"http:\/\/love4art.nl\/wp-content\/uploads\/2018\/05\/extended100618.jpg\"><img class=\"aligncenter size-medium wp-image-521\" src=\"http:\/\/love4art.nl\/wp-content\/uploads\/2018\/05\/extended100618-300x235.jpg\" alt=\"\" width=\"300\" height=\"235\" \/><\/a>\n\n<hr \/>\n\n<h5>L\u2019exposition \u00ab Bronze en mouvement \u00bb est prolong\u00e9e jusqu\u2019au 10 juin<\/h5>\n<a href=\"http:\/\/love4art.nl\/wp-content\/uploads\/2018\/05\/extended100618.jpg\"><img class=\"aligncenter size-medium wp-image-521\" src=\"http:\/\/love4art.nl\/wp-content\/uploads\/2018\/05\/extended100618-300x235.jpg\" alt=\"\" width=\"300\" height=\"235\" \/><\/a>\n\n<strong>Special tours<\/strong>\n\nMonique Neyzen will tell you more about her inspiration and her art in a walk through the garden. She will explain some of her bronze statues, drawings, sculptured stones and the bronze casting process. Duration: \u00be - 1 hour depending on the number of visitors.\n\nSpecial tours for groups in English, Dutch, German, French or Spanish available on request.\n<ul>\n \t<li>Dutch tour: Sunday April 29th at 12 am.<\/li>\n \t<li>German tour: Sunday May 13th at 12 am.<\/li>\n \t<li>English tour for Lions members: Sunday May 20th at 1 pm.<\/li>\n \t<li>English tour for Norwegians: Sunday May 27th at 12 am.<\/li>\n \t<li>Dutch \"Bronze in Motion\" tour: Sunday June 10th at 12 am.<\/li>\n<\/ul>\nIf you want to participate, just send an e-mail to monique@neyzen.nl\n<ul>\n \t<li>Voir page Facebook pour les photos que l'ouverture le 8 Avril:\u00a0<a href=\"https:\/\/www.facebook.com\/friendsmonique\">https:\/\/www.facebook.com\/friendsmonique<\/a><\/li>\n<\/ul>\n\n<hr \/>\n\n<h5>\u201dBronze en mouvement\u201d sculptures dynamiques de danseurs et chevaux<\/h5>\n<a href=\"http:\/\/love4art.nl\/wp-content\/uploads\/2017\/03\/paard-abstract.jpg\"><img class=\"alignleft size-medium wp-image-487\" src=\"http:\/\/love4art.nl\/wp-content\/uploads\/2017\/03\/paard-abstract-224x300.jpg\" alt=\"paard-abstract\" width=\"224\" height=\"300\" \/><\/a>Exposition de Monique Neyzen dans le magnifique jardin de la fondation Klein-Schreuder : 8\/4 au 20\/5 2018. Ses sujets favoris sont les danseurs et les chevaux. L\u2019artiste hollandaise expose 35 petits bronzes et des dessins de danseurs qui capturent le mouvement ainsi que 10 sculptures en pierre.\n\nIl y a plus de 10 ans, Jan Klein et Joke Schreuder ont achet\u00e9 au Costa Blanca en Espagne, un large terrain qui \u00e9tait \u00e0 l\u2019abandon. Avec beaucoup de soins et d\u2019amour, ils l\u2019ont transform\u00e9 en un splendide jardin botanique et en jardin d\u2019exposition avec des expositions temporaires. Des sentiers vous m\u00e8nent respectivement \u00e0 une palmeraie, une roseraie et un verger.\n<ul>\n \t<li>Ouverture : 8 avril \u00e0 11 :00, Cami del Pinar 23 \u00e0 Alfaz del Pi (<a href=\"https:\/\/goo.gl\/maps\/EP3Cu3ubDVQ2\">carte<\/a>).<\/li>\n \t<li>Visites : jusqu\u2019au 20 mai, chaque dimanche de 10:00 \u00e0 14:00, durant la semaine seulement sur rendez-vous au + 34 966 860 230 ou par mail info@klein-schreuder.com. -\u00a0Entr\u00e9e : 5 \u20ac contribution \u00e0 l\u2019entretien du jardin.<\/li>\n \t<li>Information : <a href=\"http:\/\/www.klein-schreuder.com\">www.klein-schreuder.com<\/a> et <a href=\"http:\/\/love4art.nl\">www.love4art.nl\/blog<\/a><\/li>\n<\/ul>\n<p style=\"text-align: center;\"><em>\"<\/em><em>Tout bouge et a une \u00e2me<\/em><em>\"<\/em><\/p>","_fr_post_name":"nouvelles","_fr_post_excerpt":"","_fr_post_title":"nouvelles","_es_post_content":"<h5>Visita guiada a la exposici\u00f3n \"El encanto de los caballos\" el 23 de noviembre<\/h5>\nEl 23 de noviembre en La Casa de Cultura de l'Alf\u00e0s del Pi, Monique Neyzen realiz\u00f3 un recorrido por su exposici\u00f3n\u00a0 \"El encanto de los caballos\".\n\nhttps:\/\/youtu.be\/mBf2hpetTUo\n\n<hr \/>\n\n<h5>Impresi\u00f3n de la inauguraci\u00f3n de la exposici\u00f3n \"El encanto de los caballos\"<\/h5>\n<a href=\"http:\/\/love4art.nl\/wp-content\/uploads\/2024\/11\/opening-expo2024-1.jpg\"><img class=\"alignleft wp-image-1003 size-medium\" src=\"http:\/\/love4art.nl\/wp-content\/uploads\/2024\/11\/opening-expo2024-1-300x204.jpg\" alt=\"\" width=\"300\" height=\"204\" \/><\/a><a href=\"http:\/\/love4art.nl\/wp-content\/uploads\/2024\/11\/opening-expo2024-2.jpg\"><img class=\"alignleft wp-image-1004 size-medium\" src=\"http:\/\/love4art.nl\/wp-content\/uploads\/2024\/11\/opening-expo2024-2-229x300.jpg\" alt=\"\" width=\"229\" height=\"300\" \/><\/a><a href=\"http:\/\/love4art.nl\/wp-content\/uploads\/2024\/11\/opening-expo2024-4.jpg\"><img class=\"alignleft size-medium wp-image-1006\" src=\"http:\/\/love4art.nl\/wp-content\/uploads\/2024\/11\/opening-expo2024-4-300x226.jpg\" alt=\"\" width=\"300\" height=\"226\" \/><\/a><a href=\"http:\/\/love4art.nl\/wp-content\/uploads\/2024\/11\/opening-expo2024-5.jpg\"><img class=\"alignleft size-medium wp-image-1007\" src=\"http:\/\/love4art.nl\/wp-content\/uploads\/2024\/11\/opening-expo2024-5-300x223.jpg\" alt=\"\" width=\"300\" height=\"223\" \/><\/a>\n\n<hr \/>\n\nUna breve impresi\u00f3n de la inauguraci\u00f3n de la exposici\u00f3n de Monique Neyzen \"El encanto de los caballos\" en Alfaz del Pi a cargo del Concejal de Cultura Manuel Casado y la Concejala de Residentes Internacionales, Martine Mertens. Debido a las terribles inundaciones en Espa\u00f1a, fue un evento m\u00e1s austero de lo habitual, por supuesto.\n\nhttps:\/\/youtu.be\/67n9_ri-r-A\n\n<hr \/>\n\n<h5>La exposici\u00f3n de Monique \u201cEl Encanto de los Caballos\u201d, inaugurada el 31 de octubre en l\u2019Alf\u00e0s del Pi<\/h5>\n<a href=\"http:\/\/love4art.nl\/wp-content\/uploads\/2024\/10\/flyer241015.jpg\"><img class=\"aligncenter size-large wp-image-993\" src=\"http:\/\/love4art.nl\/wp-content\/uploads\/2024\/10\/flyer241015-669x1024.jpg\" alt=\"\" width=\"620\" height=\"949\" \/><\/a>\n\n<hr \/>\n\n<h5>Pr\u00f3xima exposici\u00f3n de Monique en l'Alfas del Pi: bronces &amp; dibujos de caballos<\/h5>\n<a href=\"http:\/\/love4art.nl\/wp-content\/uploads\/2024\/07\/exhibition2024.jpg\"><img class=\"aligncenter size-full wp-image-987\" src=\"http:\/\/love4art.nl\/wp-content\/uploads\/2024\/07\/exhibition2024.jpg\" alt=\"\" width=\"632\" height=\"956\" \/><\/a>\n\n<hr \/>\n\n<h5>Visitas guiadas exposici\u00f3n del artista<\/h5>\n<a href=\"http:\/\/love4art.nl\/wp-content\/uploads\/2024\/01\/NL-rondleiding-door-artieste-16-nov-om-1-uur-in-Alfaz-del-Pi.png\"><img class=\"aligncenter size-full wp-image-982\" src=\"http:\/\/love4art.nl\/wp-content\/uploads\/2024\/01\/NL-rondleiding-door-artieste-16-nov-om-1-uur-in-Alfaz-del-Pi.png\" alt=\"\" width=\"896\" height=\"410\" \/><\/a>Inscribase siempre con antelaci\u00f3n. Correo: monique@neyzen.nl\n\nLas visitas a \u2018Esculturas de piedra, hierro y bronce\u2019 son siempre a las 13h. El recorrido es gratis, s\u00f3lo 5 euros de entrada para el mantenimiento del jard\u00edn. Se pueden realizar visitas para grupos en diferentes idiomas bajo petici\u00f3n.\n<ul>\n \t<li>4 Enero 2024 ingl\u00e9s<\/li>\n \t<li>28 Diciembre \u201923 holand\u00e9s<\/li>\n \t<li>21 Diciembre \u201923 ingl\u00e9s<\/li>\n \t<li>14 Diciembre \u201923 espa\u00f1ol<\/li>\n \t<li>23 Noviembre \u201923 holand\u00e9s<\/li>\n \t<li>16 Noviembre \u201923 holand\u00e9s<\/li>\n \t<li>8 Noviembre \u201923 alem\u00e1n<\/li>\n \t<li>21 Octubre 2023 es\/ing\/h<\/li>\n<\/ul>\n\n<hr \/>\n\n<h5>Visitas guiadas \u201cEsculturas en piedra, hierro y bronce\u201d<\/h5>\nEl 9 de noviembre tuvimos una agradable visita guiada en alem\u00e1n, con unos 30 visitantes. Alb\u00e8r me explic\u00f3 su trabajo y yo habl\u00e9 de las esculturas de Vicente y las m\u00edas.\n\nPr\u00f3ximas visitas guiadas:\n<ul>\n \t<li>16 de noviembre, 13:00 horas en holand\u00e9s, ver informaci\u00f3n en la primera foto.<\/li>\n \t<li>23 de noviembre, 13:00 horas en ingl\u00e9s<\/li>\n<\/ul>\nReg\u00edstrese previamente por correo electr\u00f3nico: <span style=\"text-decoration: underline;\">monique@neyzen.nl<\/span>\n\n<a href=\"http:\/\/love4art.nl\/wp-content\/uploads\/2023\/11\/dutch-tour-2023.png\"><img class=\"alignleft size-full wp-image-960\" src=\"http:\/\/love4art.nl\/wp-content\/uploads\/2023\/11\/dutch-tour-2023.png\" alt=\"\" width=\"760\" height=\"679\" \/><\/a><a href=\"http:\/\/love4art.nl\/wp-content\/uploads\/2023\/11\/german-tour-2023-1.png\"><img class=\"alignleft size-large wp-image-961\" src=\"http:\/\/love4art.nl\/wp-content\/uploads\/2023\/11\/german-tour-2023-1-865x1024.png\" alt=\"\" width=\"620\" height=\"734\" \/><\/a>\n\n<a href=\"http:\/\/love4art.nl\/wp-content\/uploads\/2023\/11\/german-tour-2023-2.png\"><img class=\"alignleft size-large wp-image-962\" src=\"http:\/\/love4art.nl\/wp-content\/uploads\/2023\/11\/german-tour-2023-2-1024x710.png\" alt=\"\" width=\"620\" height=\"430\" \/><\/a>\n<a href=\"http:\/\/love4art.nl\/wp-content\/uploads\/2023\/11\/german-tour-2023-3.png\"><img class=\"alignleft size-full wp-image-963\" src=\"http:\/\/love4art.nl\/wp-content\/uploads\/2023\/11\/german-tour-2023-3.png\" alt=\"\" width=\"759\" height=\"565\" \/><\/a><a href=\"http:\/\/love4art.nl\/wp-content\/uploads\/2023\/11\/german-tour-2023-4.png\"><img class=\"alignleft size-full wp-image-964\" src=\"http:\/\/love4art.nl\/wp-content\/uploads\/2023\/11\/german-tour-2023-4.png\" alt=\"\" width=\"984\" height=\"724\" \/><\/a>\n\n<hr \/>\n\n<h5>Impresi\u00f3n en v\u00eddeo de la inauguraci\u00f3n de la exposici\u00f3n <em>Esculturas en piedra, hierro y bronce<\/em> en Alfaz del Pi 21-10-2023<\/h5>\nhttps:\/\/youtu.be\/nsCovf3SoJo?si=_fEHDdorN68MMvei\n\nUn hermoso d\u00eda soleado en el museo al aire libre Klein-Schreuder en Alfaz del Pi. El concejal de Cultura Manuel Casado inaugur\u00f3 nuestra exposici\u00f3n. Alb\u00e8r te Brake habl\u00f3 de sus poderosas piezas de hierro, Vicente P\u00e9rez de sus piedras suaves y fluidas y yo de mis bronces en movimiento. Le expliqu\u00e9 por qu\u00e9 invit\u00e9 a 2 amigos artistas a exponer juntos. Alrededor de 100 personas visitaron el jard\u00edn de esculturas ese d\u00eda, disfrutamos de bebidas y tapas mientras tocaba el tr\u00edo de clarinete de Marcus Ivorra Schuler.\nM\u00e1s informaci\u00f3n sobre visitas guiadas, etc. en esta p\u00e1gina.\n\n<hr \/>\n\n<h5>Esculturas en piedra, hierro y bronce<\/h5>\nExposici\u00f3n en <strong>el jard\u00edn de esculturas Klein-Schreuder<\/strong> de <strong>Vicente P\u00e9rez<\/strong>, <strong>Alb\u00e8r te Brake<\/strong> y <strong>Monique Neyzen<\/strong>, tres amigos artistas que trabajan en diferentes estilos y materiales. La inauguraci\u00f3n tendr\u00e1 lugar el s\u00e1bado 21 de octubre\u201923 a las 11 horas a cargo de Manuel Casado Puche, concejal de cultura del municipio de l'Alfas. Los artistas explicar\u00e1n su trabajo, habr\u00e1 una copa y la inauguraci\u00f3n correr\u00e1 a cargo del tr\u00edo de clarinetes de <a href=\"https:\/\/clarinetmarcosivorra.blogspot.com\/p\/me-begans-his-musical-studies-at-altea.html\">Marcos Ivorra Schuler<\/a> junto a su esposa Catharina y su hijo.\n\n<strong><a href=\"http:\/\/love4art.nl\/wp-content\/uploads\/2023\/10\/marmeren-beeld-van-Vicente-Perez.jpg\"><img class=\"alignright size-medium wp-image-916\" src=\"http:\/\/love4art.nl\/wp-content\/uploads\/2023\/10\/marmeren-beeld-van-Vicente-Perez-221x300.jpg\" alt=\"\" width=\"221\" height=\"300\" \/><\/a><\/strong>La obra de <strong>Vicente P\u00e9rez<\/strong>\u2019 (ES) de Monforte del Cid, expone una nueva serie de <strong>estatuas de alabastro<\/strong> sobre pedestales de m\u00e1rmol. Sus esculturas muestran reflejos de estructuras vegetales e interpretaciones de la forma humana. El valor simb\u00f3lico va m\u00e1s all\u00e1 del significado literal. Su obra est\u00e1 moldeada por experiencias que surgen de una fuente com\u00fan como es la naturaleza. La forma org\u00e1nica de <em>\u2018Ornis\u2019<\/em> (ver foto, alabastro oscuro de 30 cm de altura) es t\u00edpica de su obra. .\n\n<strong><a href=\"http:\/\/love4art.nl\/wp-content\/uploads\/2023\/10\/Going-Round-in-circles-ijzeren-beeld-van-Alber-te-Brake.-Drie-in-elkaar-grijpende-cirkels-draaien-op-een-as-een-in-rood-marmeren-voetstuk.jpeg\"><img class=\"size-medium wp-image-914 alignleft\" src=\"http:\/\/love4art.nl\/wp-content\/uploads\/2023\/10\/Going-Round-in-circles-ijzeren-beeld-van-Alber-te-Brake.-Drie-in-elkaar-grijpende-cirkels-draaien-op-een-as-een-in-rood-marmeren-voetstuk-154x300.jpeg\" alt=\"\" width=\"154\" height=\"300\" \/><\/a>Alb\u00e8r te Brake<\/strong> (NL) de A\u00efgues realiza impresionantes <strong>esculturas de hierro<\/strong> con l\u00edneas claras. Sol\u00eda trabajar mucho con bronce y vidrio. Pero el metal siempre le ha inspirado, en eso es su enfoque desde vive en Espa\u00f1a. Sus esculturas de gran tama\u00f1o son aptas para su uso en exteriores, como '<em>Caos estructurado' <\/em>(ver foto). En <em>'Dando vueltas en c\u00edrculos'<\/em>, tres c\u00edrculos entrelazados de aproximadamente un metro de altura giran en torno a un eje sobre un gran pedestal de m\u00e1rmol 'Rojo de Alicante'\n\n<strong><a href=\"http:\/\/love4art.nl\/wp-content\/uploads\/2023\/10\/Icarus-bronzen-beeld-van-Monique-Neyzen-lijkt-van-het-ijzeren-voetstuk-af-te-springen.jpeg\"><img class=\"alignright size-medium wp-image-915\" src=\"http:\/\/love4art.nl\/wp-content\/uploads\/2023\/10\/Icarus-bronzen-beeld-van-Monique-Neyzen-lijkt-van-het-ijzeren-voetstuk-af-te-springen-225x300.jpeg\" alt=\"\" width=\"225\" height=\"300\" \/><\/a>Monique Neyzen<\/strong> (NL) de Finestrat realiza peque\u00f1as y din\u00e1micas <strong>esculturas de bronce<\/strong> de bailarines y caballos, figurativas o algo abstractas. Los soportes de hierro especialmente dise\u00f1ados refuerzan el movimiento y forman una parte integral de su arte. Las estatuas parecen saltar de su pedestal, como ocurre con\u00a0<em>'Salto'<\/em> (ver foto, bronce de unos 30 cm, la escultura mide casi 2 metros incluyendo el soporte). La artista ofrecer\u00e1 regularmente <strong>visitas guiadas<\/strong> en diferentes idiomas. Si est\u00e1 interesado: env\u00ede\u00a0un correo a info@neyzen.nl o consulte su sitio web <a href=\"http:\/\/love4art.nl\/es\/noticias\/\"><u>www.love4art.nl\/blog\/es\/noticias<\/u><\/a> o FB <a href=\"https:\/\/www.facebook.com\/friendsmonique\">@FriendsMonique<\/a>.\n\n<strong>Inauguraci\u00f3n de la exposici\u00f3n<\/strong>: el 21 de octubre a las 11 horas Manuel Casado Ponche, concejala de cultura del municipio de Alfaz del Pi inaugurar\u00e1 la exposici\u00f3n. La apertura est\u00e1 a cargo del tr\u00edo de clarinetes de Marcos Ivorra Schuler con su esposa Catharina y su hijo. Posteriormente los artistas explicar\u00e1n su trabajo y habr\u00e1 una copa.\n\nEl precioso <strong>jard\u00edn de esculturas de la Fundaci\u00f3n Klein-Schreuder<\/strong> en el Cam\u00ed del Pinar 23 de Alfaz del Pi tiene 20.000 m2 con 2.500 plantas y una colecci\u00f3n permanente de esculturas. El jard\u00edn est\u00e1 abierto los domingos de 10 a 14h o llame a Johanna al 966860230 para hacer una cita.\n\nLa<strong> entrada cuesta 5 euro<\/strong> por el mantenimiento del jardin o 18 euro para una suscripci\u00f3n anual ilimitada. La <strong>exposici\u00f3n estar\u00e1 abierta hasta el 6 de enero \u201924.<\/strong> M\u00e1s informaci\u00f3n: <a href=\"http:\/\/www.klein-schreuder.com\">www.klein-schreuder.com<\/a>\n\n<hr \/>\n\n<h5>\u00a1Todo lo mejor para el A\u00f1o Nuevo!<\/h5>\nQueridos amantes del arte,\n\u00a1Les deseo a todos felicidad, paz, salud y tiempo para disfrutar de la vida y el arte!\n\nEn 2022 miro hacia atr\u00e1s a la triste y repentina p\u00e9rdida de un amigo muy querido y a una exposici\u00f3n encantadora y exitosa.\n\nLa Casa museu La Barbera de Villajoyosa es un gran espacio expositivo. Las antiguas caballerizas de la mansi\u00f3n del siglo XVII de la familia Aragon\u00e9s encajaban muy bien con mis esculturas de bronce y dibujos de bailarinas. '<a href=\"https:\/\/www.youtube.com\/watch?v=tRkX4X3We1E&amp;t=3s\" rel=\"noopener\">Baila en la Barbera<\/a>' atrajo a cientos de visitantes y me encant\u00f3 hacer tours en diferentes idiomas. Entonces puedo explicar c\u00f3mo trabajo y qu\u00e9 me inspira, y tener la oportunidad de hablar con los visitantes. Tan inspirador para conocer a los amantes del arte y otros artistas. A menudo obtuve reacciones encantadoras en mi arte y vend\u00ed muchas estatuas y dibujos. Esto significa hacer nuevos moldes y vaciados y entregar todo despu\u00e9s de la exposici\u00f3n.\n\nDecid\u00ed hacer una sola exposici\u00f3n al a\u00f1o.\nPorque tambi\u00e9n necesito tiempo para trabajar en comisiones especiales y quiero hacer nuevos trabajos, por supuesto. Y junto con mi amigo escultor Alb\u00e8rt, queremos hacer nosotros mismos la fundici\u00f3n de bronce, que es un proceso bastante complejo.\n\nLos mantendr\u00e9 informados en este sitio.\n\u00a1Todo lo mejor para el nuevo a\u00f1o!\n\n<a href=\"http:\/\/love4art.nl\/wp-content\/uploads\/2022\/12\/ny-wens-2023.jpeg\"><img class=\"aligncenter size-large wp-image-907\" src=\"http:\/\/love4art.nl\/wp-content\/uploads\/2022\/12\/ny-wens-2023-1024x1024.jpeg\" alt=\"\" \/>&lt;\/ un&gt;<\/a>\n\n<hr \/>\n\n<h5>Entre los visitantes de hoy se encontraban tres concejales de la vecina ciudad de Alfas del Pi<\/h5>\n<a href=\"http:\/\/love4art.nl\/wp-content\/uploads\/2022\/01\/aldermen-of-alfas-del-pi.jpg\"><img class=\"alignleft size-medium wp-image-899\" src=\"http:\/\/love4art.nl\/wp-content\/uploads\/2022\/01\/aldermen-of-alfas-del-pi-300x263.jpg\" alt=\"\" width=\"300\" height=\"263\" \/><\/a><a href=\"http:\/\/love4art.nl\/wp-content\/uploads\/2022\/01\/comments-aldermen-of-alfas-del-pi.jpg\"><img class=\"alignright size-medium wp-image-898\" src=\"http:\/\/love4art.nl\/wp-content\/uploads\/2022\/01\/comments-aldermen-of-alfas-del-pi-300x217.jpg\" alt=\"\" width=\"300\" height=\"217\" \/><\/a>\n\n\u00a1Gracias por venir a mi exposici\u00f3n y por sus encantadores comentarios!\n\nFeliz de hacer otra exhibici\u00f3n en Alfas.\n\n<hr \/>\n\n<h5>Impresi\u00f3n de la inauguraci\u00f3n de la exposici\u00f3 <em>Baila en la Barbera<\/em> en la Villajoyosa 13-1-2022<\/h5>\nhttps:\/\/youtu.be\/0XiyGcGO0UQ\n\n<hr \/>\n\n<h5>Vista previa de la exposici\u00f3n <em>Baila en la Barbera<\/em> en la Villajoyosa<\/h5>\nhttps:\/\/youtu.be\/tRkX4X3We1E\n\n<hr \/>\n\n<h5>Inauguraci\u00f3n de la exposici\u00f3n Baila en la Barbera<\/h5>\n<a href=\"http:\/\/love4art.nl\/wp-content\/uploads\/2022\/01\/barbera2.png\"><img class=\"alignleft size-medium wp-image-853\" src=\"http:\/\/love4art.nl\/wp-content\/uploads\/2022\/01\/barbera2-225x300.png\" alt=\"\" width=\"225\" height=\"300\" \/><\/a>El 13 de enero de 2022 arranca mi exposici\u00f3n \u201cBaila en La Barbera\u201d en el \u201cEspai d'Art Contemporani de la Barbera dels Aragon\u00e9s\u201d en Villajoyosa. La inauguraci\u00f3n es a las 13:00 horas y estar\u00e1 acompa\u00f1ada por la m\u00fasica de guitarra de <a href=\"http:\/\/www.cristinarico.art\/about-me\/\">Cristina Rico<\/a>.\n\n2 consejos si vienes al estreno 'Baila en la Barbera' el 13 de enero a las 13.00 horas.\n\n1. H\u00e1zmelo saber a trav\u00e9s de info@neyzen.nl para que pueda realizar un seguimiento de la cantidad de visitantes debido a Covid.\n\n2. El jueves es d\u00eda de mercado en Villajoyosa. En ese caso, no se puede aparcar en el recinto del mercado. El m\u00e1s f\u00e1cil es el parking Creueta cerca de Mercidillo central a 5\u2033 andando de La Barbera. La entrada al espacio expositivo se encuentra entre el museo casa La Barbera y la cafeter\u00eda.\n\n<a href=\"http:\/\/love4art.nl\/wp-content\/uploads\/2022\/01\/barbera1.png\"><img class=\"size-medium wp-image-852 aligncenter\" src=\"http:\/\/love4art.nl\/wp-content\/uploads\/2022\/01\/barbera1-225x300.png\" alt=\"\" width=\"225\" height=\"300\" \/><\/a> <a href=\"http:\/\/love4art.nl\/wp-content\/uploads\/2022\/01\/barbera3.png\"><img class=\"size-medium wp-image-850 aligncenter\" src=\"http:\/\/love4art.nl\/wp-content\/uploads\/2022\/01\/barbera3-300x225.png\" alt=\"\" width=\"300\" height=\"225\" \/><\/a>\n\nLa direcci\u00f3n del museo es C. Huit de Maig, 16, 03570 La Vila Joiosa. El parking Creueta est\u00e1 en la Av. Joan Carles I, 25, 03570 La Vila Joiosa.\n\n<a href=\"http:\/\/love4art.nl\/wp-content\/uploads\/2022\/01\/map.png\"><img class=\"size-medium wp-image-851 aligncenter\" src=\"http:\/\/love4art.nl\/wp-content\/uploads\/2022\/01\/map-300x244.png\" alt=\"\" width=\"300\" height=\"244\" \/><\/a>\n\n<hr \/>\n\n<h5>\u00a1Finalmente!<\/h5>\nMi pr\u00f3xima exposici\u00f3n \"Baila en La Barbera\" comenzar\u00e1 a 13 de enero de 2022. Esculturas de bronce de danza se exhibir\u00e1n en el museo \"Espai d'Art Contemporani de la Barbera dels Aragon\u00e9s\" en Villajoyosa, la antigua villa de la familia m\u00e1s importante de Villajoyosa.\n\n<a href=\"http:\/\/love4art.nl\/wp-content\/uploads\/2021\/12\/cartel-La-Barbera-Vilajoyosa-expo-Monique-Neyzen-20211227-logos.png\"><img class=\"alignleft size-medium wp-image-847\" src=\"http:\/\/love4art.nl\/wp-content\/uploads\/2021\/12\/cartel-La-Barbera-Vilajoyosa-expo-Monique-Neyzen-20211227-logos-216x300.png\" alt=\"\" width=\"216\" height=\"300\" \/><\/a><a href=\"http:\/\/love4art.nl\/wp-content\/uploads\/2021\/11\/Grand-Jeter.jpg\"><img class=\"alignleft size-medium wp-image-802\" src=\"http:\/\/love4art.nl\/wp-content\/uploads\/2021\/11\/Grand-Jeter-300x223.jpg\" alt=\"\" width=\"300\" height=\"223\" \/><\/a><a href=\"http:\/\/love4art.nl\/wp-content\/uploads\/2021\/11\/Museo-Espai-dArt-Contemporani-de-la-Barbera-dels-Aragon\u00e9s.jpg\"><img class=\"alignleft size-medium wp-image-801\" src=\"http:\/\/love4art.nl\/wp-content\/uploads\/2021\/11\/Museo-Espai-dArt-Contemporani-de-la-Barbera-dels-Aragon\u00e9s-300x201.jpg\" alt=\"\" width=\"300\" height=\"201\" \/><\/a><a href=\"http:\/\/love4art.nl\/wp-content\/uploads\/2021\/11\/Map-Museo-Espai-dArt-Contemporani-de-la-Barbera.png\"><img class=\"alignleft size-medium wp-image-803\" src=\"http:\/\/love4art.nl\/wp-content\/uploads\/2021\/11\/Map-Museo-Espai-dArt-Contemporani-de-la-Barbera-300x281.png\" alt=\"\" width=\"300\" height=\"281\" \/><\/a>\n\n<hr \/>\n\n<h5>Feliz a\u00f1o nuevo!<\/h5>\n<p style=\"text-align: center;\"><a href=\"http:\/\/love4art.nl\/wp-content\/uploads\/2021\/01\/newyear2021.jpg\"><img class=\"size-medium wp-image-795 aligncenter\" src=\"http:\/\/love4art.nl\/wp-content\/uploads\/2021\/01\/newyear2021-300x225.jpg\" alt=\"\" width=\"300\" height=\"225\" \/><\/a><\/p>\n\n\n<hr \/>\n\n<h5>Last day of the exhibition 'Jan y sus amigos'<\/h5>\nJan 5th 2020 is the last day of the exhibition 'Jan y sus amigos: entre es-culturas'. Jan Keysers big marble 'Toro Viejo' is always one of the favorite sculptures. Some visitors of last week's guided tour next to their personal favorites, and a steel sculpture of Alber and above my bronze doggie.\n\n<a href=\"http:\/\/love4art.nl\/wp-content\/uploads\/2020\/01\/jan-keijsers-toro-viejo.jpg\"><img class=\"alignleft size-medium wp-image-786\" src=\"http:\/\/love4art.nl\/wp-content\/uploads\/2020\/01\/jan-keijsers-toro-viejo-173x300.jpg\" alt=\"\" width=\"173\" height=\"300\" \/><\/a><a href=\"http:\/\/love4art.nl\/wp-content\/uploads\/2020\/01\/monique-neyzen-dog.jpg\"><img class=\"alignleft size-medium wp-image-784\" src=\"http:\/\/love4art.nl\/wp-content\/uploads\/2020\/01\/monique-neyzen-dog-300x225.jpg\" alt=\"\" width=\"300\" height=\"225\" \/><\/a><a href=\"http:\/\/love4art.nl\/wp-content\/uploads\/2020\/01\/alber-te-brake.jpg\"><img class=\"alignleft size-medium wp-image-785\" src=\"http:\/\/love4art.nl\/wp-content\/uploads\/2020\/01\/alber-te-brake-300x225.jpg\" alt=\"\" width=\"300\" height=\"225\" \/><\/a>\n\nToday is a guided tour at 12 am, both locations are open till late. Tomorrow Jan 6th you can still visit El Corazon from 11 am but Tentaciones is as always closed on Monday.\n\n<hr \/>\n\n<h5>Feliz a\u00f1o nuevo!<\/h5>\n<p style=\"text-align: center;\"><a href=\"http:\/\/love4art.nl\/wp-content\/uploads\/2020\/01\/20191231_133352.jpg\"><img class=\"size-medium wp-image-781 aligncenter\" src=\"http:\/\/love4art.nl\/wp-content\/uploads\/2020\/01\/20191231_133352-207x300.jpg\" alt=\"\" width=\"207\" height=\"300\" \/><\/a><\/p>\n\n\n<hr \/>\n\n<h5>Feliz Navidad<\/h5>\n<a href=\"http:\/\/love4art.nl\/wp-content\/uploads\/2019\/12\/christmas-wishes-2019.jpg\"><img class=\"size-medium wp-image-777 aligncenter\" src=\"http:\/\/love4art.nl\/wp-content\/uploads\/2019\/12\/christmas-wishes-2019-225x300.jpg\" alt=\"\" width=\"225\" height=\"300\" \/><\/a>\n\n<hr \/>\n\n<h5>Impresi\u00f3n de la inauguraci\u00f3n de la exposici\u00f3n <em>Jan y sus amigos: Entre Es-culturas<\/em> in Aig\u00fces<\/h5>\nhttps:\/\/youtu.be\/0Lky4jOXvzA\n\nGracias a Dani\u00eblle van Leeuwen,\u00a0<a href=\"https:\/\/www.sunandgrapes.com\/post\/expostie-jan-en-zijn-beeldhouw-vrienden\"><strong>Sun and Grapes<\/strong><\/a>\n\n<hr \/>\n\n<h5>Exposici\u00f3n <em>Jan y sus amigos, entre esculturas<\/em> en Aig\u00fces<\/h5>\n<a href=\"http:\/\/love4art.nl\/wp-content\/uploads\/2019\/12\/poster-expo.jpg\"><img class=\"alignleft size-medium wp-image-740\" src=\"http:\/\/love4art.nl\/wp-content\/uploads\/2019\/12\/poster-expo-212x300.jpg\" alt=\"\" width=\"212\" height=\"300\" \/><\/a>El escultor holand\u00e9s Jan Keijsers (1953-2019) ten\u00eda una pasi\u00f3n por el m\u00e1rmol. \"Si te agarra, no lo dejes ir.\" Esta exposici\u00f3n, del 6 de diciembre \u201819 hasta el 6 de enero \u201820, en Aig\u00fces rinde homenaje a su obra en m\u00e1rmol, y muestra esculturas de Jan y diez artistas en torno a Jan. El resultado es una interesante expocisi\u00f3n con esculturas de todo tipo de estilos y materiales como m\u00e1rmol, madera, cer\u00e1mica, bronce, t\u00e9cnicas mixtas, piedra jabonosa y acero.\n\n<strong>Jan fascinado por el m\u00e1rmol<\/strong>\nTrabaj\u00f3 principalmente en m\u00e1rmol local como Rojo de Alicante y crema Marfil. \"Voy a hacer un proceso de trabajo personal con el m\u00e1rmol\". En Talleres ense\u00f1\u00f3 a otros a esculpir mejor el m\u00e1rmol. Y Jan organiz\u00f3 excursiones a una cantera de m\u00e1rmol.\n\n<strong>10 Amigos en torno a Jan<\/strong>\nJan era querido por mucha genta, entra ellos muchas artistas. Una prueba de ello es esto exposici\u00f3n con 10 amigos escultores.\n<ol>\n \t<li>Alb\u00e8r te Brake: acero<\/li>\n \t<li>Cockie Donkers: piedra<\/li>\n \t<li>Dorine den Boer: cer\u00e1mica<\/li>\n \t<li>Joan Erbueko: t\u00e9cnicas mixtas<\/li>\n \t<li>Lee Wolters: Soapstone<\/li>\n \t<li>Margu\u00e9rite Lameriks: m\u00e1rmol<\/li>\n \t<li>Monique Neyzen: bronce<\/li>\n \t<li>Lambertus Puck: cer\u00e1mica<\/li>\n \t<li>Reiner Izquierdo: madera<\/li>\n \t<li>Wim van Nuenen: cer\u00e1mica.<\/li>\n<\/ol>\n<strong>D\u00f3nde &amp; cuando en<\/strong> <a href=\"https:\/\/goo.gl\/maps\/CDhBdq15BCPiFnxq7\">Aig\u00fces<\/a>:\n\nInauguraci\u00f3n 6 diciembre \u201919 mediodia\n<ul>\n \t<li>Intervenci\u00f3n de: Juan Ribes ceramista y ex alcalde Aig\u00fces<\/li>\n \t<li>Acto de inauguraci\u00f3n: Juan David Santiago concejal de cultura Aig\u00fces<\/li>\n \t<li>Actuaci\u00f3n: m\u00fasica de guitarra y bebidas.<\/li>\n<\/ul>\n<strong>Del 6 de diciembre \u201819 hasta el 6 de enero \u201820<\/strong>:\n<ul>\n \t<li>Restaurant Tentaciones, exposici\u00f3n en el jardin Pla\u00e7a de L\u2019Esglesia 23, 03569 Aig\u00fces de 12:00 hasta el muy tarde, cerrado el lunes<\/li>\n \t<li>Restaurant El Coraz\u00f3n, exposici\u00f3n al interior Calle Mayor, 03569 Aig\u00fces de 11:00 hasta muy tarde, cerrado el miercoles.<\/li>\n<\/ul>\n<strong>Visita guiada &amp; m\u00e1s informaci\u00f3n<\/strong>:\n<ul>\n \t<li>Un artista est\u00e1ra presente los domingos 12:00<\/li>\n \t<li>M\u00e1s informaci\u00f3n del expocisi\u00f3n o visitas guiadas previa solicitud en espa\u00f1ol, holand\u00e9s o ingl\u00e9s. Env\u00ede Monique un correo\u00a0info@neyzen.nl<\/li>\n \t<li>Sobre Jan y su arte: <a href=\"https:\/\/keijsers.exto.nl\/\/#.XeOSIej0mHs\">www.keijsers.exto.nl<\/a> y FB <a href=\"https:\/\/www.facebook.com\/jan.keijsers\">www.facebook.com\/jan.keijsers<\/a><\/li>\n<\/ul>\n<a href=\"http:\/\/love4art.nl\/wp-content\/uploads\/2019\/12\/folleto-es.jpg\"><img class=\"alignleft size-medium wp-image-738\" src=\"http:\/\/love4art.nl\/wp-content\/uploads\/2019\/12\/folleto-es-212x300.jpg\" alt=\"\" width=\"212\" height=\"300\" \/><\/a><a href=\"http:\/\/love4art.nl\/wp-content\/uploads\/2019\/12\/folleto-nl.jpg\"><img class=\"alignright size-medium wp-image-739\" src=\"http:\/\/love4art.nl\/wp-content\/uploads\/2019\/12\/folleto-nl-211x300.jpg\" alt=\"\" width=\"211\" height=\"300\" \/><\/a>\n\n<hr \/>\n\n<h5>Exposici\u00f3n <em>Veinte A\u00f1os del Jard\u00edn de Esculturas<\/em> Klein-Schreuder en l'Alfas del Pi<\/h5>\n<a href=\"http:\/\/love4art.nl\/wp-content\/uploads\/2019\/06\/horse-Spirit-by-Monique-Neyzen.jpg\"><img class=\"alignleft size-medium wp-image-729\" src=\"http:\/\/love4art.nl\/wp-content\/uploads\/2019\/06\/horse-Spirit-by-Monique-Neyzen-300x225.jpg\" alt=\"\" width=\"300\" height=\"225\" \/><\/a>\u00daltimas visitas guiadas: \u00fanase a m\u00ed el 29 de junio a las 12:00 (ingl\u00e9s) o a las 11:00 (holand\u00e9s).\nRecorreremos 20 esculturas de la exposici\u00f3n (diferentes en estilo y materiales) y algunas de las colecciones permanentes. \u00a1Solo trae tus gafas de sol o sombrero, algo para beber y disfrutar!\n\n<hr \/>\n\n<h5>&gt;Impresi\u00f3n de la inauguraci\u00f3n de la exposici\u00f3n <em>Veinte A\u00f1os del Jard\u00edn de Esculturas<\/em> Klein-Schreuder en l'Alfas del Pi 7 april 2019<\/h5>\nhttps:\/\/youtu.be\/Lvt9_KTUseI\n\n<hr \/>\n\n<h5>Exposici\u00f3n <em>Veinte A\u00f1os del Jard\u00edn de Esculturas<\/em> Klein-Schreuder en l'Alfas del Pi<\/h5>\n<a href=\"http:\/\/love4art.nl\/wp-content\/uploads\/2019\/03\/poster-20-jaar-beeldentuin-klein-schreuder.jpg\"><img class=\"alignleft size-medium wp-image-692\" src=\"http:\/\/love4art.nl\/wp-content\/uploads\/2019\/03\/poster-20-jaar-beeldentuin-klein-schreuder-218x300.jpg\" alt=\"\" width=\"218\" height=\"300\" \/><\/a>Es una exposici\u00f3n colectiva, compuesta principalmente por artistas que han expuesto en solitario en el jard\u00edn de esculturas: Alejandro Cremades, Hanna Gerlind Glauner, Antonio Imbern\u00f3n, Jan Keijsers, Antonio Mar\u00ed, Salvador Molla, Monique Neyzen, Vicente P\u00e9rez Gonz\u00e1lvez, Georgi Pouleriani and Quico Torres. Para la agenda: la inauguraci\u00f3n festiva de \u00e9sta exposici\u00f3n con las presentaciones de los artistas participantes y con m\u00fasica, comida y vino es el domingo 7 de abril a las 11.00, todos sois bienvenidos. El precio de la entrada es de 5 \u20ac por persona.\n\n<a href=\"http:\/\/love4art.nl\/wp-content\/uploads\/2019\/03\/hangin-on-3.jpg\"><img class=\"alignleft size-medium wp-image-686\" src=\"http:\/\/love4art.nl\/wp-content\/uploads\/2019\/03\/hangin-on-3-225x300.jpg\" alt=\"\" width=\"225\" height=\"300\" \/><\/a><a href=\"http:\/\/love4art.nl\/wp-content\/uploads\/2019\/03\/Spirit-2.jpg\"><img class=\"alignright size-medium wp-image-693\" src=\"http:\/\/love4art.nl\/wp-content\/uploads\/2019\/03\/Spirit-2-210x300.jpg\" alt=\"\" width=\"210\" height=\"300\" \/><\/a>\n\nHangin' On\nhttps:\/\/youtu.be\/uaJRmUWd53g\n\nSpirit\nhttps:\/\/youtu.be\/Ni4R67Ps3Uo\n\n<hr \/>\n\n<h5>\u00daltimos d\u00edas de la exposici\u00f3n \"Esp\u00edritu de la Danza\" en l'Alfas del Pi<\/h5>\n<a href=\"http:\/\/love4art.nl\/wp-content\/uploads\/2019\/03\/last-days-word-flyer-Espanol-English-Alfas-del-Pi-expo-Monique-Neyzen-10032019.jpg\"><img class=\"size-medium wp-image-680 aligncenter\" src=\"http:\/\/love4art.nl\/wp-content\/uploads\/2019\/03\/last-days-word-flyer-Espanol-English-Alfas-del-Pi-expo-Monique-Neyzen-10032019-213x300.jpg\" alt=\"\" width=\"213\" height=\"300\" \/><\/a>\n\n<hr \/>\n\n<h5>Impresi\u00f3n de la inauguraci\u00f3n de la exposici\u00f3n \u201cEsp\u00edritu de la Danza\u201d en l'Alfas del Pi<\/h5>\nhttps:\/\/www.youtube.com\/watch?v=ll4bzMmA1n0\n\nAaron Colston, de la escuela de danza Hazel Hines, dio una breve pero hermosa presentaci\u00f3n.\n\nhttps:\/\/www.youtube.com\/watch?v=-rA3hp9gGbs\n\n<hr \/>\n\n<h5>Preparando una nueva exposici\u00f3n con el tema de la 'danza' con esculturas de bronce y dibujos.<\/h5>\n<a href=\"http:\/\/love4art.nl\/wp-content\/uploads\/2019\/02\/cartel-Alfas-del-Pi.jpg\"><img class=\"size-medium wp-image-663 alignleft\" src=\"http:\/\/love4art.nl\/wp-content\/uploads\/2019\/02\/cartel-Alfas-del-Pi-213x300.jpg\" alt=\"\" width=\"213\" height=\"300\" \/><\/a>\n\n<a href=\"http:\/\/love4art.nl\/wp-content\/uploads\/2019\/02\/flyer-Espanol-English-Alfas-del-Pi-expo-Monique-Neyzen-130219.jpg\"><img class=\"alignright size-medium wp-image-667\" src=\"http:\/\/love4art.nl\/wp-content\/uploads\/2019\/02\/flyer-Espanol-English-Alfas-del-Pi-expo-Monique-Neyzen-130219-213x300.jpg\" alt=\"\" width=\"213\" height=\"300\" \/><\/a>\n\n<a href=\"http:\/\/love4art.nl\/wp-content\/uploads\/2019\/01\/alfas-del-pi-casa-de-cultura.jpg\"><img class=\"size-medium wp-image-655 alignleft\" src=\"http:\/\/love4art.nl\/wp-content\/uploads\/2019\/01\/alfas-del-pi-casa-de-cultura-300x200.jpg\" alt=\"\" width=\"300\" height=\"200\" \/><\/a> <a href=\"http:\/\/love4art.nl\/wp-content\/uploads\/2019\/01\/map-alfas-del-pi-casa-de-cultura.jpg\"><img class=\"size-medium wp-image-654 alignright\" src=\"http:\/\/love4art.nl\/wp-content\/uploads\/2019\/01\/map-alfas-del-pi-casa-de-cultura-300x223.jpg\" alt=\"\" width=\"300\" height=\"223\" \/><\/a>\n\nLa inauguraci\u00f3n ser\u00e1 el 23 de febrero en la hermosa <a href=\"https:\/\/www.facebook.com\/pages\/Casa-de-cultura-Alfaz\/107601399317811\">Casa de Cultura<\/a> de <a href=\"https:\/\/goo.gl\/maps\/9V2eJTs95K52\">Alfas del Pi<\/a>\n\n<hr \/>\n\n<h5>Exposici\u00f3n PASI\u00d3N! ampliada<\/h5>\nGracias al \u00e9xito la exposici\u00f3n de Monique Neyzen con estatuas de bronce de caballos y dibujos de modelos desnudos permanecer\u00e1 abierta hasta el 11 de enero de 2019. Puede visitar la exposici\u00f3n en la semana de Navidad los d\u00edas 26, 27, 28 de diciembre y en 2019 a partir del 2 de enero.\n\n<a href=\"http:\/\/love4art.nl\/wp-content\/uploads\/2018\/12\/Full-speed-bronze-Monique-Neyzen-frontview-.jpg\"><img class=\"size-medium wp-image-645 alignleft\" src=\"http:\/\/love4art.nl\/wp-content\/uploads\/2018\/12\/Full-speed-bronze-Monique-Neyzen-frontview--225x300.jpg\" alt=\"\" width=\"225\" height=\"300\" \/><\/a> <a href=\"http:\/\/love4art.nl\/wp-content\/uploads\/2018\/12\/Nude-drawing-back-lady-in-pastel-Monique-Neyzen-.jpg\"><img class=\"size-medium wp-image-644 alignright\" src=\"http:\/\/love4art.nl\/wp-content\/uploads\/2018\/12\/Nude-drawing-back-lady-in-pastel-Monique-Neyzen--225x300.jpg\" alt=\"\" width=\"225\" height=\"300\" \/><\/a><a href=\"http:\/\/love4art.nl\/wp-content\/uploads\/2018\/12\/Spirit-bronze-Monique-Neyzen.jpg\"><img class=\"size-medium wp-image-643 alignleft\" src=\"http:\/\/love4art.nl\/wp-content\/uploads\/2018\/12\/Spirit-bronze-Monique-Neyzen-225x300.jpg\" alt=\"\" width=\"225\" height=\"300\" \/><\/a><a href=\"http:\/\/love4art.nl\/wp-content\/uploads\/2018\/12\/Stroke-me-softly-bronze-Monique-Neyzen.jpeg\"><img class=\"size-medium wp-image-642 alignright\" src=\"http:\/\/love4art.nl\/wp-content\/uploads\/2018\/12\/Stroke-me-softly-bronze-Monique-Neyzen-225x300.jpeg\" alt=\"\" width=\"225\" height=\"300\" \/><\/a>\n\nLugar: sala d'exposicions de la biblioteca \"Els nostres mestres\", carrer Sant Josep 10-12, Finestrat (casco hist\u00f3rico). Abierto: lunes -viernes 9.30-13.30 &amp; 17.00-20.00. La artista estar\u00e1 presente el viernes a las 11 horas. Visitas guiadas en differente idiomas posible bajo petici\u00f3n (enviar un correo electr\u00f3nico a Monique@Neyzen.nl).\n\n<hr \/>\n\n<h5>En <a href=\"https:\/\/www.costanachrichten.com\/category\/costa-blanca-nachrichten\/aktuelle-cbn-ausgabe\/\">Costa Blanca Nachrichten<\/a><\/h5>\n<a href=\"http:\/\/love4art.nl\/wp-content\/uploads\/2018\/12\/Costa-Blanca-News.jpg\"><img class=\"aligncenter size-medium wp-image-637\" src=\"http:\/\/love4art.nl\/wp-content\/uploads\/2018\/12\/Costa-Blanca-News-300x287.jpg\" alt=\"\" width=\"300\" height=\"287\" \/><\/a>\n\n<hr \/>\n\n<h5>Un nuevo poema de Herv\u00e9 Deleu<\/h5>\n<a href=\"http:\/\/love4art.nl\/wp-content\/uploads\/2018\/11\/horses-with-wings-herve-deleu.jpg\"><img class=\"aligncenter size-medium wp-image-631\" src=\"http:\/\/love4art.nl\/wp-content\/uploads\/2018\/11\/horses-with-wings-herve-deleu-300x156.jpg\" alt=\"\" width=\"300\" height=\"156\" \/><\/a>\n\nEsta vez Herv\u00e9 Deleu se inspir\u00f3 en <a href=\"http:\/\/love4art.nl\/spirit\/\">Spirit<\/a>.\n\n<hr \/>\n\n<h5>collage de fotos de la inauguraci\u00f3n exposici\u00f2n PASI\u00d3N! en Finestrat<\/h5>\n<a href=\"http:\/\/love4art.nl\/wp-content\/uploads\/2018\/11\/photos-opening-expo-finestrat-1.jpg\"><img class=\"wp-image-619 size-thumbnail alignleft\" src=\"http:\/\/love4art.nl\/wp-content\/uploads\/2018\/11\/photos-opening-expo-finestrat-1-98x150.jpg\" alt=\"\" width=\"98\" height=\"150\" \/><\/a><a href=\"http:\/\/love4art.nl\/wp-content\/uploads\/2018\/11\/photos-opening-expo-finestrat-2.jpg\"><img class=\"wp-image-620 size-thumbnail alignleft\" src=\"http:\/\/love4art.nl\/wp-content\/uploads\/2018\/11\/photos-opening-expo-finestrat-2-112x150.jpg\" alt=\"\" width=\"112\" height=\"150\" \/><\/a><a href=\"http:\/\/love4art.nl\/wp-content\/uploads\/2018\/11\/photos-opening-expo-finestrat-3.jpg\"><img class=\"wp-image-621 size-thumbnail alignleft\" src=\"http:\/\/love4art.nl\/wp-content\/uploads\/2018\/11\/photos-opening-expo-finestrat-3-100x150.jpg\" alt=\"\" width=\"100\" height=\"150\" \/><\/a><a href=\"http:\/\/love4art.nl\/wp-content\/uploads\/2018\/11\/photos-opening-expo-finestrat-4.jpg\"><img class=\"wp-image-622 size-thumbnail alignleft\" src=\"http:\/\/love4art.nl\/wp-content\/uploads\/2018\/11\/photos-opening-expo-finestrat-4-114x150.jpg\" alt=\"\" width=\"114\" height=\"150\" \/><\/a><a href=\"http:\/\/love4art.nl\/wp-content\/uploads\/2018\/11\/photos-opening-expo-finestrat-5.jpg\"><img class=\"wp-image-623 size-thumbnail alignleft\" src=\"http:\/\/love4art.nl\/wp-content\/uploads\/2018\/11\/photos-opening-expo-finestrat-5-101x150.jpg\" alt=\"\" width=\"101\" height=\"150\" \/><\/a>\n\n<hr \/>\n\n<h5>PASI\u00d3N!<\/h5>\n<a href=\"http:\/\/love4art.nl\/wp-content\/uploads\/2018\/11\/cartel-ESP-expo-Finestrat-Monique-Neyzen-dd8nov18.jpg\"><img class=\"alignleft size-medium wp-image-602\" src=\"http:\/\/love4art.nl\/wp-content\/uploads\/2018\/11\/cartel-ESP-expo-Finestrat-Monique-Neyzen-dd8nov18-212x300.jpg\" alt=\"\" width=\"212\" height=\"300\" \/><\/a>\n<h5>esculturas din\u00e1micas de bronce de caballos y dibujos de modelos desnudos<\/h5>\nEsta exposici\u00f2n muestra 20 caballos en bronce, tanto figurativos como abstractos ligeros, y 30 dibujos a modelo desnudo en diferentes materiales. Soy una \u00e1vida amante de los caballos y he montado a caballo muchos a\u00f1os. Mi pasi\u00f3n por los caballos, por la din\u00e1mica de los caballos, quiero convertir a mis esculturas de bronce. \"<em>Todo est\u00e1 vivo y en movimiento, tus caballos parecen saltar de sus pedestales<\/em>\", tengo ese tipo de reacci\u00f3n en mi bronce.\n\nTambi\u00e9n he estado dibujando para modelos desnudos durante a\u00f1os, ambas posiciones cortas de 1, 2 o 5 minutos a posiciones de 20 minutos. Me puede <a href=\"http:\/\/love4art.nl\/wp-content\/uploads\/2018\/11\/flyer-SP-ENG-exhibition-Finestrat-Monique-Neyzen-nov-dec18.jpg\"><img class=\"alignright size-medium wp-image-604\" src=\"http:\/\/love4art.nl\/wp-content\/uploads\/2018\/11\/flyer-SP-ENG-exhibition-Finestrat-Monique-Neyzen-nov-dec18-209x300.jpg\" alt=\"\" width=\"209\" height=\"300\" \/><\/a> fascinar una hermosa l\u00ednea que veo en un modelo: una actitud, la posici\u00f3n de la cabeza, una luz encendida. El cuerpo humano, que puede ser tan hermoso, quiero 'capturarlo' en mis dibujos. Trabajo en diferentes materiales, como l\u00e1piz, tinta, pastel, cont\u00e9 o una combinaci\u00f3n de ellos. Hago bocetos r\u00e1pidos con unas pocas l\u00edneas y a veces hago dibujos m\u00e1s elaborados en pastel.\n\n<span style=\"text-decoration: underline;\">La inauguraci\u00f3n<\/span> es el 22 de noviembre 2018 a las 17.00 horas en la sala d\u2019exposicions de la bibliotheca \u2018Els nostres mestres\u2019 carrer Sant Josep 10 - 12, Finestrat casco hist\u00f3rico. Visitas: lunes a viernes de 9.30 a 13.30. y de 17.00 a 20.00 hasta el 20 de diciembre 2018. El viernes estoy presente a las 11.00 y realizo recorridas en ingl\u00e9s, holand\u00e9s, alem\u00e1n, franc\u00e9s o espa\u00f1ol. Por ejemplo el 23 de noviembre hay un recorrido inglesa a las 11 en punto. Env\u00edame un correo electr\u00f3nico o ll\u00e1mame si quieres participar. Otros recorridos son posibles bajo petici\u00f3n.\n\n<hr \/>\n\n<h5>Exhibition 'Bronze in Motion' extended till June 10th<\/h5>\n<a href=\"http:\/\/love4art.nl\/wp-content\/uploads\/2018\/05\/extended100618.jpg\"><img class=\"aligncenter size-medium wp-image-521\" src=\"http:\/\/love4art.nl\/wp-content\/uploads\/2018\/05\/extended100618-300x235.jpg\" alt=\"\" width=\"300\" height=\"235\" \/><\/a>\n\n<strong>Special tours<\/strong>\n\nMonique Neyzen will tell you more about her inspiration and her art in a walk through the garden. She will explain some of her bronze statues, drawings, sculptured stones and the bronze casting process. Duration: \u00be - 1 hour depending on the number of visitors.\n\nSpecial tours for groups in English, Dutch, German, French or Spanish available on request.\n<ul>\n \t<li>Dutch tour: Sunday April 29th at 12 am.<\/li>\n \t<li>German tour: Sunday May 13th at 12 am.<\/li>\n \t<li>English tour for Lions members: Sunday May 20th at 1 pm.<\/li>\n \t<li>English tour for Norwegians: Sunday May 27th at 12 am.<\/li>\n \t<li>Dutch \"Bronze in Motion\" tour: Sunday June 10th at 12 am.<\/li>\n<\/ul>\nIf you want to participate, just send an e-mail to monique@neyzen.nl\n<ul>\n \t<li>Vea la p\u00e1gina de Facebook para ver fotos como la de la apertura el 8 de abril: <a href=\"https:\/\/www.facebook.com\/friendsmonique\">https:\/\/www.facebook.com\/friendsmonique<\/a><\/li>\n<\/ul>\n\n<hr \/>\n\n<h4>\"Bronce en movimiento\" esculturas din\u00e1micas de bailarines y caballos<\/h4>\n<a href=\"http:\/\/love4art.nl\/wp-content\/uploads\/2017\/03\/steigerend-paard.jpg\"><img class=\"alignleft size-medium wp-image-488\" src=\"http:\/\/love4art.nl\/wp-content\/uploads\/2017\/03\/steigerend-paard-225x300.jpg\" alt=\"steigerend-paard\" width=\"225\" height=\"300\" \/><\/a>Exposici\u00f3n de Monique Neyzen en el hermosa jardin de Fundaci\u00f3n Klein-Schreuder: 8\/4 - 20\/5 \u201918. Bailarines y caballos son sus themas favoritas. La artista holand\u00e9sa exposa 35 peque\u00f1as bronces que capturan el movimiento, diez esculturas de piedras y dibujos de bailarines.\n\nHace m\u00e1s de 10 anos, Jan Klein y Joke Schreuder compraron un gran terreno abandonada en la Costa Blanca en Espana. Lo han transformada con gran amor y cuidado en un jardin bot\u00e1nico encantador de plantas y esculturas con exposici\u00f3nes cambiantes. Senderos para caminar conducen a trav\u00e9s de un palmeral, un huerto y jardin de rosas.\n<ul>\n \t<li>Inauguraci\u00f3n: 8 abril a las 11.00, Cami del Pinar 23, Alfaz del Pi (<a href=\"https:\/\/goo.gl\/maps\/EP3Cu3ubDVQ2\">mapa<\/a>).<\/li>\n \t<li>Visitas: hasta el 20 de mayo todos los domingos de 10.00 \u00e0 14.00 y los d\u00edas laborables con cita previa (llame al 966860230 o env\u00ede un correo electr\u00f3nico \u00e0 info@klein-schreuder.com) - entrada: 5 euros para mantener el jard\u00edn.<\/li>\n \t<li>Information: jardin <a href=\"https:\/\/www.klein-schreuder.com\/index.php\/es\">www.klein-schreuder.com<\/a> y artista <a href=\"http:\/\/love4art.nl\">www.love4art.nl\/blog<\/a><\/li>\n \t<li><a href=\"https:\/\/www.lalfas.es\/concejalias\/cultura\/llega-al-jardin-klein-schreuder-la-exposicion-de-bronces-de-monique-neyzen\">Art\u00edculo<\/a> ayuntamiento Alfas del Pi<\/li>\n<\/ul>\n<p style=\"text-align: center;\">\"Todo se mueve y tiene alma propia\"<\/p>","_es_post_name":"noticias","_es_post_excerpt":"","_es_post_title":"noticias","edit_language":"es","footnotes":""},"class_list":["post-449","page","type-page","status-publish","hentry"],"_links":{"self":[{"href":"https:\/\/love4art.nl\/es\/wp-json\/wp\/v2\/pages\/449","targetHints":{"allow":["GET"]}}],"collection":[{"href":"https:\/\/love4art.nl\/es\/wp-json\/wp\/v2\/pages"}],"about":[{"href":"https:\/\/love4art.nl\/es\/wp-json\/wp\/v2\/types\/page"}],"author":[{"embeddable":true,"href":"https:\/\/love4art.nl\/es\/wp-json\/wp\/v2\/users\/1"}],"replies":[{"embeddable":true,"href":"https:\/\/love4art.nl\/es\/wp-json\/wp\/v2\/comments?post=449"}],"version-history":[{"count":229,"href":"https:\/\/love4art.nl\/es\/wp-json\/wp\/v2\/pages\/449\/revisions"}],"predecessor-version":[{"id":1028,"href":"https:\/\/love4art.nl\/es\/wp-json\/wp\/v2\/pages\/449\/revisions\/1028"}],"wp:attachment":[{"href":"https:\/\/love4art.nl\/es\/wp-json\/wp\/v2\/media?parent=449"}],"curies":[{"name":"wp","href":"https:\/\/api.w.org\/{rel}","templated":true}]}}