{"id":504,"date":"2018-04-10T15:55:05","date_gmt":"2018-04-10T13:55:05","guid":{"rendered":"https:\/\/www.love4art.nl\/?page_id=504"},"modified":"2024-11-02T14:17:42","modified_gmt":"2024-11-02T13:17:42","slug":"dans-la-presse","status":"publish","type":"page","link":"https:\/\/love4art.nl\/fr\/dans-la-presse\/","title":{"rendered":"dans la presse","raw":"dans la presse"},"content":{"rendered":"<ul>\n<li style=\"list-style-type: none;\">\n<ul>\n<li>Ajuntament de La Vila Joiosa \u00e0 l&#8217;occasion du vernissage de l&#8217;exposition &#8220;Baila en la Barbera&#8221; \u00e0 Villajoyosa 13-1-2022 &#8211; 10-3-2022<br \/>\n<a href=\"http:\/\/love4art.nl\/wp-content\/uploads\/2022\/01\/La-Vila-Joyosa.png\" data-rel=\"lightbox-gallery-GQ52Yjpp\" data-rl_title=\"\" data-rl_caption=\"\" title=\"\"><img loading=\"lazy\" decoding=\"async\" class=\"aligncenter size-medium wp-image-871\" src=\"http:\/\/love4art.nl\/wp-content\/uploads\/2022\/01\/La-Vila-Joyosa-216x300.png\" alt=\"\" width=\"216\" height=\"300\" srcset=\"https:\/\/love4art.nl\/wp-content\/uploads\/2022\/01\/La-Vila-Joyosa-216x300.png 216w, https:\/\/love4art.nl\/wp-content\/uploads\/2022\/01\/La-Vila-Joyosa-108x150.png 108w, https:\/\/love4art.nl\/wp-content\/uploads\/2022\/01\/La-Vila-Joyosa-736x1024.png 736w, https:\/\/love4art.nl\/wp-content\/uploads\/2022\/01\/La-Vila-Joyosa-973x1354.png 973w, https:\/\/love4art.nl\/wp-content\/uploads\/2022\/01\/La-Vila-Joyosa-508x707.png 508w, https:\/\/love4art.nl\/wp-content\/uploads\/2022\/01\/La-Vila-Joyosa.png 1455w\" sizes=\"auto, (max-width: 216px) 100vw, 216px\" \/><\/a><\/li>\n<li>Costa Blanca Nachrichten (14-1-2022) \u00e0 propos de l&#8217;exposition &#8220;Baila en la Barbera&#8221; in Villajoyosa 13-1-2022 &#8211; 10-3-2022<br \/>\n<a href=\"http:\/\/love4art.nl\/wp-content\/uploads\/2022\/01\/Costa-Blanca-Norden.png\" data-rel=\"lightbox-gallery-GQ52Yjpp\" data-rl_title=\"\" data-rl_caption=\"\" title=\"\"><img loading=\"lazy\" decoding=\"async\" class=\"aligncenter size-medium wp-image-863\" src=\"http:\/\/love4art.nl\/wp-content\/uploads\/2022\/01\/Costa-Blanca-Norden-233x300.png\" alt=\"\" width=\"233\" height=\"300\" srcset=\"https:\/\/love4art.nl\/wp-content\/uploads\/2022\/01\/Costa-Blanca-Norden-233x300.png 233w, https:\/\/love4art.nl\/wp-content\/uploads\/2022\/01\/Costa-Blanca-Norden-116x150.png 116w, https:\/\/love4art.nl\/wp-content\/uploads\/2022\/01\/Costa-Blanca-Norden-794x1024.png 794w, https:\/\/love4art.nl\/wp-content\/uploads\/2022\/01\/Costa-Blanca-Norden-973x1255.png 973w, https:\/\/love4art.nl\/wp-content\/uploads\/2022\/01\/Costa-Blanca-Norden-508x655.png 508w, https:\/\/love4art.nl\/wp-content\/uploads\/2022\/01\/Costa-Blanca-Norden.png 1116w\" sizes=\"auto, (max-width: 233px) 100vw, 233px\" \/><\/a><\/li>\n<li>El Peri\u00f2dic\u00a0 (14-1-2022) \u00e0 propos de l&#8217;exposition &#8220;Baila en la Barbera&#8221; in Villajoyosa 13-1-2022 &#8211; 10-3-2022<br \/>\n<a href=\"http:\/\/love4art.nl\/wp-content\/uploads\/2022\/01\/El-Peri\u00f2dic.png\" data-rel=\"lightbox-gallery-GQ52Yjpp\" data-rl_title=\"\" data-rl_caption=\"\" title=\"\"><img loading=\"lazy\" decoding=\"async\" class=\"aligncenter size-medium wp-image-864\" src=\"http:\/\/love4art.nl\/wp-content\/uploads\/2022\/01\/El-Peri\u00f2dic-154x300.png\" alt=\"\" width=\"154\" height=\"300\" srcset=\"https:\/\/love4art.nl\/wp-content\/uploads\/2022\/01\/El-Peri\u00f2dic-154x300.png 154w, https:\/\/love4art.nl\/wp-content\/uploads\/2022\/01\/El-Peri\u00f2dic-77x150.png 77w, https:\/\/love4art.nl\/wp-content\/uploads\/2022\/01\/El-Peri\u00f2dic-526x1024.png 526w, https:\/\/love4art.nl\/wp-content\/uploads\/2022\/01\/El-Peri\u00f2dic-973x1896.png 973w, https:\/\/love4art.nl\/wp-content\/uploads\/2022\/01\/El-Peri\u00f2dic-508x990.png 508w, https:\/\/love4art.nl\/wp-content\/uploads\/2022\/01\/El-Peri\u00f2dic.png 1446w\" sizes=\"auto, (max-width: 154px) 100vw, 154px\" \/><\/a><\/li>\n<li>Punta Canfali\u00a0 (14-1-2022) \u00e0 propos de l&#8217;exposition &#8220;Baila en la Barbera&#8221; in Villajoyosa 13-1-2022 &#8211; 10-3-2022<br \/>\n<a href=\"http:\/\/love4art.nl\/wp-content\/uploads\/2022\/01\/Punta-Canfali.png\" data-rel=\"lightbox-gallery-GQ52Yjpp\" data-rl_title=\"\" data-rl_caption=\"\" title=\"\"><img loading=\"lazy\" decoding=\"async\" class=\"aligncenter size-medium wp-image-865\" src=\"http:\/\/love4art.nl\/wp-content\/uploads\/2022\/01\/Punta-Canfali-208x300.png\" alt=\"\" width=\"208\" height=\"300\" srcset=\"https:\/\/love4art.nl\/wp-content\/uploads\/2022\/01\/Punta-Canfali-208x300.png 208w, https:\/\/love4art.nl\/wp-content\/uploads\/2022\/01\/Punta-Canfali-104x150.png 104w, https:\/\/love4art.nl\/wp-content\/uploads\/2022\/01\/Punta-Canfali-710x1024.png 710w, https:\/\/love4art.nl\/wp-content\/uploads\/2022\/01\/Punta-Canfali-973x1404.png 973w, https:\/\/love4art.nl\/wp-content\/uploads\/2022\/01\/Punta-Canfali-508x733.png 508w, https:\/\/love4art.nl\/wp-content\/uploads\/2022\/01\/Punta-Canfali.png 1362w\" sizes=\"auto, (max-width: 208px) 100vw, 208px\" \/><\/a><\/li>\n<li>Periodico de Alicante\u00a0 (14-1-2022) \u00e0 propos de l&#8217;exposition &#8220;Baila en la Barbera&#8221; in Villajoyosa 13-1-2022 &#8211; 10-3-2022<br \/>\n<a href=\"http:\/\/love4art.nl\/wp-content\/uploads\/2022\/01\/Periodico-de-Alicante.png\" data-rel=\"lightbox-gallery-GQ52Yjpp\" data-rl_title=\"\" data-rl_caption=\"\" title=\"\"><img loading=\"lazy\" decoding=\"async\" class=\"aligncenter size-medium wp-image-866\" src=\"http:\/\/love4art.nl\/wp-content\/uploads\/2022\/01\/Periodico-de-Alicante-207x300.png\" alt=\"\" width=\"207\" height=\"300\" srcset=\"https:\/\/love4art.nl\/wp-content\/uploads\/2022\/01\/Periodico-de-Alicante-207x300.png 207w, https:\/\/love4art.nl\/wp-content\/uploads\/2022\/01\/Periodico-de-Alicante-104x150.png 104w, https:\/\/love4art.nl\/wp-content\/uploads\/2022\/01\/Periodico-de-Alicante-707x1024.png 707w, https:\/\/love4art.nl\/wp-content\/uploads\/2022\/01\/Periodico-de-Alicante-973x1409.png 973w, https:\/\/love4art.nl\/wp-content\/uploads\/2022\/01\/Periodico-de-Alicante-508x736.png 508w, https:\/\/love4art.nl\/wp-content\/uploads\/2022\/01\/Periodico-de-Alicante.png 1450w\" sizes=\"auto, (max-width: 207px) 100vw, 207px\" \/><\/a><\/li>\n<li>Calvari el periodic del cor de Benidorm\u00a0 (14-1-2022) \u00e0 propos de l&#8217;exposition &#8220;Baila en la Barbera&#8221; in Villajoyosa 13-1-2022 &#8211; 10-3-2022<br \/>\n<a href=\"http:\/\/love4art.nl\/wp-content\/uploads\/2022\/01\/Calvari.png\" data-rel=\"lightbox-gallery-GQ52Yjpp\" data-rl_title=\"\" data-rl_caption=\"\" title=\"\"><img loading=\"lazy\" decoding=\"async\" class=\"aligncenter size-medium wp-image-867\" src=\"http:\/\/love4art.nl\/wp-content\/uploads\/2022\/01\/Calvari-164x300.png\" alt=\"\" width=\"164\" height=\"300\" srcset=\"https:\/\/love4art.nl\/wp-content\/uploads\/2022\/01\/Calvari-164x300.png 164w, https:\/\/love4art.nl\/wp-content\/uploads\/2022\/01\/Calvari-82x150.png 82w, https:\/\/love4art.nl\/wp-content\/uploads\/2022\/01\/Calvari-559x1024.png 559w, https:\/\/love4art.nl\/wp-content\/uploads\/2022\/01\/Calvari-973x1782.png 973w, https:\/\/love4art.nl\/wp-content\/uploads\/2022\/01\/Calvari-508x930.png 508w, https:\/\/love4art.nl\/wp-content\/uploads\/2022\/01\/Calvari.png 1365w\" sizes=\"auto, (max-width: 164px) 100vw, 164px\" \/><\/a><\/li>\n<\/ul>\n<\/li>\n<\/ul>\n<ul>\n<li><a href=\"https:\/\/www.lalfas.es\/concejalias\/cultura\/la-fundacion-klein-schreuder-celebra-su-vigesimo-aniversario-con-una-exposicion-colectiva\/\">l&#8217; Annonce Ayuntamiento l\u2019Alfas del Pi<\/a> Vingt Ans Jardin de sculptures Klein-Schreuder 7 avril 2019<br \/>\n<a href=\"http:\/\/love4art.nl\/wp-content\/uploads\/2019\/04\/Naamloos1.jpg\" data-rel=\"lightbox-gallery-GQ52Yjpp\" data-rl_title=\"\" data-rl_caption=\"\" title=\"\"><img loading=\"lazy\" decoding=\"async\" class=\"size-medium wp-image-719 aligncenter\" src=\"http:\/\/love4art.nl\/wp-content\/uploads\/2019\/04\/Naamloos1-144x300.jpg\" alt=\"\" width=\"144\" height=\"300\" srcset=\"https:\/\/love4art.nl\/wp-content\/uploads\/2019\/04\/Naamloos1-144x300.jpg 144w, https:\/\/love4art.nl\/wp-content\/uploads\/2019\/04\/Naamloos1-72x150.jpg 72w, https:\/\/love4art.nl\/wp-content\/uploads\/2019\/04\/Naamloos1-492x1024.jpg 492w, https:\/\/love4art.nl\/wp-content\/uploads\/2019\/04\/Naamloos1-973x2026.jpg 973w, https:\/\/love4art.nl\/wp-content\/uploads\/2019\/04\/Naamloos1-508x1058.jpg 508w, https:\/\/love4art.nl\/wp-content\/uploads\/2019\/04\/Naamloos1.jpg 1188w\" sizes=\"auto, (max-width: 144px) 100vw, 144px\" \/><\/a><\/li>\n<li><a href=\"http:\/\/love4art.nl\/wp-content\/uploads\/2019\/02\/aankondigingAdP.jpg\" data-rel=\"lightbox-gallery-GQ52Yjpp\" data-rl_title=\"\" data-rl_caption=\"\" title=\"\">l&#8217; Annonce<\/a> Ayuntament Alfas del Pi <a href=\"https:\/\/www.lalfas.es\/concejalias\/cultura\/el-espiritu-de-la-danza-se-apoderara-de-la-sala-de-exposiciones-de-la-mano-de-la-artista-monique-neyzen\/\">exposition \u2018El Esp\u00edritu de la Danza\u2019<\/a><\/li>\n<li>Lions club Alfaz del Pi about their visit to the exposition\u00a0on\u00a0<a href=\"https:\/\/www.facebook.com\/permalink.php?story_fbid=234269937323515&amp;id=208154599935049&amp;hc_location=ufi\">facebook<\/a><\/li>\n<li>Artikel in <a href=\"https:\/\/www.halloonline.es\/nieuw-gevestigde-kunstenares-monique-neyzen-exposeert-in-beeldentuin\/\">Hallo<\/a><br \/>\n<a href=\"https:\/\/www.halloonline.es\/expositie-monique-neyzen-in-beeldentuin-klein-schreuder-geopend\/\">Expositie Monique Neyzen in beeldentuin Klein-Schreuder geopend<\/a>\u00a0(<a href=\"http:\/\/love4art.nl\/wp-content\/uploads\/2018\/04\/Hallo-online-artikel-opening-expo-Moniqe-Neyzen-beeldentuin.pdf\" target=\"_blank\" rel=\"noopener\">plus<\/a>)<\/li>\n<li>Article Costa Levante news: <a href=\"https:\/\/www.pressreader.com\/spain\/costa-levante-news\/20180323\/281861529045488\">New bronze age<\/a><\/li>\n<li>Art\u00edculos ayuntamiento Alfas del Pi<br \/>\n<a href=\"https:\/\/www.lalfas.es\/concejalias\/cultura\/llega-al-jardin-klein-schreuder-la-exposicion-de-bronces-de-monique-neyzen\">Llega al Jard\u00edn Klein-Schreuder la exposici\u00f3n de bronces de Monique Neyzen<\/a><br \/>\n<a href=\"https:\/\/www.lalfas.es\/concejalias\/cultura\/monique-neyzen-expone-sus-esculturas-dinamicas-en-el-jardin-klein-schreuder\/\">Monique Neyzen expone sus esculturas din\u00e1micas en el Jard\u00edn Klein-Schreuder<\/a><\/li>\n<li>Costa Nachrichten\u00a0<a href=\"https:\/\/www.costanachrichten.com\/kultur\/figuren-bitten-zum-tanz\/\">Figuren bitten zum Tanz<\/a>\u00a0(<a href=\"http:\/\/love4art.nl\/wp-content\/uploads\/2018\/04\/artikel-costa-nachrichten.pdf\" target=\"_blank\" rel=\"noopener\">plus<\/a>)<\/li>\n<li><a href=\"https:\/\/www.tripadvisor.nl\/ShowUserReviews-g652148-d6609492-r576994545-Klein_Schreuder_Sculpture_Garden-L_Alfas_del_Pi_Costa_Blanca_Province_of_Alicant.html#REVIEWS\">TripAdvisor<\/a><\/li>\n<li>ArteInformado\u00a0<a href=\"http:\/\/www.arteinformado.com\/agenda\/f\/movimiento-en-bronce-154754\">agenda<\/a><\/li>\n<li>Costa Blanca Yacht Association <a href=\"https:\/\/cbya.org\/bronze-in-motion-sculpture-exhibition\/\">aankondiging<\/a><\/li>\n<li>Skandinavisk Magasin Costa Blanca &#8211; Spanias beste &#8220;Que Pasa&#8221;<br \/>\n<a href=\"http:\/\/spaniasbeste.blogspot.com.es\/2018\/04\/bronse-i-bevegelse.html\">Bronse i bevegelse<\/a><\/li>\n<\/ul>\n","protected":false,"raw":"<ul>\r\n \t<li style=\"list-style-type: none;\">\r\n<ul>\r\n \t<li>Ajuntament de La Vila Joiosa \u00e0 l'occasion du vernissage de l'exposition \"Baila en la Barbera\" \u00e0 Villajoyosa 13-1-2022 - 10-3-2022\r\n<a href=\"http:\/\/love4art.nl\/wp-content\/uploads\/2022\/01\/La-Vila-Joyosa.png\"><img class=\"aligncenter size-medium wp-image-871\" src=\"http:\/\/love4art.nl\/wp-content\/uploads\/2022\/01\/La-Vila-Joyosa-216x300.png\" alt=\"\" width=\"216\" height=\"300\" \/><\/a><\/li>\r\n \t<li>Costa Blanca Nachrichten (14-1-2022) \u00e0 propos de l'exposition \"Baila en la Barbera\" in Villajoyosa 13-1-2022 - 10-3-2022\r\n<a href=\"http:\/\/love4art.nl\/wp-content\/uploads\/2022\/01\/Costa-Blanca-Norden.png\"><img class=\"aligncenter size-medium wp-image-863\" src=\"http:\/\/love4art.nl\/wp-content\/uploads\/2022\/01\/Costa-Blanca-Norden-233x300.png\" alt=\"\" width=\"233\" height=\"300\" \/><\/a><\/li>\r\n \t<li>El Peri\u00f2dic\u00a0 (14-1-2022) \u00e0 propos de l'exposition \"Baila en la Barbera\" in Villajoyosa 13-1-2022 - 10-3-2022\r\n<a href=\"http:\/\/love4art.nl\/wp-content\/uploads\/2022\/01\/El-Peri\u00f2dic.png\"><img class=\"aligncenter size-medium wp-image-864\" src=\"http:\/\/love4art.nl\/wp-content\/uploads\/2022\/01\/El-Peri\u00f2dic-154x300.png\" alt=\"\" width=\"154\" height=\"300\" \/><\/a><\/li>\r\n \t<li>Punta Canfali\u00a0 (14-1-2022) \u00e0 propos de l'exposition \"Baila en la Barbera\" in Villajoyosa 13-1-2022 - 10-3-2022\r\n<a href=\"http:\/\/love4art.nl\/wp-content\/uploads\/2022\/01\/Punta-Canfali.png\"><img class=\"aligncenter size-medium wp-image-865\" src=\"http:\/\/love4art.nl\/wp-content\/uploads\/2022\/01\/Punta-Canfali-208x300.png\" alt=\"\" width=\"208\" height=\"300\" \/><\/a><\/li>\r\n \t<li>Periodico de Alicante\u00a0 (14-1-2022) \u00e0 propos de l'exposition \"Baila en la Barbera\" in Villajoyosa 13-1-2022 - 10-3-2022\r\n<a href=\"http:\/\/love4art.nl\/wp-content\/uploads\/2022\/01\/Periodico-de-Alicante.png\"><img class=\"aligncenter size-medium wp-image-866\" src=\"http:\/\/love4art.nl\/wp-content\/uploads\/2022\/01\/Periodico-de-Alicante-207x300.png\" alt=\"\" width=\"207\" height=\"300\" \/><\/a><\/li>\r\n \t<li>Calvari el periodic del cor de Benidorm\u00a0 (14-1-2022) \u00e0 propos de l'exposition \"Baila en la Barbera\" in Villajoyosa 13-1-2022 - 10-3-2022\r\n<a href=\"http:\/\/love4art.nl\/wp-content\/uploads\/2022\/01\/Calvari.png\"><img class=\"aligncenter size-medium wp-image-867\" src=\"http:\/\/love4art.nl\/wp-content\/uploads\/2022\/01\/Calvari-164x300.png\" alt=\"\" width=\"164\" height=\"300\" \/><\/a><\/li>\r\n<\/ul>\r\n<\/li>\r\n<\/ul>\r\n<ul>\r\n \t<li><a href=\"https:\/\/www.lalfas.es\/concejalias\/cultura\/la-fundacion-klein-schreuder-celebra-su-vigesimo-aniversario-con-una-exposicion-colectiva\/\">l' Annonce Ayuntamiento l\u2019Alfas del Pi<\/a> Vingt Ans Jardin de sculptures Klein-Schreuder 7 avril 2019\r\n<a href=\"http:\/\/love4art.nl\/wp-content\/uploads\/2019\/04\/Naamloos1.jpg\"><img class=\"size-medium wp-image-719 aligncenter\" src=\"http:\/\/love4art.nl\/wp-content\/uploads\/2019\/04\/Naamloos1-144x300.jpg\" alt=\"\" width=\"144\" height=\"300\" \/><\/a><\/li>\r\n \t<li><a href=\"http:\/\/love4art.nl\/wp-content\/uploads\/2019\/02\/aankondigingAdP.jpg\">l' Annonce<\/a> Ayuntament Alfas del Pi <a href=\"https:\/\/www.lalfas.es\/concejalias\/cultura\/el-espiritu-de-la-danza-se-apoderara-de-la-sala-de-exposiciones-de-la-mano-de-la-artista-monique-neyzen\/\">exposition \u2018El Esp\u00edritu de la Danza\u2019<\/a><\/li>\r\n \t<li>Lions club Alfaz del Pi about their visit to the exposition\u00a0on\u00a0<a href=\"https:\/\/www.facebook.com\/permalink.php?story_fbid=234269937323515&amp;id=208154599935049&amp;hc_location=ufi\">facebook<\/a><\/li>\r\n \t<li>Artikel in <a href=\"https:\/\/www.halloonline.es\/nieuw-gevestigde-kunstenares-monique-neyzen-exposeert-in-beeldentuin\/\">Hallo<\/a>\r\n<a href=\"https:\/\/www.halloonline.es\/expositie-monique-neyzen-in-beeldentuin-klein-schreuder-geopend\/\">Expositie Monique Neyzen in beeldentuin Klein-Schreuder geopend<\/a>\u00a0(<a href=\"http:\/\/love4art.nl\/wp-content\/uploads\/2018\/04\/Hallo-online-artikel-opening-expo-Moniqe-Neyzen-beeldentuin.pdf\" target=\"_blank\" rel=\"noopener\">plus<\/a>)<\/li>\r\n \t<li>Article Costa Levante news: <a href=\"https:\/\/www.pressreader.com\/spain\/costa-levante-news\/20180323\/281861529045488\">New bronze age<\/a><\/li>\r\n \t<li>Art\u00edculos ayuntamiento Alfas del Pi\r\n<a href=\"https:\/\/www.lalfas.es\/concejalias\/cultura\/llega-al-jardin-klein-schreuder-la-exposicion-de-bronces-de-monique-neyzen\">Llega al Jard\u00edn Klein-Schreuder la exposici\u00f3n de bronces de Monique Neyzen<\/a>\r\n<a href=\"https:\/\/www.lalfas.es\/concejalias\/cultura\/monique-neyzen-expone-sus-esculturas-dinamicas-en-el-jardin-klein-schreuder\/\">Monique Neyzen expone sus esculturas din\u00e1micas en el Jard\u00edn Klein-Schreuder<\/a><\/li>\r\n \t<li>Costa Nachrichten\u00a0<a href=\"https:\/\/www.costanachrichten.com\/kultur\/figuren-bitten-zum-tanz\/\">Figuren bitten zum Tanz<\/a>\u00a0(<a href=\"http:\/\/love4art.nl\/wp-content\/uploads\/2018\/04\/artikel-costa-nachrichten.pdf\" target=\"_blank\" rel=\"noopener\">plus<\/a>)<\/li>\r\n \t<li><a href=\"https:\/\/www.tripadvisor.nl\/ShowUserReviews-g652148-d6609492-r576994545-Klein_Schreuder_Sculpture_Garden-L_Alfas_del_Pi_Costa_Blanca_Province_of_Alicant.html#REVIEWS\">TripAdvisor<\/a><\/li>\r\n \t<li>ArteInformado\u00a0<a href=\"http:\/\/www.arteinformado.com\/agenda\/f\/movimiento-en-bronce-154754\">agenda<\/a><\/li>\r\n \t<li>Costa Blanca Yacht Association <a href=\"https:\/\/cbya.org\/bronze-in-motion-sculpture-exhibition\/\">aankondiging<\/a><\/li>\r\n \t<li>Skandinavisk Magasin Costa Blanca - Spanias beste \"Que Pasa\"\r\n<a href=\"http:\/\/spaniasbeste.blogspot.com.es\/2018\/04\/bronse-i-bevegelse.html\">Bronse i bevegelse<\/a><\/li>\r\n<\/ul>"},"excerpt":{"rendered":"","protected":false,"raw":""},"author":1,"featured_media":0,"parent":0,"menu_order":0,"comment_status":"closed","ping_status":"closed","template":"","meta":{"_nl_post_content":"<ul>\r\n \t<li style=\"list-style-type: none;\">\r\n<ul>\r\n \t<li><a href=\"https:\/\/www.lalfas.es\/concejalias\/cultura\/monique-neyzen-regresa-a-lalfas-con-una-nueva-exposicion-escultorica-el-encanto-de-los-caballos\/\">Ayuntamiento de L'Alfas del Pi, 29 oktober 2024<\/a> <a href=\"http:\/\/love4art.nl\/wp-content\/uploads\/2024\/11\/alfas-news-nl.jpg\"><img class=\"aligncenter size-large wp-image-1001\" src=\"http:\/\/love4art.nl\/wp-content\/uploads\/2024\/11\/alfas-news-nl-724x1024.jpg\" alt=\"\" width=\"620\" height=\"877\" \/><\/a><\/li>\r\n<\/ul>\r\n<\/li>\r\n<\/ul>\r\n<ul>\r\n \t<li style=\"list-style-type: none;\">\r\n<ul>\r\n \t<li><a href=\"https:\/\/alicanteplaza.es\/elmuseoalairelibrefundacionkleinschreuderdelalfascelebrasu24aniversario\">Alicante Plaza<\/a> over expositie \"Beelden in steen, ijzer en brons\" in Alfas del Pi<a href=\"http:\/\/love4art.nl\/wp-content\/uploads\/2023\/10\/alicante-plaza-2023-10-11.png\"><img class=\"aligncenter size-large wp-image-949\" src=\"http:\/\/love4art.nl\/wp-content\/uploads\/2023\/10\/alicante-plaza-2023-10-11-321x1024.png\" alt=\"\" width=\"321\" height=\"1024\" \/><\/a><\/li>\r\n<\/ul>\r\n<\/li>\r\n<\/ul>\r\n<ul>\r\n \t<li style=\"list-style-type: none;\">\r\n<ul>\r\n \t<li>de Week\u00a0 (jaargang 19 week 3) over expositie \"Baila en la Barbera\" in Villajoyosa\r\n<a href=\"http:\/\/love4art.nl\/wp-content\/uploads\/2022\/01\/De-Week-840.jpg\"><img class=\"aligncenter size-medium wp-image-891\" src=\"http:\/\/love4art.nl\/wp-content\/uploads\/2022\/01\/De-Week-840-300x218.jpg\" alt=\"\" width=\"300\" height=\"218\" \/><\/a><\/li>\r\n \t<li>de Week\u00a0 (jaargang 19 week 2) over expositie \"Baila en la Barbera\" in Villajoyosa 13-1-2022 - 10-3-2022\r\n<a href=\"http:\/\/love4art.nl\/wp-content\/uploads\/2022\/01\/De-Week-839-1.jpg\"><img class=\"size-medium wp-image-890 alignleft\" src=\"http:\/\/love4art.nl\/wp-content\/uploads\/2022\/01\/De-Week-839-1-300x292.jpg\" alt=\"\" width=\"300\" height=\"292\" \/><\/a><a href=\"http:\/\/love4art.nl\/wp-content\/uploads\/2022\/01\/Document_2022-01-19_143152.jpg\"><img class=\"size-medium wp-image-880 alignleft\" src=\"http:\/\/love4art.nl\/wp-content\/uploads\/2022\/01\/Document_2022-01-19_143152-137x300.jpg\" alt=\"\" width=\"137\" height=\"300\" \/><\/a><\/li>\r\n<\/ul>\r\n<\/li>\r\n<\/ul>\r\n&nbsp;\r\n\r\n&nbsp;\r\n\r\n&nbsp;\r\n\r\n&nbsp;\r\n\r\n&nbsp;\r\n\r\n&nbsp;\r\n<ul>\r\n \t<li>Ajuntament de La Vila Joiosa over de opening van de\u00a0expositie \"Baila en la Barbera\" in Villajoyosa 13-1-2022 - 10-3-2022\r\n<a href=\"http:\/\/love4art.nl\/wp-content\/uploads\/2022\/01\/La-Vila-Joyosa.png\"><img class=\"aligncenter size-medium wp-image-871\" src=\"http:\/\/love4art.nl\/wp-content\/uploads\/2022\/01\/La-Vila-Joyosa-216x300.png\" alt=\"\" width=\"216\" height=\"300\" \/><\/a><\/li>\r\n \t<li>Costa Blanca Nachrichten (14-1-2022) over expositie \"Baila en la Barbera\" in Villajoyosa 13-1-2022 - 10-3-2022\r\n<a href=\"http:\/\/love4art.nl\/wp-content\/uploads\/2022\/01\/Costa-Blanca-Norden.png\"><img class=\"aligncenter size-medium wp-image-863\" src=\"http:\/\/love4art.nl\/wp-content\/uploads\/2022\/01\/Costa-Blanca-Norden-233x300.png\" alt=\"\" width=\"233\" height=\"300\" \/><\/a><\/li>\r\n \t<li>El Peri\u00f2dic\u00a0 (14-1-2022) over expositie \"Baila en la Barbera\" in Villajoyosa 13-1-2022 - 10-3-2022\r\n<a href=\"http:\/\/love4art.nl\/wp-content\/uploads\/2022\/01\/El-Peri\u00f2dic.png\"><img class=\"aligncenter size-medium wp-image-864\" src=\"http:\/\/love4art.nl\/wp-content\/uploads\/2022\/01\/El-Peri\u00f2dic-154x300.png\" alt=\"\" width=\"154\" height=\"300\" \/><\/a><\/li>\r\n \t<li>Punta Canfali\u00a0 (14-1-2022) over expositie \"Baila en la Barbera\" in Villajoyosa 13-1-2022 - 10-3-2022\r\n<a href=\"http:\/\/love4art.nl\/wp-content\/uploads\/2022\/01\/Punta-Canfali.png\"><img class=\"aligncenter size-medium wp-image-865\" src=\"http:\/\/love4art.nl\/wp-content\/uploads\/2022\/01\/Punta-Canfali-208x300.png\" alt=\"\" width=\"208\" height=\"300\" \/><\/a><\/li>\r\n \t<li>Periodico de Alicante\u00a0 (14-1-2022) over expositie \"Baila en la Barbera\" in Villajoyosa 13-1-2022 - 10-3-2022\r\n<a href=\"http:\/\/love4art.nl\/wp-content\/uploads\/2022\/01\/Periodico-de-Alicante.png\"><img class=\"aligncenter size-medium wp-image-866\" src=\"http:\/\/love4art.nl\/wp-content\/uploads\/2022\/01\/Periodico-de-Alicante-207x300.png\" alt=\"\" width=\"207\" height=\"300\" \/><\/a><\/li>\r\n \t<li>Calvari el periodic del cor de Benidorm\u00a0 (14-1-2022) over expositie \"Baila en la Barbera\" in Villajoyosa 13-1-2022 - 10-3-2022\r\n<a href=\"http:\/\/love4art.nl\/wp-content\/uploads\/2022\/01\/Calvari.png\"><img class=\"aligncenter size-medium wp-image-867\" src=\"http:\/\/love4art.nl\/wp-content\/uploads\/2022\/01\/Calvari-164x300.png\" alt=\"\" width=\"164\" height=\"300\" \/><\/a><\/li>\r\n \t<li>Blogpost op <a href=\"https:\/\/www.sunandgrapes.com\/post\/expostie-jan-en-zijn-beeldhouw-vrienden\">Sun and Grapes<\/a> (14-12-2019) over expositie \u2018Jan y sus Amigos' in Aig\u00fces, 6 december 2019 - 6 januari 2020<a href=\"http:\/\/love4art.nl\/wp-content\/uploads\/2019\/12\/sunandgrapes.png\"><img class=\"size-medium wp-image-766 aligncenter\" src=\"http:\/\/love4art.nl\/wp-content\/uploads\/2019\/12\/sunandgrapes-114x300.png\" alt=\"\" width=\"114\" height=\"300\" \/><\/a><\/li>\r\n \t<li>Artikel in <a href=\"https:\/\/www.viw-costablanca.com\/cultuuragenda\/expositie-jan-keysers\/\">Vlamingen in de Wereld\/Costa Blanca<\/a> (6-12-2019) over expositie \u2018Jan y sus Amigos' in Aig\u00fces, 6 december 2019 - 6 januari 2020<a href=\"http:\/\/love4art.nl\/wp-content\/uploads\/2019\/12\/viw-costablanca.jpg\"><img class=\"size-medium wp-image-761 aligncenter\" src=\"http:\/\/love4art.nl\/wp-content\/uploads\/2019\/12\/viw-costablanca-211x300.jpg\" alt=\"\" width=\"211\" height=\"300\" \/><\/a><\/li>\r\n \t<li>Artikel in Costa Blanca Nachrichten (05-12-2019) over expositie \u2018Jan y sus Amigos' in Aig\u00fces, 6 december 2019 - 6 januari 2020\r\n<a href=\"http:\/\/love4art.nl\/wp-content\/uploads\/2019\/12\/costablancanachrichten-2019-12-05-ode-an-den-freund.jpg\"><img class=\"size-medium wp-image-759 aligncenter\" src=\"http:\/\/love4art.nl\/wp-content\/uploads\/2019\/12\/costablancanachrichten-2019-12-05-ode-an-den-freund-300x169.jpg\" alt=\"\" width=\"300\" height=\"169\" \/><\/a><\/li>\r\n \t<li>Artikel in Hallo Online nr 50 over expositie \u2018Jan y sus Amigos' in Aig\u00fces, 6 december 2019 - 6 januari 2020<a href=\"http:\/\/love4art.nl\/wp-content\/uploads\/2019\/12\/hello-online-50-zoom.jpg\"><img class=\"size-medium wp-image-760 aligncenter\" src=\"http:\/\/love4art.nl\/wp-content\/uploads\/2019\/12\/hello-online-50-zoom-147x300.jpg\" alt=\"\" width=\"147\" height=\"300\" \/><\/a><\/li>\r\n \t<li><a href=\"https:\/\/www.lalfas.es\/concejalias\/cultura\/la-fundacion-klein-schreuder-celebra-su-vigesimo-aniversario-con-una-exposicion-colectiva\/\">Aankondiging Ayuntamiento l\u2019Alfas del Pi<\/a> expositie \u2018Twintig Jaar Beeldentuin Klein-Schreuder' 7 april - 30 juni 2019\r\n<a href=\"http:\/\/love4art.nl\/wp-content\/uploads\/2019\/04\/Naamloos1.jpg\"><img class=\"size-medium wp-image-719 aligncenter\" src=\"http:\/\/love4art.nl\/wp-content\/uploads\/2019\/04\/Naamloos1-144x300.jpg\" alt=\"\" width=\"144\" height=\"300\" \/><\/a><\/li>\r\n \t<li>Artikel in Costa Blanca Nachrichten 29 maart 2019 over expositie \u2018Twintig Jaar Beeldentuin Klein-Schreuder' in l\u2019Alfas del Pi 7 april - 30 juni 2019\r\n<a href=\"http:\/\/love4art.nl\/wp-content\/uploads\/2019\/04\/costa-blanca-nachrichten-20190329-1.jpg\"><img class=\"alignleft size-medium wp-image-710\" src=\"http:\/\/love4art.nl\/wp-content\/uploads\/2019\/04\/costa-blanca-nachrichten-20190329-1-227x300.jpg\" alt=\"\" width=\"227\" height=\"300\" \/><\/a><a href=\"http:\/\/love4art.nl\/wp-content\/uploads\/2019\/04\/costa-blanca-nachrichten-20190329-2.jpg\"><img class=\"alignright size-medium wp-image-709\" src=\"http:\/\/love4art.nl\/wp-content\/uploads\/2019\/04\/costa-blanca-nachrichten-20190329-2-222x300.jpg\" alt=\"\" width=\"222\" height=\"300\" \/><\/a><\/li>\r\n<\/ul>\r\n&nbsp;\r\n\r\n&nbsp;\r\n\r\n&nbsp;\r\n\r\n&nbsp;\r\n\r\n&nbsp;\r\n\r\n&nbsp;\r\n\r\n&nbsp;\r\n<ul>\r\n \t<li style=\"list-style-type: none;\">\r\n<ul>\r\n \t<li>Artikel in Aktuelt Spania 15 maart 2019 over expositie \u2018Twintig Jaar Beeldentuin Klein-Schreuder' in l\u2019Alfas del Pi 7 april - 30 juni 2019<a href=\"http:\/\/love4art.nl\/wp-content\/uploads\/2019\/04\/aktuelt-spania-20190315-1.jpg\"><img class=\"alignleft size-medium wp-image-696\" src=\"http:\/\/love4art.nl\/wp-content\/uploads\/2019\/04\/aktuelt-spania-20190315-1-300x291.jpg\" alt=\"\" width=\"300\" height=\"291\" \/><\/a><a href=\"http:\/\/love4art.nl\/wp-content\/uploads\/2019\/04\/aktuelt-spania-20190315-2.jpg\"><img class=\"alignright size-medium wp-image-697\" src=\"http:\/\/love4art.nl\/wp-content\/uploads\/2019\/04\/aktuelt-spania-20190315-2-300x291.jpg\" alt=\"\" width=\"300\" height=\"291\" \/><\/a><\/li>\r\n \t<li>Artikel in Hallo 27 maart 2019 over expositie \u2018Twintig Jaar Beeldentuin Klein-Schreuder' in l\u2019Alfas del Pi 7 april - 30 juni 2019\r\n<a href=\"http:\/\/love4art.nl\/wp-content\/uploads\/2019\/04\/Hallo-20190327.jpg\"><img class=\"aligncenter size-medium wp-image-698\" src=\"http:\/\/love4art.nl\/wp-content\/uploads\/2019\/04\/Hallo-20190327-300x290.jpg\" alt=\"\" width=\"300\" height=\"290\" \/><\/a><\/li>\r\n \t<li><a href=\"http:\/\/love4art.nl\/wp-content\/uploads\/2019\/02\/aankondigingAdP.jpg\">Aankondiging<\/a> gemeente Alfas del Pi <a href=\"https:\/\/www.lalfas.es\/concejalias\/cultura\/el-espiritu-de-la-danza-se-apoderara-de-la-sala-de-exposiciones-de-la-mano-de-la-artista-monique-neyzen\/\">expositie \u2018El Esp\u00edritu de la Danza\u2019<\/a><\/li>\r\n \t<li><a href=\"http:\/\/love4art.nl\/wp-content\/uploads\/2018\/11\/aankondiging-de-week-21-11-2018.jpg\">Aankondiging<\/a> en <a href=\"http:\/\/love4art.nl\/wp-content\/uploads\/2018\/11\/artikel-de-week-21-11-2018.jpg\">artikel in De Week<\/a> expositie Passie!<\/li>\r\n \t<li><a href=\"http:\/\/www.ayto-finestrat.es\/llega-a-finestrat-la-exposicion-pasion-caballos-y-formas-humanas-de-monique-neyzen\/\">Aankondiging Ayuntament de Finestrat<\/a> expositie PASI\u00d3N!<\/li>\r\n \t<li><a href=\"https:\/\/loblanc.info\/llega-a-finestrat-la-exposicion-pasion-caballos-y-formas-humanas-de-la-artista-holandesa-monique-neyzen\/\">Aankondiging LoBlanc<\/a> expositie PASI\u00d3N!<\/li>\r\n \t<li><a href=\"http:\/\/love4art.nl\/wp-content\/uploads\/2018\/06\/250e-bezoeker.jpg\">Artikel in Hallo<\/a> over de 250ste bezoeker<\/li>\r\n \t<li>Lions club Alfaz del Pi over hun bezoek aan de expositie op <a href=\"https:\/\/www.facebook.com\/permalink.php?story_fbid=234269937323515&amp;id=208154599935049&amp;hc_location=ufi\">facebook<\/a><\/li>\r\n \t<li>Artikel in <a href=\"https:\/\/www.halloonline.es\/nieuw-gevestigde-kunstenares-monique-neyzen-exposeert-in-beeldentuin\/\">Hallo<\/a>\r\n<a href=\"https:\/\/www.halloonline.es\/expositie-monique-neyzen-in-beeldentuin-klein-schreuder-geopend\/\">Expositie Monique Neyzen in beeldentuin Klein-Schreuder geopend<\/a>\u00a0(<a href=\"http:\/\/love4art.nl\/wp-content\/uploads\/2018\/04\/Hallo-online-artikel-opening-expo-Moniqe-Neyzen-beeldentuin.pdf\" target=\"_blank\" rel=\"noopener\">lees verder<\/a>)<\/li>\r\n \t<li>Article Costa Levante news: <a href=\"https:\/\/www.pressreader.com\/spain\/costa-levante-news\/20180323\/281861529045488\">New bronze age<\/a><\/li>\r\n \t<li>Art\u00edculos ayuntamiento Alfas del Pi\r\n<a href=\"https:\/\/www.lalfas.es\/concejalias\/cultura\/llega-al-jardin-klein-schreuder-la-exposicion-de-bronces-de-monique-neyzen\">Llega al Jard\u00edn Klein-Schreuder la exposici\u00f3n de bronces de Monique Neyzen<\/a>\r\n<a href=\"https:\/\/www.lalfas.es\/concejalias\/cultura\/monique-neyzen-expone-sus-esculturas-dinamicas-en-el-jardin-klein-schreuder\/\">Monique Neyzen expone sus esculturas din\u00e1micas en el Jard\u00edn Klein-Schreuder<\/a><\/li>\r\n \t<li>Costa Nachrichten\u00a0<a href=\"https:\/\/www.costanachrichten.com\/kultur\/figuren-bitten-zum-tanz\/\">Figuren bitten zum Tanz<\/a>\u00a0(<a href=\"http:\/\/love4art.nl\/wp-content\/uploads\/2018\/04\/artikel-costa-nachrichten.pdf\" target=\"_blank\" rel=\"noopener\">lees verder<\/a>)<\/li>\r\n \t<li><a href=\"https:\/\/www.tripadvisor.nl\/ShowUserReviews-g652148-d6609492-r576994545-Klein_Schreuder_Sculpture_Garden-L_Alfas_del_Pi_Costa_Blanca_Province_of_Alicant.html#REVIEWS\">TripAdvisor<\/a><\/li>\r\n \t<li>ArteInformado\u00a0<a href=\"http:\/\/www.arteinformado.com\/agenda\/f\/movimiento-en-bronce-154754\">agenda<\/a><\/li>\r\n \t<li>Costa Blanca Yacht Association <a href=\"https:\/\/cbya.org\/bronze-in-motion-sculpture-exhibition\/\">aankondiging<\/a><\/li>\r\n \t<li>Skandinavisk Magasin Costa Blanca - Spanias beste \"Que Pasa\"\r\n<a href=\"http:\/\/spaniasbeste.blogspot.com.es\/2018\/04\/bronse-i-bevegelse.html\">Bronse i bevegelse<\/a><\/li>\r\n<\/ul>\r\n<\/li>\r\n<\/ul>","_nl_post_name":"in-de-media","_nl_post_excerpt":"","_nl_post_title":"In de media","_en_post_content":"<ul>\r\n \t<li style=\"list-style-type: none;\">\r\n<ul>\r\n \t<li><a href=\"https:\/\/www.lalfas.es\/concejalias\/cultura\/monique-neyzen-regresa-a-lalfas-con-una-nueva-exposicion-escultorica-el-encanto-de-los-caballos\/\">Ayuntamiento de L'Alfas del Pi, october 29, 2024<\/a><a href=\"http:\/\/love4art.nl\/wp-content\/uploads\/2024\/11\/alfas-news-en.jpg\"><img class=\"aligncenter size-large wp-image-999\" src=\"http:\/\/love4art.nl\/wp-content\/uploads\/2024\/11\/alfas-news-en-723x1024.jpg\" alt=\"\" width=\"620\" height=\"878\" \/><\/a><\/li>\r\n<\/ul>\r\n<\/li>\r\n<\/ul>\r\n<ul>\r\n \t<li style=\"list-style-type: none;\">\r\n<ul>\r\n \t<li>Ajuntament de La Vila Joiosa on the opening of the exhibition \"Baila en la Barbera\" in Villajoyosa 13-1-2022 - 10-3-2022\r\n<a href=\"http:\/\/love4art.nl\/wp-content\/uploads\/2022\/01\/La-Vila-Joyosa.png\"><img class=\"aligncenter size-medium wp-image-871\" src=\"http:\/\/love4art.nl\/wp-content\/uploads\/2022\/01\/La-Vila-Joyosa-216x300.png\" alt=\"\" width=\"216\" height=\"300\" \/><\/a><\/li>\r\n \t<li>Costa Blanca Nachrichten (14-1-2022) about exhibition \"Baila en la Barbera\" in Villajoyosa 13-1-2022 - 10-3-2022\r\n<a href=\"http:\/\/love4art.nl\/wp-content\/uploads\/2022\/01\/Costa-Blanca-Norden.png\"><img class=\"aligncenter size-medium wp-image-863\" src=\"http:\/\/love4art.nl\/wp-content\/uploads\/2022\/01\/Costa-Blanca-Norden-233x300.png\" alt=\"\" width=\"233\" height=\"300\" \/><\/a><\/li>\r\n \t<li>El Peri\u00f2dic\u00a0 (14-1-2022) about exhibition \"Baila en la Barbera\" in Villajoyosa 13-1-2022 - 10-3-2022\r\n<a href=\"http:\/\/love4art.nl\/wp-content\/uploads\/2022\/01\/El-Peri\u00f2dic.png\"><img class=\"aligncenter size-medium wp-image-864\" src=\"http:\/\/love4art.nl\/wp-content\/uploads\/2022\/01\/El-Peri\u00f2dic-154x300.png\" alt=\"\" width=\"154\" height=\"300\" \/><\/a><\/li>\r\n \t<li>Punta Canfali\u00a0 (14-1-2022) about exhibition \"Baila en la Barbera\" in Villajoyosa 13-1-2022 - 10-3-2022\r\n<a href=\"http:\/\/love4art.nl\/wp-content\/uploads\/2022\/01\/Punta-Canfali.png\"><img class=\"aligncenter size-medium wp-image-865\" src=\"http:\/\/love4art.nl\/wp-content\/uploads\/2022\/01\/Punta-Canfali-208x300.png\" alt=\"\" width=\"208\" height=\"300\" \/><\/a><\/li>\r\n \t<li>Periodico de Alicante\u00a0 (14-1-2022) about exhibition \"Baila en la Barbera\" in Villajoyosa 13-1-2022 - 10-3-2022\r\n<a href=\"http:\/\/love4art.nl\/wp-content\/uploads\/2022\/01\/Periodico-de-Alicante.png\"><img class=\"aligncenter size-medium wp-image-866\" src=\"http:\/\/love4art.nl\/wp-content\/uploads\/2022\/01\/Periodico-de-Alicante-207x300.png\" alt=\"\" width=\"207\" height=\"300\" \/><\/a><\/li>\r\n \t<li>Calvari el periodic del cor de Benidorm\u00a0 (14-1-2022) about exhibition \"Baila en la Barbera\" in Villajoyosa 13-1-2022 - 10-3-2022\r\n<a href=\"http:\/\/love4art.nl\/wp-content\/uploads\/2022\/01\/Calvari.png\"><img class=\"aligncenter size-medium wp-image-867\" src=\"http:\/\/love4art.nl\/wp-content\/uploads\/2022\/01\/Calvari-164x300.png\" alt=\"\" width=\"164\" height=\"300\" \/><\/a><\/li>\r\n<\/ul>\r\n<\/li>\r\n<\/ul>\r\n<ul>\r\n \t<li><a href=\"https:\/\/www.lalfas.es\/concejalias\/cultura\/la-fundacion-klein-schreuder-celebra-su-vigesimo-aniversario-con-una-exposicion-colectiva\/\">Anouncement Ayuntamiento l\u2019Alfas del Pi<\/a> exhibition 'Twenty Year Sculpture Garden Klein-Schreuder' April 7 - June 30, 2019\r\n<a href=\"http:\/\/love4art.nl\/wp-content\/uploads\/2019\/04\/Naamloos1.jpg\"><img class=\"size-medium wp-image-719 aligncenter\" src=\"http:\/\/love4art.nl\/wp-content\/uploads\/2019\/04\/Naamloos1-144x300.jpg\" alt=\"\" width=\"144\" height=\"300\" \/><\/a><\/li>\r\n \t<li>Article in Costa Blanca Nachrichten 29 March 2019 about exhibition 'Twenty Year Sculpture Garden Klein-Schreuder' in l\u2019Alfas del Pi\u00a0April 7 - June 30, 2019\r\n<a href=\"http:\/\/love4art.nl\/wp-content\/uploads\/2019\/04\/costa-blanca-nachrichten-20190329-1.jpg\"><img class=\"alignleft size-medium wp-image-710\" src=\"http:\/\/love4art.nl\/wp-content\/uploads\/2019\/04\/costa-blanca-nachrichten-20190329-1-227x300.jpg\" alt=\"\" width=\"227\" height=\"300\" \/><\/a><a href=\"http:\/\/love4art.nl\/wp-content\/uploads\/2019\/04\/costa-blanca-nachrichten-20190329-2.jpg\"><img class=\"alignright size-medium wp-image-709\" src=\"http:\/\/love4art.nl\/wp-content\/uploads\/2019\/04\/costa-blanca-nachrichten-20190329-2-222x300.jpg\" alt=\"\" width=\"222\" height=\"300\" \/><\/a><\/li>\r\n<\/ul>\r\n&nbsp;\r\n\r\n&nbsp;\r\n\r\n&nbsp;\r\n\r\n&nbsp;\r\n\r\n&nbsp;\r\n\r\n&nbsp;\r\n\r\n&nbsp;\r\n<ul>\r\n \t<li>Article in Aktuelt Spania 15 March 2019 about exhibition 'Twenty Year Sculpture Garden Klein-Schreuder' in l\u2019Alfas del Pi\u00a0April 7 - June 30, 2019\r\n<a href=\"http:\/\/love4art.nl\/wp-content\/uploads\/2019\/04\/aktuelt-spania-20190315-1.jpg\"><img class=\"alignleft size-medium wp-image-696\" src=\"http:\/\/love4art.nl\/wp-content\/uploads\/2019\/04\/aktuelt-spania-20190315-1-300x291.jpg\" alt=\"\" width=\"300\" height=\"291\" \/><\/a><a href=\"http:\/\/love4art.nl\/wp-content\/uploads\/2019\/04\/aktuelt-spania-20190315-2.jpg\"><img class=\"alignright size-medium wp-image-697\" src=\"http:\/\/love4art.nl\/wp-content\/uploads\/2019\/04\/aktuelt-spania-20190315-2-300x291.jpg\" alt=\"\" width=\"300\" height=\"291\" \/><\/a><\/li>\r\n<\/ul>\r\n&nbsp;\r\n\r\n&nbsp;\r\n\r\n&nbsp;\r\n<ul>\r\n \t<li>Article in Hallo 27 March 2019 about exposition \u2018Twenty Year Sculpture Garden Klein-Schreuder' in l\u2019Alfas del Pi April 7 - June 30, 2019\r\n<a href=\"http:\/\/love4art.nl\/wp-content\/uploads\/2019\/04\/Hallo-20190327.jpg\"><img class=\"aligncenter size-medium wp-image-698\" src=\"http:\/\/love4art.nl\/wp-content\/uploads\/2019\/04\/Hallo-20190327-300x290.jpg\" alt=\"\" width=\"300\" height=\"290\" \/><\/a><\/li>\r\n \t<li><a href=\"http:\/\/love4art.nl\/wp-content\/uploads\/2019\/02\/aankondigingAdP.jpg\">Announcement<\/a> Ayuntament Alfas del Pi <a href=\"https:\/\/www.lalfas.es\/concejalias\/cultura\/el-espiritu-de-la-danza-se-apoderara-de-la-sala-de-exposiciones-de-la-mano-de-la-artista-monique-neyzen\/\">exposition \u2018El Esp\u00edritu de la Danza\u2019<\/a><\/li>\r\n \t<li><a href=\"http:\/\/www.ayto-finestrat.es\/llega-a-finestrat-la-exposicion-pasion-caballos-y-formas-humanas-de-monique-neyzen\/\">Announcement Ayuntament de Finestrat<\/a> exposition PASI\u00d3N!<\/li>\r\n \t<li><a href=\"https:\/\/loblanc.info\/llega-a-finestrat-la-exposicion-pasion-caballos-y-formas-humanas-de-la-artista-holandesa-monique-neyzen\/\">Announcement LoBlanc<\/a> exposition PASI\u00d3N!<\/li>\r\n \t<li>Lions club Alfaz del Pi about their visit to the exposition\u00a0on\u00a0<a href=\"https:\/\/www.facebook.com\/permalink.php?story_fbid=234269937323515&amp;id=208154599935049&amp;hc_location=ufi\">facebook<\/a><\/li>\r\n \t<li>Artikel in <a href=\"https:\/\/www.halloonline.es\/nieuw-gevestigde-kunstenares-monique-neyzen-exposeert-in-beeldentuin\/\">Hallo<\/a>\r\n<a href=\"https:\/\/www.halloonline.es\/expositie-monique-neyzen-in-beeldentuin-klein-schreuder-geopend\/\">Expositie Monique Neyzen in beeldentuin Klein-Schreuder geopend<\/a>\u00a0(<a href=\"http:\/\/love4art.nl\/wp-content\/uploads\/2018\/04\/Hallo-online-artikel-opening-expo-Moniqe-Neyzen-beeldentuin.pdf\" target=\"_blank\" rel=\"noopener\">read more<\/a>)<\/li>\r\n \t<li>Article Costa Levante news: <a href=\"https:\/\/www.pressreader.com\/spain\/costa-levante-news\/20180323\/281861529045488\">New bronze age<\/a><\/li>\r\n \t<li>Art\u00edculos ayuntamiento Alfas del Pi\r\n<a href=\"https:\/\/www.lalfas.es\/concejalias\/cultura\/llega-al-jardin-klein-schreuder-la-exposicion-de-bronces-de-monique-neyzen\">Llega al Jard\u00edn Klein-Schreuder la exposici\u00f3n de bronces de Monique Neyzen<\/a>\r\n<a href=\"https:\/\/www.lalfas.es\/concejalias\/cultura\/monique-neyzen-expone-sus-esculturas-dinamicas-en-el-jardin-klein-schreuder\/\">Monique Neyzen expone sus esculturas din\u00e1micas en el Jard\u00edn Klein-Schreuder<\/a><\/li>\r\n \t<li>Costa Nachrichten\u00a0<a href=\"https:\/\/www.costanachrichten.com\/kultur\/figuren-bitten-zum-tanz\/\">Figuren bitten zum Tanz<\/a>\u00a0(<a href=\"http:\/\/love4art.nl\/wp-content\/uploads\/2018\/04\/artikel-costa-nachrichten.pdf\" target=\"_blank\" rel=\"noopener\">read more<\/a>)<\/li>\r\n \t<li><a href=\"https:\/\/www.tripadvisor.nl\/ShowUserReviews-g652148-d6609492-r576994545-Klein_Schreuder_Sculpture_Garden-L_Alfas_del_Pi_Costa_Blanca_Province_of_Alicant.html#REVIEWS\">TripAdvisor<\/a><\/li>\r\n \t<li>ArteInformado\u00a0<a href=\"http:\/\/www.arteinformado.com\/agenda\/f\/movimiento-en-bronce-154754\">agenda<\/a><\/li>\r\n \t<li>Costa Blanca Yacht Association <a href=\"https:\/\/cbya.org\/bronze-in-motion-sculpture-exhibition\/\">aankondiging<\/a><\/li>\r\n \t<li>Skandinavisk Magasin Costa Blanca - Spanias beste \"Que Pasa\"\r\n<a href=\"http:\/\/spaniasbeste.blogspot.com.es\/2018\/04\/bronse-i-bevegelse.html\">Bronse i bevegelse<\/a><\/li>\r\n<\/ul>","_en_post_name":"in-the-media","_en_post_excerpt":"","_en_post_title":"in the media","_fr_post_content":"<ul>\r\n \t<li style=\"list-style-type: none;\">\r\n<ul>\r\n \t<li>Ajuntament de La Vila Joiosa \u00e0 l'occasion du vernissage de l'exposition \"Baila en la Barbera\" \u00e0 Villajoyosa 13-1-2022 - 10-3-2022\r\n<a href=\"http:\/\/love4art.nl\/wp-content\/uploads\/2022\/01\/La-Vila-Joyosa.png\"><img class=\"aligncenter size-medium wp-image-871\" src=\"http:\/\/love4art.nl\/wp-content\/uploads\/2022\/01\/La-Vila-Joyosa-216x300.png\" alt=\"\" width=\"216\" height=\"300\" \/><\/a><\/li>\r\n \t<li>Costa Blanca Nachrichten (14-1-2022) \u00e0 propos de l'exposition \"Baila en la Barbera\" in Villajoyosa 13-1-2022 - 10-3-2022\r\n<a href=\"http:\/\/love4art.nl\/wp-content\/uploads\/2022\/01\/Costa-Blanca-Norden.png\"><img class=\"aligncenter size-medium wp-image-863\" src=\"http:\/\/love4art.nl\/wp-content\/uploads\/2022\/01\/Costa-Blanca-Norden-233x300.png\" alt=\"\" width=\"233\" height=\"300\" \/><\/a><\/li>\r\n \t<li>El Peri\u00f2dic\u00a0 (14-1-2022) \u00e0 propos de l'exposition \"Baila en la Barbera\" in Villajoyosa 13-1-2022 - 10-3-2022\r\n<a href=\"http:\/\/love4art.nl\/wp-content\/uploads\/2022\/01\/El-Peri\u00f2dic.png\"><img class=\"aligncenter size-medium wp-image-864\" src=\"http:\/\/love4art.nl\/wp-content\/uploads\/2022\/01\/El-Peri\u00f2dic-154x300.png\" alt=\"\" width=\"154\" height=\"300\" \/><\/a><\/li>\r\n \t<li>Punta Canfali\u00a0 (14-1-2022) \u00e0 propos de l'exposition \"Baila en la Barbera\" in Villajoyosa 13-1-2022 - 10-3-2022\r\n<a href=\"http:\/\/love4art.nl\/wp-content\/uploads\/2022\/01\/Punta-Canfali.png\"><img class=\"aligncenter size-medium wp-image-865\" src=\"http:\/\/love4art.nl\/wp-content\/uploads\/2022\/01\/Punta-Canfali-208x300.png\" alt=\"\" width=\"208\" height=\"300\" \/><\/a><\/li>\r\n \t<li>Periodico de Alicante\u00a0 (14-1-2022) \u00e0 propos de l'exposition \"Baila en la Barbera\" in Villajoyosa 13-1-2022 - 10-3-2022\r\n<a href=\"http:\/\/love4art.nl\/wp-content\/uploads\/2022\/01\/Periodico-de-Alicante.png\"><img class=\"aligncenter size-medium wp-image-866\" src=\"http:\/\/love4art.nl\/wp-content\/uploads\/2022\/01\/Periodico-de-Alicante-207x300.png\" alt=\"\" width=\"207\" height=\"300\" \/><\/a><\/li>\r\n \t<li>Calvari el periodic del cor de Benidorm\u00a0 (14-1-2022) \u00e0 propos de l'exposition \"Baila en la Barbera\" in Villajoyosa 13-1-2022 - 10-3-2022\r\n<a href=\"http:\/\/love4art.nl\/wp-content\/uploads\/2022\/01\/Calvari.png\"><img class=\"aligncenter size-medium wp-image-867\" src=\"http:\/\/love4art.nl\/wp-content\/uploads\/2022\/01\/Calvari-164x300.png\" alt=\"\" width=\"164\" height=\"300\" \/><\/a><\/li>\r\n<\/ul>\r\n<\/li>\r\n<\/ul>\r\n<ul>\r\n \t<li><a href=\"https:\/\/www.lalfas.es\/concejalias\/cultura\/la-fundacion-klein-schreuder-celebra-su-vigesimo-aniversario-con-una-exposicion-colectiva\/\">l' Annonce Ayuntamiento l\u2019Alfas del Pi<\/a> Vingt Ans Jardin de sculptures Klein-Schreuder 7 avril 2019\r\n<a href=\"http:\/\/love4art.nl\/wp-content\/uploads\/2019\/04\/Naamloos1.jpg\"><img class=\"size-medium wp-image-719 aligncenter\" src=\"http:\/\/love4art.nl\/wp-content\/uploads\/2019\/04\/Naamloos1-144x300.jpg\" alt=\"\" width=\"144\" height=\"300\" \/><\/a><\/li>\r\n \t<li><a href=\"http:\/\/love4art.nl\/wp-content\/uploads\/2019\/02\/aankondigingAdP.jpg\">l' Annonce<\/a> Ayuntament Alfas del Pi <a href=\"https:\/\/www.lalfas.es\/concejalias\/cultura\/el-espiritu-de-la-danza-se-apoderara-de-la-sala-de-exposiciones-de-la-mano-de-la-artista-monique-neyzen\/\">exposition \u2018El Esp\u00edritu de la Danza\u2019<\/a><\/li>\r\n \t<li>Lions club Alfaz del Pi about their visit to the exposition\u00a0on\u00a0<a href=\"https:\/\/www.facebook.com\/permalink.php?story_fbid=234269937323515&amp;id=208154599935049&amp;hc_location=ufi\">facebook<\/a><\/li>\r\n \t<li>Artikel in <a href=\"https:\/\/www.halloonline.es\/nieuw-gevestigde-kunstenares-monique-neyzen-exposeert-in-beeldentuin\/\">Hallo<\/a>\r\n<a href=\"https:\/\/www.halloonline.es\/expositie-monique-neyzen-in-beeldentuin-klein-schreuder-geopend\/\">Expositie Monique Neyzen in beeldentuin Klein-Schreuder geopend<\/a>\u00a0(<a href=\"http:\/\/love4art.nl\/wp-content\/uploads\/2018\/04\/Hallo-online-artikel-opening-expo-Moniqe-Neyzen-beeldentuin.pdf\" target=\"_blank\" rel=\"noopener\">plus<\/a>)<\/li>\r\n \t<li>Article Costa Levante news: <a href=\"https:\/\/www.pressreader.com\/spain\/costa-levante-news\/20180323\/281861529045488\">New bronze age<\/a><\/li>\r\n \t<li>Art\u00edculos ayuntamiento Alfas del Pi\r\n<a href=\"https:\/\/www.lalfas.es\/concejalias\/cultura\/llega-al-jardin-klein-schreuder-la-exposicion-de-bronces-de-monique-neyzen\">Llega al Jard\u00edn Klein-Schreuder la exposici\u00f3n de bronces de Monique Neyzen<\/a>\r\n<a href=\"https:\/\/www.lalfas.es\/concejalias\/cultura\/monique-neyzen-expone-sus-esculturas-dinamicas-en-el-jardin-klein-schreuder\/\">Monique Neyzen expone sus esculturas din\u00e1micas en el Jard\u00edn Klein-Schreuder<\/a><\/li>\r\n \t<li>Costa Nachrichten\u00a0<a href=\"https:\/\/www.costanachrichten.com\/kultur\/figuren-bitten-zum-tanz\/\">Figuren bitten zum Tanz<\/a>\u00a0(<a href=\"http:\/\/love4art.nl\/wp-content\/uploads\/2018\/04\/artikel-costa-nachrichten.pdf\" target=\"_blank\" rel=\"noopener\">plus<\/a>)<\/li>\r\n \t<li><a href=\"https:\/\/www.tripadvisor.nl\/ShowUserReviews-g652148-d6609492-r576994545-Klein_Schreuder_Sculpture_Garden-L_Alfas_del_Pi_Costa_Blanca_Province_of_Alicant.html#REVIEWS\">TripAdvisor<\/a><\/li>\r\n \t<li>ArteInformado\u00a0<a href=\"http:\/\/www.arteinformado.com\/agenda\/f\/movimiento-en-bronce-154754\">agenda<\/a><\/li>\r\n \t<li>Costa Blanca Yacht Association <a href=\"https:\/\/cbya.org\/bronze-in-motion-sculpture-exhibition\/\">aankondiging<\/a><\/li>\r\n \t<li>Skandinavisk Magasin Costa Blanca - Spanias beste \"Que Pasa\"\r\n<a href=\"http:\/\/spaniasbeste.blogspot.com.es\/2018\/04\/bronse-i-bevegelse.html\">Bronse i bevegelse<\/a><\/li>\r\n<\/ul>","_fr_post_name":"dans-la-presse","_fr_post_excerpt":"","_fr_post_title":"dans la presse","_es_post_content":"<ul>\r\n \t<li style=\"list-style-type: none;\">\r\n<ul>\r\n \t<li><a href=\"https:\/\/www.lalfas.es\/concejalias\/cultura\/monique-neyzen-regresa-a-lalfas-con-una-nueva-exposicion-escultorica-el-encanto-de-los-caballos\/\">Ayuntamiento de L'Alfas del Pi, 29 octubre 2024<\/a><a href=\"http:\/\/love4art.nl\/wp-content\/uploads\/2024\/11\/alfas-news-es.jpg\"><img class=\"aligncenter size-large wp-image-1000\" src=\"http:\/\/love4art.nl\/wp-content\/uploads\/2024\/11\/alfas-news-es-723x1024.jpg\" alt=\"\" width=\"620\" height=\"878\" \/><\/a><\/li>\r\n<\/ul>\r\n<\/li>\r\n<\/ul>\r\n<ul>\r\n \t<li style=\"list-style-type: none;\">\r\n<ul>\r\n \t<li>Ajuntament de La Vila Joiosa en la inauguraci\u00f3n de la exposici\u00f3n \"Baila en la Barbera\" en Villajoyosa 13-1-2022 - 10-3-2022\r\n<a href=\"http:\/\/love4art.nl\/wp-content\/uploads\/2022\/01\/La-Vila-Joyosa.png\"><img class=\"aligncenter size-medium wp-image-871\" src=\"http:\/\/love4art.nl\/wp-content\/uploads\/2022\/01\/La-Vila-Joyosa-216x300.png\" alt=\"\" width=\"216\" height=\"300\" \/><\/a><\/li>\r\n \t<li><a href=\"https:\/\/www.lalfas.es\/concejalias\/cultura\/la-fundacion-klein-schreuder-celebra-su-vigesimo-aniversario-con-una-exposicion-colectiva\/\">Anuncio Ayuntamiento l\u2019Alfas del Pi <\/a>exposici\u00f3n Veinte A\u00f1os del Jard\u00edn de Esculturas Klein-Schreuder 7 abril 2019\r\n<a href=\"http:\/\/love4art.nl\/wp-content\/uploads\/2019\/04\/Naamloos1.jpg\"><img class=\"size-medium wp-image-719 aligncenter\" src=\"http:\/\/love4art.nl\/wp-content\/uploads\/2019\/04\/Naamloos1-144x300.jpg\" alt=\"\" width=\"144\" height=\"300\" \/><\/a><\/li>\r\n \t<li><a href=\"http:\/\/love4art.nl\/wp-content\/uploads\/2019\/02\/aankondigingAdP.jpg\">Anuncio<\/a> Ayuntament Alfas del Pi <a href=\"https:\/\/www.lalfas.es\/concejalias\/cultura\/el-espiritu-de-la-danza-se-apoderara-de-la-sala-de-exposiciones-de-la-mano-de-la-artista-monique-neyzen\/\">exposici\u00f3n \u2018El Esp\u00edritu de la Danza\u2019<\/a><\/li>\r\n \t<li>Lions club Alfaz del Pi about their visit to the exposition\u00a0on\u00a0<a href=\"https:\/\/www.facebook.com\/permalink.php?story_fbid=234269937323515&amp;id=208154599935049&amp;hc_location=ufi\">facebook<\/a><\/li>\r\n \t<li>Artikel in <a href=\"https:\/\/www.halloonline.es\/nieuw-gevestigde-kunstenares-monique-neyzen-exposeert-in-beeldentuin\/\">Hallo<\/a>\r\n<a href=\"https:\/\/www.halloonline.es\/expositie-monique-neyzen-in-beeldentuin-klein-schreuder-geopend\/\">Expositie Monique Neyzen in beeldentuin Klein-Schreuder geopend<\/a>\u00a0(<a href=\"http:\/\/love4art.nl\/wp-content\/uploads\/2018\/04\/Hallo-online-artikel-opening-expo-Moniqe-Neyzen-beeldentuin.pdf\" target=\"_blank\" rel=\"noopener\">leer m\u00e1s<\/a>)<\/li>\r\n \t<li>Article Costa Levante news: <a href=\"https:\/\/www.pressreader.com\/spain\/costa-levante-news\/20180323\/281861529045488\">New bronze age<\/a><\/li>\r\n \t<li>Art\u00edculos ayuntamiento Alfas del Pi\r\n<a href=\"https:\/\/www.lalfas.es\/concejalias\/cultura\/llega-al-jardin-klein-schreuder-la-exposicion-de-bronces-de-monique-neyzen\">Llega al Jard\u00edn Klein-Schreuder la exposici\u00f3n de bronces de Monique Neyzen<\/a>\r\n<a href=\"https:\/\/www.lalfas.es\/concejalias\/cultura\/monique-neyzen-expone-sus-esculturas-dinamicas-en-el-jardin-klein-schreuder\/\">Monique Neyzen expone sus esculturas din\u00e1micas en el Jard\u00edn Klein-Schreuder<\/a><\/li>\r\n \t<li>Costa Nachrichten\u00a0<a href=\"https:\/\/www.costanachrichten.com\/kultur\/figuren-bitten-zum-tanz\/\">Figuren bitten zum Tanz<\/a>\u00a0(<a href=\"http:\/\/love4art.nl\/wp-content\/uploads\/2018\/04\/artikel-costa-nachrichten.pdf\" target=\"_blank\" rel=\"noopener\">leer m\u00e1s<\/a>)<\/li>\r\n \t<li><a href=\"https:\/\/www.tripadvisor.nl\/ShowUserReviews-g652148-d6609492-r576994545-Klein_Schreuder_Sculpture_Garden-L_Alfas_del_Pi_Costa_Blanca_Province_of_Alicant.html#REVIEWS\">TripAdvisor<\/a><\/li>\r\n \t<li>ArteInformado\u00a0<a href=\"http:\/\/www.arteinformado.com\/agenda\/f\/movimiento-en-bronce-154754\">agenda<\/a><\/li>\r\n \t<li>Costa Blanca Yacht Association <a href=\"https:\/\/cbya.org\/bronze-in-motion-sculpture-exhibition\/\">aankondiging<\/a><\/li>\r\n \t<li>Skandinavisk Magasin Costa Blanca - Spanias beste \"Que Pasa\"\r\n<a href=\"http:\/\/spaniasbeste.blogspot.com.es\/2018\/04\/bronse-i-bevegelse.html\">Bronse i bevegelse<\/a><\/li>\r\n<\/ul>\r\n<\/li>\r\n<\/ul>","_es_post_name":"en-la-prensa","_es_post_excerpt":"","_es_post_title":"en la prensa","edit_language":"fr","footnotes":""},"class_list":["post-504","page","type-page","status-publish","hentry"],"_links":{"self":[{"href":"https:\/\/love4art.nl\/fr\/wp-json\/wp\/v2\/pages\/504","targetHints":{"allow":["GET"]}}],"collection":[{"href":"https:\/\/love4art.nl\/fr\/wp-json\/wp\/v2\/pages"}],"about":[{"href":"https:\/\/love4art.nl\/fr\/wp-json\/wp\/v2\/types\/page"}],"author":[{"embeddable":true,"href":"https:\/\/love4art.nl\/fr\/wp-json\/wp\/v2\/users\/1"}],"replies":[{"embeddable":true,"href":"https:\/\/love4art.nl\/fr\/wp-json\/wp\/v2\/comments?post=504"}],"version-history":[{"count":72,"href":"https:\/\/love4art.nl\/fr\/wp-json\/wp\/v2\/pages\/504\/revisions"}],"predecessor-version":[{"id":1011,"href":"https:\/\/love4art.nl\/fr\/wp-json\/wp\/v2\/pages\/504\/revisions\/1011"}],"wp:attachment":[{"href":"https:\/\/love4art.nl\/fr\/wp-json\/wp\/v2\/media?parent=504"}],"curies":[{"name":"wp","href":"https:\/\/api.w.org\/{rel}","templated":true}]}}